{"id":2762,"date":"2025-12-30T17:23:04","date_gmt":"2025-12-30T17:23:04","guid":{"rendered":"https:\/\/przeginia.edu.pl\/?page_id=2762"},"modified":"2026-04-21T18:30:15","modified_gmt":"2026-04-21T17:30:15","slug":"projekt-dostepne-integrujace-i-wspierajace-rozwoj-uczniow-szkoly-w-gminie-jerzmanowice-przeginia","status":"publish","type":"page","link":"https:\/\/przeginia.edu.pl\/index.php\/projekt-dostepne-integrujace-i-wspierajace-rozwoj-uczniow-szkoly-w-gminie-jerzmanowice-przeginia\/","title":{"rendered":"Projekt: \u201eDost\u0119pne, integruj\u0105ce i wspieraj\u0105ce rozw\u00f3j uczni\u00f3w szko\u0142y w gminie Jerzmanowice \u2013 Przeginia\u201d"},"content":{"rendered":"<div class=\"wpb-content-wrapper\"><p>[vc_row][vc_column][vc_column_text css=&#8221;&#8221;]<\/p>\r\n<h3><img loading=\"lazy\" decoding=\"async\" class=\"alignnone aligncenter\" src=\"https:\/\/saspow.edu.pl\/wp-content\/uploads\/2025\/09\/PL-Pasek_FE-CMYK-poziom-scaled.png\" width=\"566\" height=\"49\" \/><\/h3>\r\n<h3><img decoding=\"async\" src=\"https:\/\/jerzmanowice.edu.pl\/wp-content\/uploads\/2026\/03\/IMG_1538-1024x725.jpeg\" \/><\/h3>\r\n<p>&nbsp;<\/p>\r\n<h3>DOST\u0118PNE, INTEGRUJ\u0104CE I WSPIERAJ\u0104CE ROZW\u00d3J UCZNI\u00d3W SZKO\u0141Y W GMINIE JERZMANOWICE \u2013 PRZEGINIA<\/h3>\r\n<p>Tytu\u0142 projektu:\u00a0\u00a0\u201e<strong>Dost\u0119pne, integruj\u0105ce i wspieraj\u0105ce rozw\u00f3j uczni\u00f3w szko\u0142y w gminie Jerzmanowice \u2013 Przeginia\u201d<\/strong><\/p>\r\n<p>Warto\u015b\u0107 projektu:\u00a0<strong>1\u00a0787\u00a0714,40 z\u0142<\/strong><\/p>\r\n<p>Dofinansowanie projektu z UE:\u00a0<strong>1\u00a0519\u00a0258,15 z\u0142<\/strong><\/p>\r\n<p>Dofinansowanie projektu z bud\u017cetu pa\u0144stwa:\u00a0<strong>178\u00a0736,25 z\u0142<\/strong><\/p>\r\n<p>Wk\u0142ad w\u0142asny do projektu:\u00a0<strong>89\u00a0720,00 z\u0142<\/strong><\/p>\r\n<p>Czas trwania:\u00a0<strong>01.07.2025 r. \u2013 30.06.2027 r.<\/strong><\/p>\r\n<p>Data podpisania umowy:\u00a0\u00a0<strong>30.05.2025 r.<\/strong><\/p>\r\n<p>&nbsp;<\/p>\r\n<p>Informacje szczeg\u00f3\u0142owe:\u00a0<strong>Fundusze Europejskie dla Ma\u0142opolski 2021-2027, Priorytet 6 Fundusze europejskie dla rynku pracy, edukacji i w\u0142\u0105czenia spo\u0142ecznego, Dzia\u0142anie 6.37 Wsparcie kszta\u0142cenia og\u00f3lnego \u2013 IIT OPK<\/strong><\/p>\r\n<p><strong>Celem projektu<\/strong>\u00a0jest wsparcie ka\u017cdej ze szk\u00f3\u0142 z gminy Jerzmanowice \u2013 Przeginia poprzez organizacj\u0119 zaj\u0119\u0107 dodatkowych dla 193 uczni\u00f3w w szczeg\u00f3lno\u015bci ze specjalnymi potrzebami edukacyjnymi, zakup doposa\u017cenia dla nich oraz organizacj\u0119 wsparcia w rozwijaniu kwalifikacji 117 nauczycieli, poprzez organizacj\u0119 szkole\u0144 i studi\u00f3w podyplomowych,\u00a0 s\u0142u\u017c\u0105cych nabyciu nowych kwalifikacji w celu wsparcia uczni\u00f3w z SPE.<\/p>\r\n<p><strong>Grupa docelowa:<\/strong>\u00a0uczniowie i nauczyciele z pi\u0119ciu plac\u00f3wek o\u015bwiatowych w Gminie Jerzmanowice \u2013 Przeginia:<\/p>\r\n<ul>\r\n<li>Szko\u0142a Podstawowa im. \u015aw. Kr\u00f3lowej Jadwigi w Zespole Szk\u00f3\u0142 w Jerzmanowicach<\/li>\r\n<li>Szko\u0142a Podstawowa im. Kr\u00f3la Jana III Sobieskiego w Zespole Szk\u00f3\u0142 w Przegini<\/li>\r\n<li>Szko\u0142a Podstawowa im Powsta\u0144c\u00f3w Styczniowych w Zespole Szkolno-Przedszkolnym w S\u0105spowie<\/li>\r\n<li>Szko\u0142a Podstawowa im. Marii Konopnickiej w Rac\u0142awicach<\/li>\r\n<li>Szko\u0142a Podstawowa im Komisji Edukacji Narodowej w Zespole Szkolno-Przedszkolnym w Czubrowicach.<\/li>\r\n<\/ul>\r\n<p><strong>G\u0142\u00f3wne zadania projektu:<\/strong><\/p>\r\n<ul>\r\n<li>Organizacja r\u00f3\u017cnorodnych zaj\u0119\u0107 dodatkowych dla uczni\u00f3w, obejmuj\u0105cych m.in.: warsztaty rozwijaj\u0105ce, zaj\u0119cia korekcyjno-kompensacyjne, zaj\u0119cia wyr\u00f3wnawcze, zaj\u0119cia integruj\u0105ce sensorycznie, zaj\u0119cia logopedyczne, zaj\u0119cia rozwijaj\u0105ce kompetencje emocjonalno-spo\u0142eczne, zaj\u0119cia rewalidacyjne, terapi\u0119 pedagogiczn\u0105, terapia Biofeedback oraz specjalnie przygotowane zaj\u0119cia dla uczni\u00f3w ze specjalnymi potrzebami edukacyjnymi<\/li>\r\n<li>Doskonalenie kadr nauczycielskich poprzez szkolenia i studia podyplomowe, co wspiera rozw\u00f3j kompetencji pedagogicznych i metodycznych<\/li>\r\n<li>Doposa\u017cenie szk\u00f3\u0142:<\/li>\r\n<li>wyposa\u017cenie plac\u00f3wek w pracownie SI i sprz\u0119t najwy\u017cszej jako\u015bci<\/li>\r\n<li>zakup monitor\u00f3w interaktywnych, laptop\u00f3w, oprogramowa\u0144 edukacyjnych i program\u00f3w wspieraj\u0105cych proces nauczania.<\/li>\r\n<\/ul>\r\n<p>&nbsp;<\/p>\r\n<p><strong>Rezultat projektu:\u00a0<\/strong>Doposa\u017cenie wszystkich zaanga\u017cowanych plac\u00f3wek \u2014 w liczne pracownie specjalistyczne (informatyczne, matematyczno-przyrodnicze, logopedyczne, terapeutyczne) oraz multimedialne \u2014 co z kolei poprawi jako\u015b\u0107 edukacji, umo\u017cliwia indywidualizacj\u0119 nauk\u00a0 i zwi\u0119kszy atrakcyjno\u015b\u0107 zaj\u0119\u0107.<\/p>\r\n<p>&nbsp;<\/p>\r\n<!-- \/wp:post-content -->\r\n<p><!-- wp:paragraph -->W ramach projektu w Szkole Podstawowej w Przegini realizowane b\u0119d\u0105 nast\u0119puj\u0105ce formy wsparcia,<\/p>\r\n<!-- \/wp:paragraph -->\r\n<p><!-- wp:paragraph --><strong><em>I. Zaj\u0119cia<\/em>\u00a0<em>korekcyjno-kompensacyjne<\/em>\u00a0\u2013\u00a0<\/strong>zaj\u0119cia b\u0119d\u0105 prowadzone zgodnie z potrzebami uczni\u00f3w. Celem zaj\u0119\u0107 b\u0119dzie np. Usprawnienie zaburzonych proces\u00f3w psychomotorycznych istotnych w opanowaniu umiej\u0119tno\u015bci czytania i pisania.<\/p>\r\n<!-- \/wp:paragraph -->\r\n<p><!-- wp:paragraph -->Pomoc uczniowi w przezwyci\u0119\u017ceniu jego trudno\u015bci w opanowaniu okre\u015blonych umiej\u0119tno\u015bci i w przyswojeniu danej wiedzy, stworzenie mo\u017cliwo\u015bci rozwoju umys\u0142owego i spo\u0142ecznego i emocjonalnego oraz zbudowanie odpowiedniej samooceny.\u00a0<strong>(Zaj\u0119cia przeznaczone dla dzieci ze specjalnymi potrzebami edukacyjnymi)<\/strong><\/p>\r\n<!-- \/wp:paragraph -->\r\n<p><!-- wp:paragraph --><strong><em>II. Zaj\u0119cia logopedyczne<\/em>\u00a0\u2013\u00a0<\/strong>zaj\u0119cia, kt\u00f3rych celem jest korygowanie wad wymowy; rozw\u00f3j sprawno\u015bci j\u0119zykowej, poprawa sprawno\u015bci narz\u0105d\u00f3w artykulacyjnych, poprawa p\u0142ynno\u015bci mowy, zwi\u0119kszenie i niwelowanie barier komunikacyjnych, kt\u00f3re mog\u0105 utrudnia\u0107 codzienne funkcjonowanie.<\/p>\r\n<!-- \/wp:paragraph -->\r\n<p><!-- wp:paragraph --><strong>(Zaj\u0119cia przeznaczone dla dzieci ze specjalnymi potrzebami edukacyjnymi)<\/strong><\/p>\r\n<!-- \/wp:paragraph -->\r\n<p><!-- wp:paragraph --><em><strong>III.\u00a0<\/strong>\u00a0<strong>Zaj\u0119cia\u00a0 z treningu umiej\u0119tno\u015bci spo\u0142ecznych (TUS)-<\/strong><\/em>\u00a0 celem zaj\u0119\u0107 jest rozpoznawanie emocji, sztuka motywacji itp. Ucze\u0144 zna i umie rozpozna\u0107 swoje emocje i potrafi sobie z nimi poradzi\u0107; redukcja zachowa\u0144\u00a0 problemowych(przemoc, dyskryminacja);<\/p>\r\n<!-- \/wp:paragraph -->\r\n<p><!-- wp:paragraph --><em><strong>IV. Zaj\u0119cia terapeutyczne Biofeedback<\/strong>\u00a0<\/em>\u2013 celem zaj\u0119\u0107 jest rozw\u00f3j kompetencji emocjonalno- spo\u0142.; regulacja emocji, poprawa koncentracji oraz radzeniu sobie ze stresem.<\/p>\r\n<!-- \/wp:paragraph -->\r\n<p><!-- wp:paragraph --><em><strong>V. Zaj\u0119cia wyr\u00f3wnawcze z j\u0119zyka polskiego, matematyki, j\u0119zyka angielskiego, fizyki, przedmiot\u00f3w przyrodniczych<\/strong>\u00a0<\/em>\u2013 celem zaj\u0119\u0107 jest wyr\u00f3wnanie brak\u00f3w; Pomoc uczniom maj\u0105cym trudno\u015bci w nauce wy\u017cej wymienionych przedmiot\u00f3w; wsparcie zgodne z zaleceniami z PPP oraz kadry<\/p>\r\n<!-- \/wp:paragraph -->\r\n<p><!-- wp:paragraph --><em><strong>VI. Zaj\u0119cia\u00a0 \u2013 warsztaty ekologiczne<\/strong>\u00a0\u2013\u00a0<\/em>\u00a0celem zaj\u0119\u0107 poznanie zagro\u017ce\u0144 dla \u015brodowiska, uczestnicy b\u0119d\u0105 mieli mo\u017cliwo\u015b\u0107 nauczy\u0107 si\u0119\u00a0 jak dba\u0107 o przyrod\u0119. Warsztaty umo\u017cliwi\u0105 wsp\u00f3\u0142prac\u0119 i wymian\u0119 do\u015bwiadcze\u0144 mi\u0119dzy uczniami SPE i bez specjalnych potrzeb, wzmacniaj\u0105c empati\u0119 oraz wzajemny szacunek.<\/p>\r\n<!-- \/wp:paragraph -->\r\n<p><!-- wp:paragraph -->W ramach Projektu wsparciem zostan\u0105 obj\u0119ci nauczyciele poprzez: organizacje wsparcia rozwoju kwalifikacji nauczycieli, organizacj\u0119 szkole\u0144 dla nauczycieli, w celu zdobycia kwalifikacji i wiedzy do pracy z uczniem<\/p>\r\n<p><!-- \/wp:paragraph -->Harmonogram<\/p>\r\n<p><a href=\"https:\/\/przeginia.edu.pl\/wp-content\/uploads\/2026\/04\/harmonogram_form_wsparcia_kwiecien.pdf\">harmonogram_form_wsparcia_kwiecie\u0144<\/a><\/p>\r\n<p><a href=\"https:\/\/przeginia.edu.pl\/wp-content\/uploads\/2026\/03\/harmonogram_form_wsparcia_marzec.pdf\">harmonogram_form_wsparcia_marzec<\/a><\/p>\r\n<p><a href=\"https:\/\/przeginia.edu.pl\/wp-content\/uploads\/2026\/03\/harmonogram_form_wsparcia_luty.pdf\">harmonogram_form_wsparcia_luty<\/a><\/p>\r\n<p><a href=\"https:\/\/przeginia.edu.pl\/wp-content\/uploads\/2026\/03\/harmonogram_form_wsparcia_styczen.pdf\">harmonogram_form_wsparcia_stycze\u0144<\/a><\/p>\r\n<p><a href=\"https:\/\/przeginia.edu.pl\/wp-content\/uploads\/2026\/03\/harmonogram_form_wsparcia_grudzien.pdf\">harmonogram_form_wsparcia_grudzie\u0144<\/a><\/p>\r\n<p><a href=\"https:\/\/przeginia.edu.pl\/wp-content\/uploads\/2026\/02\/harmonogram-form-wsparcia-listopad-2.pdf\">harmonogram form wsparcia &#8211; listopad (2)<\/a><\/p>\r\n<p><a href=\"https:\/\/przeginia.edu.pl\/wp-content\/uploads\/2026\/02\/Harmonogram-form-wsparcia-pazdziernik-2.pdf\">Harmonogram form wsparcia &#8211; pa\u017adziernik (2)<\/a><\/p>\r\n<p>Rekrutacja<\/p>\r\n<p><a href=\"https:\/\/przeginia.edu.pl\/wp-content\/uploads\/2026\/02\/zgoda-rodzicow-na-udzial-w-projekcie-1.pdf\">zgoda-rodzicow-na-udzial-w-projekcie (1)<\/a><\/p>\r\n<p><a href=\"https:\/\/przeginia.edu.pl\/wp-content\/uploads\/2026\/02\/zalaczniki-do-regulaminu-rekrutacji_malopolska-1.pdf\">zalaczniki-do-regulaminu-rekrutacji_malopolska (1)<\/a><\/p>\r\n<p><a href=\"https:\/\/przeginia.edu.pl\/wp-content\/uploads\/2026\/02\/klauzula-informacyjna-nauczyciel-2.pdf\">klauzula informacyjna nauczyciel (2)<\/a><\/p>\r\n<p><a href=\"https:\/\/przeginia.edu.pl\/wp-content\/uploads\/2026\/02\/klauzula-informacyjna-uczen-1.pdf\">klauzula informacyjna ucze\u0144 (1)<\/a><\/p>\r\n<p><a href=\"https:\/\/przeginia.edu.pl\/wp-content\/uploads\/2026\/02\/Regulamin-rekrutacji-nauczyciel-1.pdf\">Regulamin rekrutacji nauczyciel (1)<\/a><\/p>\r\n<p><a href=\"https:\/\/przeginia.edu.pl\/wp-content\/uploads\/2026\/02\/Regulamin-rekrutacji-uczen-1.pdf\">Regulamin rekrutacji ucze\u0144 (1)<\/a><\/p>\r\n<p>BIOFEEDBACK<\/p>\r\n<p><a style=\"color: #005177; outline: 0px; text-decoration-line: none;\" href=\"https:\/\/przeginia.edu.pl\/wp-content\/uploads\/2026\/02\/BIOFEEDBACK-w-naszej-szkole.pdf\">BIOFEEDBACK w naszej szkole<\/a><\/p>\r\n<p><a href=\"https:\/\/przeginia.edu.pl\/wp-content\/uploads\/2026\/02\/REGULAMIN-TERAPII-EEG-BIOFEEDBACK-SZKOLY-PODSTAWOWEJ.pdf\">REGULAMIN TERAPII EEG BIOFEEDBACK SZKO\u0141Y PODSTAWOWEJ<\/a><\/p>\r\n<p><a href=\"https:\/\/przeginia.edu.pl\/wp-content\/uploads\/2026\/02\/oswiadczenie-rodzica-wraz-z-kwestionariuszem.pdf\">o\u015bwiadczenie rodzica wraz z kwestionariuszem<\/a><\/p>\r\n<p><img loading=\"lazy\" decoding=\"async\" class=\"aligncenter\" src=\"https:\/\/saspow.edu.pl\/wp-content\/uploads\/2025\/09\/PL-Pasek_FE-CMYK-poziom-scaled.png\" width=\"749\" height=\"64\" \/><\/p>\r\n<p>[\/vc_column_text][\/vc_column][\/vc_row]<\/p><\/div>","protected":false},"excerpt":{"rendered":"<p>[vc_row][vc_column][vc_column_text css=&#8221;&#8221;] &nbsp; DOST\u0118PNE, INTEGRUJ\u0104CE I WSPIERAJ\u0104CE ROZW\u00d3J UCZNI\u00d3W SZKO\u0141Y W GMINIE JERZMANOWICE \u2013 PRZEGINIA Tytu\u0142 projektu:\u00a0\u00a0\u201eDost\u0119pne, integruj\u0105ce i wspieraj\u0105ce rozw\u00f3j uczni\u00f3w szko\u0142y w gminie Jerzmanowice \u2013 Przeginia\u201d Warto\u015b\u0107 projektu:\u00a01\u00a0787\u00a0714,40 z\u0142 Dofinansowanie projektu z UE:\u00a01\u00a0519\u00a0258,15 z\u0142 Dofinansowanie projektu z bud\u017cetu pa\u0144stwa:\u00a0178\u00a0736,25 z\u0142 Wk\u0142ad w\u0142asny do projektu:\u00a089\u00a0720,00 z\u0142 Czas trwania:\u00a001.07.2025 r. \u2013 30.06.2027 r. Data podpisania&hellip;<\/p>\n","protected":false},"author":2,"featured_media":0,"parent":0,"menu_order":0,"comment_status":"closed","ping_status":"closed","template":"","meta":{"footnotes":""},"class_list":["post-2762","page","type-page","status-publish","hentry","description-off"],"yoast_head":"<!-- This site is optimized with the Yoast SEO plugin v27.4 - https:\/\/yoast.com\/product\/yoast-seo-wordpress\/ -->\n<title>Projekt: \u201eDost\u0119pne, integruj\u0105ce i wspieraj\u0105ce rozw\u00f3j uczni\u00f3w szko\u0142y w gminie Jerzmanowice \u2013 Przeginia\u201d - Zesp&oacute;\u0142 Szk&oacute;\u0142 w Przegini<\/title>\n<meta name=\"robots\" content=\"index, follow, max-snippet:-1, max-image-preview:large, max-video-preview:-1\" \/>\n<link rel=\"canonical\" href=\"https:\/\/przeginia.edu.pl\/index.php\/projekt-dostepne-integrujace-i-wspierajace-rozwoj-uczniow-szkoly-w-gminie-jerzmanowice-przeginia\/\" \/>\n<meta property=\"og:locale\" content=\"pl_PL\" \/>\n<meta property=\"og:type\" content=\"article\" \/>\n<meta property=\"og:title\" content=\"Projekt: \u201eDost\u0119pne, integruj\u0105ce i wspieraj\u0105ce rozw\u00f3j uczni\u00f3w szko\u0142y w gminie Jerzmanowice \u2013 Przeginia\u201d - Zesp&oacute;\u0142 Szk&oacute;\u0142 w Przegini\" \/>\n<meta property=\"og:description\" content=\"[vc_row][vc_column][vc_column_text css=&#8221;&#8221;] &nbsp; DOST\u0118PNE, INTEGRUJ\u0104CE I WSPIERAJ\u0104CE ROZW\u00d3J UCZNI\u00d3W SZKO\u0141Y W GMINIE JERZMANOWICE \u2013 PRZEGINIA Tytu\u0142 projektu:\u00a0\u00a0\u201eDost\u0119pne, integruj\u0105ce i wspieraj\u0105ce rozw\u00f3j uczni\u00f3w szko\u0142y w gminie Jerzmanowice \u2013 Przeginia\u201d Warto\u015b\u0107 projektu:\u00a01\u00a0787\u00a0714,40 z\u0142 Dofinansowanie projektu z UE:\u00a01\u00a0519\u00a0258,15 z\u0142 Dofinansowanie projektu z bud\u017cetu pa\u0144stwa:\u00a0178\u00a0736,25 z\u0142 Wk\u0142ad w\u0142asny do projektu:\u00a089\u00a0720,00 z\u0142 Czas trwania:\u00a001.07.2025 r. \u2013 30.06.2027 r. Data podpisania&hellip;\" \/>\n<meta property=\"og:url\" content=\"https:\/\/przeginia.edu.pl\/index.php\/projekt-dostepne-integrujace-i-wspierajace-rozwoj-uczniow-szkoly-w-gminie-jerzmanowice-przeginia\/\" \/>\n<meta property=\"og:site_name\" content=\"Zesp&oacute;\u0142 Szk&oacute;\u0142 w Przegini\" \/>\n<meta property=\"article:modified_time\" content=\"2026-04-21T17:30:15+00:00\" \/>\n<meta property=\"og:image\" content=\"https:\/\/saspow.edu.pl\/wp-content\/uploads\/2025\/09\/PL-Pasek_FE-CMYK-poziom-scaled.png\" \/>\n<meta name=\"twitter:card\" content=\"summary_large_image\" \/>\n<meta name=\"twitter:label1\" content=\"Szacowany czas czytania\" \/>\n\t<meta name=\"twitter:data1\" content=\"5 minut\" \/>\n<script type=\"application\/ld+json\" class=\"yoast-schema-graph\">{\"@context\":\"https:\\\/\\\/schema.org\",\"@graph\":[{\"@type\":\"WebPage\",\"@id\":\"https:\\\/\\\/przeginia.edu.pl\\\/index.php\\\/projekt-dostepne-integrujace-i-wspierajace-rozwoj-uczniow-szkoly-w-gminie-jerzmanowice-przeginia\\\/\",\"url\":\"https:\\\/\\\/przeginia.edu.pl\\\/index.php\\\/projekt-dostepne-integrujace-i-wspierajace-rozwoj-uczniow-szkoly-w-gminie-jerzmanowice-przeginia\\\/\",\"name\":\"Projekt: \u201eDost\u0119pne, integruj\u0105ce i wspieraj\u0105ce rozw\u00f3j uczni\u00f3w szko\u0142y w gminie Jerzmanowice \u2013 Przeginia\u201d - Zesp&oacute;\u0142 Szk&oacute;\u0142 w Przegini\",\"isPartOf\":{\"@id\":\"https:\\\/\\\/przeginia.edu.pl\\\/#website\"},\"primaryImageOfPage\":{\"@id\":\"https:\\\/\\\/przeginia.edu.pl\\\/index.php\\\/projekt-dostepne-integrujace-i-wspierajace-rozwoj-uczniow-szkoly-w-gminie-jerzmanowice-przeginia\\\/#primaryimage\"},\"image\":{\"@id\":\"https:\\\/\\\/przeginia.edu.pl\\\/index.php\\\/projekt-dostepne-integrujace-i-wspierajace-rozwoj-uczniow-szkoly-w-gminie-jerzmanowice-przeginia\\\/#primaryimage\"},\"thumbnailUrl\":\"https:\\\/\\\/saspow.edu.pl\\\/wp-content\\\/uploads\\\/2025\\\/09\\\/PL-Pasek_FE-CMYK-poziom-scaled.png\",\"datePublished\":\"2025-12-30T17:23:04+00:00\",\"dateModified\":\"2026-04-21T17:30:15+00:00\",\"breadcrumb\":{\"@id\":\"https:\\\/\\\/przeginia.edu.pl\\\/index.php\\\/projekt-dostepne-integrujace-i-wspierajace-rozwoj-uczniow-szkoly-w-gminie-jerzmanowice-przeginia\\\/#breadcrumb\"},\"inLanguage\":\"pl-PL\",\"potentialAction\":[{\"@type\":\"ReadAction\",\"target\":[\"https:\\\/\\\/przeginia.edu.pl\\\/index.php\\\/projekt-dostepne-integrujace-i-wspierajace-rozwoj-uczniow-szkoly-w-gminie-jerzmanowice-przeginia\\\/\"]}]},{\"@type\":\"ImageObject\",\"inLanguage\":\"pl-PL\",\"@id\":\"https:\\\/\\\/przeginia.edu.pl\\\/index.php\\\/projekt-dostepne-integrujace-i-wspierajace-rozwoj-uczniow-szkoly-w-gminie-jerzmanowice-przeginia\\\/#primaryimage\",\"url\":\"https:\\\/\\\/saspow.edu.pl\\\/wp-content\\\/uploads\\\/2025\\\/09\\\/PL-Pasek_FE-CMYK-poziom-scaled.png\",\"contentUrl\":\"https:\\\/\\\/saspow.edu.pl\\\/wp-content\\\/uploads\\\/2025\\\/09\\\/PL-Pasek_FE-CMYK-poziom-scaled.png\"},{\"@type\":\"BreadcrumbList\",\"@id\":\"https:\\\/\\\/przeginia.edu.pl\\\/index.php\\\/projekt-dostepne-integrujace-i-wspierajace-rozwoj-uczniow-szkoly-w-gminie-jerzmanowice-przeginia\\\/#breadcrumb\",\"itemListElement\":[{\"@type\":\"ListItem\",\"position\":1,\"name\":\"Strona g\u0142\u00f3wna\",\"item\":\"https:\\\/\\\/przeginia.edu.pl\\\/\"},{\"@type\":\"ListItem\",\"position\":2,\"name\":\"Projekt: \u201eDost\u0119pne, integruj\u0105ce i wspieraj\u0105ce rozw\u00f3j uczni\u00f3w szko\u0142y w gminie Jerzmanowice \u2013 Przeginia\u201d\"}]},{\"@type\":\"WebSite\",\"@id\":\"https:\\\/\\\/przeginia.edu.pl\\\/#website\",\"url\":\"https:\\\/\\\/przeginia.edu.pl\\\/\",\"name\":\"Zesp\u00f3\u0142 Szk\u00f3\u0142 w Przegini\",\"description\":\"Odwaga w dzia\u0142aniu, m\u0105dro\u015b\u0107 w nauce, serce w przyja\u017ani.\",\"publisher\":{\"@id\":\"https:\\\/\\\/przeginia.edu.pl\\\/#organization\"},\"potentialAction\":[{\"@type\":\"SearchAction\",\"target\":{\"@type\":\"EntryPoint\",\"urlTemplate\":\"https:\\\/\\\/przeginia.edu.pl\\\/?s={search_term_string}\"},\"query-input\":{\"@type\":\"PropertyValueSpecification\",\"valueRequired\":true,\"valueName\":\"search_term_string\"}}],\"inLanguage\":\"pl-PL\"},{\"@type\":\"Organization\",\"@id\":\"https:\\\/\\\/przeginia.edu.pl\\\/#organization\",\"name\":\"Zesp\u00f3\u0142 Szk\u00f3\u0142 w Przegini\",\"url\":\"https:\\\/\\\/przeginia.edu.pl\\\/\",\"logo\":{\"@type\":\"ImageObject\",\"inLanguage\":\"pl-PL\",\"@id\":\"https:\\\/\\\/przeginia.edu.pl\\\/#\\\/schema\\\/logo\\\/image\\\/\",\"url\":\"https:\\\/\\\/przeginia.edu.pl\\\/wp-content\\\/uploads\\\/2026\\\/02\\\/log-100.png\",\"contentUrl\":\"https:\\\/\\\/przeginia.edu.pl\\\/wp-content\\\/uploads\\\/2026\\\/02\\\/log-100.png\",\"width\":470,\"height\":100,\"caption\":\"Zesp\u00f3\u0142 Szk\u00f3\u0142 w Przegini\"},\"image\":{\"@id\":\"https:\\\/\\\/przeginia.edu.pl\\\/#\\\/schema\\\/logo\\\/image\\\/\"}}]}<\/script>\n<!-- \/ Yoast SEO plugin. -->","yoast_head_json":{"title":"Projekt: \u201eDost\u0119pne, integruj\u0105ce i wspieraj\u0105ce rozw\u00f3j uczni\u00f3w szko\u0142y w gminie Jerzmanowice \u2013 Przeginia\u201d - Zesp&oacute;\u0142 Szk&oacute;\u0142 w Przegini","robots":{"index":"index","follow":"follow","max-snippet":"max-snippet:-1","max-image-preview":"max-image-preview:large","max-video-preview":"max-video-preview:-1"},"canonical":"https:\/\/przeginia.edu.pl\/index.php\/projekt-dostepne-integrujace-i-wspierajace-rozwoj-uczniow-szkoly-w-gminie-jerzmanowice-przeginia\/","og_locale":"pl_PL","og_type":"article","og_title":"Projekt: \u201eDost\u0119pne, integruj\u0105ce i wspieraj\u0105ce rozw\u00f3j uczni\u00f3w szko\u0142y w gminie Jerzmanowice \u2013 Przeginia\u201d - Zesp&oacute;\u0142 Szk&oacute;\u0142 w Przegini","og_description":"[vc_row][vc_column][vc_column_text css=&#8221;&#8221;] &nbsp; DOST\u0118PNE, INTEGRUJ\u0104CE I WSPIERAJ\u0104CE ROZW\u00d3J UCZNI\u00d3W SZKO\u0141Y W GMINIE JERZMANOWICE \u2013 PRZEGINIA Tytu\u0142 projektu:\u00a0\u00a0\u201eDost\u0119pne, integruj\u0105ce i wspieraj\u0105ce rozw\u00f3j uczni\u00f3w szko\u0142y w gminie Jerzmanowice \u2013 Przeginia\u201d Warto\u015b\u0107 projektu:\u00a01\u00a0787\u00a0714,40 z\u0142 Dofinansowanie projektu z UE:\u00a01\u00a0519\u00a0258,15 z\u0142 Dofinansowanie projektu z bud\u017cetu pa\u0144stwa:\u00a0178\u00a0736,25 z\u0142 Wk\u0142ad w\u0142asny do projektu:\u00a089\u00a0720,00 z\u0142 Czas trwania:\u00a001.07.2025 r. \u2013 30.06.2027 r. Data podpisania&hellip;","og_url":"https:\/\/przeginia.edu.pl\/index.php\/projekt-dostepne-integrujace-i-wspierajace-rozwoj-uczniow-szkoly-w-gminie-jerzmanowice-przeginia\/","og_site_name":"Zesp&oacute;\u0142 Szk&oacute;\u0142 w Przegini","article_modified_time":"2026-04-21T17:30:15+00:00","og_image":[{"url":"https:\/\/saspow.edu.pl\/wp-content\/uploads\/2025\/09\/PL-Pasek_FE-CMYK-poziom-scaled.png","type":"","width":"","height":""}],"twitter_card":"summary_large_image","twitter_misc":{"Szacowany czas czytania":"5 minut"},"schema":{"@context":"https:\/\/schema.org","@graph":[{"@type":"WebPage","@id":"https:\/\/przeginia.edu.pl\/index.php\/projekt-dostepne-integrujace-i-wspierajace-rozwoj-uczniow-szkoly-w-gminie-jerzmanowice-przeginia\/","url":"https:\/\/przeginia.edu.pl\/index.php\/projekt-dostepne-integrujace-i-wspierajace-rozwoj-uczniow-szkoly-w-gminie-jerzmanowice-przeginia\/","name":"Projekt: \u201eDost\u0119pne, integruj\u0105ce i wspieraj\u0105ce rozw\u00f3j uczni\u00f3w szko\u0142y w gminie Jerzmanowice \u2013 Przeginia\u201d - Zesp&oacute;\u0142 Szk&oacute;\u0142 w Przegini","isPartOf":{"@id":"https:\/\/przeginia.edu.pl\/#website"},"primaryImageOfPage":{"@id":"https:\/\/przeginia.edu.pl\/index.php\/projekt-dostepne-integrujace-i-wspierajace-rozwoj-uczniow-szkoly-w-gminie-jerzmanowice-przeginia\/#primaryimage"},"image":{"@id":"https:\/\/przeginia.edu.pl\/index.php\/projekt-dostepne-integrujace-i-wspierajace-rozwoj-uczniow-szkoly-w-gminie-jerzmanowice-przeginia\/#primaryimage"},"thumbnailUrl":"https:\/\/saspow.edu.pl\/wp-content\/uploads\/2025\/09\/PL-Pasek_FE-CMYK-poziom-scaled.png","datePublished":"2025-12-30T17:23:04+00:00","dateModified":"2026-04-21T17:30:15+00:00","breadcrumb":{"@id":"https:\/\/przeginia.edu.pl\/index.php\/projekt-dostepne-integrujace-i-wspierajace-rozwoj-uczniow-szkoly-w-gminie-jerzmanowice-przeginia\/#breadcrumb"},"inLanguage":"pl-PL","potentialAction":[{"@type":"ReadAction","target":["https:\/\/przeginia.edu.pl\/index.php\/projekt-dostepne-integrujace-i-wspierajace-rozwoj-uczniow-szkoly-w-gminie-jerzmanowice-przeginia\/"]}]},{"@type":"ImageObject","inLanguage":"pl-PL","@id":"https:\/\/przeginia.edu.pl\/index.php\/projekt-dostepne-integrujace-i-wspierajace-rozwoj-uczniow-szkoly-w-gminie-jerzmanowice-przeginia\/#primaryimage","url":"https:\/\/saspow.edu.pl\/wp-content\/uploads\/2025\/09\/PL-Pasek_FE-CMYK-poziom-scaled.png","contentUrl":"https:\/\/saspow.edu.pl\/wp-content\/uploads\/2025\/09\/PL-Pasek_FE-CMYK-poziom-scaled.png"},{"@type":"BreadcrumbList","@id":"https:\/\/przeginia.edu.pl\/index.php\/projekt-dostepne-integrujace-i-wspierajace-rozwoj-uczniow-szkoly-w-gminie-jerzmanowice-przeginia\/#breadcrumb","itemListElement":[{"@type":"ListItem","position":1,"name":"Strona g\u0142\u00f3wna","item":"https:\/\/przeginia.edu.pl\/"},{"@type":"ListItem","position":2,"name":"Projekt: \u201eDost\u0119pne, integruj\u0105ce i wspieraj\u0105ce rozw\u00f3j uczni\u00f3w szko\u0142y w gminie Jerzmanowice \u2013 Przeginia\u201d"}]},{"@type":"WebSite","@id":"https:\/\/przeginia.edu.pl\/#website","url":"https:\/\/przeginia.edu.pl\/","name":"Zesp\u00f3\u0142 Szk\u00f3\u0142 w Przegini","description":"Odwaga w dzia\u0142aniu, m\u0105dro\u015b\u0107 w nauce, serce w przyja\u017ani.","publisher":{"@id":"https:\/\/przeginia.edu.pl\/#organization"},"potentialAction":[{"@type":"SearchAction","target":{"@type":"EntryPoint","urlTemplate":"https:\/\/przeginia.edu.pl\/?s={search_term_string}"},"query-input":{"@type":"PropertyValueSpecification","valueRequired":true,"valueName":"search_term_string"}}],"inLanguage":"pl-PL"},{"@type":"Organization","@id":"https:\/\/przeginia.edu.pl\/#organization","name":"Zesp\u00f3\u0142 Szk\u00f3\u0142 w Przegini","url":"https:\/\/przeginia.edu.pl\/","logo":{"@type":"ImageObject","inLanguage":"pl-PL","@id":"https:\/\/przeginia.edu.pl\/#\/schema\/logo\/image\/","url":"https:\/\/przeginia.edu.pl\/wp-content\/uploads\/2026\/02\/log-100.png","contentUrl":"https:\/\/przeginia.edu.pl\/wp-content\/uploads\/2026\/02\/log-100.png","width":470,"height":100,"caption":"Zesp\u00f3\u0142 Szk\u00f3\u0142 w Przegini"},"image":{"@id":"https:\/\/przeginia.edu.pl\/#\/schema\/logo\/image\/"}}]}},"_links":{"self":[{"href":"https:\/\/przeginia.edu.pl\/index.php\/wp-json\/wp\/v2\/pages\/2762","targetHints":{"allow":["GET"]}}],"collection":[{"href":"https:\/\/przeginia.edu.pl\/index.php\/wp-json\/wp\/v2\/pages"}],"about":[{"href":"https:\/\/przeginia.edu.pl\/index.php\/wp-json\/wp\/v2\/types\/page"}],"author":[{"embeddable":true,"href":"https:\/\/przeginia.edu.pl\/index.php\/wp-json\/wp\/v2\/users\/2"}],"replies":[{"embeddable":true,"href":"https:\/\/przeginia.edu.pl\/index.php\/wp-json\/wp\/v2\/comments?post=2762"}],"version-history":[{"count":21,"href":"https:\/\/przeginia.edu.pl\/index.php\/wp-json\/wp\/v2\/pages\/2762\/revisions"}],"predecessor-version":[{"id":4330,"href":"https:\/\/przeginia.edu.pl\/index.php\/wp-json\/wp\/v2\/pages\/2762\/revisions\/4330"}],"wp:attachment":[{"href":"https:\/\/przeginia.edu.pl\/index.php\/wp-json\/wp\/v2\/media?parent=2762"}],"curies":[{"name":"wp","href":"https:\/\/api.w.org\/{rel}","templated":true}]}}