{"id":2683,"date":"2025-12-04T08:57:08","date_gmt":"2025-12-04T08:57:08","guid":{"rendered":"https:\/\/przeginia.edu.pl\/?page_id=2683"},"modified":"2025-12-31T09:37:10","modified_gmt":"2025-12-31T09:37:10","slug":"aktualnosci-szkoly-podstawowej-2","status":"publish","type":"page","link":"https:\/\/przeginia.edu.pl\/index.php\/aktualnosci-szkoly-podstawowej-2\/","title":{"rendered":"Aktualno\u015bci Szko\u0142y Podstawowej."},"content":{"rendered":"<div class=\"wpb-content-wrapper\"><p>[vc_row][vc_column][vc_custom_heading text=&#8221;Aktualno\u015bci Szko\u0142y Podstawowej&#8221; font_container=&#8221;tag:h2|text_align:center|color:%23134A7B&#8221; use_theme_fonts=&#8221;yes&#8221; css=&#8221;&#8221;][vc_separator color=&#8221;blue&#8221; border_width=&#8221;2&#8243; css=&#8221;&#8221;]<style type=\"text\/css\" data-type=\"the7_shortcodes-inline-css\">.blog-shortcode.blog-masonry-shortcode-id-f96b32f209ddec5a62fdd8944a39ba97.dividers-on.classic-layout-list article {\n  padding-top: 0;\n}\n.blog-shortcode.blog-masonry-shortcode-id-f96b32f209ddec5a62fdd8944a39ba97.dividers-on.classic-layout-list article:first-of-type {\n  margin-top: 0;\n  padding-top: 0;\n}\n.blog-shortcode.blog-masonry-shortcode-id-f96b32f209ddec5a62fdd8944a39ba97.classic-layout-list.mode-list .post-entry-content {\n  width: calc(100% - );\n}\n.blog-shortcode.blog-masonry-shortcode-id-f96b32f209ddec5a62fdd8944a39ba97.classic-layout-list.mode-list .no-img .post-entry-content {\n  width: 100%;\n}\n.blog-shortcode.blog-masonry-shortcode-id-f96b32f209ddec5a62fdd8944a39ba97 .filter-bg-decoration .filter-categories a.act {\n  color: #fff;\n}\n.blog-shortcode.blog-masonry-shortcode-id-f96b32f209ddec5a62fdd8944a39ba97:not(.mode-masonry) article:first-of-type,\n.blog-shortcode.blog-masonry-shortcode-id-f96b32f209ddec5a62fdd8944a39ba97:not(.mode-masonry) article.visible.first:not(.product) {\n  margin-top: 0;\n}\n.blog-shortcode.blog-masonry-shortcode-id-f96b32f209ddec5a62fdd8944a39ba97.dividers-on:not(.mode-masonry) article {\n  margin-top: 0;\n}\n.blog-shortcode.blog-masonry-shortcode-id-f96b32f209ddec5a62fdd8944a39ba97.dividers-on:not(.mode-masonry) article:first-of-type,\n.blog-shortcode.blog-masonry-shortcode-id-f96b32f209ddec5a62fdd8944a39ba97.dividers-on:not(.mode-masonry) article.visible.first:not(.product) {\n  margin-top: 0;\n  padding-top: 0;\n}\n.blog-shortcode.blog-masonry-shortcode-id-f96b32f209ddec5a62fdd8944a39ba97 .post-thumbnail-wrap {\n  padding: 0px 0px 0px 0px;\n}\n.blog-shortcode.blog-masonry-shortcode-id-f96b32f209ddec5a62fdd8944a39ba97.enable-bg-rollover .post-thumbnail-rollover:after {\n  background: -webkit-linear-gradient();\n  background: linear-gradient();\n}\n.blog-shortcode.blog-masonry-shortcode-id-f96b32f209ddec5a62fdd8944a39ba97 .gallery-zoom-ico {\n  width: 44px;\n  height: 44px;\n  line-height: 44px;\n  border-radius: 100px;\n  margin: -22px 0 0 -22px;\n  border-width: 0px;\n  color: #ffffff;\n}\n.bottom-overlap-layout-list.blog-shortcode.blog-masonry-shortcode-id-f96b32f209ddec5a62fdd8944a39ba97 .gallery-zoom-ico {\n  margin-top: -72px;\n}\n.gradient-overlay-layout-list.blog-shortcode.blog-masonry-shortcode-id-f96b32f209ddec5a62fdd8944a39ba97 .gallery-zoom-ico,\n.content-rollover-layout-list.blog-shortcode.blog-masonry-shortcode-id-f96b32f209ddec5a62fdd8944a39ba97 .gallery-zoom-ico {\n  margin: 0 0 10px;\n}\n.content-align-center.gradient-overlay-layout-list.blog-shortcode.blog-masonry-shortcode-id-f96b32f209ddec5a62fdd8944a39ba97 .gallery-zoom-ico,\n.content-align-center.content-rollover-layout-list.blog-shortcode.blog-masonry-shortcode-id-f96b32f209ddec5a62fdd8944a39ba97 .gallery-zoom-ico {\n  margin: 0 auto 10px;\n}\n.dt-icon-bg-on.blog-shortcode.blog-masonry-shortcode-id-f96b32f209ddec5a62fdd8944a39ba97 .gallery-zoom-ico {\n  background: rgba(255,255,255,0.3);\n  box-shadow: none;\n}\n.blog-shortcode.blog-masonry-shortcode-id-f96b32f209ddec5a62fdd8944a39ba97 .gallery-zoom-ico > span,\n.blog-shortcode.blog-masonry-shortcode-id-f96b32f209ddec5a62fdd8944a39ba97 .gallery-zoom-ico:before {\n  font-size: 32px;\n  line-height: 44px;\n}\n.blog-shortcode.blog-masonry-shortcode-id-f96b32f209ddec5a62fdd8944a39ba97 .gallery-zoom-ico > span,\n.blog-shortcode.blog-masonry-shortcode-id-f96b32f209ddec5a62fdd8944a39ba97 .gallery-zoom-ico:before {\n  color: #ffffff;\n}\n.blog-shortcode.blog-masonry-shortcode-id-f96b32f209ddec5a62fdd8944a39ba97 .entry-title,\n.blog-shortcode.blog-masonry-shortcode-id-f96b32f209ddec5a62fdd8944a39ba97.owl-carousel .entry-title {\n  margin-bottom: 5px;\n  font-weight: bold;\n}\n.blog-shortcode.blog-masonry-shortcode-id-f96b32f209ddec5a62fdd8944a39ba97 .entry-meta {\n  margin-bottom: 15px;\n}\n.blog-shortcode.blog-masonry-shortcode-id-f96b32f209ddec5a62fdd8944a39ba97 .portfolio-categories {\n  margin-bottom: 15px;\n}\n.blog-shortcode.blog-masonry-shortcode-id-f96b32f209ddec5a62fdd8944a39ba97 .entry-excerpt {\n  margin-bottom: 5px;\n}\n.blog-shortcode.blog-masonry-shortcode-id-f96b32f209ddec5a62fdd8944a39ba97:not(.centered-layout-list) .post-entry-content {\n  padding: 25px 30px 30px 30px;\n}\n.blog-shortcode.blog-masonry-shortcode-id-f96b32f209ddec5a62fdd8944a39ba97:not(.centered-layout-list):not(.content-bg-on):not(.mode-list) .no-img .post-entry-content {\n  padding: 0;\n}\n@media screen and (max-width: ) {\n  .blog-shortcode.blog-masonry-shortcode-id-f96b32f209ddec5a62fdd8944a39ba97 article {\n    -ms-flex-flow: column nowrap;\n    flex-flow: column nowrap;\n    margin-top: 20px;\n  }\n  .blog-shortcode.blog-masonry-shortcode-id-f96b32f209ddec5a62fdd8944a39ba97.dividers-on article {\n    border: none;\n  }\n  .blog-shortcode.blog-masonry-shortcode-id-f96b32f209ddec5a62fdd8944a39ba97.content-bg-on.centered-layout-list article {\n    padding: 0;\n  }\n  .blog-shortcode.blog-masonry-shortcode-id-f96b32f209ddec5a62fdd8944a39ba97.blog-shortcode.dividers-on article,\n  .blog-shortcode.blog-masonry-shortcode-id-f96b32f209ddec5a62fdd8944a39ba97.dividers-on.classic-layout-list article {\n    margin-top: 20px;\n    padding: 0;\n  }\n  .blog-shortcode.blog-masonry-shortcode-id-f96b32f209ddec5a62fdd8944a39ba97.blog-shortcode.dividers-on article:first-of-type,\n  .blog-shortcode.blog-masonry-shortcode-id-f96b32f209ddec5a62fdd8944a39ba97.dividers-on.classic-layout-list article:first-of-type {\n    padding: 0;\n  }\n  #page .blog-shortcode.blog-masonry-shortcode-id-f96b32f209ddec5a62fdd8944a39ba97 .post-thumbnail-wrap,\n  #page .blog-shortcode.blog-masonry-shortcode-id-f96b32f209ddec5a62fdd8944a39ba97 .post-entry-content {\n    width: 100%;\n    margin: 0;\n    top: 0;\n  }\n  #page .blog-shortcode.blog-masonry-shortcode-id-f96b32f209ddec5a62fdd8944a39ba97 .post-thumbnail-wrap {\n    padding: 0;\n  }\n  #page .blog-shortcode.blog-masonry-shortcode-id-f96b32f209ddec5a62fdd8944a39ba97 .post-entry-content:after {\n    display: none;\n  }\n  #page .blog-shortcode.blog-masonry-shortcode-id-f96b32f209ddec5a62fdd8944a39ba97 .project-even .post-thumbnail-wrap,\n  #page .blog-shortcode.blog-masonry-shortcode-id-f96b32f209ddec5a62fdd8944a39ba97.centered-layout-list .post-thumbnail-wrap {\n    -ms-flex-order: 0;\n    order: 0;\n  }\n  #page .blog-shortcode.blog-masonry-shortcode-id-f96b32f209ddec5a62fdd8944a39ba97.centered-layout-list .post-entry-title-content {\n    -ms-flex-order: 1;\n    order: 1;\n    width: 100%;\n    padding: 20px 20px 0;\n  }\n  #page .blog-shortcode.blog-masonry-shortcode-id-f96b32f209ddec5a62fdd8944a39ba97.centered-layout-list .post-entry-content {\n    -ms-flex-order: 2;\n    order: 2;\n    padding-top: 0;\n  }\n  #page .blog-shortcode.blog-masonry-shortcode-id-f96b32f209ddec5a62fdd8944a39ba97 .fancy-categories {\n    top: 10px;\n    left: 10px;\n    bottom: auto;\n    right: auto;\n  }\n  #page .blog-shortcode.blog-masonry-shortcode-id-f96b32f209ddec5a62fdd8944a39ba97 .fancy-date a {\n    top: 10px;\n    right: 10px;\n    left: auto;\n    bottom: auto;\n  }\n  #page .blog-shortcode.blog-masonry-shortcode-id-f96b32f209ddec5a62fdd8944a39ba97 .post-entry-content {\n    padding: 20px;\n  }\n  #page .blog-shortcode.blog-masonry-shortcode-id-f96b32f209ddec5a62fdd8944a39ba97 .entry-title {\n    margin: 3px 0 5px;\n    font-size: 20px;\n    line-height: 26px;\n  }\n  #page .blog-shortcode.blog-masonry-shortcode-id-f96b32f209ddec5a62fdd8944a39ba97 .entry-meta {\n    margin: 5px 0 5px;\n  }\n  #page .blog-shortcode.blog-masonry-shortcode-id-f96b32f209ddec5a62fdd8944a39ba97 .entry-excerpt {\n    margin: 15px 0 0;\n  }\n  #page .blog-shortcode.blog-masonry-shortcode-id-f96b32f209ddec5a62fdd8944a39ba97 .post-details {\n    margin: 5px 0 10px;\n  }\n  #page .blog-shortcode.blog-masonry-shortcode-id-f96b32f209ddec5a62fdd8944a39ba97 .post-details.details-type-link {\n    margin-bottom: 2px;\n  }\n}\n.blog-shortcode.blog-masonry-shortcode-id-f96b32f209ddec5a62fdd8944a39ba97:not(.resize-by-browser-width) .dt-css-grid {\n  grid-row-gap: 30px;\n  grid-column-gap: 30px;\n  grid-template-columns: repeat(auto-fill,minmax(,1fr));\n}\n.blog-shortcode.blog-masonry-shortcode-id-f96b32f209ddec5a62fdd8944a39ba97:not(.resize-by-browser-width) .dt-css-grid .double-width {\n  grid-column: span 2;\n}\n.cssgridlegacy.no-cssgrid .blog-shortcode.blog-masonry-shortcode-id-f96b32f209ddec5a62fdd8944a39ba97:not(.resize-by-browser-width) .dt-css-grid,\n.no-cssgridlegacy.no-cssgrid .blog-shortcode.blog-masonry-shortcode-id-f96b32f209ddec5a62fdd8944a39ba97:not(.resize-by-browser-width) .dt-css-grid {\n  display: flex;\n  flex-flow: row wrap;\n  margin: -15px;\n}\n.cssgridlegacy.no-cssgrid .blog-shortcode.blog-masonry-shortcode-id-f96b32f209ddec5a62fdd8944a39ba97:not(.resize-by-browser-width) .dt-css-grid .wf-cell,\n.no-cssgridlegacy.no-cssgrid .blog-shortcode.blog-masonry-shortcode-id-f96b32f209ddec5a62fdd8944a39ba97:not(.resize-by-browser-width) .dt-css-grid .wf-cell {\n  flex: 1 0 ;\n  max-width: 100%;\n  padding: 15px;\n  box-sizing: border-box;\n}\n.blog-shortcode.blog-masonry-shortcode-id-f96b32f209ddec5a62fdd8944a39ba97.resize-by-browser-width .dt-css-grid {\n  grid-template-columns: repeat(4,1fr);\n  grid-template-rows: auto;\n  grid-column-gap: 30px;\n  grid-row-gap: 30px;\n}\n.blog-shortcode.blog-masonry-shortcode-id-f96b32f209ddec5a62fdd8944a39ba97.resize-by-browser-width .dt-css-grid .double-width {\n  grid-column: span 2;\n}\n.cssgridlegacy.no-cssgrid .blog-shortcode.blog-masonry-shortcode-id-f96b32f209ddec5a62fdd8944a39ba97.resize-by-browser-width .dt-css-grid {\n  margin: -15px;\n}\n.cssgridlegacy.no-cssgrid .blog-shortcode.blog-masonry-shortcode-id-f96b32f209ddec5a62fdd8944a39ba97.resize-by-browser-width .dt-css-grid .wf-cell {\n  width: 25%;\n  padding: 15px;\n}\n.cssgridlegacy.no-cssgrid .blog-shortcode.blog-masonry-shortcode-id-f96b32f209ddec5a62fdd8944a39ba97.resize-by-browser-width .dt-css-grid .wf-cell.double-width {\n  width: calc(25%) * 2;\n}\n.blog-shortcode.blog-masonry-shortcode-id-f96b32f209ddec5a62fdd8944a39ba97.resize-by-browser-width:not(.centered-layout-list):not(.content-bg-on) .dt-css-grid {\n  grid-row-gap: 0px;\n}\n@media screen and (max-width: 1199px) {\n  .blog-shortcode.blog-masonry-shortcode-id-f96b32f209ddec5a62fdd8944a39ba97.resize-by-browser-width .dt-css-grid {\n    grid-template-columns: repeat(3,1fr);\n  }\n  .cssgridlegacy.no-cssgrid .blog-shortcode.blog-masonry-shortcode-id-f96b32f209ddec5a62fdd8944a39ba97.resize-by-browser-width .dt-css-grid .wf-cell,\n  .no-cssgridlegacy.no-cssgrid .blog-shortcode.blog-masonry-shortcode-id-f96b32f209ddec5a62fdd8944a39ba97.resize-by-browser-width .dt-css-grid .wf-cell {\n    width: 33.333333333333%;\n  }\n  .cssgridlegacy.no-cssgrid .blog-shortcode.blog-masonry-shortcode-id-f96b32f209ddec5a62fdd8944a39ba97.resize-by-browser-width .dt-css-grid .wf-cell.double-width,\n  .no-cssgridlegacy.no-cssgrid .blog-shortcode.blog-masonry-shortcode-id-f96b32f209ddec5a62fdd8944a39ba97.resize-by-browser-width .dt-css-grid .wf-cell.double-width {\n    width: calc(33.333333333333%)*2;\n  }\n}\n@media screen and (max-width: 991px) {\n  .blog-shortcode.blog-masonry-shortcode-id-f96b32f209ddec5a62fdd8944a39ba97.resize-by-browser-width .dt-css-grid {\n    grid-template-columns: repeat(2,1fr);\n  }\n  .cssgridlegacy.no-cssgrid .blog-shortcode.blog-masonry-shortcode-id-f96b32f209ddec5a62fdd8944a39ba97.resize-by-browser-width .dt-css-grid .wf-cell,\n  .no-cssgridlegacy.no-cssgrid .blog-shortcode.blog-masonry-shortcode-id-f96b32f209ddec5a62fdd8944a39ba97.resize-by-browser-width .dt-css-grid .wf-cell {\n    width: 50%;\n  }\n  .cssgridlegacy.no-cssgrid .blog-shortcode.blog-masonry-shortcode-id-f96b32f209ddec5a62fdd8944a39ba97.resize-by-browser-width .dt-css-grid .wf-cell.double-width,\n  .no-cssgridlegacy.no-cssgrid .blog-shortcode.blog-masonry-shortcode-id-f96b32f209ddec5a62fdd8944a39ba97.resize-by-browser-width .dt-css-grid .wf-cell.double-width {\n    width: calc(50%)*2;\n  }\n}\n@media screen and (max-width: 767px) {\n  .blog-shortcode.blog-masonry-shortcode-id-f96b32f209ddec5a62fdd8944a39ba97.resize-by-browser-width .dt-css-grid {\n    grid-template-columns: repeat(1,1fr);\n  }\n  .blog-shortcode.blog-masonry-shortcode-id-f96b32f209ddec5a62fdd8944a39ba97.resize-by-browser-width .dt-css-grid .double-width {\n    grid-column: span 1;\n  }\n  .cssgridlegacy.no-cssgrid .blog-shortcode.blog-masonry-shortcode-id-f96b32f209ddec5a62fdd8944a39ba97.resize-by-browser-width .dt-css-grid .wf-cell,\n  .no-cssgridlegacy.no-cssgrid .blog-shortcode.blog-masonry-shortcode-id-f96b32f209ddec5a62fdd8944a39ba97.resize-by-browser-width .dt-css-grid .wf-cell {\n    width: 100%;\n  }\n  .cssgridlegacy.no-cssgrid .blog-shortcode.blog-masonry-shortcode-id-f96b32f209ddec5a62fdd8944a39ba97.resize-by-browser-width .dt-css-grid .wf-cell.double-width,\n  .no-cssgridlegacy.no-cssgrid .blog-shortcode.blog-masonry-shortcode-id-f96b32f209ddec5a62fdd8944a39ba97.resize-by-browser-width .dt-css-grid .wf-cell.double-width {\n    width: calc(100%)*2;\n  }\n}<\/style><div class=\"blog-shortcode blog-masonry-shortcode-id-f96b32f209ddec5a62fdd8944a39ba97 mode-grid classic-layout-list content-bg-on jquery-filter circle-fancy-style scale-img dt-css-grid-wrap dt-icon-bg-off resize-by-browser-width loading-effect-none description-under-image \" data-padding=\"15px\" data-cur-page=\"1\" data-post-limit=\"-1\" data-pagination-mode=\"none\" data-desktop-columns-num=\"4\" data-v-tablet-columns-num=\"2\" data-h-tablet-columns-num=\"3\" data-phone-columns-num=\"1\" data-width=\"0px\" data-columns=\"0\"><div class=\"dt-css-grid\" ><div class=\"visible wf-cell\" data-post-id=\"4365\" data-date=\"2026-04-24T17:38:34+01:00\" data-name=\"Tydzie\u0144 Zdrowia Psychicznego w naszej szkole\"><article class=\"post project-odd visible post-4365 type-post status-publish format-standard has-post-thumbnail hentry category-bez-kategorii category-sp2526 category-szkola-zdrowia-25-26 category-1 category-4 category-7\" data-name=\"Tydzie\u0144 Zdrowia Psychicznego w naszej szkole\" data-date=\"2026-04-24T17:38:34+01:00\">\n\n<div class=\"post-thumbnail-wrap\">\n\t<div class=\"post-thumbnail\">\n\t\t\n\t\t\n\t\t<a href=\"https:\/\/przeginia.edu.pl\/index.php\/2026\/04\/24\/tydzien-zdrowia-psychicznego-w-naszej-szkole\/\" class=\"post-thumbnail-rollover layzr-bg layzr-bg\" ><img fetchpriority=\"high\" decoding=\"async\" class=\"iso-lazy-load preload-me iso-lazy-load aspect\" src=\"data:image\/svg+xml,%3Csvg%20xmlns%3D&#39;http%3A%2F%2Fwww.w3.org%2F2000%2Fsvg&#39;%20viewBox%3D&#39;0%200%20768%20512&#39;%2F%3E\" data-src=\"https:\/\/przeginia.edu.pl\/wp-content\/uploads\/2026\/04\/plakat-1-768x512.png\" data-srcset=\"https:\/\/przeginia.edu.pl\/wp-content\/uploads\/2026\/04\/plakat-1-768x512.png 768w, https:\/\/przeginia.edu.pl\/wp-content\/uploads\/2026\/04\/plakat-1-1024x682.png 1024w\" loading=\"eager\" style=\"--ratio: 768 \/ 512\" sizes=\"(max-width: 768px) 100vw, 768px\" alt=\"\" title=\"plakat\" width=\"768\" height=\"512\"  \/><span class=\"gallery-zoom-ico icon-im-hover-001\"><span><\/span><\/span><\/a>\t<\/div>\n<\/div>\n\n\n<div class=\"post-entry-content\">\n\n\t<h3 class=\"entry-title\">\n\t\t<a href=\"https:\/\/przeginia.edu.pl\/index.php\/2026\/04\/24\/tydzien-zdrowia-psychicznego-w-naszej-szkole\/\" title=\"Tydzie\u0144 Zdrowia Psychicznego w naszej szkole\" rel=\"bookmark\">Tydzie\u0144 Zdrowia Psychicznego w naszej szkole<\/a>\n\t<\/h3>\n\n\t<div class=\"entry-meta\"><a href=\"https:\/\/przeginia.edu.pl\/index.php\/2026\/04\/24\/\" title=\"17:38\" class=\"data-link\" rel=\"bookmark\"><time class=\"entry-date updated\" datetime=\"2026-04-24T17:38:34+01:00\">24 kwietnia, 2026<\/time><\/a><\/div>\n\t<div class=\"entry-excerpt\"><p>[vc_row][vc_column][vc_column_text]W dniach 27\u201330 kwietnia w naszej szkole odb\u0119dzie si\u0119 Tydzie\u0144 Zdrowia Psychicznego.W ramach akcji zostan\u0105 przeprowadzone lekcje wychowawcze i pogadanki dotycz\u0105ce zdrowia psychicznego, radzenia sobie ze stresem oraz znaczenia rozmowy&hellip;<\/p>\n<\/div>\n\t\n<a href=\"https:\/\/przeginia.edu.pl\/index.php\/2026\/04\/24\/tydzien-zdrowia-psychicznego-w-naszej-szkole\/\" class=\"post-details details-type-link\" aria-label=\"Czytaj wi\u0119cej o Tydzie\u0144 Zdrowia Psychicznego w naszej szkole\">czytaj wi\u0119cej &gt;&gt;<i class=\"dt-icon-the7-arrow-03\" aria-hidden=\"true\"><\/i><\/a>\n\n<\/div><\/article><\/div><div class=\"visible wf-cell\" data-post-id=\"4357\" data-date=\"2026-04-24T17:05:51+01:00\" data-name=\"Akcja &quot;Zielona Wst\u0105\u017ceczka&quot; w naszej szkole\"><article class=\"post project-odd visible post-4357 type-post status-publish format-standard has-post-thumbnail hentry category-bez-kategorii category-sp2526 category-szkola-zdrowia-25-26 category-1 category-4 category-7\" data-name=\"Akcja &#8222;Zielona Wst\u0105\u017ceczka&#8221; w naszej szkole\" data-date=\"2026-04-24T17:05:51+01:00\">\n\n<div class=\"post-thumbnail-wrap\">\n\t<div class=\"post-thumbnail\">\n\t\t\n\t\t\n\t\t<a href=\"https:\/\/przeginia.edu.pl\/index.php\/2026\/04\/24\/akcja-zielona-wstazeczka-w-naszej-szkole\/\" class=\"post-thumbnail-rollover layzr-bg layzr-bg\" ><img decoding=\"async\" class=\"iso-lazy-load preload-me iso-lazy-load aspect\" src=\"data:image\/svg+xml,%3Csvg%20xmlns%3D&#39;http%3A%2F%2Fwww.w3.org%2F2000%2Fsvg&#39;%20viewBox%3D&#39;0%200%20768%20512&#39;%2F%3E\" data-src=\"https:\/\/przeginia.edu.pl\/wp-content\/uploads\/2026\/04\/zielona-wstazeczka-768x512.png\" data-srcset=\"https:\/\/przeginia.edu.pl\/wp-content\/uploads\/2026\/04\/zielona-wstazeczka-768x512.png 768w, https:\/\/przeginia.edu.pl\/wp-content\/uploads\/2026\/04\/zielona-wstazeczka-1024x682.png 1024w\" loading=\"eager\" style=\"--ratio: 768 \/ 512\" sizes=\"(max-width: 768px) 100vw, 768px\" alt=\"\" title=\"zielona wst\u0105\u017ceczka\" width=\"768\" height=\"512\"  \/><span class=\"gallery-zoom-ico icon-im-hover-001\"><span><\/span><\/span><\/a>\t<\/div>\n<\/div>\n\n\n<div class=\"post-entry-content\">\n\n\t<h3 class=\"entry-title\">\n\t\t<a href=\"https:\/\/przeginia.edu.pl\/index.php\/2026\/04\/24\/akcja-zielona-wstazeczka-w-naszej-szkole\/\" title=\"Akcja &#8222;Zielona Wst\u0105\u017ceczka&#8221; w naszej szkole\" rel=\"bookmark\">Akcja &#8222;Zielona Wst\u0105\u017ceczka&#8221; w naszej szkole<\/a>\n\t<\/h3>\n\n\t<div class=\"entry-meta\"><a href=\"https:\/\/przeginia.edu.pl\/index.php\/2026\/04\/24\/\" title=\"17:05\" class=\"data-link\" rel=\"bookmark\"><time class=\"entry-date updated\" datetime=\"2026-04-24T17:05:51+01:00\">24 kwietnia, 2026<\/time><\/a><\/div>\n\t<div class=\"entry-excerpt\"><p>[vc_row][vc_column][vc_column_text]Serdecznie zapraszamy ca\u0142\u0105 spo\u0142eczno\u015b\u0107 szkoln\u0105 do udzia\u0142u w akcji \u201eZielona Wst\u0105\u017ceczka\u201d, kt\u00f3ra odb\u0119dzie si\u0119 w naszej szkole w ramach \u201eTygodnia Zdrowia Psychicznego\u201d. Celem inicjatywy jest zwr\u00f3cenie uwagi na znaczenie zdrowia&hellip;<\/p>\n<\/div>\n\t\n<a href=\"https:\/\/przeginia.edu.pl\/index.php\/2026\/04\/24\/akcja-zielona-wstazeczka-w-naszej-szkole\/\" class=\"post-details details-type-link\" aria-label=\"Czytaj wi\u0119cej o Akcja &#8222;Zielona Wst\u0105\u017ceczka&#8221; w naszej szkole\">czytaj wi\u0119cej &gt;&gt;<i class=\"dt-icon-the7-arrow-03\" aria-hidden=\"true\"><\/i><\/a>\n\n<\/div><\/article><\/div><div class=\"visible wf-cell\" data-post-id=\"4352\" data-date=\"2026-04-24T17:00:12+01:00\" data-name=\"Poczta dobrych s\u0142\u00f3w w naszej szkole !\"><article class=\"post project-odd visible post-4352 type-post status-publish format-standard has-post-thumbnail hentry category-bez-kategorii category-sp2526 category-szkola-zdrowia-25-26 category-1 category-4 category-7\" data-name=\"Poczta dobrych s\u0142\u00f3w w naszej szkole !\" data-date=\"2026-04-24T17:00:12+01:00\">\n\n<div class=\"post-thumbnail-wrap\">\n\t<div class=\"post-thumbnail\">\n\t\t\n\t\t\n\t\t<a href=\"https:\/\/przeginia.edu.pl\/index.php\/2026\/04\/24\/poczta-dobrych-slow-w-naszej-szkole\/\" class=\"post-thumbnail-rollover layzr-bg layzr-bg\" ><img decoding=\"async\" class=\"iso-lazy-load preload-me iso-lazy-load aspect\" src=\"data:image\/svg+xml,%3Csvg%20xmlns%3D&#39;http%3A%2F%2Fwww.w3.org%2F2000%2Fsvg&#39;%20viewBox%3D&#39;0%200%20768%20512&#39;%2F%3E\" data-src=\"https:\/\/przeginia.edu.pl\/wp-content\/uploads\/2026\/04\/poczta-768x512.png\" data-srcset=\"https:\/\/przeginia.edu.pl\/wp-content\/uploads\/2026\/04\/poczta-768x512.png 768w, https:\/\/przeginia.edu.pl\/wp-content\/uploads\/2026\/04\/poczta-1024x682.png 1024w\" loading=\"eager\" style=\"--ratio: 768 \/ 512\" sizes=\"(max-width: 768px) 100vw, 768px\" alt=\"\" title=\"poczta\" width=\"768\" height=\"512\"  \/><span class=\"gallery-zoom-ico icon-im-hover-001\"><span><\/span><\/span><\/a>\t<\/div>\n<\/div>\n\n\n<div class=\"post-entry-content\">\n\n\t<h3 class=\"entry-title\">\n\t\t<a href=\"https:\/\/przeginia.edu.pl\/index.php\/2026\/04\/24\/poczta-dobrych-slow-w-naszej-szkole\/\" title=\"Poczta dobrych s\u0142\u00f3w w naszej szkole !\" rel=\"bookmark\">Poczta dobrych s\u0142\u00f3w w naszej szkole !<\/a>\n\t<\/h3>\n\n\t<div class=\"entry-meta\"><a href=\"https:\/\/przeginia.edu.pl\/index.php\/2026\/04\/24\/\" title=\"17:00\" class=\"data-link\" rel=\"bookmark\"><time class=\"entry-date updated\" datetime=\"2026-04-24T17:00:12+01:00\">24 kwietnia, 2026<\/time><\/a><\/div>\n\t<div class=\"entry-excerpt\"><p>[vc_row][vc_column][vc_column_text] W ramach Tygodnia Zdrowia Psychicznego zapraszamy wszystkich uczni\u00f3w i nauczycieli do udzia\u0142u w wyj\u0105tkowej akcji \u201ePoczta dobrych s\u0142\u00f3w\u201d.Czy wiesz, \u017ce jedno mi\u0142e zdanie mo\u017ce poprawi\u0107 komu\u015b dzie\u0144? A mo\u017ce&hellip;<\/p>\n<\/div>\n\t\n<a href=\"https:\/\/przeginia.edu.pl\/index.php\/2026\/04\/24\/poczta-dobrych-slow-w-naszej-szkole\/\" class=\"post-details details-type-link\" aria-label=\"Czytaj wi\u0119cej o Poczta dobrych s\u0142\u00f3w w naszej szkole !\">czytaj wi\u0119cej &gt;&gt;<i class=\"dt-icon-the7-arrow-03\" aria-hidden=\"true\"><\/i><\/a>\n\n<\/div><\/article><\/div><div class=\"visible wf-cell\" data-post-id=\"4346\" data-date=\"2026-04-24T16:49:40+01:00\" data-name=\"Strefa relaksu - muzyka na przerwach\"><article class=\"post project-odd visible post-4346 type-post status-publish format-standard has-post-thumbnail hentry category-bez-kategorii category-sp2526 category-szkola-zdrowia-25-26 category-1 category-4 category-7\" data-name=\"Strefa relaksu &#8211; muzyka na przerwach\" data-date=\"2026-04-24T16:49:40+01:00\">\n\n<div class=\"post-thumbnail-wrap\">\n\t<div class=\"post-thumbnail\">\n\t\t\n\t\t\n\t\t<a href=\"https:\/\/przeginia.edu.pl\/index.php\/2026\/04\/24\/strefa-relaksu-muzyka-na-przerwach\/\" class=\"post-thumbnail-rollover layzr-bg layzr-bg\" ><img decoding=\"async\" class=\"iso-lazy-load preload-me iso-lazy-load aspect\" src=\"data:image\/svg+xml,%3Csvg%20xmlns%3D&#39;http%3A%2F%2Fwww.w3.org%2F2000%2Fsvg&#39;%20viewBox%3D&#39;0%200%20768%20512&#39;%2F%3E\" data-src=\"https:\/\/przeginia.edu.pl\/wp-content\/uploads\/2026\/04\/Strefa-relaksu-na-przerwach-768x512.png\" data-srcset=\"https:\/\/przeginia.edu.pl\/wp-content\/uploads\/2026\/04\/Strefa-relaksu-na-przerwach-768x512.png 768w, https:\/\/przeginia.edu.pl\/wp-content\/uploads\/2026\/04\/Strefa-relaksu-na-przerwach-1024x682.png 1024w\" loading=\"eager\" style=\"--ratio: 768 \/ 512\" sizes=\"(max-width: 768px) 100vw, 768px\" alt=\"\" title=\"Strefa relaksu na przerwach\" width=\"768\" height=\"512\"  \/><span class=\"gallery-zoom-ico icon-im-hover-001\"><span><\/span><\/span><\/a>\t<\/div>\n<\/div>\n\n\n<div class=\"post-entry-content\">\n\n\t<h3 class=\"entry-title\">\n\t\t<a href=\"https:\/\/przeginia.edu.pl\/index.php\/2026\/04\/24\/strefa-relaksu-muzyka-na-przerwach\/\" title=\"Strefa relaksu &#8211; muzyka na przerwach\" rel=\"bookmark\">Strefa relaksu &#8211; muzyka na przerwach<\/a>\n\t<\/h3>\n\n\t<div class=\"entry-meta\"><a href=\"https:\/\/przeginia.edu.pl\/index.php\/2026\/04\/24\/\" title=\"16:49\" class=\"data-link\" rel=\"bookmark\"><time class=\"entry-date updated\" datetime=\"2026-04-24T16:49:40+01:00\">24 kwietnia, 2026<\/time><\/a><\/div>\n\t<div class=\"entry-excerpt\"><p>[vc_row][vc_column][vc_column_text] W ramach Tygodnia Zdrowia Psychicznego zapraszamy wszystkich uczni\u00f3w i nauczycieli do udzia\u0142u w akcji \u201eStrefa relaksu\u201d.Podczas wybranych przerw na terenie szko\u0142y b\u0119dzie mo\u017cna us\u0142ysze\u0107 spokojn\u0105, relaksacyjn\u0105 muzyk\u0119, kt\u00f3ra pomo\u017ce&hellip;<\/p>\n<\/div>\n\t\n<a href=\"https:\/\/przeginia.edu.pl\/index.php\/2026\/04\/24\/strefa-relaksu-muzyka-na-przerwach\/\" class=\"post-details details-type-link\" aria-label=\"Czytaj wi\u0119cej o Strefa relaksu &#8211; muzyka na przerwach\">czytaj wi\u0119cej &gt;&gt;<i class=\"dt-icon-the7-arrow-03\" aria-hidden=\"true\"><\/i><\/a>\n\n<\/div><\/article><\/div><div class=\"visible wf-cell\" data-post-id=\"4336\" data-date=\"2026-04-22T13:36:05+01:00\" data-name=\"Zapraszamy do udzia\u0142u w konkursach ekologicznych organizowanych w naszej szkole.\"><article class=\"post project-odd visible no-img post-4336 type-post status-publish format-standard hentry category-bez-kategorii category-sp2526 category-1 category-4\" data-name=\"Zapraszamy do udzia\u0142u w konkursach ekologicznych organizowanych w naszej szkole.\" data-date=\"2026-04-22T13:36:05+01:00\">\n\n<div class=\"post-entry-content\">\n\n\t<h3 class=\"entry-title\">\n\t\t<a href=\"https:\/\/przeginia.edu.pl\/index.php\/2026\/04\/22\/zapraszamy-do-udzialu-w-konkursach-ekologicznych-organizowanych-w-naszej-szkole\/\" title=\"Zapraszamy do udzia\u0142u w konkursach ekologicznych organizowanych w naszej szkole.\" rel=\"bookmark\">Zapraszamy do udzia\u0142u w konkursach ekologicznych organizowanych w naszej szkole.<\/a>\n\t<\/h3>\n\n\t<div class=\"entry-meta\"><a href=\"https:\/\/przeginia.edu.pl\/index.php\/2026\/04\/22\/\" title=\"13:36\" class=\"data-link\" rel=\"bookmark\"><time class=\"entry-date updated\" datetime=\"2026-04-22T13:36:05+01:00\">22 kwietnia, 2026<\/time><\/a><\/div>\n\t<div class=\"entry-excerpt\"><p>Z racji zbli\u017caj\u0105cego si\u0119 \u015awi\u0119ta Ziemi nasza szko\u0142a organizuje konkursyekologiczne. Najlepiej ocenione prace wezm\u0105 udzia\u0142 w konkursie EKOSZKO\u0141A organizowanym przez: Gminny O\u015brodek Kultury w Borz\u0119cinieoraz Zesp\u00f3\u0142 Szkolno \u2013 Przedszkolny im.&hellip;<\/p>\n<\/div>\n\t\n<a href=\"https:\/\/przeginia.edu.pl\/index.php\/2026\/04\/22\/zapraszamy-do-udzialu-w-konkursach-ekologicznych-organizowanych-w-naszej-szkole\/\" class=\"post-details details-type-link\" aria-label=\"Czytaj wi\u0119cej o Zapraszamy do udzia\u0142u w konkursach ekologicznych organizowanych w naszej szkole.\">czytaj wi\u0119cej &gt;&gt;<i class=\"dt-icon-the7-arrow-03\" aria-hidden=\"true\"><\/i><\/a>\n\n<\/div><\/article><\/div><div class=\"visible wf-cell\" data-post-id=\"4322\" data-date=\"2026-04-21T10:05:22+01:00\" data-name=\"Zebranie z Rodzicami\"><article class=\"post project-odd visible post-4322 type-post status-publish format-standard has-post-thumbnail hentry category-bez-kategorii category-sp2526 category-1 category-4\" data-name=\"Zebranie z Rodzicami\" data-date=\"2026-04-21T10:05:22+01:00\">\n\n<div class=\"post-thumbnail-wrap\">\n\t<div class=\"post-thumbnail\">\n\t\t\n\t\t\n\t\t<a href=\"https:\/\/przeginia.edu.pl\/index.php\/2026\/04\/21\/zebranie-z-rodzicami-2\/\" class=\"post-thumbnail-rollover layzr-bg layzr-bg\" ><img decoding=\"async\" class=\"iso-lazy-load preload-me iso-lazy-load aspect\" src=\"data:image\/svg+xml,%3Csvg%20xmlns%3D&#39;http%3A%2F%2Fwww.w3.org%2F2000%2Fsvg&#39;%20viewBox%3D&#39;0%200%20768%20512&#39;%2F%3E\" data-src=\"https:\/\/przeginia.edu.pl\/wp-content\/uploads\/2026\/01\/ZEBRANIE-Z-RODZICAMI-e1776762816542-768x512.jpg\" data-srcset=\"https:\/\/przeginia.edu.pl\/wp-content\/uploads\/2026\/01\/ZEBRANIE-Z-RODZICAMI-e1776762816542-768x512.jpg 768w, https:\/\/przeginia.edu.pl\/wp-content\/uploads\/2026\/01\/ZEBRANIE-Z-RODZICAMI-e1776762816542-1152x768.jpg 1152w\" loading=\"eager\" style=\"--ratio: 768 \/ 512\" sizes=\"(max-width: 768px) 100vw, 768px\" alt=\"\" title=\"ZEBRANIE Z RODZICAMI\" width=\"768\" height=\"512\"  \/><span class=\"gallery-zoom-ico icon-im-hover-001\"><span><\/span><\/span><\/a>\t<\/div>\n<\/div>\n\n\n<div class=\"post-entry-content\">\n\n\t<h3 class=\"entry-title\">\n\t\t<a href=\"https:\/\/przeginia.edu.pl\/index.php\/2026\/04\/21\/zebranie-z-rodzicami-2\/\" title=\"Zebranie z Rodzicami\" rel=\"bookmark\">Zebranie z Rodzicami<\/a>\n\t<\/h3>\n\n\t<div class=\"entry-meta\"><a href=\"https:\/\/przeginia.edu.pl\/index.php\/2026\/04\/21\/\" title=\"10:05\" class=\"data-link\" rel=\"bookmark\"><time class=\"entry-date updated\" datetime=\"2026-04-21T10:05:22+01:00\">21 kwietnia, 2026<\/time><\/a><\/div>\n\t<div class=\"entry-excerpt\"><p>Przypominamy, \u017ce 23.04.2026 r. jest zebranie z Rodzicami. Klasy 1-3 &#8211; godzina 18:00, klasy 4-8 &#8211; godzina 17:00.<\/p>\n<\/div>\n\t\n<a href=\"https:\/\/przeginia.edu.pl\/index.php\/2026\/04\/21\/zebranie-z-rodzicami-2\/\" class=\"post-details details-type-link\" aria-label=\"Czytaj wi\u0119cej o Zebranie z Rodzicami\">czytaj wi\u0119cej &gt;&gt;<i class=\"dt-icon-the7-arrow-03\" aria-hidden=\"true\"><\/i><\/a>\n\n<\/div><\/article><\/div><div class=\"visible wf-cell\" data-post-id=\"4201\" data-date=\"2026-04-12T18:12:02+01:00\" data-name=\"Ma\u0142y ogr\u00f3dek- wielka nauka.\"><article class=\"post project-odd visible post-4201 type-post status-publish format-standard has-post-thumbnail hentry category-bez-kategorii category-sp2526 category-1 category-4\" data-name=\"Ma\u0142y ogr\u00f3dek- wielka nauka.\" data-date=\"2026-04-12T18:12:02+01:00\">\n\n<div class=\"post-thumbnail-wrap\">\n\t<div class=\"post-thumbnail\">\n\t\t\n\t\t\n\t\t<a href=\"https:\/\/przeginia.edu.pl\/index.php\/2026\/04\/12\/maly-ogrodek-wielka-nauka\/\" class=\"post-thumbnail-rollover layzr-bg layzr-bg\" ><img decoding=\"async\" class=\"iso-lazy-load preload-me iso-lazy-load aspect\" src=\"data:image\/svg+xml,%3Csvg%20xmlns%3D&#39;http%3A%2F%2Fwww.w3.org%2F2000%2Fsvg&#39;%20viewBox%3D&#39;0%200%20768%20512&#39;%2F%3E\" data-src=\"https:\/\/przeginia.edu.pl\/wp-content\/uploads\/2026\/04\/IMG_8633-768x512.jpeg\" data-srcset=\"https:\/\/przeginia.edu.pl\/wp-content\/uploads\/2026\/04\/IMG_8633-768x512.jpeg 768w, https:\/\/przeginia.edu.pl\/wp-content\/uploads\/2026\/04\/IMG_8633-1152x768.jpeg 1152w\" loading=\"eager\" style=\"--ratio: 768 \/ 512\" sizes=\"(max-width: 768px) 100vw, 768px\" alt=\"\" title=\"Screenshot\" width=\"768\" height=\"512\"  \/><span class=\"gallery-zoom-ico icon-im-hover-001\"><span><\/span><\/span><\/a>\t<\/div>\n<\/div>\n\n\n<div class=\"post-entry-content\">\n\n\t<h3 class=\"entry-title\">\n\t\t<a href=\"https:\/\/przeginia.edu.pl\/index.php\/2026\/04\/12\/maly-ogrodek-wielka-nauka\/\" title=\"Ma\u0142y ogr\u00f3dek- wielka nauka.\" rel=\"bookmark\">Ma\u0142y ogr\u00f3dek- wielka nauka.<\/a>\n\t<\/h3>\n\n\t<div class=\"entry-meta\"><a href=\"https:\/\/przeginia.edu.pl\/index.php\/2026\/04\/12\/\" title=\"18:12\" class=\"data-link\" rel=\"bookmark\"><time class=\"entry-date updated\" datetime=\"2026-04-12T18:12:02+01:00\">12 kwietnia, 2026<\/time><\/a><\/div>\n\t<div class=\"entry-excerpt\"><p>[vc_row][vc_column][vc_column_text css=&#8221;&#8221;] Uczniowie klasy 2a i 2b uczestniczyli w dzia\u0142aniach ekologicznych podczas zaj\u0119\u0107 przyrodniczych. W ich trakcie za\u0142o\u017cyli upraw\u0119 fasoli, kt\u00f3r\u0105 regularnie obserwuj\u0105, piel\u0119gnuj\u0105 i podlewaj\u0105, ucz\u0105c si\u0119 odpowiedzialno\u015bci za&hellip;<\/p>\n<\/div>\n\t\n<a href=\"https:\/\/przeginia.edu.pl\/index.php\/2026\/04\/12\/maly-ogrodek-wielka-nauka\/\" class=\"post-details details-type-link\" aria-label=\"Czytaj wi\u0119cej o Ma\u0142y ogr\u00f3dek- wielka nauka.\">czytaj wi\u0119cej &gt;&gt;<i class=\"dt-icon-the7-arrow-03\" aria-hidden=\"true\"><\/i><\/a>\n\n<\/div><\/article><\/div><div class=\"visible wf-cell\" data-post-id=\"4186\" data-date=\"2026-04-12T14:52:38+01:00\" data-name=\"Niezwyk\u0142a podr\u00f3\u017c pod ziemi\u0119 \u2013 wyjazd klas \u00f3smych do Wieliczki\"><article class=\"post project-odd visible post-4186 type-post status-publish format-standard has-post-thumbnail hentry category-bez-kategorii category-sp2526 category-1 category-4\" data-name=\"Niezwyk\u0142a podr\u00f3\u017c pod ziemi\u0119 \u2013 wyjazd klas \u00f3smych do Wieliczki\" data-date=\"2026-04-12T14:52:38+01:00\">\n\n<div class=\"post-thumbnail-wrap\">\n\t<div class=\"post-thumbnail\">\n\t\t\n\t\t\n\t\t<a href=\"https:\/\/przeginia.edu.pl\/index.php\/2026\/04\/12\/niezwykla-podroz-pod-ziemie-wyjazd-klas-osmych-do-wieliczki\/\" class=\"post-thumbnail-rollover layzr-bg layzr-bg\" ><img decoding=\"async\" class=\"iso-lazy-load preload-me iso-lazy-load aspect\" src=\"data:image\/svg+xml,%3Csvg%20xmlns%3D&#39;http%3A%2F%2Fwww.w3.org%2F2000%2Fsvg&#39;%20viewBox%3D&#39;0%200%20768%20512&#39;%2F%3E\" data-src=\"https:\/\/przeginia.edu.pl\/wp-content\/uploads\/2026\/04\/DSC_0779-scaled-768x512.jpg\" data-srcset=\"https:\/\/przeginia.edu.pl\/wp-content\/uploads\/2026\/04\/DSC_0779-scaled-768x512.jpg 768w, https:\/\/przeginia.edu.pl\/wp-content\/uploads\/2026\/04\/DSC_0779-scaled-1152x768.jpg 1152w\" loading=\"eager\" style=\"--ratio: 768 \/ 512\" sizes=\"(max-width: 768px) 100vw, 768px\" alt=\"\" title=\"DSC_0779\" width=\"768\" height=\"512\"  \/><span class=\"gallery-zoom-ico icon-im-hover-001\"><span><\/span><\/span><\/a>\t<\/div>\n<\/div>\n\n\n<div class=\"post-entry-content\">\n\n\t<h3 class=\"entry-title\">\n\t\t<a href=\"https:\/\/przeginia.edu.pl\/index.php\/2026\/04\/12\/niezwykla-podroz-pod-ziemie-wyjazd-klas-osmych-do-wieliczki\/\" title=\"Niezwyk\u0142a podr\u00f3\u017c pod ziemi\u0119 \u2013 wyjazd klas \u00f3smych do Wieliczki\" rel=\"bookmark\">Niezwyk\u0142a podr\u00f3\u017c pod ziemi\u0119 \u2013 wyjazd klas \u00f3smych do Wieliczki<\/a>\n\t<\/h3>\n\n\t<div class=\"entry-meta\"><a href=\"https:\/\/przeginia.edu.pl\/index.php\/2026\/04\/12\/\" title=\"14:52\" class=\"data-link\" rel=\"bookmark\"><time class=\"entry-date updated\" datetime=\"2026-04-12T14:52:38+01:00\">12 kwietnia, 2026<\/time><\/a><\/div>\n\t<div class=\"entry-excerpt\"><p>[vc_row][vc_column][vc_column_text] 9 kwietnia uczniowie klas \u00f3smych wyruszyli na wyj\u0105tkow\u0105 wycieczk\u0119 do Wieliczki, by odkry\u0107 tajemnice jednej z najs\u0142ynniejszych kopalni soli na \u015bwiecie. Ju\u017c od samego rana towarzyszy\u0142a nam \u015bwietna atmosfera&hellip;<\/p>\n<\/div>\n\t\n<a href=\"https:\/\/przeginia.edu.pl\/index.php\/2026\/04\/12\/niezwykla-podroz-pod-ziemie-wyjazd-klas-osmych-do-wieliczki\/\" class=\"post-details details-type-link\" aria-label=\"Czytaj wi\u0119cej o Niezwyk\u0142a podr\u00f3\u017c pod ziemi\u0119 \u2013 wyjazd klas \u00f3smych do Wieliczki\">czytaj wi\u0119cej &gt;&gt;<i class=\"dt-icon-the7-arrow-03\" aria-hidden=\"true\"><\/i><\/a>\n\n<\/div><\/article><\/div><div class=\"visible wf-cell\" data-post-id=\"4183\" data-date=\"2026-04-12T14:48:13+01:00\" data-name=\"Ogromny sukces naszych uczni\u00f3w w konkursie InstaLogik!\"><article class=\"post project-odd visible post-4183 type-post status-publish format-standard has-post-thumbnail hentry category-bez-kategorii category-sp2526 category-1 category-4\" data-name=\"Ogromny sukces naszych uczni\u00f3w w konkursie InstaLogik!\" data-date=\"2026-04-12T14:48:13+01:00\">\n\n<div class=\"post-thumbnail-wrap\">\n\t<div class=\"post-thumbnail\">\n\t\t\n\t\t\n\t\t<a href=\"https:\/\/przeginia.edu.pl\/index.php\/2026\/04\/12\/ogromny-sukces-naszych-uczniow-w-konkursie-instalogik\/\" class=\"post-thumbnail-rollover layzr-bg layzr-bg\" ><img decoding=\"async\" class=\"iso-lazy-load preload-me iso-lazy-load aspect\" src=\"data:image\/svg+xml,%3Csvg%20xmlns%3D&#39;http%3A%2F%2Fwww.w3.org%2F2000%2Fsvg&#39;%20viewBox%3D&#39;0%200%20768%20512&#39;%2F%3E\" data-src=\"https:\/\/przeginia.edu.pl\/wp-content\/uploads\/2026\/04\/IMG_20260408_182629-scaled-768x512.jpg\" data-srcset=\"https:\/\/przeginia.edu.pl\/wp-content\/uploads\/2026\/04\/IMG_20260408_182629-scaled-768x512.jpg 768w, https:\/\/przeginia.edu.pl\/wp-content\/uploads\/2026\/04\/IMG_20260408_182629-scaled-1152x768.jpg 1152w\" loading=\"eager\" style=\"--ratio: 768 \/ 512\" sizes=\"(max-width: 768px) 100vw, 768px\" alt=\"\" title=\"IMG_20260408_182629\" width=\"768\" height=\"512\"  \/><span class=\"gallery-zoom-ico icon-im-hover-001\"><span><\/span><\/span><\/a>\t<\/div>\n<\/div>\n\n\n<div class=\"post-entry-content\">\n\n\t<h3 class=\"entry-title\">\n\t\t<a href=\"https:\/\/przeginia.edu.pl\/index.php\/2026\/04\/12\/ogromny-sukces-naszych-uczniow-w-konkursie-instalogik\/\" title=\"Ogromny sukces naszych uczni\u00f3w w konkursie InstaLogik!\" rel=\"bookmark\">Ogromny sukces naszych uczni\u00f3w w konkursie InstaLogik!<\/a>\n\t<\/h3>\n\n\t<div class=\"entry-meta\"><a href=\"https:\/\/przeginia.edu.pl\/index.php\/2026\/04\/12\/\" title=\"14:48\" class=\"data-link\" rel=\"bookmark\"><time class=\"entry-date updated\" datetime=\"2026-04-12T14:48:13+01:00\">12 kwietnia, 2026<\/time><\/a><\/div>\n\t<div class=\"entry-excerpt\"><p>Z rado\u015bci\u0105 i dum\u0105 informujemy, \u017ce uczniowie naszej szko\u0142y odnie\u015bli wspania\u0142e sukcesy w og\u00f3lnopolskim konkursie matematyczno-informatycznym InstaLogik. Konkurs rozwija logiczne my\u015blenie oraz umiej\u0119tno\u015bci matematyczne i informatyczne, a udzia\u0142 w nim&hellip;<\/p>\n<\/div>\n\t\n<a href=\"https:\/\/przeginia.edu.pl\/index.php\/2026\/04\/12\/ogromny-sukces-naszych-uczniow-w-konkursie-instalogik\/\" class=\"post-details details-type-link\" aria-label=\"Czytaj wi\u0119cej o Ogromny sukces naszych uczni\u00f3w w konkursie InstaLogik!\">czytaj wi\u0119cej &gt;&gt;<i class=\"dt-icon-the7-arrow-03\" aria-hidden=\"true\"><\/i><\/a>\n\n<\/div><\/article><\/div><div class=\"visible wf-cell\" data-post-id=\"4197\" data-date=\"2026-04-10T16:17:04+01:00\" data-name=\"Zdrowy balans i nauka w ruchu: Pierwszoklasi\u015bci w Krakowie!\"><article class=\"post project-odd visible post-4197 type-post status-publish format-standard has-post-thumbnail hentry category-bez-kategorii category-sp2526 category-szkola-zdrowia-25-26 category-1 category-4 category-7\" data-name=\"Zdrowy balans i nauka w ruchu: Pierwszoklasi\u015bci w Krakowie!\" data-date=\"2026-04-10T16:17:04+01:00\">\n\n<div class=\"post-thumbnail-wrap\">\n\t<div class=\"post-thumbnail\">\n\t\t\n\t\t\n\t\t<a href=\"https:\/\/przeginia.edu.pl\/index.php\/2026\/04\/10\/zdrowy-balans-i-nauka-w-ruchu-pierwszoklasisci-w-krakowie\/\" class=\"post-thumbnail-rollover layzr-bg layzr-bg\" ><img decoding=\"async\" class=\"iso-lazy-load preload-me iso-lazy-load aspect\" src=\"data:image\/svg+xml,%3Csvg%20xmlns%3D&#39;http%3A%2F%2Fwww.w3.org%2F2000%2Fsvg&#39;%20viewBox%3D&#39;0%200%20768%20512&#39;%2F%3E\" data-src=\"https:\/\/przeginia.edu.pl\/wp-content\/uploads\/2026\/04\/IMG_20260302_093800-scaled-768x512.jpg\" data-srcset=\"https:\/\/przeginia.edu.pl\/wp-content\/uploads\/2026\/04\/IMG_20260302_093800-scaled-768x512.jpg 768w, https:\/\/przeginia.edu.pl\/wp-content\/uploads\/2026\/04\/IMG_20260302_093800-scaled-1152x768.jpg 1152w\" loading=\"eager\" style=\"--ratio: 768 \/ 512\" sizes=\"(max-width: 768px) 100vw, 768px\" alt=\"\" title=\"IMG_20260302_093800\" width=\"768\" height=\"512\"  \/><span class=\"gallery-zoom-ico icon-im-hover-001\"><span><\/span><\/span><\/a>\t<\/div>\n<\/div>\n\n\n<div class=\"post-entry-content\">\n\n\t<h3 class=\"entry-title\">\n\t\t<a href=\"https:\/\/przeginia.edu.pl\/index.php\/2026\/04\/10\/zdrowy-balans-i-nauka-w-ruchu-pierwszoklasisci-w-krakowie\/\" title=\"Zdrowy balans i nauka w ruchu: Pierwszoklasi\u015bci w Krakowie!\" rel=\"bookmark\">Zdrowy balans i nauka w ruchu: Pierwszoklasi\u015bci w Krakowie!<\/a>\n\t<\/h3>\n\n\t<div class=\"entry-meta\"><a href=\"https:\/\/przeginia.edu.pl\/index.php\/2026\/04\/10\/\" title=\"16:17\" class=\"data-link\" rel=\"bookmark\"><time class=\"entry-date updated\" datetime=\"2026-04-10T16:17:04+01:00\">10 kwietnia, 2026<\/time><\/a><\/div>\n\t<div class=\"entry-excerpt\"><p>[vc_row][vc_column][vc_column_text] 9 kwietnia uczniowie klas pierwszych wraz z wychowawcami zamienili szkolne \u0142awki na aktywny dzie\u0144 pe\u0142en wra\u017ce\u0144 w Krakowie. Wyjazd do Kina Kij\u00f3w by\u0142 nie tylko okazj\u0105 do wsp\u00f3lnego spaceru&hellip;<\/p>\n<\/div>\n\t\n<a href=\"https:\/\/przeginia.edu.pl\/index.php\/2026\/04\/10\/zdrowy-balans-i-nauka-w-ruchu-pierwszoklasisci-w-krakowie\/\" class=\"post-details details-type-link\" aria-label=\"Czytaj wi\u0119cej o Zdrowy balans i nauka w ruchu: Pierwszoklasi\u015bci w Krakowie!\">czytaj wi\u0119cej &gt;&gt;<i class=\"dt-icon-the7-arrow-03\" aria-hidden=\"true\"><\/i><\/a>\n\n<\/div><\/article><\/div><div class=\"visible wf-cell\" data-post-id=\"4088\" data-date=\"2026-04-08T16:26:34+01:00\" data-name=\"Konkurs pt.\u00a0\u201ePrezent dla kr\u00f3la Jana\u201d\"><article class=\"post project-odd visible post-4088 type-post status-publish format-standard has-post-thumbnail hentry category-bez-kategorii category-sp2526 category-1 category-4\" data-name=\"Konkurs pt.\u00a0\u201ePrezent dla kr\u00f3la Jana\u201d\" data-date=\"2026-04-08T16:26:34+01:00\">\n\n<div class=\"post-thumbnail-wrap\">\n\t<div class=\"post-thumbnail\">\n\t\t\n\t\t\n\t\t<a href=\"https:\/\/przeginia.edu.pl\/index.php\/2026\/04\/08\/konkurs-pt-prezent-dla-krola-jana\/\" class=\"post-thumbnail-rollover layzr-bg layzr-bg\" ><img decoding=\"async\" class=\"iso-lazy-load preload-me iso-lazy-load aspect\" src=\"data:image\/svg+xml,%3Csvg%20xmlns%3D&#39;http%3A%2F%2Fwww.w3.org%2F2000%2Fsvg&#39;%20viewBox%3D&#39;0%200%20768%20512&#39;%2F%3E\" data-src=\"https:\/\/przeginia.edu.pl\/wp-content\/uploads\/2026\/04\/Jan-III-Sobieski-e1775662272829-768x512.jpg\" data-srcset=\"https:\/\/przeginia.edu.pl\/wp-content\/uploads\/2026\/04\/Jan-III-Sobieski-e1775662272829-768x512.jpg 768w, https:\/\/przeginia.edu.pl\/wp-content\/uploads\/2026\/04\/Jan-III-Sobieski-e1775662272829-860x573.jpg 860w\" loading=\"eager\" style=\"--ratio: 768 \/ 512\" sizes=\"(max-width: 768px) 100vw, 768px\" alt=\"\" title=\"Jan III Sobieski\" width=\"768\" height=\"512\"  \/><span class=\"gallery-zoom-ico icon-im-hover-001\"><span><\/span><\/span><\/a>\t<\/div>\n<\/div>\n\n\n<div class=\"post-entry-content\">\n\n\t<h3 class=\"entry-title\">\n\t\t<a href=\"https:\/\/przeginia.edu.pl\/index.php\/2026\/04\/08\/konkurs-pt-prezent-dla-krola-jana\/\" title=\"Konkurs pt.\u00a0\u201ePrezent dla kr\u00f3la Jana\u201d\" rel=\"bookmark\">Konkurs pt.\u00a0\u201ePrezent dla kr\u00f3la Jana\u201d<\/a>\n\t<\/h3>\n\n\t<div class=\"entry-meta\"><a href=\"https:\/\/przeginia.edu.pl\/index.php\/2026\/04\/08\/\" title=\"16:26\" class=\"data-link\" rel=\"bookmark\"><time class=\"entry-date updated\" datetime=\"2026-04-08T16:26:34+01:00\">8 kwietnia, 2026<\/time><\/a><\/div>\n\t<div class=\"entry-excerpt\"><p>[vc_row][vc_column][vc_column_text]Zapraszamy wszystkich uczni\u00f3w do udzia\u0142u w wyj\u0105tkowym konkursie pt.\u00a0\u201ePrezent dla kr\u00f3la Jana\u201d Na czym polega konkurs?Zadaniem uczestnik\u00f3w jest przygotowanie pracy plastycznej, artystycznej lub r\u0119kodzielniczej. Tematyka prac jest dowolna \u2013 liczy&hellip;<\/p>\n<\/div>\n\t\n<a href=\"https:\/\/przeginia.edu.pl\/index.php\/2026\/04\/08\/konkurs-pt-prezent-dla-krola-jana\/\" class=\"post-details details-type-link\" aria-label=\"Czytaj wi\u0119cej o Konkurs pt.\u00a0\u201ePrezent dla kr\u00f3la Jana\u201d\">czytaj wi\u0119cej &gt;&gt;<i class=\"dt-icon-the7-arrow-03\" aria-hidden=\"true\"><\/i><\/a>\n\n<\/div><\/article><\/div><div class=\"visible wf-cell\" data-post-id=\"4078\" data-date=\"2026-04-02T17:25:18+01:00\" data-name=\"\u017bYCZENIA WIELKANOCNE\"><article class=\"post project-odd visible post-4078 type-post status-publish format-standard has-post-thumbnail hentry category-bez-kategorii category-przedszkole-25-26 category-sp2526 category-1 category-3 category-4\" data-name=\"\u017bYCZENIA WIELKANOCNE\" data-date=\"2026-04-02T17:25:18+01:00\">\n\n<div class=\"post-thumbnail-wrap\">\n\t<div class=\"post-thumbnail\">\n\t\t\n\t\t\n\t\t<a href=\"https:\/\/przeginia.edu.pl\/index.php\/2026\/04\/02\/zyczenia-wielkanocne\/\" class=\"post-thumbnail-rollover layzr-bg layzr-bg\" ><img decoding=\"async\" class=\"iso-lazy-load preload-me iso-lazy-load aspect\" src=\"data:image\/svg+xml,%3Csvg%20xmlns%3D&#39;http%3A%2F%2Fwww.w3.org%2F2000%2Fsvg&#39;%20viewBox%3D&#39;0%200%20768%20512&#39;%2F%3E\" data-src=\"https:\/\/przeginia.edu.pl\/wp-content\/uploads\/2026\/04\/WESOLEGO-ALLELUJA--e1775148495668-768x512.jpg\" data-srcset=\"https:\/\/przeginia.edu.pl\/wp-content\/uploads\/2026\/04\/WESOLEGO-ALLELUJA--e1775148495668-768x512.jpg 768w, https:\/\/przeginia.edu.pl\/wp-content\/uploads\/2026\/04\/WESOLEGO-ALLELUJA--e1775148495668-1152x768.jpg 1152w\" loading=\"eager\" style=\"--ratio: 768 \/ 512\" sizes=\"(max-width: 768px) 100vw, 768px\" alt=\"\" title=\"WESO\u0141EGO ALLELUJA !!!\" width=\"768\" height=\"512\"  \/><span class=\"gallery-zoom-ico icon-im-hover-001\"><span><\/span><\/span><\/a>\t<\/div>\n<\/div>\n\n\n<div class=\"post-entry-content\">\n\n\t<h3 class=\"entry-title\">\n\t\t<a href=\"https:\/\/przeginia.edu.pl\/index.php\/2026\/04\/02\/zyczenia-wielkanocne\/\" title=\"\u017bYCZENIA WIELKANOCNE\" rel=\"bookmark\">\u017bYCZENIA WIELKANOCNE<\/a>\n\t<\/h3>\n\n\t<div class=\"entry-meta\"><a href=\"https:\/\/przeginia.edu.pl\/index.php\/2026\/04\/02\/\" title=\"17:25\" class=\"data-link\" rel=\"bookmark\"><time class=\"entry-date updated\" datetime=\"2026-04-02T17:25:18+01:00\">2 kwietnia, 2026<\/time><\/a><\/div>\n\t<div class=\"entry-excerpt\"><\/div>\n\t\n<a href=\"https:\/\/przeginia.edu.pl\/index.php\/2026\/04\/02\/zyczenia-wielkanocne\/\" class=\"post-details details-type-link\" aria-label=\"Czytaj wi\u0119cej o \u017bYCZENIA WIELKANOCNE\">czytaj wi\u0119cej &gt;&gt;<i class=\"dt-icon-the7-arrow-03\" aria-hidden=\"true\"><\/i><\/a>\n\n<\/div><\/article><\/div><div class=\"visible wf-cell\" data-post-id=\"4061\" data-date=\"2026-04-01T15:58:17+01:00\" data-name=\"MI\u0118DZYKLASOWY KONKURS MATEMATYCZNY &quot;MISTRZ TABLICZKI MNO\u017bENIA&quot;\"><article class=\"post project-odd visible post-4061 type-post status-publish format-standard has-post-thumbnail hentry category-sp2526 category-4\" data-name=\"MI\u0118DZYKLASOWY KONKURS MATEMATYCZNY &#8222;MISTRZ TABLICZKI MNO\u017bENIA&#8221;\" data-date=\"2026-04-01T15:58:17+01:00\">\n\n<div class=\"post-thumbnail-wrap\">\n\t<div class=\"post-thumbnail\">\n\t\t\n\t\t\n\t\t<a href=\"https:\/\/przeginia.edu.pl\/index.php\/2026\/04\/01\/miedzyklasowy-konkurs-matematyczny-mistrz-tabliczki-mnozenia\/\" class=\"post-thumbnail-rollover layzr-bg layzr-bg\" ><img decoding=\"async\" class=\"iso-lazy-load preload-me iso-lazy-load aspect\" src=\"data:image\/svg+xml,%3Csvg%20xmlns%3D&#39;http%3A%2F%2Fwww.w3.org%2F2000%2Fsvg&#39;%20viewBox%3D&#39;0%200%20768%20512&#39;%2F%3E\" data-src=\"https:\/\/przeginia.edu.pl\/wp-content\/uploads\/2026\/04\/IMG_8534-scaled-768x512.jpeg\" data-srcset=\"https:\/\/przeginia.edu.pl\/wp-content\/uploads\/2026\/04\/IMG_8534-scaled-768x512.jpeg 768w, https:\/\/przeginia.edu.pl\/wp-content\/uploads\/2026\/04\/IMG_8534-scaled-1152x768.jpeg 1152w\" loading=\"eager\" style=\"--ratio: 768 \/ 512\" sizes=\"(max-width: 768px) 100vw, 768px\" alt=\"\" title=\"IMG_8534\" width=\"768\" height=\"512\"  \/><span class=\"gallery-zoom-ico icon-im-hover-001\"><span><\/span><\/span><\/a>\t<\/div>\n<\/div>\n\n\n<div class=\"post-entry-content\">\n\n\t<h3 class=\"entry-title\">\n\t\t<a href=\"https:\/\/przeginia.edu.pl\/index.php\/2026\/04\/01\/miedzyklasowy-konkurs-matematyczny-mistrz-tabliczki-mnozenia\/\" title=\"MI\u0118DZYKLASOWY KONKURS MATEMATYCZNY &#8222;MISTRZ TABLICZKI MNO\u017bENIA&#8221;\" rel=\"bookmark\">MI\u0118DZYKLASOWY KONKURS MATEMATYCZNY &#8222;MISTRZ TABLICZKI MNO\u017bENIA&#8221;<\/a>\n\t<\/h3>\n\n\t<div class=\"entry-meta\"><a href=\"https:\/\/przeginia.edu.pl\/index.php\/2026\/04\/01\/\" title=\"15:58\" class=\"data-link\" rel=\"bookmark\"><time class=\"entry-date updated\" datetime=\"2026-04-01T15:58:17+01:00\">1 kwietnia, 2026<\/time><\/a><\/div>\n\t<div class=\"entry-excerpt\"><p>[vc_row][vc_column][vc_column_text css=&#8221;&#8221;] Uczniowie klas 2 wzi\u0119li udzia\u0142 w konkursie o tytu\u0142 &#8222;Mistrza tabliczki mno\u017cenia&#8221; . Celem konkursu by\u0142o:&#8211; utrwalenie znajomo\u015bci tabliczki mno\u017cenia,&#8211; rozwijanie umiej\u0119tno\u015bci szybkiego liczenia,&#8211; kszta\u0142towanie zdrowej rywalizacji,&#8211; rozwijanie&hellip;<\/p>\n<\/div>\n\t\n<a href=\"https:\/\/przeginia.edu.pl\/index.php\/2026\/04\/01\/miedzyklasowy-konkurs-matematyczny-mistrz-tabliczki-mnozenia\/\" class=\"post-details details-type-link\" aria-label=\"Czytaj wi\u0119cej o MI\u0118DZYKLASOWY KONKURS MATEMATYCZNY &#8222;MISTRZ TABLICZKI MNO\u017bENIA&#8221;\">czytaj wi\u0119cej &gt;&gt;<i class=\"dt-icon-the7-arrow-03\" aria-hidden=\"true\"><\/i><\/a>\n\n<\/div><\/article><\/div><div class=\"visible wf-cell\" data-post-id=\"4058\" data-date=\"2026-04-01T15:50:20+01:00\" data-name=\"Chwila wytchnienia: Warsztaty relaksacji w naszej szkole\"><article class=\"post project-odd visible post-4058 type-post status-publish format-standard has-post-thumbnail hentry category-bez-kategorii category-sp2526 category-1 category-4\" data-name=\"Chwila wytchnienia: Warsztaty relaksacji w naszej szkole\" data-date=\"2026-04-01T15:50:20+01:00\">\n\n<div class=\"post-thumbnail-wrap\">\n\t<div class=\"post-thumbnail\">\n\t\t\n\t\t\n\t\t<a href=\"https:\/\/przeginia.edu.pl\/index.php\/2026\/04\/01\/chwila-wytchnienia-warsztaty-relaksacji-w-naszej-szkole\/\" class=\"post-thumbnail-rollover layzr-bg layzr-bg\" ><img decoding=\"async\" class=\"iso-lazy-load preload-me iso-lazy-load aspect\" src=\"data:image\/svg+xml,%3Csvg%20xmlns%3D&#39;http%3A%2F%2Fwww.w3.org%2F2000%2Fsvg&#39;%20viewBox%3D&#39;0%200%20768%20512&#39;%2F%3E\" data-src=\"https:\/\/przeginia.edu.pl\/wp-content\/uploads\/2026\/04\/IMG_0882-scaled-768x512.jpeg\" data-srcset=\"https:\/\/przeginia.edu.pl\/wp-content\/uploads\/2026\/04\/IMG_0882-scaled-768x512.jpeg 768w, https:\/\/przeginia.edu.pl\/wp-content\/uploads\/2026\/04\/IMG_0882-scaled-1152x768.jpeg 1152w\" loading=\"eager\" style=\"--ratio: 768 \/ 512\" sizes=\"(max-width: 768px) 100vw, 768px\" alt=\"\" title=\"IMG_0882\" width=\"768\" height=\"512\"  \/><span class=\"gallery-zoom-ico icon-im-hover-001\"><span><\/span><\/span><\/a>\t<\/div>\n<\/div>\n\n\n<div class=\"post-entry-content\">\n\n\t<h3 class=\"entry-title\">\n\t\t<a href=\"https:\/\/przeginia.edu.pl\/index.php\/2026\/04\/01\/chwila-wytchnienia-warsztaty-relaksacji-w-naszej-szkole\/\" title=\"Chwila wytchnienia: Warsztaty relaksacji w naszej szkole\" rel=\"bookmark\">Chwila wytchnienia: Warsztaty relaksacji w naszej szkole<\/a>\n\t<\/h3>\n\n\t<div class=\"entry-meta\"><a href=\"https:\/\/przeginia.edu.pl\/index.php\/2026\/04\/01\/\" title=\"15:50\" class=\"data-link\" rel=\"bookmark\"><time class=\"entry-date updated\" datetime=\"2026-04-01T15:50:20+01:00\">1 kwietnia, 2026<\/time><\/a><\/div>\n\t<div class=\"entry-excerpt\"><p>[vc_row][vc_column][vc_column_text css=&#8221;&#8221;] W przed\u015bwi\u0105teczn\u0105 \u015brod\u0119 uczniowie klasy 5b mieli wyj\u0105tkow\u0105 okazj\u0119, by na moment zwolni\u0107 tempo i zadba\u0107 o sw\u00f3j dobrostan psychiczny.Go\u015bcili\u015bmy na zaj\u0119ciach mam\u0119 jednego z naszych uczni\u00f3w, kt\u00f3ra&hellip;<\/p>\n<\/div>\n\t\n<a href=\"https:\/\/przeginia.edu.pl\/index.php\/2026\/04\/01\/chwila-wytchnienia-warsztaty-relaksacji-w-naszej-szkole\/\" class=\"post-details details-type-link\" aria-label=\"Czytaj wi\u0119cej o Chwila wytchnienia: Warsztaty relaksacji w naszej szkole\">czytaj wi\u0119cej &gt;&gt;<i class=\"dt-icon-the7-arrow-03\" aria-hidden=\"true\"><\/i><\/a>\n\n<\/div><\/article><\/div><div class=\"visible wf-cell\" data-post-id=\"4057\" data-date=\"2026-04-01T15:47:55+01:00\" data-name=\"KONKURS O TYTU\u0141 MISTRZA ORTOGRAFII KLAS DRUGICH\"><article class=\"post project-odd visible post-4057 type-post status-publish format-standard has-post-thumbnail hentry category-sp2526 category-4\" data-name=\"KONKURS O TYTU\u0141 MISTRZA ORTOGRAFII KLAS DRUGICH\" data-date=\"2026-04-01T15:47:55+01:00\">\n\n<div class=\"post-thumbnail-wrap\">\n\t<div class=\"post-thumbnail\">\n\t\t\n\t\t\n\t\t<a href=\"https:\/\/przeginia.edu.pl\/index.php\/2026\/04\/01\/konkurs-o-tytul-mistrza-ortografii-klas-drugich\/\" class=\"post-thumbnail-rollover layzr-bg layzr-bg\" ><img decoding=\"async\" class=\"iso-lazy-load preload-me iso-lazy-load aspect\" src=\"data:image\/svg+xml,%3Csvg%20xmlns%3D&#39;http%3A%2F%2Fwww.w3.org%2F2000%2Fsvg&#39;%20viewBox%3D&#39;0%200%20768%20512&#39;%2F%3E\" data-src=\"https:\/\/przeginia.edu.pl\/wp-content\/uploads\/2026\/04\/IMG_8537-scaled-768x512.jpeg\" data-srcset=\"https:\/\/przeginia.edu.pl\/wp-content\/uploads\/2026\/04\/IMG_8537-scaled-768x512.jpeg 768w, https:\/\/przeginia.edu.pl\/wp-content\/uploads\/2026\/04\/IMG_8537-scaled-1152x768.jpeg 1152w\" loading=\"eager\" style=\"--ratio: 768 \/ 512\" sizes=\"(max-width: 768px) 100vw, 768px\" alt=\"\" title=\"IMG_8537\" width=\"768\" height=\"512\"  \/><span class=\"gallery-zoom-ico icon-im-hover-001\"><span><\/span><\/span><\/a>\t<\/div>\n<\/div>\n\n\n<div class=\"post-entry-content\">\n\n\t<h3 class=\"entry-title\">\n\t\t<a href=\"https:\/\/przeginia.edu.pl\/index.php\/2026\/04\/01\/konkurs-o-tytul-mistrza-ortografii-klas-drugich\/\" title=\"KONKURS O TYTU\u0141 MISTRZA ORTOGRAFII KLAS DRUGICH\" rel=\"bookmark\">KONKURS O TYTU\u0141 MISTRZA ORTOGRAFII KLAS DRUGICH<\/a>\n\t<\/h3>\n\n\t<div class=\"entry-meta\"><a href=\"https:\/\/przeginia.edu.pl\/index.php\/2026\/04\/01\/\" title=\"15:47\" class=\"data-link\" rel=\"bookmark\"><time class=\"entry-date updated\" datetime=\"2026-04-01T15:47:55+01:00\">1 kwietnia, 2026<\/time><\/a><\/div>\n\t<div class=\"entry-excerpt\"><p>Klasy drugie Szko\u0142y Podstawowej w Przegini walczy\u0142y o tytu\u0142 &#8222;MISTRZA ORTOGRAFII&#8221;. Celem konkursu by\u0142o: Rozbudzanie zainteresowa\u0144 pi\u0119knem naszego j\u0119zyka ojczystego; Przestrzeganie poprawno\u015bci ortograficznej w zakresie poznanych zasad i opracowanego s\u0142ownictwa;&hellip;<\/p>\n<\/div>\n\t\n<a href=\"https:\/\/przeginia.edu.pl\/index.php\/2026\/04\/01\/konkurs-o-tytul-mistrza-ortografii-klas-drugich\/\" class=\"post-details details-type-link\" aria-label=\"Czytaj wi\u0119cej o KONKURS O TYTU\u0141 MISTRZA ORTOGRAFII KLAS DRUGICH\">czytaj wi\u0119cej &gt;&gt;<i class=\"dt-icon-the7-arrow-03\" aria-hidden=\"true\"><\/i><\/a>\n\n<\/div><\/article><\/div><div class=\"visible wf-cell\" data-post-id=\"4048\" data-date=\"2026-04-01T15:43:24+01:00\" data-name=\"\u201eTabliczka mno\u017cenia \u2013 kr\u00f3low\u0105 liczenia\u201d \u2013 innowacja pedagogiczna w klasie 3b\"><article class=\"post project-odd visible post-4048 type-post status-publish format-standard has-post-thumbnail hentry category-sp2526 category-4\" data-name=\"\u201eTabliczka mno\u017cenia \u2013 kr\u00f3low\u0105 liczenia\u201d \u2013 innowacja pedagogiczna w klasie 3b\" data-date=\"2026-04-01T15:43:24+01:00\">\n\n<div class=\"post-thumbnail-wrap\">\n\t<div class=\"post-thumbnail\">\n\t\t\n\t\t\n\t\t<a href=\"https:\/\/przeginia.edu.pl\/index.php\/2026\/04\/01\/tabliczka-mnozenia-krolowa-liczenia-innowacja-pedagogiczna-w-klasie-3b\/\" class=\"post-thumbnail-rollover layzr-bg layzr-bg\" ><img decoding=\"async\" class=\"iso-lazy-load preload-me iso-lazy-load aspect\" src=\"data:image\/svg+xml,%3Csvg%20xmlns%3D&#39;http%3A%2F%2Fwww.w3.org%2F2000%2Fsvg&#39;%20viewBox%3D&#39;0%200%20768%20512&#39;%2F%3E\" data-src=\"https:\/\/przeginia.edu.pl\/wp-content\/uploads\/2026\/04\/att.67x4Lb6UGrsJeom-78YwocowOATQVjAMmj3iqH0KRmY-768x512.jpeg\" data-srcset=\"https:\/\/przeginia.edu.pl\/wp-content\/uploads\/2026\/04\/att.67x4Lb6UGrsJeom-78YwocowOATQVjAMmj3iqH0KRmY-768x512.jpeg 768w, https:\/\/przeginia.edu.pl\/wp-content\/uploads\/2026\/04\/att.67x4Lb6UGrsJeom-78YwocowOATQVjAMmj3iqH0KRmY-1152x768.jpeg 1152w\" loading=\"eager\" style=\"--ratio: 768 \/ 512\" sizes=\"(max-width: 768px) 100vw, 768px\" alt=\"\" title=\"att.67x4Lb6UGrsJeom-78YwocowOATQVjAMmj3iqH0KRmY\" width=\"768\" height=\"512\"  \/><span class=\"gallery-zoom-ico icon-im-hover-001\"><span><\/span><\/span><\/a>\t<\/div>\n<\/div>\n\n\n<div class=\"post-entry-content\">\n\n\t<h3 class=\"entry-title\">\n\t\t<a href=\"https:\/\/przeginia.edu.pl\/index.php\/2026\/04\/01\/tabliczka-mnozenia-krolowa-liczenia-innowacja-pedagogiczna-w-klasie-3b\/\" title=\"\u201eTabliczka mno\u017cenia \u2013 kr\u00f3low\u0105 liczenia\u201d \u2013 innowacja pedagogiczna w klasie 3b\" rel=\"bookmark\">\u201eTabliczka mno\u017cenia \u2013 kr\u00f3low\u0105 liczenia\u201d \u2013 innowacja pedagogiczna w klasie 3b<\/a>\n\t<\/h3>\n\n\t<div class=\"entry-meta\"><a href=\"https:\/\/przeginia.edu.pl\/index.php\/2026\/04\/01\/\" title=\"15:43\" class=\"data-link\" rel=\"bookmark\"><time class=\"entry-date updated\" datetime=\"2026-04-01T15:43:24+01:00\">1 kwietnia, 2026<\/time><\/a><\/div>\n\t<div class=\"entry-excerpt\"><p>W roku szkolnym 2025\/2026 w klasie 3b zosta\u0142a zrealizowana innowacja pedagogiczna pt. \u201eTabliczka mno\u017cenia \u2013 kr\u00f3low\u0105 liczenia\u201d, wprowadzona przez nauczycielk\u0119 edukacji wczesnoszkolnej, pani\u0105 Anet\u0119 Martyniak. Celem innowacji by\u0142o u\u0142atwienie uczniom&hellip;<\/p>\n<\/div>\n\t\n<a href=\"https:\/\/przeginia.edu.pl\/index.php\/2026\/04\/01\/tabliczka-mnozenia-krolowa-liczenia-innowacja-pedagogiczna-w-klasie-3b\/\" class=\"post-details details-type-link\" aria-label=\"Czytaj wi\u0119cej o \u201eTabliczka mno\u017cenia \u2013 kr\u00f3low\u0105 liczenia\u201d \u2013 innowacja pedagogiczna w klasie 3b\">czytaj wi\u0119cej &gt;&gt;<i class=\"dt-icon-the7-arrow-03\" aria-hidden=\"true\"><\/i><\/a>\n\n<\/div><\/article><\/div><div class=\"visible wf-cell\" data-post-id=\"4021\" data-date=\"2026-04-01T15:12:45+01:00\" data-name=\"Dzie\u0144 Gier Planszowych: Wielkie emocje przy ma\u0142ych planszach!\"><article class=\"post project-odd visible post-4021 type-post status-publish format-standard has-post-thumbnail hentry category-bez-kategorii category-sp2526 category-1 category-4\" data-name=\"Dzie\u0144 Gier Planszowych: Wielkie emocje przy ma\u0142ych planszach!\" data-date=\"2026-04-01T15:12:45+01:00\">\n\n<div class=\"post-thumbnail-wrap\">\n\t<div class=\"post-thumbnail\">\n\t\t\n\t\t\n\t\t<a href=\"https:\/\/przeginia.edu.pl\/index.php\/2026\/04\/01\/dzien-gier-planszowych-wielkie-emocje-przy-malych-planszach\/\" class=\"post-thumbnail-rollover layzr-bg layzr-bg\" ><img decoding=\"async\" class=\"iso-lazy-load preload-me iso-lazy-load aspect\" src=\"data:image\/svg+xml,%3Csvg%20xmlns%3D&#39;http%3A%2F%2Fwww.w3.org%2F2000%2Fsvg&#39;%20viewBox%3D&#39;0%200%20768%20512&#39;%2F%3E\" data-src=\"https:\/\/przeginia.edu.pl\/wp-content\/uploads\/2026\/04\/1000017749-scaled-768x512.jpg\" data-srcset=\"https:\/\/przeginia.edu.pl\/wp-content\/uploads\/2026\/04\/1000017749-scaled-768x512.jpg 768w, https:\/\/przeginia.edu.pl\/wp-content\/uploads\/2026\/04\/1000017749-scaled-1152x768.jpg 1152w\" loading=\"eager\" style=\"--ratio: 768 \/ 512\" sizes=\"(max-width: 768px) 100vw, 768px\" alt=\"\" title=\"1000017749\" width=\"768\" height=\"512\"  \/><span class=\"gallery-zoom-ico icon-im-hover-001\"><span><\/span><\/span><\/a>\t<\/div>\n<\/div>\n\n\n<div class=\"post-entry-content\">\n\n\t<h3 class=\"entry-title\">\n\t\t<a href=\"https:\/\/przeginia.edu.pl\/index.php\/2026\/04\/01\/dzien-gier-planszowych-wielkie-emocje-przy-malych-planszach\/\" title=\"Dzie\u0144 Gier Planszowych: Wielkie emocje przy ma\u0142ych planszach!\" rel=\"bookmark\">Dzie\u0144 Gier Planszowych: Wielkie emocje przy ma\u0142ych planszach!<\/a>\n\t<\/h3>\n\n\t<div class=\"entry-meta\"><a href=\"https:\/\/przeginia.edu.pl\/index.php\/2026\/04\/01\/\" title=\"15:12\" class=\"data-link\" rel=\"bookmark\"><time class=\"entry-date updated\" datetime=\"2026-04-01T15:12:45+01:00\">1 kwietnia, 2026<\/time><\/a><\/div>\n\t<div class=\"entry-excerpt\"><p>[vc_row][vc_column][vc_column_text css=&#8221;&#8221;] Ostatnio w naszej szkole zamiast d\u017awi\u0119ku kapi\u0105cych d\u0142ugopis\u00f3w, w salach i na korytarzach s\u0142ycha\u0107 by\u0142o turkot kostek do gry i radosneokrzyki zwyci\u0119stwa. Dzie\u0144 Gier Planszowych okaza\u0142 si\u0119 prawdziwym&hellip;<\/p>\n<\/div>\n\t\n<a href=\"https:\/\/przeginia.edu.pl\/index.php\/2026\/04\/01\/dzien-gier-planszowych-wielkie-emocje-przy-malych-planszach\/\" class=\"post-details details-type-link\" aria-label=\"Czytaj wi\u0119cej o Dzie\u0144 Gier Planszowych: Wielkie emocje przy ma\u0142ych planszach!\">czytaj wi\u0119cej &gt;&gt;<i class=\"dt-icon-the7-arrow-03\" aria-hidden=\"true\"><\/i><\/a>\n\n<\/div><\/article><\/div><div class=\"visible wf-cell\" data-post-id=\"4003\" data-date=\"2026-03-29T16:44:17+01:00\" data-name=\"Podziemny Olkusz \u2013 historia zakopana w g\u0142\u0119bi\"><article class=\"post project-odd visible post-4003 type-post status-publish format-standard has-post-thumbnail hentry category-bez-kategorii category-sp2526 category-1 category-4\" data-name=\"Podziemny Olkusz \u2013 historia zakopana w g\u0142\u0119bi\" data-date=\"2026-03-29T16:44:17+01:00\">\n\n<div class=\"post-thumbnail-wrap\">\n\t<div class=\"post-thumbnail\">\n\t\t\n\t\t\n\t\t<a href=\"https:\/\/przeginia.edu.pl\/index.php\/2026\/03\/29\/podziemny-olkusz-historia-zakopana-w-glebi\/\" class=\"post-thumbnail-rollover layzr-bg layzr-bg\" ><img decoding=\"async\" class=\"iso-lazy-load preload-me iso-lazy-load aspect\" src=\"data:image\/svg+xml,%3Csvg%20xmlns%3D&#39;http%3A%2F%2Fwww.w3.org%2F2000%2Fsvg&#39;%20viewBox%3D&#39;0%200%20768%20512&#39;%2F%3E\" data-src=\"https:\/\/przeginia.edu.pl\/wp-content\/uploads\/2026\/03\/20260324_092555-scaled-768x512.jpg\" data-srcset=\"https:\/\/przeginia.edu.pl\/wp-content\/uploads\/2026\/03\/20260324_092555-scaled-768x512.jpg 768w, https:\/\/przeginia.edu.pl\/wp-content\/uploads\/2026\/03\/20260324_092555-scaled-1152x768.jpg 1152w\" loading=\"eager\" style=\"--ratio: 768 \/ 512\" sizes=\"(max-width: 768px) 100vw, 768px\" alt=\"\" title=\"20260324_092555\" width=\"768\" height=\"512\"  \/><span class=\"gallery-zoom-ico icon-im-hover-001\"><span><\/span><\/span><\/a>\t<\/div>\n<\/div>\n\n\n<div class=\"post-entry-content\">\n\n\t<h3 class=\"entry-title\">\n\t\t<a href=\"https:\/\/przeginia.edu.pl\/index.php\/2026\/03\/29\/podziemny-olkusz-historia-zakopana-w-glebi\/\" title=\"Podziemny Olkusz \u2013 historia zakopana w g\u0142\u0119bi\" rel=\"bookmark\">Podziemny Olkusz \u2013 historia zakopana w g\u0142\u0119bi<\/a>\n\t<\/h3>\n\n\t<div class=\"entry-meta\"><a href=\"https:\/\/przeginia.edu.pl\/index.php\/2026\/03\/29\/\" title=\"16:44\" class=\"data-link\" rel=\"bookmark\"><time class=\"entry-date updated\" datetime=\"2026-03-29T16:44:17+01:00\">29 marca, 2026<\/time><\/a><\/div>\n\t<div class=\"entry-excerpt\"><p>[vc_row][vc_column][vc_column_text]Chocia\u017c Olkusz le\u017cy niedaleko Przegini, to nie ka\u017cdy jeszcze mia\u0142 okazj\u0119 zwiedzi\u0107 Podziemny Olkusz, stosunkowo nowy punkt na mapie tego miasta. Uczniowie klas III, spragnieni wra\u017ce\u0144 i ch\u0119ci poznawania nowych&hellip;<\/p>\n<\/div>\n\t\n<a href=\"https:\/\/przeginia.edu.pl\/index.php\/2026\/03\/29\/podziemny-olkusz-historia-zakopana-w-glebi\/\" class=\"post-details details-type-link\" aria-label=\"Czytaj wi\u0119cej o Podziemny Olkusz \u2013 historia zakopana w g\u0142\u0119bi\">czytaj wi\u0119cej &gt;&gt;<i class=\"dt-icon-the7-arrow-03\" aria-hidden=\"true\"><\/i><\/a>\n\n<\/div><\/article><\/div><div class=\"visible wf-cell\" data-post-id=\"4332\" data-date=\"2026-03-28T13:27:19+01:00\" data-name=\"Razem dla natury.\"><article class=\"post project-odd visible post-4332 type-post status-publish format-standard has-post-thumbnail hentry category-sp2526 category-4\" data-name=\"Razem dla natury.\" data-date=\"2026-03-28T13:27:19+01:00\">\n\n<div class=\"post-thumbnail-wrap\">\n\t<div class=\"post-thumbnail\">\n\t\t\n\t\t\n\t\t<a href=\"https:\/\/przeginia.edu.pl\/index.php\/2026\/03\/28\/razem-dla-natury\/\" class=\"post-thumbnail-rollover layzr-bg layzr-bg\" ><img decoding=\"async\" class=\"iso-lazy-load preload-me iso-lazy-load aspect\" src=\"data:image\/svg+xml,%3Csvg%20xmlns%3D&#39;http%3A%2F%2Fwww.w3.org%2F2000%2Fsvg&#39;%20viewBox%3D&#39;0%200%20768%20512&#39;%2F%3E\" data-src=\"https:\/\/przeginia.edu.pl\/wp-content\/uploads\/2026\/04\/IMG_8700_1-768x512.jpeg\" data-srcset=\"https:\/\/przeginia.edu.pl\/wp-content\/uploads\/2026\/04\/IMG_8700_1-768x512.jpeg 768w, https:\/\/przeginia.edu.pl\/wp-content\/uploads\/2026\/04\/IMG_8700_1-1152x768.jpeg 1152w\" loading=\"eager\" style=\"--ratio: 768 \/ 512\" sizes=\"(max-width: 768px) 100vw, 768px\" alt=\"\" title=\"IMG_8700_1\" width=\"768\" height=\"512\"  \/><span class=\"gallery-zoom-ico icon-im-hover-001\"><span><\/span><\/span><\/a>\t<\/div>\n<\/div>\n\n\n<div class=\"post-entry-content\">\n\n\t<h3 class=\"entry-title\">\n\t\t<a href=\"https:\/\/przeginia.edu.pl\/index.php\/2026\/03\/28\/razem-dla-natury\/\" title=\"Razem dla natury.\" rel=\"bookmark\">Razem dla natury.<\/a>\n\t<\/h3>\n\n\t<div class=\"entry-meta\"><a href=\"https:\/\/przeginia.edu.pl\/index.php\/2026\/03\/28\/\" title=\"13:27\" class=\"data-link\" rel=\"bookmark\"><time class=\"entry-date updated\" datetime=\"2026-03-28T13:27:19+01:00\">28 marca, 2026<\/time><\/a><\/div>\n\t<div class=\"entry-excerpt\"><p>Uczniowie naszej szko\u0142y ch\u0119tnie zaanga\u017cowali si\u0119 w gminn\u0105 inicjatyw\u0119 \u201eVII Wielkie Sprz\u0105tanie Gminy Jerzmanowice\u2013Przeginia\u201d. Wsp\u00f3lnymi si\u0142ami uporz\u0105dkowali\u015bmy okoliczne pobocza, skwery oraz tereny zielone w pobli\u017cu szko\u0142y. Zaopatrzeni w r\u0119kawice i&hellip;<\/p>\n<\/div>\n\t\n<a href=\"https:\/\/przeginia.edu.pl\/index.php\/2026\/03\/28\/razem-dla-natury\/\" class=\"post-details details-type-link\" aria-label=\"Czytaj wi\u0119cej o Razem dla natury.\">czytaj wi\u0119cej &gt;&gt;<i class=\"dt-icon-the7-arrow-03\" aria-hidden=\"true\"><\/i><\/a>\n\n<\/div><\/article><\/div><div class=\"visible wf-cell\" data-post-id=\"4152\" data-date=\"2026-03-23T14:31:47+01:00\" data-name=\"Zdrowe drugie \u015bniadanie w klasach 1\u20133\"><article class=\"post project-odd visible post-4152 type-post status-publish format-standard has-post-thumbnail hentry category-bez-kategorii category-sp2526 category-szkola-zdrowia-25-26 category-1 category-4 category-7\" data-name=\"Zdrowe drugie \u015bniadanie w klasach 1\u20133\" data-date=\"2026-03-23T14:31:47+01:00\">\n\n<div class=\"post-thumbnail-wrap\">\n\t<div class=\"post-thumbnail\">\n\t\t\n\t\t\n\t\t<a href=\"https:\/\/przeginia.edu.pl\/index.php\/2026\/03\/23\/zdrowe-drugie-sniadanie-w-klasach-1-3\/\" class=\"post-thumbnail-rollover layzr-bg layzr-bg\" ><img decoding=\"async\" class=\"iso-lazy-load preload-me iso-lazy-load aspect\" src=\"data:image\/svg+xml,%3Csvg%20xmlns%3D&#39;http%3A%2F%2Fwww.w3.org%2F2000%2Fsvg&#39;%20viewBox%3D&#39;0%200%20768%20512&#39;%2F%3E\" data-src=\"https:\/\/przeginia.edu.pl\/wp-content\/uploads\/2026\/04\/1000013635-1-scaled-768x512.jpg\" data-srcset=\"https:\/\/przeginia.edu.pl\/wp-content\/uploads\/2026\/04\/1000013635-1-scaled-768x512.jpg 768w, https:\/\/przeginia.edu.pl\/wp-content\/uploads\/2026\/04\/1000013635-1-scaled-1152x768.jpg 1152w\" loading=\"eager\" style=\"--ratio: 768 \/ 512\" sizes=\"(max-width: 768px) 100vw, 768px\" alt=\"\" title=\"1000013635\" width=\"768\" height=\"512\"  \/><span class=\"gallery-zoom-ico icon-im-hover-001\"><span><\/span><\/span><\/a>\t<\/div>\n<\/div>\n\n\n<div class=\"post-entry-content\">\n\n\t<h3 class=\"entry-title\">\n\t\t<a href=\"https:\/\/przeginia.edu.pl\/index.php\/2026\/03\/23\/zdrowe-drugie-sniadanie-w-klasach-1-3\/\" title=\"Zdrowe drugie \u015bniadanie w klasach 1\u20133\" rel=\"bookmark\">Zdrowe drugie \u015bniadanie w klasach 1\u20133<\/a>\n\t<\/h3>\n\n\t<div class=\"entry-meta\"><a href=\"https:\/\/przeginia.edu.pl\/index.php\/2026\/03\/23\/\" title=\"14:31\" class=\"data-link\" rel=\"bookmark\"><time class=\"entry-date updated\" datetime=\"2026-03-23T14:31:47+01:00\">23 marca, 2026<\/time><\/a><\/div>\n\t<div class=\"entry-excerpt\"><p>[vc_row][vc_column][vc_column_text]W marcu uczniowie wszystkich klas 1\u20133 wzi\u0119li udzia\u0142 w szkolnej akcji \u201eZdrowe drugie \u015bniadanie\u201d. Inicjatywa zosta\u0142a zorganizowana przez nauczycieli edukacji wczesnoszkolnej w ramach dzia\u0142a\u0144 Szko\u0142y Promuj\u0105cej Zdrowie. Celem akcji by\u0142o&hellip;<\/p>\n<\/div>\n\t\n<a href=\"https:\/\/przeginia.edu.pl\/index.php\/2026\/03\/23\/zdrowe-drugie-sniadanie-w-klasach-1-3\/\" class=\"post-details details-type-link\" aria-label=\"Czytaj wi\u0119cej o Zdrowe drugie \u015bniadanie w klasach 1\u20133\">czytaj wi\u0119cej &gt;&gt;<i class=\"dt-icon-the7-arrow-03\" aria-hidden=\"true\"><\/i><\/a>\n\n<\/div><\/article><\/div><div class=\"visible wf-cell\" data-post-id=\"3960\" data-date=\"2026-03-22T18:17:31+01:00\" data-name=\"Wycieczka klas 2\"><article class=\"post project-odd visible post-3960 type-post status-publish format-standard has-post-thumbnail hentry category-bez-kategorii category-sp2526 category-1 category-4\" data-name=\"Wycieczka klas 2\" data-date=\"2026-03-22T18:17:31+01:00\">\n\n<div class=\"post-thumbnail-wrap\">\n\t<div class=\"post-thumbnail\">\n\t\t\n\t\t\n\t\t<a href=\"https:\/\/przeginia.edu.pl\/index.php\/2026\/03\/22\/wycieczka-klas-2\/\" class=\"post-thumbnail-rollover layzr-bg layzr-bg\" ><img decoding=\"async\" class=\"iso-lazy-load preload-me iso-lazy-load aspect\" src=\"data:image\/svg+xml,%3Csvg%20xmlns%3D&#39;http%3A%2F%2Fwww.w3.org%2F2000%2Fsvg&#39;%20viewBox%3D&#39;0%200%20768%20512&#39;%2F%3E\" data-src=\"https:\/\/przeginia.edu.pl\/wp-content\/uploads\/2026\/03\/IMG_8289-scaled-768x512.jpeg\" data-srcset=\"https:\/\/przeginia.edu.pl\/wp-content\/uploads\/2026\/03\/IMG_8289-scaled-768x512.jpeg 768w, https:\/\/przeginia.edu.pl\/wp-content\/uploads\/2026\/03\/IMG_8289-scaled-1152x768.jpeg 1152w\" loading=\"eager\" style=\"--ratio: 768 \/ 512\" sizes=\"(max-width: 768px) 100vw, 768px\" alt=\"\" title=\"IMG_8289\" width=\"768\" height=\"512\"  \/><span class=\"gallery-zoom-ico icon-im-hover-001\"><span><\/span><\/span><\/a>\t<\/div>\n<\/div>\n\n\n<div class=\"post-entry-content\">\n\n\t<h3 class=\"entry-title\">\n\t\t<a href=\"https:\/\/przeginia.edu.pl\/index.php\/2026\/03\/22\/wycieczka-klas-2\/\" title=\"Wycieczka klas 2\" rel=\"bookmark\">Wycieczka klas 2<\/a>\n\t<\/h3>\n\n\t<div class=\"entry-meta\"><a href=\"https:\/\/przeginia.edu.pl\/index.php\/2026\/03\/22\/\" title=\"18:17\" class=\"data-link\" rel=\"bookmark\"><time class=\"entry-date updated\" datetime=\"2026-03-22T18:17:31+01:00\">22 marca, 2026<\/time><\/a><\/div>\n\t<div class=\"entry-excerpt\"><p>[vc_row][vc_column][vc_column_text css=&#8221;&#8221;] Szalona przygoda z nauk\u0105 Klasy 2 wraz z wychowawczyniami p. Ann\u0105 Mosurek i p. Sylwi\u0105 Mistela wybra\u0142y si\u0119 na spektakl chemiczny &#8221; Szalona przygoda z nauk\u0105&#8221; do MOK&hellip;<\/p>\n<\/div>\n\t\n<a href=\"https:\/\/przeginia.edu.pl\/index.php\/2026\/03\/22\/wycieczka-klas-2\/\" class=\"post-details details-type-link\" aria-label=\"Czytaj wi\u0119cej o Wycieczka klas 2\">czytaj wi\u0119cej &gt;&gt;<i class=\"dt-icon-the7-arrow-03\" aria-hidden=\"true\"><\/i><\/a>\n\n<\/div><\/article><\/div><div class=\"visible wf-cell\" data-post-id=\"3930\" data-date=\"2026-03-20T20:35:15+01:00\" data-name=\"Kreatywno\u015b\u0107 zamiast tornistra: Dzie\u0144 Bez Plecaka w naszej szkole!\"><article class=\"post project-odd visible post-3930 type-post status-publish format-standard has-post-thumbnail hentry category-bez-kategorii category-sp2526 category-1 category-4\" data-name=\"Kreatywno\u015b\u0107 zamiast tornistra: Dzie\u0144 Bez Plecaka w naszej szkole!\" data-date=\"2026-03-20T20:35:15+01:00\">\n\n<div class=\"post-thumbnail-wrap\">\n\t<div class=\"post-thumbnail\">\n\t\t\n\t\t\n\t\t<a href=\"https:\/\/przeginia.edu.pl\/index.php\/2026\/03\/20\/dzien-bez-plecaka-relacja\/\" class=\"post-thumbnail-rollover layzr-bg layzr-bg\" ><img decoding=\"async\" class=\"iso-lazy-load preload-me iso-lazy-load aspect\" src=\"data:image\/svg+xml,%3Csvg%20xmlns%3D&#39;http%3A%2F%2Fwww.w3.org%2F2000%2Fsvg&#39;%20viewBox%3D&#39;0%200%20768%20512&#39;%2F%3E\" data-src=\"https:\/\/przeginia.edu.pl\/wp-content\/uploads\/2026\/03\/IMG_0840-scaled-768x512.jpg\" data-srcset=\"https:\/\/przeginia.edu.pl\/wp-content\/uploads\/2026\/03\/IMG_0840-scaled-768x512.jpg 768w, https:\/\/przeginia.edu.pl\/wp-content\/uploads\/2026\/03\/IMG_0840-scaled-1152x768.jpg 1152w\" loading=\"eager\" style=\"--ratio: 768 \/ 512\" sizes=\"(max-width: 768px) 100vw, 768px\" alt=\"\" title=\"IMG_0840\" width=\"768\" height=\"512\"  \/><span class=\"gallery-zoom-ico icon-im-hover-001\"><span><\/span><\/span><\/a>\t<\/div>\n<\/div>\n\n\n<div class=\"post-entry-content\">\n\n\t<h3 class=\"entry-title\">\n\t\t<a href=\"https:\/\/przeginia.edu.pl\/index.php\/2026\/03\/20\/dzien-bez-plecaka-relacja\/\" title=\"Kreatywno\u015b\u0107 zamiast tornistra: Dzie\u0144 Bez Plecaka w naszej szkole!\" rel=\"bookmark\">Kreatywno\u015b\u0107 zamiast tornistra: Dzie\u0144 Bez Plecaka w naszej szkole!<\/a>\n\t<\/h3>\n\n\t<div class=\"entry-meta\"><a href=\"https:\/\/przeginia.edu.pl\/index.php\/2026\/03\/20\/\" title=\"20:35\" class=\"data-link\" rel=\"bookmark\"><time class=\"entry-date updated\" datetime=\"2026-03-20T20:35:15+01:00\">20 marca, 2026<\/time><\/a><\/div>\n\t<div class=\"entry-excerpt\"><p>[vc_row][vc_column][vc_column_text css=&#8221;&#8221;] Dzie\u0144 Bez Plecaka \u2013 kreatywno\u015b\u0107 naszych uczni\u00f3w nie zna granic! Dzie\u0144 Bez Plecaka to jedno z tych wydarze\u0144 w kalendarzu szkolnym, kt\u00f3re budzi najwi\u0119cej emocji i u\u015bmiechu. Czy&hellip;<\/p>\n<\/div>\n\t\n<a href=\"https:\/\/przeginia.edu.pl\/index.php\/2026\/03\/20\/dzien-bez-plecaka-relacja\/\" class=\"post-details details-type-link\" aria-label=\"Czytaj wi\u0119cej o Kreatywno\u015b\u0107 zamiast tornistra: Dzie\u0144 Bez Plecaka w naszej szkole!\">czytaj wi\u0119cej &gt;&gt;<i class=\"dt-icon-the7-arrow-03\" aria-hidden=\"true\"><\/i><\/a>\n\n<\/div><\/article><\/div><div class=\"visible wf-cell\" data-post-id=\"4093\" data-date=\"2026-03-20T14:13:36+01:00\" data-name=\"Tydzie\u0144 bez cukru\"><article class=\"post project-odd visible post-4093 type-post status-publish format-standard has-post-thumbnail hentry category-bez-kategorii category-sp2526 category-szkola-zdrowia-25-26 category-1 category-4 category-7\" data-name=\"Tydzie\u0144 bez cukru\" data-date=\"2026-03-20T14:13:36+01:00\">\n\n<div class=\"post-thumbnail-wrap\">\n\t<div class=\"post-thumbnail\">\n\t\t\n\t\t\n\t\t<a href=\"https:\/\/przeginia.edu.pl\/index.php\/2026\/03\/20\/tydzien-bez-cukru\/\" class=\"post-thumbnail-rollover layzr-bg layzr-bg\" ><img decoding=\"async\" class=\"iso-lazy-load preload-me iso-lazy-load aspect\" src=\"data:image\/svg+xml,%3Csvg%20xmlns%3D&#39;http%3A%2F%2Fwww.w3.org%2F2000%2Fsvg&#39;%20viewBox%3D&#39;0%200%20768%20512&#39;%2F%3E\" data-src=\"https:\/\/przeginia.edu.pl\/wp-content\/uploads\/2026\/04\/20260313_084618-scaled-768x512.jpg\" data-srcset=\"https:\/\/przeginia.edu.pl\/wp-content\/uploads\/2026\/04\/20260313_084618-scaled-768x512.jpg 768w, https:\/\/przeginia.edu.pl\/wp-content\/uploads\/2026\/04\/20260313_084618-scaled-1152x768.jpg 1152w\" loading=\"eager\" style=\"--ratio: 768 \/ 512\" sizes=\"(max-width: 768px) 100vw, 768px\" alt=\"\" title=\"20260313_084618\" width=\"768\" height=\"512\"  \/><span class=\"gallery-zoom-ico icon-im-hover-001\"><span><\/span><\/span><\/a>\t<\/div>\n<\/div>\n\n\n<div class=\"post-entry-content\">\n\n\t<h3 class=\"entry-title\">\n\t\t<a href=\"https:\/\/przeginia.edu.pl\/index.php\/2026\/03\/20\/tydzien-bez-cukru\/\" title=\"Tydzie\u0144 bez cukru\" rel=\"bookmark\">Tydzie\u0144 bez cukru<\/a>\n\t<\/h3>\n\n\t<div class=\"entry-meta\"><a href=\"https:\/\/przeginia.edu.pl\/index.php\/2026\/03\/20\/\" title=\"14:13\" class=\"data-link\" rel=\"bookmark\"><time class=\"entry-date updated\" datetime=\"2026-03-20T14:13:36+01:00\">20 marca, 2026<\/time><\/a><\/div>\n\t<div class=\"entry-excerpt\"><p>[vc_row][vc_column][vc_column_text css=&#8221;&#8221;] Wszyscy wiemy, \u017ce zdrowie to najcenniejszy dar. Jako szko\u0142a promuj\u0105ca zdrowie staramy si\u0119, aby nasi uczniowie ju\u017c od najm\u0142odszych lat zdawali sobie z tego spraw\u0119, si\u0119gali po zdrowe&hellip;<\/p>\n<\/div>\n\t\n<a href=\"https:\/\/przeginia.edu.pl\/index.php\/2026\/03\/20\/tydzien-bez-cukru\/\" class=\"post-details details-type-link\" aria-label=\"Czytaj wi\u0119cej o Tydzie\u0144 bez cukru\">czytaj wi\u0119cej &gt;&gt;<i class=\"dt-icon-the7-arrow-03\" aria-hidden=\"true\"><\/i><\/a>\n\n<\/div><\/article><\/div><div class=\"visible wf-cell\" data-post-id=\"3924\" data-date=\"2026-03-19T20:21:55+01:00\" data-name=\"Wycieczka klas 4 do Krakowa\"><article class=\"post project-odd visible post-3924 type-post status-publish format-standard has-post-thumbnail hentry category-bez-kategorii category-sp2526 category-1 category-4\" data-name=\"Wycieczka klas 4 do Krakowa\" data-date=\"2026-03-19T20:21:55+01:00\">\n\n<div class=\"post-thumbnail-wrap\">\n\t<div class=\"post-thumbnail\">\n\t\t\n\t\t\n\t\t<a href=\"https:\/\/przeginia.edu.pl\/index.php\/2026\/03\/19\/wycieczka-klas-4-do-krakowa\/\" class=\"post-thumbnail-rollover layzr-bg layzr-bg\" ><img decoding=\"async\" class=\"iso-lazy-load preload-me iso-lazy-load aspect\" src=\"data:image\/svg+xml,%3Csvg%20xmlns%3D&#39;http%3A%2F%2Fwww.w3.org%2F2000%2Fsvg&#39;%20viewBox%3D&#39;0%200%20768%20512&#39;%2F%3E\" data-src=\"https:\/\/przeginia.edu.pl\/wp-content\/uploads\/2026\/03\/1773940737604-scaled-768x512.jpg\" data-srcset=\"https:\/\/przeginia.edu.pl\/wp-content\/uploads\/2026\/03\/1773940737604-scaled-768x512.jpg 768w, https:\/\/przeginia.edu.pl\/wp-content\/uploads\/2026\/03\/1773940737604-scaled-1152x768.jpg 1152w\" loading=\"eager\" style=\"--ratio: 768 \/ 512\" sizes=\"(max-width: 768px) 100vw, 768px\" alt=\"\" title=\"1773940737604\" width=\"768\" height=\"512\"  \/><span class=\"gallery-zoom-ico icon-im-hover-001\"><span><\/span><\/span><\/a>\t<\/div>\n<\/div>\n\n\n<div class=\"post-entry-content\">\n\n\t<h3 class=\"entry-title\">\n\t\t<a href=\"https:\/\/przeginia.edu.pl\/index.php\/2026\/03\/19\/wycieczka-klas-4-do-krakowa\/\" title=\"Wycieczka klas 4 do Krakowa\" rel=\"bookmark\">Wycieczka klas 4 do Krakowa<\/a>\n\t<\/h3>\n\n\t<div class=\"entry-meta\"><a href=\"https:\/\/przeginia.edu.pl\/index.php\/2026\/03\/19\/\" title=\"20:21\" class=\"data-link\" rel=\"bookmark\"><time class=\"entry-date updated\" datetime=\"2026-03-19T20:21:55+01:00\">19 marca, 2026<\/time><\/a><\/div>\n\t<div class=\"entry-excerpt\"><p>\u201eRadio &#8211; domowy dobry skrzat (\u2026)Radio to w domu ca\u0142y \u015bwiat\u201dRadio nie tylko doceniane jest w domu. Mo\u017cna go przecie\u017c s\u0142ucha\u0107 w samochodzie, na pla\u017cy podczas opalania, na wycieczce\u2026, a&hellip;<\/p>\n<\/div>\n\t\n<a href=\"https:\/\/przeginia.edu.pl\/index.php\/2026\/03\/19\/wycieczka-klas-4-do-krakowa\/\" class=\"post-details details-type-link\" aria-label=\"Czytaj wi\u0119cej o Wycieczka klas 4 do Krakowa\">czytaj wi\u0119cej &gt;&gt;<i class=\"dt-icon-the7-arrow-03\" aria-hidden=\"true\"><\/i><\/a>\n\n<\/div><\/article><\/div><div class=\"visible wf-cell\" data-post-id=\"3944\" data-date=\"2026-03-17T20:36:03+01:00\" data-name=\"Dzie\u0144 \u015awi\u0119tego Patryka 2026\"><article class=\"post project-odd visible post-3944 type-post status-publish format-standard has-post-thumbnail hentry category-bez-kategorii category-sp2526 category-1 category-4\" data-name=\"Dzie\u0144 \u015awi\u0119tego Patryka 2026\" data-date=\"2026-03-17T20:36:03+01:00\">\n\n<div class=\"post-thumbnail-wrap\">\n\t<div class=\"post-thumbnail\">\n\t\t\n\t\t\n\t\t<a href=\"https:\/\/przeginia.edu.pl\/index.php\/2026\/03\/17\/dzien-swietego-patryka-2026\/\" class=\"post-thumbnail-rollover layzr-bg layzr-bg\" ><img decoding=\"async\" class=\"iso-lazy-load preload-me iso-lazy-load aspect\" src=\"data:image\/svg+xml,%3Csvg%20xmlns%3D&#39;http%3A%2F%2Fwww.w3.org%2F2000%2Fsvg&#39;%20viewBox%3D&#39;0%200%20768%20512&#39;%2F%3E\" data-src=\"https:\/\/przeginia.edu.pl\/wp-content\/uploads\/2026\/03\/konkurs-4-768x512.jpg\" data-srcset=\"https:\/\/przeginia.edu.pl\/wp-content\/uploads\/2026\/03\/konkurs-4-768x512.jpg 768w, https:\/\/przeginia.edu.pl\/wp-content\/uploads\/2026\/03\/konkurs-4-1152x768.jpg 1152w\" loading=\"eager\" style=\"--ratio: 768 \/ 512\" sizes=\"(max-width: 768px) 100vw, 768px\" alt=\"\" title=\"konkurs 4\" width=\"768\" height=\"512\"  \/><span class=\"gallery-zoom-ico icon-im-hover-001\"><span><\/span><\/span><\/a>\t<\/div>\n<\/div>\n\n\n<div class=\"post-entry-content\">\n\n\t<h3 class=\"entry-title\">\n\t\t<a href=\"https:\/\/przeginia.edu.pl\/index.php\/2026\/03\/17\/dzien-swietego-patryka-2026\/\" title=\"Dzie\u0144 \u015awi\u0119tego Patryka 2026\" rel=\"bookmark\">Dzie\u0144 \u015awi\u0119tego Patryka 2026<\/a>\n\t<\/h3>\n\n\t<div class=\"entry-meta\"><a href=\"https:\/\/przeginia.edu.pl\/index.php\/2026\/03\/17\/\" title=\"20:36\" class=\"data-link\" rel=\"bookmark\"><time class=\"entry-date updated\" datetime=\"2026-03-17T20:36:03+01:00\">17 marca, 2026<\/time><\/a><\/div>\n\t<div class=\"entry-excerpt\"><p>Pierwszy powiew wiosny ju\u017c za nami. A to za spraw\u0105 Dnia \u015awi\u0119tego Patryka obchodzonego corocznie w nasze szkole. 17 marca uczniowie za\u0142o\u017cyli zielony ubi\u00f3r lub gad\u017cety nawi\u0105zuj\u0105ce do obchod\u00f3w tego&hellip;<\/p>\n<\/div>\n\t\n<a href=\"https:\/\/przeginia.edu.pl\/index.php\/2026\/03\/17\/dzien-swietego-patryka-2026\/\" class=\"post-details details-type-link\" aria-label=\"Czytaj wi\u0119cej o Dzie\u0144 \u015awi\u0119tego Patryka 2026\">czytaj wi\u0119cej &gt;&gt;<i class=\"dt-icon-the7-arrow-03\" aria-hidden=\"true\"><\/i><\/a>\n\n<\/div><\/article><\/div><div class=\"visible wf-cell\" data-post-id=\"3920\" data-date=\"2026-03-16T19:03:42+01:00\" data-name=\"Festiwal Zawod\u00f3w\"><article class=\"post project-odd visible post-3920 type-post status-publish format-standard has-post-thumbnail hentry category-bez-kategorii category-sp2526 category-1 category-4\" data-name=\"Festiwal Zawod\u00f3w\" data-date=\"2026-03-16T19:03:42+01:00\">\n\n<div class=\"post-thumbnail-wrap\">\n\t<div class=\"post-thumbnail\">\n\t\t\n\t\t\n\t\t<a href=\"https:\/\/przeginia.edu.pl\/index.php\/2026\/03\/16\/festiwal-zawodow\/\" class=\"post-thumbnail-rollover layzr-bg layzr-bg\" ><img decoding=\"async\" class=\"iso-lazy-load preload-me iso-lazy-load aspect\" src=\"data:image\/svg+xml,%3Csvg%20xmlns%3D&#39;http%3A%2F%2Fwww.w3.org%2F2000%2Fsvg&#39;%20viewBox%3D&#39;0%200%20768%20512&#39;%2F%3E\" data-src=\"https:\/\/przeginia.edu.pl\/wp-content\/uploads\/2026\/03\/IMG_20260312_120405-scaled-768x512.jpg\" data-srcset=\"https:\/\/przeginia.edu.pl\/wp-content\/uploads\/2026\/03\/IMG_20260312_120405-scaled-768x512.jpg 768w, https:\/\/przeginia.edu.pl\/wp-content\/uploads\/2026\/03\/IMG_20260312_120405-scaled-1152x768.jpg 1152w\" loading=\"eager\" style=\"--ratio: 768 \/ 512\" sizes=\"(max-width: 768px) 100vw, 768px\" alt=\"\" title=\"IMG_20260312_120405\" width=\"768\" height=\"512\"  \/><span class=\"gallery-zoom-ico icon-im-hover-001\"><span><\/span><\/span><\/a>\t<\/div>\n<\/div>\n\n\n<div class=\"post-entry-content\">\n\n\t<h3 class=\"entry-title\">\n\t\t<a href=\"https:\/\/przeginia.edu.pl\/index.php\/2026\/03\/16\/festiwal-zawodow\/\" title=\"Festiwal Zawod\u00f3w\" rel=\"bookmark\">Festiwal Zawod\u00f3w<\/a>\n\t<\/h3>\n\n\t<div class=\"entry-meta\"><a href=\"https:\/\/przeginia.edu.pl\/index.php\/2026\/03\/16\/\" title=\"19:03\" class=\"data-link\" rel=\"bookmark\"><time class=\"entry-date updated\" datetime=\"2026-03-16T19:03:42+01:00\">16 marca, 2026<\/time><\/a><\/div>\n\t<div class=\"entry-excerpt\"><p>[vc_row][vc_column][vc_column_text]12 marca uczniowie klas \u00f3smych wzi\u0119li udzia\u0142 w wycieczce do Krakowa na Festiwal Zawod\u00f3w. Celem wydarzenia by\u0142a pomoc m\u0142odym ludziom w \u015bwiadomym planowaniu dalszej edukacji oraz wyborze zawodu zgodnego z&hellip;<\/p>\n<\/div>\n\t\n<a href=\"https:\/\/przeginia.edu.pl\/index.php\/2026\/03\/16\/festiwal-zawodow\/\" class=\"post-details details-type-link\" aria-label=\"Czytaj wi\u0119cej o Festiwal Zawod\u00f3w\">czytaj wi\u0119cej &gt;&gt;<i class=\"dt-icon-the7-arrow-03\" aria-hidden=\"true\"><\/i><\/a>\n\n<\/div><\/article><\/div><div class=\"visible wf-cell\" data-post-id=\"3868\" data-date=\"2026-03-05T17:39:47+01:00\" data-name=\"Wielkanocne warsztaty w \u015arodowiskowym Domu Samopomocy w Jerzmanowicach.\"><article class=\"post project-odd visible post-3868 type-post status-publish format-standard has-post-thumbnail hentry category-bez-kategorii category-sp2526 category-wolontariat category-1 category-4 category-8\" data-name=\"Wielkanocne warsztaty w \u015arodowiskowym Domu Samopomocy w Jerzmanowicach.\" data-date=\"2026-03-05T17:39:47+01:00\">\n\n<div class=\"post-thumbnail-wrap\">\n\t<div class=\"post-thumbnail\">\n\t\t\n\t\t\n\t\t<a href=\"https:\/\/przeginia.edu.pl\/index.php\/2026\/03\/05\/wielkanocne-warsztaty-w-srodowiskowym-domu-samopomocy-w-jerzmanowicach\/\" class=\"post-thumbnail-rollover layzr-bg layzr-bg\" ><img decoding=\"async\" class=\"iso-lazy-load preload-me iso-lazy-load aspect\" src=\"data:image\/svg+xml,%3Csvg%20xmlns%3D&#39;http%3A%2F%2Fwww.w3.org%2F2000%2Fsvg&#39;%20viewBox%3D&#39;0%200%20768%20512&#39;%2F%3E\" data-src=\"https:\/\/przeginia.edu.pl\/wp-content\/uploads\/2026\/03\/IMG_8179-scaled-768x512.jpeg\" data-srcset=\"https:\/\/przeginia.edu.pl\/wp-content\/uploads\/2026\/03\/IMG_8179-scaled-768x512.jpeg 768w, https:\/\/przeginia.edu.pl\/wp-content\/uploads\/2026\/03\/IMG_8179-scaled-1152x768.jpeg 1152w\" loading=\"eager\" style=\"--ratio: 768 \/ 512\" sizes=\"(max-width: 768px) 100vw, 768px\" alt=\"\" title=\"IMG_8179\" width=\"768\" height=\"512\"  \/><span class=\"gallery-zoom-ico icon-im-hover-001\"><span><\/span><\/span><\/a>\t<\/div>\n<\/div>\n\n\n<div class=\"post-entry-content\">\n\n\t<h3 class=\"entry-title\">\n\t\t<a href=\"https:\/\/przeginia.edu.pl\/index.php\/2026\/03\/05\/wielkanocne-warsztaty-w-srodowiskowym-domu-samopomocy-w-jerzmanowicach\/\" title=\"Wielkanocne warsztaty w \u015arodowiskowym Domu Samopomocy w Jerzmanowicach.\" rel=\"bookmark\">Wielkanocne warsztaty w \u015arodowiskowym Domu Samopomocy w Jerzmanowicach.<\/a>\n\t<\/h3>\n\n\t<div class=\"entry-meta\"><a href=\"https:\/\/przeginia.edu.pl\/index.php\/2026\/03\/05\/\" title=\"17:39\" class=\"data-link\" rel=\"bookmark\"><time class=\"entry-date updated\" datetime=\"2026-03-05T17:39:47+01:00\">5 marca, 2026<\/time><\/a><\/div>\n\t<div class=\"entry-excerpt\"><p>Nasi wolontariusze, pod opiek\u0105 pani Ani i pani Marty, wzi\u0119li udzia\u0142 w wielkanocnych warsztatach, podczas kt\u00f3rych mieli okazj\u0119 malowa\u0107 wielkanocne odlewy gipsowe. Spotkanie by\u0142o doskona\u0142\u0105 okazj\u0105 do rozwijania kreatywno\u015bci oraz&hellip;<\/p>\n<\/div>\n\t\n<a href=\"https:\/\/przeginia.edu.pl\/index.php\/2026\/03\/05\/wielkanocne-warsztaty-w-srodowiskowym-domu-samopomocy-w-jerzmanowicach\/\" class=\"post-details details-type-link\" aria-label=\"Czytaj wi\u0119cej o Wielkanocne warsztaty w \u015arodowiskowym Domu Samopomocy w Jerzmanowicach.\">czytaj wi\u0119cej &gt;&gt;<i class=\"dt-icon-the7-arrow-03\" aria-hidden=\"true\"><\/i><\/a>\n\n<\/div><\/article><\/div><div class=\"visible wf-cell\" data-post-id=\"3860\" data-date=\"2026-03-05T17:18:42+01:00\" data-name=\"Zbi\u00f3rka dla schroniska &quot;Rafik&quot; w Boles\u0142awiu.\"><article class=\"post project-odd visible post-3860 type-post status-publish format-standard has-post-thumbnail hentry category-bez-kategorii category-sp2526 category-wolontariat category-1 category-4 category-8\" data-name=\"Zbi\u00f3rka dla schroniska &#8222;Rafik&#8221; w Boles\u0142awiu.\" data-date=\"2026-03-05T17:18:42+01:00\">\n\n<div class=\"post-thumbnail-wrap\">\n\t<div class=\"post-thumbnail\">\n\t\t\n\t\t\n\t\t<a href=\"https:\/\/przeginia.edu.pl\/index.php\/2026\/03\/05\/zbiorka-dla-schroniska-rafik-w-boleslawiu\/\" class=\"post-thumbnail-rollover layzr-bg layzr-bg\" ><img decoding=\"async\" class=\"iso-lazy-load preload-me iso-lazy-load aspect\" src=\"data:image\/svg+xml,%3Csvg%20xmlns%3D&#39;http%3A%2F%2Fwww.w3.org%2F2000%2Fsvg&#39;%20viewBox%3D&#39;0%200%20768%20512&#39;%2F%3E\" data-src=\"https:\/\/przeginia.edu.pl\/wp-content\/uploads\/2026\/03\/IMG_8105-scaled-768x512.jpeg\" data-srcset=\"https:\/\/przeginia.edu.pl\/wp-content\/uploads\/2026\/03\/IMG_8105-scaled-768x512.jpeg 768w, https:\/\/przeginia.edu.pl\/wp-content\/uploads\/2026\/03\/IMG_8105-scaled-1152x768.jpeg 1152w\" loading=\"eager\" style=\"--ratio: 768 \/ 512\" sizes=\"(max-width: 768px) 100vw, 768px\" alt=\"\" title=\"IMG_8105\" width=\"768\" height=\"512\"  \/><span class=\"gallery-zoom-ico icon-im-hover-001\"><span><\/span><\/span><\/a>\t<\/div>\n<\/div>\n\n\n<div class=\"post-entry-content\">\n\n\t<h3 class=\"entry-title\">\n\t\t<a href=\"https:\/\/przeginia.edu.pl\/index.php\/2026\/03\/05\/zbiorka-dla-schroniska-rafik-w-boleslawiu\/\" title=\"Zbi\u00f3rka dla schroniska &#8222;Rafik&#8221; w Boles\u0142awiu.\" rel=\"bookmark\">Zbi\u00f3rka dla schroniska &#8222;Rafik&#8221; w Boles\u0142awiu.<\/a>\n\t<\/h3>\n\n\t<div class=\"entry-meta\"><a href=\"https:\/\/przeginia.edu.pl\/index.php\/2026\/03\/05\/\" title=\"17:18\" class=\"data-link\" rel=\"bookmark\"><time class=\"entry-date updated\" datetime=\"2026-03-05T17:18:42+01:00\">5 marca, 2026<\/time><\/a><\/div>\n\t<div class=\"entry-excerpt\"><p>Szkolne Ko\u0142o Wolontariatu serdecznie dzi\u0119kuje wszystkim, kt\u00f3rzy w\u0142\u0105czyli si\u0119 w nasz\u0105 szkoln\u0105 zbi\u00f3rk\u0119 dla ps\u00f3w i kot\u00f3w ze schroniska. Dzi\u0119ki Waszej ogromnej \u017cyczliwo\u015bci i zaanga\u017cowaniu uda\u0142o si\u0119 zebra\u0107 wiele potrzebnych&hellip;<\/p>\n<\/div>\n\t\n<a href=\"https:\/\/przeginia.edu.pl\/index.php\/2026\/03\/05\/zbiorka-dla-schroniska-rafik-w-boleslawiu\/\" class=\"post-details details-type-link\" aria-label=\"Czytaj wi\u0119cej o Zbi\u00f3rka dla schroniska &#8222;Rafik&#8221; w Boles\u0142awiu.\">czytaj wi\u0119cej &gt;&gt;<i class=\"dt-icon-the7-arrow-03\" aria-hidden=\"true\"><\/i><\/a>\n\n<\/div><\/article><\/div><div class=\"visible wf-cell\" data-post-id=\"3855\" data-date=\"2026-03-03T18:50:22+01:00\" data-name=\"Informacja dotycz\u0105ca kompleksu boisk\"><article class=\"post project-odd visible post-3855 type-post status-publish format-standard has-post-thumbnail hentry category-bez-kategorii category-sp2526 category-1 category-4\" data-name=\"Informacja dotycz\u0105ca kompleksu boisk\" data-date=\"2026-03-03T18:50:22+01:00\">\n\n<div class=\"post-thumbnail-wrap\">\n\t<div class=\"post-thumbnail\">\n\t\t\n\t\t\n\t\t<a href=\"https:\/\/przeginia.edu.pl\/index.php\/2026\/03\/03\/informacja-dotyczaca-kompleksu-boisk\/\" class=\"post-thumbnail-rollover layzr-bg layzr-bg\" ><img decoding=\"async\" class=\"iso-lazy-load preload-me iso-lazy-load aspect\" src=\"data:image\/svg+xml,%3Csvg%20xmlns%3D&#39;http%3A%2F%2Fwww.w3.org%2F2000%2Fsvg&#39;%20viewBox%3D&#39;0%200%20768%20512&#39;%2F%3E\" data-src=\"https:\/\/przeginia.edu.pl\/wp-content\/uploads\/2026\/03\/zkol-1-768x512.jpg\" data-srcset=\"https:\/\/przeginia.edu.pl\/wp-content\/uploads\/2026\/03\/zkol-1-768x512.jpg 768w, https:\/\/przeginia.edu.pl\/wp-content\/uploads\/2026\/03\/zkol-1-1152x768.jpg 1152w\" loading=\"eager\" style=\"--ratio: 768 \/ 512\" sizes=\"(max-width: 768px) 100vw, 768px\" alt=\"\" title=\"zko\u0142 (1)\" width=\"768\" height=\"512\"  \/><span class=\"gallery-zoom-ico icon-im-hover-001\"><span><\/span><\/span><\/a>\t<\/div>\n<\/div>\n\n\n<div class=\"post-entry-content\">\n\n\t<h3 class=\"entry-title\">\n\t\t<a href=\"https:\/\/przeginia.edu.pl\/index.php\/2026\/03\/03\/informacja-dotyczaca-kompleksu-boisk\/\" title=\"Informacja dotycz\u0105ca kompleksu boisk\" rel=\"bookmark\">Informacja dotycz\u0105ca kompleksu boisk<\/a>\n\t<\/h3>\n\n\t<div class=\"entry-meta\"><a href=\"https:\/\/przeginia.edu.pl\/index.php\/2026\/03\/03\/\" title=\"18:50\" class=\"data-link\" rel=\"bookmark\"><time class=\"entry-date updated\" datetime=\"2026-03-03T18:50:22+01:00\">3 marca, 2026<\/time><\/a><\/div>\n\t<div class=\"entry-excerpt\"><p>Z kompleksu boisk sportowych przy Szkole Podstawowej w Przegini mo\u017cna korzysta\u0107 do godziny 21:00. Termin korzystania z kortu nale\u017cy ustali\u0107 telefonicznie z: &nbsp;<\/p>\n<\/div>\n\t\n<a href=\"https:\/\/przeginia.edu.pl\/index.php\/2026\/03\/03\/informacja-dotyczaca-kompleksu-boisk\/\" class=\"post-details details-type-link\" aria-label=\"Czytaj wi\u0119cej o Informacja dotycz\u0105ca kompleksu boisk\">czytaj wi\u0119cej &gt;&gt;<i class=\"dt-icon-the7-arrow-03\" aria-hidden=\"true\"><\/i><\/a>\n\n<\/div><\/article><\/div><div class=\"visible wf-cell\" data-post-id=\"3850\" data-date=\"2026-03-02T23:00:17+01:00\" data-name=\"BIOFEEDBACK w naszej szkole!\"><article class=\"post project-odd visible post-3850 type-post status-publish format-standard has-post-thumbnail hentry category-bez-kategorii category-sp2526 category-1 category-4\" data-name=\"BIOFEEDBACK w naszej szkole!\" data-date=\"2026-03-02T23:00:17+01:00\">\n\n<div class=\"post-thumbnail-wrap\">\n\t<div class=\"post-thumbnail\">\n\t\t\n\t\t\n\t\t<a href=\"https:\/\/przeginia.edu.pl\/index.php\/2026\/03\/02\/biofeedback-w-naszej-szkole\/\" class=\"post-thumbnail-rollover layzr-bg layzr-bg\" ><img decoding=\"async\" class=\"iso-lazy-load preload-me iso-lazy-load aspect\" src=\"data:image\/svg+xml,%3Csvg%20xmlns%3D&#39;http%3A%2F%2Fwww.w3.org%2F2000%2Fsvg&#39;%20viewBox%3D&#39;0%200%20768%20512&#39;%2F%3E\" data-src=\"https:\/\/przeginia.edu.pl\/wp-content\/uploads\/2026\/03\/gabinet-biofeedback-2-768x512.jpg\" data-srcset=\"https:\/\/przeginia.edu.pl\/wp-content\/uploads\/2026\/03\/gabinet-biofeedback-2-768x512.jpg 768w, https:\/\/przeginia.edu.pl\/wp-content\/uploads\/2026\/03\/gabinet-biofeedback-2-1152x768.jpg 1152w\" loading=\"eager\" style=\"--ratio: 768 \/ 512\" sizes=\"(max-width: 768px) 100vw, 768px\" alt=\"\" title=\"gabinet biofeedback 2\" width=\"768\" height=\"512\"  \/><span class=\"gallery-zoom-ico icon-im-hover-001\"><span><\/span><\/span><\/a>\t<\/div>\n<\/div>\n\n\n<div class=\"post-entry-content\">\n\n\t<h3 class=\"entry-title\">\n\t\t<a href=\"https:\/\/przeginia.edu.pl\/index.php\/2026\/03\/02\/biofeedback-w-naszej-szkole\/\" title=\"BIOFEEDBACK w naszej szkole!\" rel=\"bookmark\">BIOFEEDBACK w naszej szkole!<\/a>\n\t<\/h3>\n\n\t<div class=\"entry-meta\"><a href=\"https:\/\/przeginia.edu.pl\/index.php\/2026\/03\/02\/\" title=\"23:00\" class=\"data-link\" rel=\"bookmark\"><time class=\"entry-date updated\" datetime=\"2026-03-02T23:00:17+01:00\">2 marca, 2026<\/time><\/a><\/div>\n\t<div class=\"entry-excerpt\"><p>[vc_row][vc_column][vc_column_text css=&#8221;&#8221;] Czy kiedykolwiek zastanawiali\u015bcie si\u0119, dlaczego niekt\u00f3rzy ludzie wydaj\u0105 si\u0119 zawsze spokojni, nawet je\u015bli wszystko wok\u00f3\u0142 nich wydaje si\u0119 chaotyczne?Lub te\u017c, dlaczego inni wydaj\u0105 si\u0119 zawsze podekscytowani, nawet je\u015bli&hellip;<\/p>\n<\/div>\n\t\n<a href=\"https:\/\/przeginia.edu.pl\/index.php\/2026\/03\/02\/biofeedback-w-naszej-szkole\/\" class=\"post-details details-type-link\" aria-label=\"Czytaj wi\u0119cej o BIOFEEDBACK w naszej szkole!\">czytaj wi\u0119cej &gt;&gt;<i class=\"dt-icon-the7-arrow-03\" aria-hidden=\"true\"><\/i><\/a>\n\n<\/div><\/article><\/div><div class=\"visible wf-cell\" data-post-id=\"3833\" data-date=\"2026-03-02T20:08:39+01:00\" data-name=\"Konkurs wielkanocny\"><article class=\"post project-odd visible post-3833 type-post status-publish format-standard has-post-thumbnail hentry category-bez-kategorii category-sp2526 category-1 category-4\" data-name=\"Konkurs wielkanocny\" data-date=\"2026-03-02T20:08:39+01:00\">\n\n<div class=\"post-thumbnail-wrap\">\n\t<div class=\"post-thumbnail\">\n\t\t\n\t\t\n\t\t<a href=\"https:\/\/przeginia.edu.pl\/index.php\/2026\/03\/02\/konkurs-wielkanocny\/\" class=\"post-thumbnail-rollover layzr-bg layzr-bg\" ><img decoding=\"async\" class=\"iso-lazy-load preload-me iso-lazy-load aspect\" src=\"data:image\/svg+xml,%3Csvg%20xmlns%3D&#39;http%3A%2F%2Fwww.w3.org%2F2000%2Fsvg&#39;%20viewBox%3D&#39;0%200%20768%20512&#39;%2F%3E\" data-src=\"https:\/\/przeginia.edu.pl\/wp-content\/uploads\/2026\/03\/Happy-Easter-Day-Flyer-2-768x512.png\" data-srcset=\"https:\/\/przeginia.edu.pl\/wp-content\/uploads\/2026\/03\/Happy-Easter-Day-Flyer-2-768x512.png 768w, https:\/\/przeginia.edu.pl\/wp-content\/uploads\/2026\/03\/Happy-Easter-Day-Flyer-2-1152x768.png 1152w\" loading=\"eager\" style=\"--ratio: 768 \/ 512\" sizes=\"(max-width: 768px) 100vw, 768px\" alt=\"\" title=\"Happy Easter Day (Flyer) (2)\" width=\"768\" height=\"512\"  \/><span class=\"gallery-zoom-ico icon-im-hover-001\"><span><\/span><\/span><\/a>\t<\/div>\n<\/div>\n\n\n<div class=\"post-entry-content\">\n\n\t<h3 class=\"entry-title\">\n\t\t<a href=\"https:\/\/przeginia.edu.pl\/index.php\/2026\/03\/02\/konkurs-wielkanocny\/\" title=\"Konkurs wielkanocny\" rel=\"bookmark\">Konkurs wielkanocny<\/a>\n\t<\/h3>\n\n\t<div class=\"entry-meta\"><a href=\"https:\/\/przeginia.edu.pl\/index.php\/2026\/03\/02\/\" title=\"20:08\" class=\"data-link\" rel=\"bookmark\"><time class=\"entry-date updated\" datetime=\"2026-03-02T20:08:39+01:00\">2 marca, 2026<\/time><\/a><\/div>\n\t<div class=\"entry-excerpt\"><p>Zapraszamy do udzia\u0142u w konkursie wielkanocnym organizowanym przez GOK. Szczeg\u00f3\u0142y w regulaminie.<\/p>\n<\/div>\n\t\n<a href=\"https:\/\/przeginia.edu.pl\/index.php\/2026\/03\/02\/konkurs-wielkanocny\/\" class=\"post-details details-type-link\" aria-label=\"Czytaj wi\u0119cej o Konkurs wielkanocny\">czytaj wi\u0119cej &gt;&gt;<i class=\"dt-icon-the7-arrow-03\" aria-hidden=\"true\"><\/i><\/a>\n\n<\/div><\/article><\/div><div class=\"visible wf-cell\" data-post-id=\"3826\" data-date=\"2026-03-02T19:19:42+01:00\" data-name=\"Podzi\u0119kowanie\"><article class=\"post project-odd visible post-3826 type-post status-publish format-standard has-post-thumbnail hentry category-bez-kategorii category-sp2526 category-1 category-4\" data-name=\"Podzi\u0119kowanie\" data-date=\"2026-03-02T19:19:42+01:00\">\n\n<div class=\"post-thumbnail-wrap\">\n\t<div class=\"post-thumbnail\">\n\t\t\n\t\t\n\t\t<a href=\"https:\/\/przeginia.edu.pl\/index.php\/2026\/03\/02\/podziekowanie-2\/\" class=\"post-thumbnail-rollover layzr-bg layzr-bg\" ><img decoding=\"async\" class=\"iso-lazy-load preload-me iso-lazy-load aspect\" src=\"data:image\/svg+xml,%3Csvg%20xmlns%3D&#39;http%3A%2F%2Fwww.w3.org%2F2000%2Fsvg&#39;%20viewBox%3D&#39;0%200%20768%20512&#39;%2F%3E\" data-src=\"https:\/\/przeginia.edu.pl\/wp-content\/uploads\/2026\/03\/IMG_8145-scaled-768x512.jpeg\" data-srcset=\"https:\/\/przeginia.edu.pl\/wp-content\/uploads\/2026\/03\/IMG_8145-scaled-768x512.jpeg 768w, https:\/\/przeginia.edu.pl\/wp-content\/uploads\/2026\/03\/IMG_8145-scaled-1152x768.jpeg 1152w\" loading=\"eager\" style=\"--ratio: 768 \/ 512\" sizes=\"(max-width: 768px) 100vw, 768px\" alt=\"\" title=\"IMG_8145\" width=\"768\" height=\"512\"  \/><span class=\"gallery-zoom-ico icon-im-hover-001\"><span><\/span><\/span><\/a>\t<\/div>\n<\/div>\n\n\n<div class=\"post-entry-content\">\n\n\t<h3 class=\"entry-title\">\n\t\t<a href=\"https:\/\/przeginia.edu.pl\/index.php\/2026\/03\/02\/podziekowanie-2\/\" title=\"Podzi\u0119kowanie\" rel=\"bookmark\">Podzi\u0119kowanie<\/a>\n\t<\/h3>\n\n\t<div class=\"entry-meta\"><a href=\"https:\/\/przeginia.edu.pl\/index.php\/2026\/03\/02\/\" title=\"19:19\" class=\"data-link\" rel=\"bookmark\"><time class=\"entry-date updated\" datetime=\"2026-03-02T19:19:42+01:00\">2 marca, 2026<\/time><\/a><\/div>\n\t<div class=\"entry-excerpt\"><p>Serdecznie dzi\u0119kujemy Panu So\u0142tysowi i Radzie So\u0142eckiej So\u0142ectwo Przeginia za przekazanie \u015brodk\u00f3w na zakup miksera muzycznego dla naszej szko\u0142y. Dzi\u0119ki temu sprz\u0119towi b\u0119dziemy mogli znacz\u0105co poprawi\u0107 jako\u015b\u0107 nag\u0142o\u015bnienia podczas uroczysto\u015bci&hellip;<\/p>\n<\/div>\n\t\n<a href=\"https:\/\/przeginia.edu.pl\/index.php\/2026\/03\/02\/podziekowanie-2\/\" class=\"post-details details-type-link\" aria-label=\"Czytaj wi\u0119cej o Podzi\u0119kowanie\">czytaj wi\u0119cej &gt;&gt;<i class=\"dt-icon-the7-arrow-03\" aria-hidden=\"true\"><\/i><\/a>\n\n<\/div><\/article><\/div><div class=\"visible wf-cell\" data-post-id=\"3791\" data-date=\"2026-02-24T12:19:05+01:00\" data-name=\"Zbi\u00f3rka dla schroniska\"><article class=\"post project-odd visible no-img post-3791 type-post status-publish format-standard hentry category-bez-kategorii category-sp2526 category-1 category-4\" data-name=\"Zbi\u00f3rka dla schroniska\" data-date=\"2026-02-24T12:19:05+01:00\">\n\n<div class=\"post-entry-content\">\n\n\t<h3 class=\"entry-title\">\n\t\t<a href=\"https:\/\/przeginia.edu.pl\/index.php\/2026\/02\/24\/zbiorka-dla-schroniska\/\" title=\"Zbi\u00f3rka dla schroniska\" rel=\"bookmark\">Zbi\u00f3rka dla schroniska<\/a>\n\t<\/h3>\n\n\t<div class=\"entry-meta\"><a href=\"https:\/\/przeginia.edu.pl\/index.php\/2026\/02\/24\/\" title=\"12:19\" class=\"data-link\" rel=\"bookmark\"><time class=\"entry-date updated\" datetime=\"2026-02-24T12:19:05+01:00\">24 lutego, 2026<\/time><\/a><\/div>\n\t<div class=\"entry-excerpt\"><p>Nasza szko\u0142a przyst\u0105pi\u0142a do akcji pomocy zwierzakom ze schroniska &#8222;Rafik&#8221; w Boles\u0142awiu. Do 27 lutego zbieramy: karm\u0119, przek\u0105ski, koce, legowiska, zabawki, kt\u00f3re nasi wolontariusze przeka\u017c\u0105 potrzebuj\u0105cym pieskom. Poka\u017cmy, \u017ce los&hellip;<\/p>\n<\/div>\n\t\n<a href=\"https:\/\/przeginia.edu.pl\/index.php\/2026\/02\/24\/zbiorka-dla-schroniska\/\" class=\"post-details details-type-link\" aria-label=\"Czytaj wi\u0119cej o Zbi\u00f3rka dla schroniska\">czytaj wi\u0119cej &gt;&gt;<i class=\"dt-icon-the7-arrow-03\" aria-hidden=\"true\"><\/i><\/a>\n\n<\/div><\/article><\/div><div class=\"visible wf-cell\" data-post-id=\"3754\" data-date=\"2026-02-23T17:21:10+01:00\" data-name=\"Konkurs \u201e Poznajemy Parki Krajobrazowe Polski\u201d- etap gminny\"><article class=\"post project-odd visible post-3754 type-post status-publish format-standard has-post-thumbnail hentry category-bez-kategorii category-sp2526 category-1 category-4\" data-name=\"Konkurs \u201e Poznajemy Parki Krajobrazowe Polski\u201d- etap gminny\" data-date=\"2026-02-23T17:21:10+01:00\">\n\n<div class=\"post-thumbnail-wrap\">\n\t<div class=\"post-thumbnail\">\n\t\t\n\t\t\n\t\t<a href=\"https:\/\/przeginia.edu.pl\/index.php\/2026\/02\/23\/sukces-konkurs-parki-krajobrazowe\/\" class=\"post-thumbnail-rollover layzr-bg layzr-bg\" ><img decoding=\"async\" class=\"iso-lazy-load preload-me iso-lazy-load aspect\" src=\"data:image\/svg+xml,%3Csvg%20xmlns%3D&#39;http%3A%2F%2Fwww.w3.org%2F2000%2Fsvg&#39;%20viewBox%3D&#39;0%200%20768%20512&#39;%2F%3E\" data-src=\"https:\/\/przeginia.edu.pl\/wp-content\/uploads\/2026\/02\/1771867072079-scaled-768x512.jpg\" data-srcset=\"https:\/\/przeginia.edu.pl\/wp-content\/uploads\/2026\/02\/1771867072079-scaled-768x512.jpg 768w, https:\/\/przeginia.edu.pl\/wp-content\/uploads\/2026\/02\/1771867072079-scaled-1152x768.jpg 1152w\" loading=\"eager\" style=\"--ratio: 768 \/ 512\" sizes=\"(max-width: 768px) 100vw, 768px\" alt=\"\" title=\"1771867072079\" width=\"768\" height=\"512\"  \/><span class=\"gallery-zoom-ico icon-im-hover-001\"><span><\/span><\/span><\/a>\t<\/div>\n<\/div>\n\n\n<div class=\"post-entry-content\">\n\n\t<h3 class=\"entry-title\">\n\t\t<a href=\"https:\/\/przeginia.edu.pl\/index.php\/2026\/02\/23\/sukces-konkurs-parki-krajobrazowe\/\" title=\"Konkurs \u201e Poznajemy Parki Krajobrazowe Polski\u201d- etap gminny\" rel=\"bookmark\">Konkurs \u201e Poznajemy Parki Krajobrazowe Polski\u201d- etap gminny<\/a>\n\t<\/h3>\n\n\t<div class=\"entry-meta\"><a href=\"https:\/\/przeginia.edu.pl\/index.php\/2026\/02\/23\/\" title=\"17:21\" class=\"data-link\" rel=\"bookmark\"><time class=\"entry-date updated\" datetime=\"2026-02-23T17:21:10+01:00\">23 lutego, 2026<\/time><\/a><\/div>\n\t<div class=\"entry-excerpt\"><p>[vc_row][vc_column][vc_column_text css=&#8221;&#8221;] Sukces uczni\u00f3w: I miejsce w konkursie \u201ePoznajemy Parki Krajobrazowe Polski\u201d Z dum\u0105 informujemy o wyj\u0105tkowym osi\u0105gni\u0119ciu naszych podopiecznych. W Szkole Podstawowej im. \u015awi\u0119tej Kr\u00f3lowej Jadwigi w Jerzmanowicach odby\u0142&hellip;<\/p>\n<\/div>\n\t\n<a href=\"https:\/\/przeginia.edu.pl\/index.php\/2026\/02\/23\/sukces-konkurs-parki-krajobrazowe\/\" class=\"post-details details-type-link\" aria-label=\"Czytaj wi\u0119cej o Konkurs \u201e Poznajemy Parki Krajobrazowe Polski\u201d- etap gminny\">czytaj wi\u0119cej &gt;&gt;<i class=\"dt-icon-the7-arrow-03\" aria-hidden=\"true\"><\/i><\/a>\n\n<\/div><\/article><\/div><div class=\"visible wf-cell\" data-post-id=\"3719\" data-date=\"2026-02-17T20:19:00+01:00\" data-name=\"Zabawa karnawa\u0142owa\"><article class=\"post project-odd visible post-3719 type-post status-publish format-standard has-post-thumbnail hentry category-bez-kategorii category-sp2526 category-1 category-4\" data-name=\"Zabawa karnawa\u0142owa\" data-date=\"2026-02-17T20:19:00+01:00\">\n\n<div class=\"post-thumbnail-wrap\">\n\t<div class=\"post-thumbnail\">\n\t\t\n\t\t\n\t\t<a href=\"https:\/\/przeginia.edu.pl\/index.php\/2026\/02\/17\/zabawa-karnawalowa\/\" class=\"post-thumbnail-rollover layzr-bg layzr-bg\" ><img decoding=\"async\" class=\"iso-lazy-load preload-me iso-lazy-load aspect\" src=\"data:image\/svg+xml,%3Csvg%20xmlns%3D&#39;http%3A%2F%2Fwww.w3.org%2F2000%2Fsvg&#39;%20viewBox%3D&#39;0%200%20768%20512&#39;%2F%3E\" data-src=\"https:\/\/przeginia.edu.pl\/wp-content\/uploads\/2026\/02\/a4067151-bc12-4d95-9fa8-def3509b25aa-768x512.jpg\" data-srcset=\"https:\/\/przeginia.edu.pl\/wp-content\/uploads\/2026\/02\/a4067151-bc12-4d95-9fa8-def3509b25aa-768x512.jpg 768w, https:\/\/przeginia.edu.pl\/wp-content\/uploads\/2026\/02\/a4067151-bc12-4d95-9fa8-def3509b25aa-1152x768.jpg 1152w\" loading=\"eager\" style=\"--ratio: 768 \/ 512\" sizes=\"(max-width: 768px) 100vw, 768px\" alt=\"\" title=\"a4067151-bc12-4d95-9fa8-def3509b25aa\" width=\"768\" height=\"512\"  \/><span class=\"gallery-zoom-ico icon-im-hover-001\"><span><\/span><\/span><\/a>\t<\/div>\n<\/div>\n\n\n<div class=\"post-entry-content\">\n\n\t<h3 class=\"entry-title\">\n\t\t<a href=\"https:\/\/przeginia.edu.pl\/index.php\/2026\/02\/17\/zabawa-karnawalowa\/\" title=\"Zabawa karnawa\u0142owa\" rel=\"bookmark\">Zabawa karnawa\u0142owa<\/a>\n\t<\/h3>\n\n\t<div class=\"entry-meta\"><a href=\"https:\/\/przeginia.edu.pl\/index.php\/2026\/02\/17\/\" title=\"20:19\" class=\"data-link\" rel=\"bookmark\"><time class=\"entry-date updated\" datetime=\"2026-02-17T20:19:00+01:00\">17 lutego, 2026<\/time><\/a><\/div>\n\t<div class=\"entry-excerpt\"><p>W pierwszym dniu po feriach w naszej szkole odby\u0142a si\u0119 zabawa karnawa\u0142owa. Najpierw bawili si\u0119 uczniowie klas m\u0142odszych a nast\u0119pnie klas starszych. Muzyk\u0119 zapewnia\u0142 DJ a samorz\u0105d szkolny zadba\u0142 o&hellip;<\/p>\n<\/div>\n\t\n<a href=\"https:\/\/przeginia.edu.pl\/index.php\/2026\/02\/17\/zabawa-karnawalowa\/\" class=\"post-details details-type-link\" aria-label=\"Czytaj wi\u0119cej o Zabawa karnawa\u0142owa\">czytaj wi\u0119cej &gt;&gt;<i class=\"dt-icon-the7-arrow-03\" aria-hidden=\"true\"><\/i><\/a>\n\n<\/div><\/article><\/div><div class=\"visible wf-cell\" data-post-id=\"3578\" data-date=\"2026-01-28T12:10:50+01:00\" data-name=\"Dzie\u0144 Bajkowej Postaci\"><article class=\"post project-odd visible post-3578 type-post status-publish format-standard has-post-thumbnail hentry category-bez-kategorii category-sp2526 category-1 category-4\" data-name=\"Dzie\u0144 Bajkowej Postaci\" data-date=\"2026-01-28T12:10:50+01:00\">\n\n<div class=\"post-thumbnail-wrap\">\n\t<div class=\"post-thumbnail\">\n\t\t\n\t\t\n\t\t<a href=\"https:\/\/przeginia.edu.pl\/index.php\/2026\/01\/28\/dzien-bajkowej-postaci\/\" class=\"post-thumbnail-rollover layzr-bg layzr-bg\" ><img decoding=\"async\" class=\"iso-lazy-load preload-me iso-lazy-load aspect\" src=\"data:image\/svg+xml,%3Csvg%20xmlns%3D&#39;http%3A%2F%2Fwww.w3.org%2F2000%2Fsvg&#39;%20viewBox%3D&#39;0%200%20768%20512&#39;%2F%3E\" data-src=\"https:\/\/przeginia.edu.pl\/wp-content\/uploads\/2026\/01\/IMG_0681jpg-scaled-768x512.jpg\" data-srcset=\"https:\/\/przeginia.edu.pl\/wp-content\/uploads\/2026\/01\/IMG_0681jpg-scaled-768x512.jpg 768w, https:\/\/przeginia.edu.pl\/wp-content\/uploads\/2026\/01\/IMG_0681jpg-scaled-1152x768.jpg 1152w\" loading=\"eager\" style=\"--ratio: 768 \/ 512\" sizes=\"(max-width: 768px) 100vw, 768px\" alt=\"\" title=\"IMG_0681jpg\" width=\"768\" height=\"512\"  \/><span class=\"gallery-zoom-ico icon-im-hover-001\"><span><\/span><\/span><\/a>\t<\/div>\n<\/div>\n\n\n<div class=\"post-entry-content\">\n\n\t<h3 class=\"entry-title\">\n\t\t<a href=\"https:\/\/przeginia.edu.pl\/index.php\/2026\/01\/28\/dzien-bajkowej-postaci\/\" title=\"Dzie\u0144 Bajkowej Postaci\" rel=\"bookmark\">Dzie\u0144 Bajkowej Postaci<\/a>\n\t<\/h3>\n\n\t<div class=\"entry-meta\"><a href=\"https:\/\/przeginia.edu.pl\/index.php\/2026\/01\/28\/\" title=\"12:10\" class=\"data-link\" rel=\"bookmark\"><time class=\"entry-date updated\" datetime=\"2026-01-28T12:10:50+01:00\">28 stycznia, 2026<\/time><\/a><\/div>\n\t<div class=\"entry-excerpt\"><p>[vc_row][vc_column][vc_column_text]27 stycznia\u00a0 Samorz\u0105d Uczniowski zorganizowa\u0142 Dzie\u0144 Bajkowej Postaci. W tym dniu nasz\u0105 szko\u0142\u0119 opanowali bohaterowie bajek. Ka\u017cda klasa wylosowa\u0142a tytu\u0142 bajki i mia\u0142a si\u0119 przebra\u0107 za postacie w niej wyst\u0119puj\u0105ce.&hellip;<\/p>\n<\/div>\n\t\n<a href=\"https:\/\/przeginia.edu.pl\/index.php\/2026\/01\/28\/dzien-bajkowej-postaci\/\" class=\"post-details details-type-link\" aria-label=\"Czytaj wi\u0119cej o Dzie\u0144 Bajkowej Postaci\">czytaj wi\u0119cej &gt;&gt;<i class=\"dt-icon-the7-arrow-03\" aria-hidden=\"true\"><\/i><\/a>\n\n<\/div><\/article><\/div><div class=\"visible wf-cell\" data-post-id=\"3571\" data-date=\"2026-01-28T11:23:51+01:00\" data-name=\"Zebranie z rodzicami\"><article class=\"post project-odd visible post-3571 type-post status-publish format-standard has-post-thumbnail hentry category-bez-kategorii category-sp2526 category-1 category-4\" data-name=\"Zebranie z rodzicami\" data-date=\"2026-01-28T11:23:51+01:00\">\n\n<div class=\"post-thumbnail-wrap\">\n\t<div class=\"post-thumbnail\">\n\t\t\n\t\t\n\t\t<a href=\"https:\/\/przeginia.edu.pl\/index.php\/2026\/01\/28\/zebranie-z-rodzicami\/\" class=\"post-thumbnail-rollover layzr-bg layzr-bg\" ><img decoding=\"async\" class=\"iso-lazy-load preload-me iso-lazy-load aspect\" src=\"data:image\/svg+xml,%3Csvg%20xmlns%3D&#39;http%3A%2F%2Fwww.w3.org%2F2000%2Fsvg&#39;%20viewBox%3D&#39;0%200%20768%20512&#39;%2F%3E\" data-src=\"https:\/\/przeginia.edu.pl\/wp-content\/uploads\/2026\/01\/ZEBRANIE-Z-RODZICAMI-e1776762816542-768x512.jpg\" data-srcset=\"https:\/\/przeginia.edu.pl\/wp-content\/uploads\/2026\/01\/ZEBRANIE-Z-RODZICAMI-e1776762816542-768x512.jpg 768w, https:\/\/przeginia.edu.pl\/wp-content\/uploads\/2026\/01\/ZEBRANIE-Z-RODZICAMI-e1776762816542-1152x768.jpg 1152w\" loading=\"eager\" style=\"--ratio: 768 \/ 512\" sizes=\"(max-width: 768px) 100vw, 768px\" alt=\"\" title=\"ZEBRANIE Z RODZICAMI\" width=\"768\" height=\"512\"  \/><span class=\"gallery-zoom-ico icon-im-hover-001\"><span><\/span><\/span><\/a>\t<\/div>\n<\/div>\n\n\n<div class=\"post-entry-content\">\n\n\t<h3 class=\"entry-title\">\n\t\t<a href=\"https:\/\/przeginia.edu.pl\/index.php\/2026\/01\/28\/zebranie-z-rodzicami\/\" title=\"Zebranie z rodzicami\" rel=\"bookmark\">Zebranie z rodzicami<\/a>\n\t<\/h3>\n\n\t<div class=\"entry-meta\"><a href=\"https:\/\/przeginia.edu.pl\/index.php\/2026\/01\/28\/\" title=\"11:23\" class=\"data-link\" rel=\"bookmark\"><time class=\"entry-date updated\" datetime=\"2026-01-28T11:23:51+01:00\">28 stycznia, 2026<\/time><\/a><\/div>\n\t<div class=\"entry-excerpt\"><p>[vc_row][vc_column][vc_media_grid grid_id=&#8221;vc_gid:1769599478799-6635b6f0-dc33-1&#8243;][vc_column_text css=&#8221;&#8221;] Zapraszamy na zebranie z rodzicami w dniu 29.01.2026r. -klasy 1-3 &#8211; godzina 16:15 -klasy 4- 8- godzina 17:00 \u00a0 &nbsp; [\/vc_column_text][\/vc_column][\/vc_row]<\/p>\n<\/div>\n\t\n<a href=\"https:\/\/przeginia.edu.pl\/index.php\/2026\/01\/28\/zebranie-z-rodzicami\/\" class=\"post-details details-type-link\" aria-label=\"Czytaj wi\u0119cej o Zebranie z rodzicami\">czytaj wi\u0119cej &gt;&gt;<i class=\"dt-icon-the7-arrow-03\" aria-hidden=\"true\"><\/i><\/a>\n\n<\/div><\/article><\/div><div class=\"visible wf-cell\" data-post-id=\"3563\" data-date=\"2026-01-28T08:57:34+01:00\" data-name=\"Program Ratujemy Uczymy Ratowa\u0107\"><article class=\"post project-odd visible post-3563 type-post status-publish format-standard has-post-thumbnail hentry category-sp2526 category-4\" data-name=\"Program Ratujemy Uczymy Ratowa\u0107\" data-date=\"2026-01-28T08:57:34+01:00\">\n\n<div class=\"post-thumbnail-wrap\">\n\t<div class=\"post-thumbnail\">\n\t\t\n\t\t\n\t\t<a href=\"https:\/\/przeginia.edu.pl\/index.php\/2026\/01\/28\/program-ratujemy-uczymy-ratowac\/\" class=\"post-thumbnail-rollover layzr-bg layzr-bg\" ><img decoding=\"async\" class=\"iso-lazy-load preload-me iso-lazy-load aspect\" src=\"data:image\/svg+xml,%3Csvg%20xmlns%3D&#39;http%3A%2F%2Fwww.w3.org%2F2000%2Fsvg&#39;%20viewBox%3D&#39;0%200%20500%20333&#39;%2F%3E\" data-src=\"https:\/\/przeginia.edu.pl\/wp-content\/uploads\/2026\/01\/logo-rur-pl-500x333.png\" data-srcset=\"https:\/\/przeginia.edu.pl\/wp-content\/uploads\/2026\/01\/logo-rur-pl-500x333.png 500w\" loading=\"eager\" style=\"--ratio: 500 \/ 333\" sizes=\"(max-width: 500px) 100vw, 500px\" alt=\"\" title=\"logo-rur-pl\" width=\"500\" height=\"333\"  \/><span class=\"gallery-zoom-ico icon-im-hover-001\"><span><\/span><\/span><\/a>\t<\/div>\n<\/div>\n\n\n<div class=\"post-entry-content\">\n\n\t<h3 class=\"entry-title\">\n\t\t<a href=\"https:\/\/przeginia.edu.pl\/index.php\/2026\/01\/28\/program-ratujemy-uczymy-ratowac\/\" title=\"Program Ratujemy Uczymy Ratowa\u0107\" rel=\"bookmark\">Program Ratujemy Uczymy Ratowa\u0107<\/a>\n\t<\/h3>\n\n\t<div class=\"entry-meta\"><a href=\"https:\/\/przeginia.edu.pl\/index.php\/2026\/01\/28\/\" title=\"08:57\" class=\"data-link\" rel=\"bookmark\"><time class=\"entry-date updated\" datetime=\"2026-01-28T08:57:34+01:00\">28 stycznia, 2026<\/time><\/a><\/div>\n\t<div class=\"entry-excerpt\"><p>Program Edukacyjny &#8222;Ratujemy i Uczymy Ratowa\u0107&#8221; jest skierowany do klas I-III w szko\u0142ach podstawowych.\u00a0Poznanie zasad pierwszej pomocy to nie wszystko \u2013 na podj\u0119cie dzia\u0142a\u0144 ratuj\u0105cych \u017cycie przez \u015bwiadk\u00f3w zdarzenia ogromny&hellip;<\/p>\n<\/div>\n\t\n<a href=\"https:\/\/przeginia.edu.pl\/index.php\/2026\/01\/28\/program-ratujemy-uczymy-ratowac\/\" class=\"post-details details-type-link\" aria-label=\"Czytaj wi\u0119cej o Program Ratujemy Uczymy Ratowa\u0107\">czytaj wi\u0119cej &gt;&gt;<i class=\"dt-icon-the7-arrow-03\" aria-hidden=\"true\"><\/i><\/a>\n\n<\/div><\/article><\/div><div class=\"visible wf-cell\" data-post-id=\"3528\" data-date=\"2026-01-26T09:10:32+01:00\" data-name=\"Fina\u0142 Wielkiej Orkiestry \u015awi\u0105tecznej Pomocy\"><article class=\"post project-odd visible post-3528 type-post status-publish format-standard has-post-thumbnail hentry category-sp2526 category-4\" data-name=\"Fina\u0142 Wielkiej Orkiestry \u015awi\u0105tecznej Pomocy\" data-date=\"2026-01-26T09:10:32+01:00\">\n\n<div class=\"post-thumbnail-wrap\">\n\t<div class=\"post-thumbnail\">\n\t\t\n\t\t\n\t\t<a href=\"https:\/\/przeginia.edu.pl\/index.php\/2026\/01\/26\/final-wielkiej-orkiestry-swiatecznej-pomocy\/\" class=\"post-thumbnail-rollover layzr-bg layzr-bg\" ><img decoding=\"async\" class=\"iso-lazy-load preload-me iso-lazy-load aspect\" src=\"data:image\/svg+xml,%3Csvg%20xmlns%3D&#39;http%3A%2F%2Fwww.w3.org%2F2000%2Fsvg&#39;%20viewBox%3D&#39;0%200%20768%20512&#39;%2F%3E\" data-src=\"https:\/\/przeginia.edu.pl\/wp-content\/uploads\/2026\/01\/IMG_7904-scaled-768x512.jpeg\" data-srcset=\"https:\/\/przeginia.edu.pl\/wp-content\/uploads\/2026\/01\/IMG_7904-scaled-768x512.jpeg 768w, https:\/\/przeginia.edu.pl\/wp-content\/uploads\/2026\/01\/IMG_7904-scaled-1152x768.jpeg 1152w\" loading=\"eager\" style=\"--ratio: 768 \/ 512\" sizes=\"(max-width: 768px) 100vw, 768px\" alt=\"\" title=\"IMG_7904\" width=\"768\" height=\"512\"  \/><span class=\"gallery-zoom-ico icon-im-hover-001\"><span><\/span><\/span><\/a>\t<\/div>\n<\/div>\n\n\n<div class=\"post-entry-content\">\n\n\t<h3 class=\"entry-title\">\n\t\t<a href=\"https:\/\/przeginia.edu.pl\/index.php\/2026\/01\/26\/final-wielkiej-orkiestry-swiatecznej-pomocy\/\" title=\"Fina\u0142 Wielkiej Orkiestry \u015awi\u0105tecznej Pomocy\" rel=\"bookmark\">Fina\u0142 Wielkiej Orkiestry \u015awi\u0105tecznej Pomocy<\/a>\n\t<\/h3>\n\n\t<div class=\"entry-meta\"><a href=\"https:\/\/przeginia.edu.pl\/index.php\/2026\/01\/26\/\" title=\"09:10\" class=\"data-link\" rel=\"bookmark\"><time class=\"entry-date updated\" datetime=\"2026-01-26T09:10:32+01:00\">26 stycznia, 2026<\/time><\/a><\/div>\n\t<div class=\"entry-excerpt\"><p>\u201eDo ko\u0144ca \u015bwiata i jeden dzie\u0144 d\u0142u\u017cej\u201d \u2013 po raz kolejny to has\u0142o rozgrzewa\u0142o serca naszych szkolnych wolontariuszy: Madzi, Marysi, Nadii, Natalii, Oskara oraz p. Ani, kt\u00f3rzy kwestowali w dniu&hellip;<\/p>\n<\/div>\n\t\n<a href=\"https:\/\/przeginia.edu.pl\/index.php\/2026\/01\/26\/final-wielkiej-orkiestry-swiatecznej-pomocy\/\" class=\"post-details details-type-link\" aria-label=\"Czytaj wi\u0119cej o Fina\u0142 Wielkiej Orkiestry \u015awi\u0105tecznej Pomocy\">czytaj wi\u0119cej &gt;&gt;<i class=\"dt-icon-the7-arrow-03\" aria-hidden=\"true\"><\/i><\/a>\n\n<\/div><\/article><\/div><div class=\"visible wf-cell\" data-post-id=\"3416\" data-date=\"2026-01-25T10:04:51+01:00\" data-name=\"Dzie\u0144 Babci i Dziadka\"><article class=\"post project-odd visible post-3416 type-post status-publish format-standard has-post-thumbnail hentry category-sp2526 category-4\" data-name=\"Dzie\u0144 Babci i Dziadka\" data-date=\"2026-01-25T10:04:51+01:00\">\n\n<div class=\"post-thumbnail-wrap\">\n\t<div class=\"post-thumbnail\">\n\t\t\n\t\t\n\t\t<a href=\"https:\/\/przeginia.edu.pl\/index.php\/2026\/01\/25\/dzien-babci-i-dziadka\/\" class=\"post-thumbnail-rollover layzr-bg layzr-bg\" ><img decoding=\"async\" class=\"iso-lazy-load preload-me iso-lazy-load aspect\" src=\"data:image\/svg+xml,%3Csvg%20xmlns%3D&#39;http%3A%2F%2Fwww.w3.org%2F2000%2Fsvg&#39;%20viewBox%3D&#39;0%200%20768%20512&#39;%2F%3E\" data-src=\"https:\/\/przeginia.edu.pl\/wp-content\/uploads\/2026\/01\/image00089-\u2014-kopia-scaled-768x512.jpeg\" data-srcset=\"https:\/\/przeginia.edu.pl\/wp-content\/uploads\/2026\/01\/image00089-\u2014-kopia-scaled-768x512.jpeg 768w, https:\/\/przeginia.edu.pl\/wp-content\/uploads\/2026\/01\/image00089-\u2014-kopia-scaled-1152x768.jpeg 1152w\" loading=\"eager\" style=\"--ratio: 768 \/ 512\" sizes=\"(max-width: 768px) 100vw, 768px\" alt=\"\" title=\"image00089 \u2014 kopia\" width=\"768\" height=\"512\"  \/><span class=\"gallery-zoom-ico icon-im-hover-001\"><span><\/span><\/span><\/a>\t<\/div>\n<\/div>\n\n\n<div class=\"post-entry-content\">\n\n\t<h3 class=\"entry-title\">\n\t\t<a href=\"https:\/\/przeginia.edu.pl\/index.php\/2026\/01\/25\/dzien-babci-i-dziadka\/\" title=\"Dzie\u0144 Babci i Dziadka\" rel=\"bookmark\">Dzie\u0144 Babci i Dziadka<\/a>\n\t<\/h3>\n\n\t<div class=\"entry-meta\"><a href=\"https:\/\/przeginia.edu.pl\/index.php\/2026\/01\/25\/\" title=\"10:04\" class=\"data-link\" rel=\"bookmark\"><time class=\"entry-date updated\" datetime=\"2026-01-25T10:04:51+01:00\">25 stycznia, 2026<\/time><\/a><\/div>\n\t<div class=\"entry-excerpt\"><p>[vc_row][vc_column][vc_column_text]W miniony czwartek o naszej szko\u0142y, na zaproszenie swoich wnuk\u00f3w przyby\u0142y babcie i dziadkowie pierwszoklasist\u00f3w.\u00a0 Uczniowie przygotowali dla swoich go\u015bci przedstawienie z okazji ich \u015bwi\u0119ta a rodzic pomogli w przygotowaniu&hellip;<\/p>\n<\/div>\n\t\n<a href=\"https:\/\/przeginia.edu.pl\/index.php\/2026\/01\/25\/dzien-babci-i-dziadka\/\" class=\"post-details details-type-link\" aria-label=\"Czytaj wi\u0119cej o Dzie\u0144 Babci i Dziadka\">czytaj wi\u0119cej &gt;&gt;<i class=\"dt-icon-the7-arrow-03\" aria-hidden=\"true\"><\/i><\/a>\n\n<\/div><\/article><\/div><div class=\"visible wf-cell\" data-post-id=\"3279\" data-date=\"2026-01-21T11:06:01+01:00\" data-name=\"Podzi\u0119kowanie\"><article class=\"post project-odd visible post-3279 type-post status-publish format-standard has-post-thumbnail hentry category-bez-kategorii category-sp2526 category-1 category-4\" data-name=\"Podzi\u0119kowanie\" data-date=\"2026-01-21T11:06:01+01:00\">\n\n<div class=\"post-thumbnail-wrap\">\n\t<div class=\"post-thumbnail\">\n\t\t\n\t\t\n\t\t<a href=\"https:\/\/przeginia.edu.pl\/index.php\/2026\/01\/21\/podziekowanie\/\" class=\"post-thumbnail-rollover layzr-bg layzr-bg\" ><img decoding=\"async\" class=\"iso-lazy-load preload-me iso-lazy-load aspect\" src=\"data:image\/svg+xml,%3Csvg%20xmlns%3D&#39;http%3A%2F%2Fwww.w3.org%2F2000%2Fsvg&#39;%20viewBox%3D&#39;0%200%20768%20512&#39;%2F%3E\" data-src=\"https:\/\/przeginia.edu.pl\/wp-content\/uploads\/2026\/02\/Dziekujemy-2-768x512.jpg\" data-srcset=\"https:\/\/przeginia.edu.pl\/wp-content\/uploads\/2026\/02\/Dziekujemy-2-768x512.jpg 768w, https:\/\/przeginia.edu.pl\/wp-content\/uploads\/2026\/02\/Dziekujemy-2-1152x768.jpg 1152w\" loading=\"eager\" style=\"--ratio: 768 \/ 512\" sizes=\"(max-width: 768px) 100vw, 768px\" alt=\"\" title=\"Dzi\u0119kujemy (2)\" width=\"768\" height=\"512\"  \/><span class=\"gallery-zoom-ico icon-im-hover-001\"><span><\/span><\/span><\/a>\t<\/div>\n<\/div>\n\n\n<div class=\"post-entry-content\">\n\n\t<h3 class=\"entry-title\">\n\t\t<a href=\"https:\/\/przeginia.edu.pl\/index.php\/2026\/01\/21\/podziekowanie\/\" title=\"Podzi\u0119kowanie\" rel=\"bookmark\">Podzi\u0119kowanie<\/a>\n\t<\/h3>\n\n\t<div class=\"entry-meta\"><a href=\"https:\/\/przeginia.edu.pl\/index.php\/2026\/01\/21\/\" title=\"11:06\" class=\"data-link\" rel=\"bookmark\"><time class=\"entry-date updated\" datetime=\"2026-01-21T11:06:01+01:00\">21 stycznia, 2026<\/time><\/a><\/div>\n\t<div class=\"entry-excerpt\"><p>Dyrektor Zespo\u0142u Szk\u00f3\u0142 w Przegini sk\u0142ada serdeczne podzi\u0119kowanie\u00a0Pani Katarzynie Tylibie oraz PanuPaw\u0142owi Dziwakowi za ofiarowanie gier planszowych i ksi\u0105\u017cek do \u015bwietlicy szkolnej. DZI\u0118KUJEMY!!! &nbsp;<\/p>\n<\/div>\n\t\n<a href=\"https:\/\/przeginia.edu.pl\/index.php\/2026\/01\/21\/podziekowanie\/\" class=\"post-details details-type-link\" aria-label=\"Czytaj wi\u0119cej o Podzi\u0119kowanie\">czytaj wi\u0119cej &gt;&gt;<i class=\"dt-icon-the7-arrow-03\" aria-hidden=\"true\"><\/i><\/a>\n\n<\/div><\/article><\/div><div class=\"visible wf-cell\" data-post-id=\"3145\" data-date=\"2026-01-07T15:39:38+01:00\" data-name=\"Nagrody z akcji: Talenciaki LIDLA\"><article class=\"post project-odd visible post-3145 type-post status-publish format-standard has-post-thumbnail hentry category-sp2526 category-4\" data-name=\"Nagrody z akcji: Talenciaki LIDLA\" data-date=\"2026-01-07T15:39:38+01:00\">\n\n<div class=\"post-thumbnail-wrap\">\n\t<div class=\"post-thumbnail\">\n\t\t\n\t\t\n\t\t<a href=\"https:\/\/przeginia.edu.pl\/index.php\/2026\/01\/07\/nagrody-z-akcji-talenciaki-lidla\/\" class=\"post-thumbnail-rollover layzr-bg layzr-bg\" ><img decoding=\"async\" class=\"iso-lazy-load preload-me iso-lazy-load aspect\" src=\"data:image\/svg+xml,%3Csvg%20xmlns%3D&#39;http%3A%2F%2Fwww.w3.org%2F2000%2Fsvg&#39;%20viewBox%3D&#39;0%200%20768%20512&#39;%2F%3E\" data-src=\"https:\/\/przeginia.edu.pl\/wp-content\/uploads\/2026\/01\/IMG_7366-scaled-768x512.jpeg\" data-srcset=\"https:\/\/przeginia.edu.pl\/wp-content\/uploads\/2026\/01\/IMG_7366-scaled-768x512.jpeg 768w, https:\/\/przeginia.edu.pl\/wp-content\/uploads\/2026\/01\/IMG_7366-scaled-1152x768.jpeg 1152w\" loading=\"eager\" style=\"--ratio: 768 \/ 512\" sizes=\"(max-width: 768px) 100vw, 768px\" alt=\"\" title=\"IMG_7366\" width=\"768\" height=\"512\"  \/><span class=\"gallery-zoom-ico icon-im-hover-001\"><span><\/span><\/span><\/a>\t<\/div>\n<\/div>\n\n\n<div class=\"post-entry-content\">\n\n\t<h3 class=\"entry-title\">\n\t\t<a href=\"https:\/\/przeginia.edu.pl\/index.php\/2026\/01\/07\/nagrody-z-akcji-talenciaki-lidla\/\" title=\"Nagrody z akcji: Talenciaki LIDLA\" rel=\"bookmark\">Nagrody z akcji: Talenciaki LIDLA<\/a>\n\t<\/h3>\n\n\t<div class=\"entry-meta\"><a href=\"https:\/\/przeginia.edu.pl\/index.php\/2026\/01\/07\/\" title=\"15:39\" class=\"data-link\" rel=\"bookmark\"><time class=\"entry-date updated\" datetime=\"2026-01-07T15:39:38+01:00\">7 stycznia, 2026<\/time><\/a><\/div>\n\t<div class=\"entry-excerpt\"><p>Dzi\u0119ki mobilizacji ca\u0142ej spo\u0142eczno\u015bci szkolnej uda\u0142o nam si\u0119 zdoby\u0107 kolejne gry i pomoce dydaktyczne do \u015bwietlicy szkolnej. Szkolne Ko\u0142o Wolontariatu dzi\u0119kuje wszystkim, kt\u00f3rzy pomogli po raz kolejny w zbieraniu Talenciak\u00f3w&hellip;<\/p>\n<\/div>\n\t\n<a href=\"https:\/\/przeginia.edu.pl\/index.php\/2026\/01\/07\/nagrody-z-akcji-talenciaki-lidla\/\" class=\"post-details details-type-link\" aria-label=\"Czytaj wi\u0119cej o Nagrody z akcji: Talenciaki LIDLA\">czytaj wi\u0119cej &gt;&gt;<i class=\"dt-icon-the7-arrow-03\" aria-hidden=\"true\"><\/i><\/a>\n\n<\/div><\/article><\/div><div class=\"visible wf-cell\" data-post-id=\"2737\" data-date=\"2025-12-19T18:31:07+01:00\" data-name=\"\u017byczenia \u015bwi\u0105teczne\"><article class=\"post project-odd visible post-2737 type-post status-publish format-standard has-post-thumbnail hentry category-przedszkole-25-26 category-sp2526 category-3 category-4\" data-name=\"\u017byczenia \u015bwi\u0105teczne\" data-date=\"2025-12-19T18:31:07+01:00\">\n\n<div class=\"post-thumbnail-wrap\">\n\t<div class=\"post-thumbnail\">\n\t\t\n\t\t\n\t\t<a href=\"https:\/\/przeginia.edu.pl\/index.php\/2025\/12\/19\/zyczenia-swiateczne\/\" class=\"post-thumbnail-rollover layzr-bg layzr-bg\" ><img decoding=\"async\" class=\"iso-lazy-load preload-me iso-lazy-load aspect\" src=\"data:image\/svg+xml,%3Csvg%20xmlns%3D&#39;http%3A%2F%2Fwww.w3.org%2F2000%2Fsvg&#39;%20viewBox%3D&#39;0%200%20768%20512&#39;%2F%3E\" data-src=\"https:\/\/przeginia.edu.pl\/wp-content\/uploads\/2025\/12\/1000008198-768x512.jpg\" data-srcset=\"https:\/\/przeginia.edu.pl\/wp-content\/uploads\/2025\/12\/1000008198-768x512.jpg 768w, https:\/\/przeginia.edu.pl\/wp-content\/uploads\/2025\/12\/1000008198-1152x768.jpg 1152w\" loading=\"eager\" style=\"--ratio: 768 \/ 512\" sizes=\"(max-width: 768px) 100vw, 768px\" alt=\"\" title=\"1000008198\" width=\"768\" height=\"512\"  \/><span class=\"gallery-zoom-ico icon-im-hover-001\"><span><\/span><\/span><\/a>\t<\/div>\n<\/div>\n\n\n<div class=\"post-entry-content\">\n\n\t<h3 class=\"entry-title\">\n\t\t<a href=\"https:\/\/przeginia.edu.pl\/index.php\/2025\/12\/19\/zyczenia-swiateczne\/\" title=\"\u017byczenia \u015bwi\u0105teczne\" rel=\"bookmark\">\u017byczenia \u015bwi\u0105teczne<\/a>\n\t<\/h3>\n\n\t<div class=\"entry-meta\"><a href=\"https:\/\/przeginia.edu.pl\/index.php\/2025\/12\/19\/\" title=\"18:31\" class=\"data-link\" rel=\"bookmark\"><time class=\"entry-date updated\" datetime=\"2025-12-19T18:31:07+01:00\">19 grudnia, 2025<\/time><\/a><\/div>\n\t<div class=\"entry-excerpt\"><p>&nbsp;<\/p>\n<\/div>\n\t\n<a href=\"https:\/\/przeginia.edu.pl\/index.php\/2025\/12\/19\/zyczenia-swiateczne\/\" class=\"post-details details-type-link\" aria-label=\"Czytaj wi\u0119cej o \u017byczenia \u015bwi\u0105teczne\">czytaj wi\u0119cej &gt;&gt;<i class=\"dt-icon-the7-arrow-03\" aria-hidden=\"true\"><\/i><\/a>\n\n<\/div><\/article><\/div><div class=\"visible wf-cell\" data-post-id=\"3567\" data-date=\"2025-12-18T09:10:00+01:00\" data-name=\"Kartki \u015bwi\u0105teczne Sursum Corda\"><article class=\"post project-odd visible post-3567 type-post status-publish format-standard has-post-thumbnail hentry category-sp2526 category-4\" data-name=\"Kartki \u015bwi\u0105teczne Sursum Corda\" data-date=\"2025-12-18T09:10:00+01:00\">\n\n<div class=\"post-thumbnail-wrap\">\n\t<div class=\"post-thumbnail\">\n\t\t\n\t\t\n\t\t<a href=\"https:\/\/przeginia.edu.pl\/index.php\/2025\/12\/18\/kartki-swiateczne-sursum-corda\/\" class=\"post-thumbnail-rollover layzr-bg layzr-bg\" ><img decoding=\"async\" class=\"iso-lazy-load preload-me iso-lazy-load aspect\" src=\"data:image\/svg+xml,%3Csvg%20xmlns%3D&#39;http%3A%2F%2Fwww.w3.org%2F2000%2Fsvg&#39;%20viewBox%3D&#39;0%200%20500%20333&#39;%2F%3E\" data-src=\"https:\/\/przeginia.edu.pl\/wp-content\/uploads\/2026\/01\/sssssssu-500x333.png\" data-srcset=\"https:\/\/przeginia.edu.pl\/wp-content\/uploads\/2026\/01\/sssssssu-500x333.png 500w\" loading=\"eager\" style=\"--ratio: 500 \/ 333\" sizes=\"(max-width: 500px) 100vw, 500px\" alt=\"\" title=\"sssssssu\" width=\"500\" height=\"333\"  \/><span class=\"gallery-zoom-ico icon-im-hover-001\"><span><\/span><\/span><\/a>\t<\/div>\n<\/div>\n\n\n<div class=\"post-entry-content\">\n\n\t<h3 class=\"entry-title\">\n\t\t<a href=\"https:\/\/przeginia.edu.pl\/index.php\/2025\/12\/18\/kartki-swiateczne-sursum-corda\/\" title=\"Kartki \u015bwi\u0105teczne Sursum Corda\" rel=\"bookmark\">Kartki \u015bwi\u0105teczne Sursum Corda<\/a>\n\t<\/h3>\n\n\t<div class=\"entry-meta\"><a href=\"https:\/\/przeginia.edu.pl\/index.php\/2025\/12\/18\/\" title=\"09:10\" class=\"data-link\" rel=\"bookmark\"><time class=\"entry-date updated\" datetime=\"2025-12-18T09:10:00+01:00\">18 grudnia, 2025<\/time><\/a><\/div>\n\t<div class=\"entry-excerpt\"><p>Kartki \u015bwi\u0105teczne sta\u0142y si\u0119 tradycj\u0105 naszej szko\u0142y. Ju\u017c od kilku lat nasi wolontariusze sprzedaj\u0105 kartki, kt\u00f3re z \u017cyczeniami \u015bwi\u0105tecznymi trafiaj\u0105 do rak bliskich nam os\u00f3b. Te kartki maj\u0105 moc pomagania,&hellip;<\/p>\n<\/div>\n\t\n<a href=\"https:\/\/przeginia.edu.pl\/index.php\/2025\/12\/18\/kartki-swiateczne-sursum-corda\/\" class=\"post-details details-type-link\" aria-label=\"Czytaj wi\u0119cej o Kartki \u015bwi\u0105teczne Sursum Corda\">czytaj wi\u0119cej &gt;&gt;<i class=\"dt-icon-the7-arrow-03\" aria-hidden=\"true\"><\/i><\/a>\n\n<\/div><\/article><\/div><div class=\"visible wf-cell\" data-post-id=\"47\" data-date=\"2025-12-16T00:00:00+01:00\" data-name=\"Warsztaty z malowania bombek\"><article class=\"post project-odd visible post-47 type-post status-publish format-standard has-post-thumbnail hentry category-sp2526 category-4\" data-name=\"Warsztaty z malowania bombek\" data-date=\"2025-12-16T00:00:00+01:00\">\n\n<div class=\"post-thumbnail-wrap\">\n\t<div class=\"post-thumbnail\">\n\t\t\n\t\t\n\t\t<a href=\"https:\/\/przeginia.edu.pl\/index.php\/2025\/12\/16\/import-test\/\" class=\"post-thumbnail-rollover layzr-bg layzr-bg\" ><img decoding=\"async\" class=\"iso-lazy-load preload-me iso-lazy-load aspect\" src=\"data:image\/svg+xml,%3Csvg%20xmlns%3D&#39;http%3A%2F%2Fwww.w3.org%2F2000%2Fsvg&#39;%20viewBox%3D&#39;0%200%20421%20280&#39;%2F%3E\" data-src=\"https:\/\/przeginia.edu.pl\/wp-content\/uploads\/2026\/01\/image000002-1-421x280.jpg\" data-srcset=\"https:\/\/przeginia.edu.pl\/wp-content\/uploads\/2026\/01\/image000002-1-421x280.jpg 421w\" loading=\"eager\" style=\"--ratio: 421 \/ 280\" sizes=\"(max-width: 421px) 100vw, 421px\" alt=\"\" title=\"image000002 (1)\" width=\"421\" height=\"280\"  \/><span class=\"gallery-zoom-ico icon-im-hover-001\"><span><\/span><\/span><\/a>\t<\/div>\n<\/div>\n\n\n<div class=\"post-entry-content\">\n\n\t<h3 class=\"entry-title\">\n\t\t<a href=\"https:\/\/przeginia.edu.pl\/index.php\/2025\/12\/16\/import-test\/\" title=\"Warsztaty z malowania bombek\" rel=\"bookmark\">Warsztaty z malowania bombek<\/a>\n\t<\/h3>\n\n\t<div class=\"entry-meta\"><a href=\"https:\/\/przeginia.edu.pl\/index.php\/2025\/12\/16\/\" title=\"00:00\" class=\"data-link\" rel=\"bookmark\"><time class=\"entry-date updated\" datetime=\"2025-12-16T00:00:00+01:00\">16 grudnia, 2025<\/time><\/a><\/div>\n\t<div class=\"entry-excerpt\"><p>12 grudnia 2025 r. w naszej szkole odby\u0142y si\u0119 warsztaty edukacyjno-kulturalne (malowanie bombek). Uczniowie mieli okazj\u0119 uczestniczy\u0107 w przedsi\u0119wzi\u0119ciu, kt\u00f3re umo\u017cliwi\u0142o realizacj\u0119 cel\u00f3w edukacyjnych, wychowawczych, pozwoli\u0142o rozwija\u0107 kreatywno\u015b\u0107 oraz wyobra\u017ani\u0119.&hellip;<\/p>\n<\/div>\n\t\n<a href=\"https:\/\/przeginia.edu.pl\/index.php\/2025\/12\/16\/import-test\/\" class=\"post-details details-type-link\" aria-label=\"Czytaj wi\u0119cej o Warsztaty z malowania bombek\">czytaj wi\u0119cej &gt;&gt;<i class=\"dt-icon-the7-arrow-03\" aria-hidden=\"true\"><\/i><\/a>\n\n<\/div><\/article><\/div><div class=\"visible wf-cell\" data-post-id=\"2840\" data-date=\"2025-12-13T00:00:00+01:00\" data-name=\"Teatr i muzeum w Krakowie\"><article class=\"post project-odd visible post-2840 type-post status-publish format-standard has-post-thumbnail hentry category-sp2526 category-4\" data-name=\"Teatr i muzeum w Krakowie\" data-date=\"2025-12-13T00:00:00+01:00\">\n\n<div class=\"post-thumbnail-wrap\">\n\t<div class=\"post-thumbnail\">\n\t\t\n\t\t\n\t\t<a href=\"https:\/\/przeginia.edu.pl\/index.php\/2025\/12\/13\/teatr-i-muzeum-w-krakowie\/\" class=\"post-thumbnail-rollover layzr-bg layzr-bg\" ><img decoding=\"async\" class=\"iso-lazy-load preload-me iso-lazy-load aspect\" src=\"data:image\/svg+xml,%3Csvg%20xmlns%3D&#39;http%3A%2F%2Fwww.w3.org%2F2000%2Fsvg&#39;%20viewBox%3D&#39;0%200%20421%20280&#39;%2F%3E\" data-src=\"https:\/\/przeginia.edu.pl\/wp-content\/uploads\/2026\/01\/IMG_8923-1-scaled-1-421x280.jpeg\" data-srcset=\"https:\/\/przeginia.edu.pl\/wp-content\/uploads\/2026\/01\/IMG_8923-1-scaled-1-421x280.jpeg 421w\" loading=\"eager\" style=\"--ratio: 421 \/ 280\" sizes=\"(max-width: 421px) 100vw, 421px\" alt=\"\" title=\"IMG_8923-1-scaled\" width=\"421\" height=\"280\"  \/><span class=\"gallery-zoom-ico icon-im-hover-001\"><span><\/span><\/span><\/a>\t<\/div>\n<\/div>\n\n\n<div class=\"post-entry-content\">\n\n\t<h3 class=\"entry-title\">\n\t\t<a href=\"https:\/\/przeginia.edu.pl\/index.php\/2025\/12\/13\/teatr-i-muzeum-w-krakowie\/\" title=\"Teatr i muzeum w Krakowie\" rel=\"bookmark\">Teatr i muzeum w Krakowie<\/a>\n\t<\/h3>\n\n\t<div class=\"entry-meta\"><a href=\"https:\/\/przeginia.edu.pl\/index.php\/2025\/12\/13\/\" title=\"00:00\" class=\"data-link\" rel=\"bookmark\"><time class=\"entry-date updated\" datetime=\"2025-12-13T00:00:00+01:00\">13 grudnia, 2025<\/time><\/a><\/div>\n\t<div class=\"entry-excerpt\"><p>W minionym tygodniu klasy pi\u0105te mia\u0142y okazj\u0119 obejrze\u0107 przedstawienie przygotowane przez Teatr Muzyczny Syrenka. \u201eCh\u0142opcy z Placu Broni\u201d to wzruszaj\u0105ca opowie\u015b\u0107 o przyja\u017ani, lojalno\u015bci i odwadze. Zar\u00f3wno lektura ksi\u0105\u017cki jak&hellip;<\/p>\n<\/div>\n\t\n<a href=\"https:\/\/przeginia.edu.pl\/index.php\/2025\/12\/13\/teatr-i-muzeum-w-krakowie\/\" class=\"post-details details-type-link\" aria-label=\"Czytaj wi\u0119cej o Teatr i muzeum w Krakowie\">czytaj wi\u0119cej &gt;&gt;<i class=\"dt-icon-the7-arrow-03\" aria-hidden=\"true\"><\/i><\/a>\n\n<\/div><\/article><\/div><div class=\"visible wf-cell\" data-post-id=\"2841\" data-date=\"2025-12-08T00:00:00+01:00\" data-name=\"Sukces naszych uczni\u00f3w w konkursie \u201e\u015awiadek Polskiej Historii\u201d.\"><article class=\"post project-odd visible post-2841 type-post status-publish format-standard has-post-thumbnail hentry category-sp2526 category-4\" data-name=\"Sukces naszych uczni\u00f3w w konkursie \u201e\u015awiadek Polskiej Historii\u201d.\" data-date=\"2025-12-08T00:00:00+01:00\">\n\n<div class=\"post-thumbnail-wrap\">\n\t<div class=\"post-thumbnail\">\n\t\t\n\t\t\n\t\t<a href=\"https:\/\/przeginia.edu.pl\/index.php\/2025\/12\/08\/sukces-naszych-uczniow-w-konkursie-swiadek-polskiej-historii\/\" class=\"post-thumbnail-rollover layzr-bg layzr-bg\" ><img decoding=\"async\" class=\"iso-lazy-load preload-me iso-lazy-load aspect\" src=\"data:image\/svg+xml,%3Csvg%20xmlns%3D&#39;http%3A%2F%2Fwww.w3.org%2F2000%2Fsvg&#39;%20viewBox%3D&#39;0%200%20449%20299&#39;%2F%3E\" data-src=\"https:\/\/przeginia.edu.pl\/wp-content\/uploads\/2025\/12\/swiadek-pol-hist_01-1-scaled-1-449x299.jpg\" data-srcset=\"https:\/\/przeginia.edu.pl\/wp-content\/uploads\/2025\/12\/swiadek-pol-hist_01-1-scaled-1-449x299.jpg 449w\" loading=\"eager\" style=\"--ratio: 449 \/ 299\" sizes=\"(max-width: 449px) 100vw, 449px\" alt=\"\" title=\"swiadek-pol-hist_01-1-scaled\" width=\"449\" height=\"299\"  \/><span class=\"gallery-zoom-ico icon-im-hover-001\"><span><\/span><\/span><\/a>\t<\/div>\n<\/div>\n\n\n<div class=\"post-entry-content\">\n\n\t<h3 class=\"entry-title\">\n\t\t<a href=\"https:\/\/przeginia.edu.pl\/index.php\/2025\/12\/08\/sukces-naszych-uczniow-w-konkursie-swiadek-polskiej-historii\/\" title=\"Sukces naszych uczni\u00f3w w konkursie \u201e\u015awiadek Polskiej Historii\u201d.\" rel=\"bookmark\">Sukces naszych uczni\u00f3w w konkursie \u201e\u015awiadek Polskiej Historii\u201d.<\/a>\n\t<\/h3>\n\n\t<div class=\"entry-meta\"><a href=\"https:\/\/przeginia.edu.pl\/index.php\/2025\/12\/08\/\" title=\"00:00\" class=\"data-link\" rel=\"bookmark\"><time class=\"entry-date updated\" datetime=\"2025-12-08T00:00:00+01:00\">8 grudnia, 2025<\/time><\/a><\/div>\n\t<div class=\"entry-excerpt\"><p>Mi\u0142o nam poinformowa\u0107, \u017ce nasi uczniowie zostali laureatami w Og\u00f3lnopolskim Konkursie\u00a0 \u201e\u015awiadek Polskiej Historii\u201d zorganizowanym przez Urz\u0105d do Spraw Kombatant\u00f3w i Os\u00f3b Represjonowanych oraz Instytut Strat Wojennych im. Jana Karskiego.&hellip;<\/p>\n<\/div>\n\t\n<a href=\"https:\/\/przeginia.edu.pl\/index.php\/2025\/12\/08\/sukces-naszych-uczniow-w-konkursie-swiadek-polskiej-historii\/\" class=\"post-details details-type-link\" aria-label=\"Czytaj wi\u0119cej o Sukces naszych uczni\u00f3w w konkursie \u201e\u015awiadek Polskiej Historii\u201d.\">czytaj wi\u0119cej &gt;&gt;<i class=\"dt-icon-the7-arrow-03\" aria-hidden=\"true\"><\/i><\/a>\n\n<\/div><\/article><\/div><div class=\"visible wf-cell\" data-post-id=\"2842\" data-date=\"2025-11-28T00:00:00+01:00\" data-name=\"Zabawa andrzejkowa\"><article class=\"post project-odd visible post-2842 type-post status-publish format-standard has-post-thumbnail hentry category-sp2526 category-4\" data-name=\"Zabawa andrzejkowa\" data-date=\"2025-11-28T00:00:00+01:00\">\n\n<div class=\"post-thumbnail-wrap\">\n\t<div class=\"post-thumbnail\">\n\t\t\n\t\t\n\t\t<a href=\"https:\/\/przeginia.edu.pl\/index.php\/2025\/11\/28\/zabawa-andrzejkowa\/\" class=\"post-thumbnail-rollover layzr-bg layzr-bg\" ><img decoding=\"async\" class=\"iso-lazy-load preload-me iso-lazy-load aspect\" src=\"data:image\/svg+xml,%3Csvg%20xmlns%3D&#39;http%3A%2F%2Fwww.w3.org%2F2000%2Fsvg&#39;%20viewBox%3D&#39;0%200%20750%20500&#39;%2F%3E\" data-src=\"https:\/\/przeginia.edu.pl\/wp-content\/uploads\/2025\/11\/150e8dd6-630d-4456-9884-bbafb2b209f9-scaled-1-750x500.jpg\" data-srcset=\"https:\/\/przeginia.edu.pl\/wp-content\/uploads\/2025\/11\/150e8dd6-630d-4456-9884-bbafb2b209f9-scaled-1-750x500.jpg 750w\" loading=\"eager\" style=\"--ratio: 750 \/ 500\" sizes=\"(max-width: 750px) 100vw, 750px\" alt=\"\" title=\"150e8dd6-630d-4456-9884-bbafb2b209f9-scaled\" width=\"750\" height=\"500\"  \/><span class=\"gallery-zoom-ico icon-im-hover-001\"><span><\/span><\/span><\/a>\t<\/div>\n<\/div>\n\n\n<div class=\"post-entry-content\">\n\n\t<h3 class=\"entry-title\">\n\t\t<a href=\"https:\/\/przeginia.edu.pl\/index.php\/2025\/11\/28\/zabawa-andrzejkowa\/\" title=\"Zabawa andrzejkowa\" rel=\"bookmark\">Zabawa andrzejkowa<\/a>\n\t<\/h3>\n\n\t<div class=\"entry-meta\"><a href=\"https:\/\/przeginia.edu.pl\/index.php\/2025\/11\/28\/\" title=\"00:00\" class=\"data-link\" rel=\"bookmark\"><time class=\"entry-date updated\" datetime=\"2025-11-28T00:00:00+01:00\">28 listopada, 2025<\/time><\/a><\/div>\n\t<div class=\"entry-excerpt\"><p>27.11 w naszej szkole odby\u0142a si\u0119 zabawa andrzejkowa. Najpierw bawili si\u0119 uczniowie klas 1-3 a nast\u0119pnie 4-8. Wszyscy ch\u0119tnie ta\u0144czyli do znanych i lubianych przeboj\u00f3w, uczennice ze starszych klas przygotowa\u0142y&hellip;<\/p>\n<\/div>\n\t\n<a href=\"https:\/\/przeginia.edu.pl\/index.php\/2025\/11\/28\/zabawa-andrzejkowa\/\" class=\"post-details details-type-link\" aria-label=\"Czytaj wi\u0119cej o Zabawa andrzejkowa\">czytaj wi\u0119cej &gt;&gt;<i class=\"dt-icon-the7-arrow-03\" aria-hidden=\"true\"><\/i><\/a>\n\n<\/div><\/article><\/div><div class=\"visible wf-cell\" data-post-id=\"2843\" data-date=\"2025-11-26T00:00:00+01:00\" data-name=\"Literatura uczy, bawi, wychowuje\u2026\"><article class=\"post project-odd visible post-2843 type-post status-publish format-standard has-post-thumbnail hentry category-sp2526 category-4\" data-name=\"Literatura uczy, bawi, wychowuje\u2026\" data-date=\"2025-11-26T00:00:00+01:00\">\n\n<div class=\"post-thumbnail-wrap\">\n\t<div class=\"post-thumbnail\">\n\t\t\n\t\t\n\t\t<a href=\"https:\/\/przeginia.edu.pl\/index.php\/2025\/11\/26\/literatura-uczy-bawi-wychowuje\/\" class=\"post-thumbnail-rollover layzr-bg layzr-bg\" ><img decoding=\"async\" class=\"iso-lazy-load preload-me iso-lazy-load aspect\" src=\"data:image\/svg+xml,%3Csvg%20xmlns%3D&#39;http%3A%2F%2Fwww.w3.org%2F2000%2Fsvg&#39;%20viewBox%3D&#39;0%200%20768%20512&#39;%2F%3E\" data-src=\"https:\/\/przeginia.edu.pl\/wp-content\/uploads\/2026\/01\/IMG_20251125_151045-scaled-1-768x512.jpg\" data-srcset=\"https:\/\/przeginia.edu.pl\/wp-content\/uploads\/2026\/01\/IMG_20251125_151045-scaled-1-768x512.jpg 768w, https:\/\/przeginia.edu.pl\/wp-content\/uploads\/2026\/01\/IMG_20251125_151045-scaled-1-999x666.jpg 999w\" loading=\"eager\" style=\"--ratio: 768 \/ 512\" sizes=\"(max-width: 768px) 100vw, 768px\" alt=\"\" title=\"IMG_20251125_151045-scaled\" width=\"768\" height=\"512\"  \/><span class=\"gallery-zoom-ico icon-im-hover-001\"><span><\/span><\/span><\/a>\t<\/div>\n<\/div>\n\n\n<div class=\"post-entry-content\">\n\n\t<h3 class=\"entry-title\">\n\t\t<a href=\"https:\/\/przeginia.edu.pl\/index.php\/2025\/11\/26\/literatura-uczy-bawi-wychowuje\/\" title=\"Literatura uczy, bawi, wychowuje\u2026\" rel=\"bookmark\">Literatura uczy, bawi, wychowuje\u2026<\/a>\n\t<\/h3>\n\n\t<div class=\"entry-meta\"><a href=\"https:\/\/przeginia.edu.pl\/index.php\/2025\/11\/26\/\" title=\"00:00\" class=\"data-link\" rel=\"bookmark\"><time class=\"entry-date updated\" datetime=\"2025-11-26T00:00:00+01:00\">26 listopada, 2025<\/time><\/a><\/div>\n\t<div class=\"entry-excerpt\"><p>Literatura uczy, bawi, wychowuje\u2026 Pod tak\u0105 nazw\u0105 odby\u0142a si\u0119 tegoroczna edycja Gminnego Konkursu Recytatorskiego organizowanego przez nasz\u0105 szko\u0142\u0119. Konkurs adresowany by\u0142 zar\u00f3wno dla m\u0142odszych, jak i starszych uczni\u00f3w, kt\u00f3rych zadaniem&hellip;<\/p>\n<\/div>\n\t\n<a href=\"https:\/\/przeginia.edu.pl\/index.php\/2025\/11\/26\/literatura-uczy-bawi-wychowuje\/\" class=\"post-details details-type-link\" aria-label=\"Czytaj wi\u0119cej o Literatura uczy, bawi, wychowuje\u2026\">czytaj wi\u0119cej &gt;&gt;<i class=\"dt-icon-the7-arrow-03\" aria-hidden=\"true\"><\/i><\/a>\n\n<\/div><\/article><\/div><div class=\"visible wf-cell\" data-post-id=\"2844\" data-date=\"2025-11-23T00:00:00+01:00\" data-name=\"Ma\u0142opolski Konkurs Recytatorski \u201eSpotkanie ze s\u0142owem pi\u0119knym i prawdziwym\u201d\"><article class=\"post project-odd visible post-2844 type-post status-publish format-standard has-post-thumbnail hentry category-sp2526 category-4\" data-name=\"Ma\u0142opolski Konkurs Recytatorski \u201eSpotkanie ze s\u0142owem pi\u0119knym i prawdziwym\u201d\" data-date=\"2025-11-23T00:00:00+01:00\">\n\n<div class=\"post-thumbnail-wrap\">\n\t<div class=\"post-thumbnail\">\n\t\t\n\t\t\n\t\t<a href=\"https:\/\/przeginia.edu.pl\/index.php\/2025\/11\/23\/malopolski-konkurs-recytatorski-spotkanie-ze-slowem-pieknym-i-prawdziwym\/\" class=\"post-thumbnail-rollover layzr-bg layzr-bg\" ><img decoding=\"async\" class=\"iso-lazy-load preload-me iso-lazy-load aspect\" src=\"data:image\/svg+xml,%3Csvg%20xmlns%3D&#39;http%3A%2F%2Fwww.w3.org%2F2000%2Fsvg&#39;%20viewBox%3D&#39;0%200%20421%20280&#39;%2F%3E\" data-src=\"https:\/\/przeginia.edu.pl\/wp-content\/uploads\/2025\/11\/20251119_092247-scaled-1-421x280.jpg\" data-srcset=\"https:\/\/przeginia.edu.pl\/wp-content\/uploads\/2025\/11\/20251119_092247-scaled-1-421x280.jpg 421w\" loading=\"eager\" style=\"--ratio: 421 \/ 280\" sizes=\"(max-width: 421px) 100vw, 421px\" alt=\"\" title=\"20251119_092247-scaled\" width=\"421\" height=\"280\"  \/><span class=\"gallery-zoom-ico icon-im-hover-001\"><span><\/span><\/span><\/a>\t<\/div>\n<\/div>\n\n\n<div class=\"post-entry-content\">\n\n\t<h3 class=\"entry-title\">\n\t\t<a href=\"https:\/\/przeginia.edu.pl\/index.php\/2025\/11\/23\/malopolski-konkurs-recytatorski-spotkanie-ze-slowem-pieknym-i-prawdziwym\/\" title=\"Ma\u0142opolski Konkurs Recytatorski \u201eSpotkanie ze s\u0142owem pi\u0119knym i prawdziwym\u201d\" rel=\"bookmark\">Ma\u0142opolski Konkurs Recytatorski \u201eSpotkanie ze s\u0142owem pi\u0119knym i prawdziwym\u201d<\/a>\n\t<\/h3>\n\n\t<div class=\"entry-meta\"><a href=\"https:\/\/przeginia.edu.pl\/index.php\/2025\/11\/23\/\" title=\"00:00\" class=\"data-link\" rel=\"bookmark\"><time class=\"entry-date updated\" datetime=\"2025-11-23T00:00:00+01:00\">23 listopada, 2025<\/time><\/a><\/div>\n\t<div class=\"entry-excerpt\"><p>Jak pami\u0119tacie, 5 listopada odby\u0142 si\u0119 powiatowy etap konkursu recytatorskiego \u201eSpotkanie ze s\u0142owem pi\u0119knym i prawdziwym\u201d, w kt\u00f3rym wzi\u0119\u0142y udzia\u0142 dwie uczennice z klasy 7b \u2013 Natalia Mosurek i Nadia&hellip;<\/p>\n<\/div>\n\t\n<a href=\"https:\/\/przeginia.edu.pl\/index.php\/2025\/11\/23\/malopolski-konkurs-recytatorski-spotkanie-ze-slowem-pieknym-i-prawdziwym\/\" class=\"post-details details-type-link\" aria-label=\"Czytaj wi\u0119cej o Ma\u0142opolski Konkurs Recytatorski \u201eSpotkanie ze s\u0142owem pi\u0119knym i prawdziwym\u201d\">czytaj wi\u0119cej &gt;&gt;<i class=\"dt-icon-the7-arrow-03\" aria-hidden=\"true\"><\/i><\/a>\n\n<\/div><\/article><\/div><div class=\"visible wf-cell\" data-post-id=\"2845\" data-date=\"2025-11-21T00:00:00+01:00\" data-name=\"Warsztaty\u00a0 w \u015arodowiskowym Domu Samopomocy w Jerzmanowicach\"><article class=\"post project-odd visible post-2845 type-post status-publish format-standard has-post-thumbnail hentry category-sp2526 category-4\" data-name=\"Warsztaty\u00a0 w \u015arodowiskowym Domu Samopomocy w Jerzmanowicach\" data-date=\"2025-11-21T00:00:00+01:00\">\n\n<div class=\"post-thumbnail-wrap\">\n\t<div class=\"post-thumbnail\">\n\t\t\n\t\t\n\t\t<a href=\"https:\/\/przeginia.edu.pl\/index.php\/2025\/11\/21\/warsztaty-w-srodowiskowym-domu-samopomocy-w-jerzmanowicach\/\" class=\"post-thumbnail-rollover layzr-bg layzr-bg\" ><img decoding=\"async\" class=\"iso-lazy-load preload-me iso-lazy-load aspect\" src=\"data:image\/svg+xml,%3Csvg%20xmlns%3D&#39;http%3A%2F%2Fwww.w3.org%2F2000%2Fsvg&#39;%20viewBox%3D&#39;0%200%20750%20500&#39;%2F%3E\" data-src=\"https:\/\/przeginia.edu.pl\/wp-content\/uploads\/2026\/01\/IMG_7278-1-scaled-1-750x500.jpeg\" data-srcset=\"https:\/\/przeginia.edu.pl\/wp-content\/uploads\/2026\/01\/IMG_7278-1-scaled-1-750x500.jpeg 750w\" loading=\"eager\" style=\"--ratio: 750 \/ 500\" sizes=\"(max-width: 750px) 100vw, 750px\" alt=\"\" title=\"IMG_7278-1-scaled\" width=\"750\" height=\"500\"  \/><span class=\"gallery-zoom-ico icon-im-hover-001\"><span><\/span><\/span><\/a>\t<\/div>\n<\/div>\n\n\n<div class=\"post-entry-content\">\n\n\t<h3 class=\"entry-title\">\n\t\t<a href=\"https:\/\/przeginia.edu.pl\/index.php\/2025\/11\/21\/warsztaty-w-srodowiskowym-domu-samopomocy-w-jerzmanowicach\/\" title=\"Warsztaty\u00a0 w \u015arodowiskowym Domu Samopomocy w Jerzmanowicach\" rel=\"bookmark\">Warsztaty\u00a0 w \u015arodowiskowym Domu Samopomocy w Jerzmanowicach<\/a>\n\t<\/h3>\n\n\t<div class=\"entry-meta\"><a href=\"https:\/\/przeginia.edu.pl\/index.php\/2025\/11\/21\/\" title=\"00:00\" class=\"data-link\" rel=\"bookmark\"><time class=\"entry-date updated\" datetime=\"2025-11-21T00:00:00+01:00\">21 listopada, 2025<\/time><\/a><\/div>\n\t<div class=\"entry-excerpt\"><p>Uczennice ze Szkolnego Ko\u0142a Wolontariatu z opiekunem, mia\u0142y okazj\u0119 uczestniczy\u0107 w wyj\u0105tkowych warsztatach r\u0119kodzie\u0142a, kt\u00f3re zorganizowa\u0142a pani Marta Kowalczyk w \u015arodowiskowym Domu Samopomocy w Jerzmanowicach. Spotkanie przebieg\u0142o w niezwykle mi\u0142ej&hellip;<\/p>\n<\/div>\n\t\n<a href=\"https:\/\/przeginia.edu.pl\/index.php\/2025\/11\/21\/warsztaty-w-srodowiskowym-domu-samopomocy-w-jerzmanowicach\/\" class=\"post-details details-type-link\" aria-label=\"Czytaj wi\u0119cej o Warsztaty\u00a0 w \u015arodowiskowym Domu Samopomocy w Jerzmanowicach\">czytaj wi\u0119cej &gt;&gt;<i class=\"dt-icon-the7-arrow-03\" aria-hidden=\"true\"><\/i><\/a>\n\n<\/div><\/article><\/div><div class=\"visible wf-cell\" data-post-id=\"2846\" data-date=\"2025-11-21T00:00:00+01:00\" data-name=\"R\u00f3\u017cowa skrzyneczka wspiera nasz\u0105 szko\u0142\u0119.\"><article class=\"post project-odd visible post-2846 type-post status-publish format-standard has-post-thumbnail hentry category-sp2526 category-4\" data-name=\"R\u00f3\u017cowa skrzyneczka wspiera nasz\u0105 szko\u0142\u0119.\" data-date=\"2025-11-21T00:00:00+01:00\">\n\n<div class=\"post-thumbnail-wrap\">\n\t<div class=\"post-thumbnail\">\n\t\t\n\t\t\n\t\t<a href=\"https:\/\/przeginia.edu.pl\/index.php\/2025\/11\/21\/rozowa-skrzyneczka-wspiera-nasza-szkole\/\" class=\"post-thumbnail-rollover layzr-bg layzr-bg\" ><img decoding=\"async\" class=\"iso-lazy-load preload-me iso-lazy-load aspect\" src=\"data:image\/svg+xml,%3Csvg%20xmlns%3D&#39;http%3A%2F%2Fwww.w3.org%2F2000%2Fsvg&#39;%20viewBox%3D&#39;0%200%20750%20500&#39;%2F%3E\" data-src=\"https:\/\/przeginia.edu.pl\/wp-content\/uploads\/2026\/01\/IMG_7161-scaled-1-750x500.jpeg\" data-srcset=\"https:\/\/przeginia.edu.pl\/wp-content\/uploads\/2026\/01\/IMG_7161-scaled-1-750x500.jpeg 750w\" loading=\"eager\" style=\"--ratio: 750 \/ 500\" sizes=\"(max-width: 750px) 100vw, 750px\" alt=\"\" title=\"IMG_7161-scaled\" width=\"750\" height=\"500\"  \/><span class=\"gallery-zoom-ico icon-im-hover-001\"><span><\/span><\/span><\/a>\t<\/div>\n<\/div>\n\n\n<div class=\"post-entry-content\">\n\n\t<h3 class=\"entry-title\">\n\t\t<a href=\"https:\/\/przeginia.edu.pl\/index.php\/2025\/11\/21\/rozowa-skrzyneczka-wspiera-nasza-szkole\/\" title=\"R\u00f3\u017cowa skrzyneczka wspiera nasz\u0105 szko\u0142\u0119.\" rel=\"bookmark\">R\u00f3\u017cowa skrzyneczka wspiera nasz\u0105 szko\u0142\u0119.<\/a>\n\t<\/h3>\n\n\t<div class=\"entry-meta\"><a href=\"https:\/\/przeginia.edu.pl\/index.php\/2025\/11\/21\/\" title=\"00:00\" class=\"data-link\" rel=\"bookmark\"><time class=\"entry-date updated\" datetime=\"2025-11-21T00:00:00+01:00\">21 listopada, 2025<\/time><\/a><\/div>\n\t<div class=\"entry-excerpt\"><p>Serdecznie dzi\u0119kujemy Fundacji R\u00f3\u017cowa Skrzyneczka za przekazanie zapasu \u015brodk\u00f3w higienicznych dla naszej szko\u0142y. Otrzymane produkty pozwol\u0105 nam na regularne uzupe\u0142nianie dyspenser\u00f3w i zapewnienie uczennicom swobodnego, godnego dost\u0119pu do niezb\u0119dnych artyku\u0142\u00f3w.&hellip;<\/p>\n<\/div>\n\t\n<a href=\"https:\/\/przeginia.edu.pl\/index.php\/2025\/11\/21\/rozowa-skrzyneczka-wspiera-nasza-szkole\/\" class=\"post-details details-type-link\" aria-label=\"Czytaj wi\u0119cej o R\u00f3\u017cowa skrzyneczka wspiera nasz\u0105 szko\u0142\u0119.\">czytaj wi\u0119cej &gt;&gt;<i class=\"dt-icon-the7-arrow-03\" aria-hidden=\"true\"><\/i><\/a>\n\n<\/div><\/article><\/div><div class=\"visible wf-cell\" data-post-id=\"2847\" data-date=\"2025-11-21T00:00:00+01:00\" data-name=\"Zbi\u00f3rka dla potrzebuj\u0105cych-podsumowanie\"><article class=\"post project-odd visible post-2847 type-post status-publish format-standard has-post-thumbnail hentry category-sp2526 category-4\" data-name=\"Zbi\u00f3rka dla potrzebuj\u0105cych-podsumowanie\" data-date=\"2025-11-21T00:00:00+01:00\">\n\n<div class=\"post-thumbnail-wrap\">\n\t<div class=\"post-thumbnail\">\n\t\t\n\t\t\n\t\t<a href=\"https:\/\/przeginia.edu.pl\/index.php\/2025\/11\/21\/zbiorka-dla-potrzebujacych-podsumowanie\/\" class=\"post-thumbnail-rollover layzr-bg layzr-bg\" ><img decoding=\"async\" class=\"iso-lazy-load preload-me iso-lazy-load aspect\" src=\"data:image\/svg+xml,%3Csvg%20xmlns%3D&#39;http%3A%2F%2Fwww.w3.org%2F2000%2Fsvg&#39;%20viewBox%3D&#39;0%200%20750%20500&#39;%2F%3E\" data-src=\"https:\/\/przeginia.edu.pl\/wp-content\/uploads\/2026\/01\/IMG_7103-scaled-1-750x500.jpeg\" data-srcset=\"https:\/\/przeginia.edu.pl\/wp-content\/uploads\/2026\/01\/IMG_7103-scaled-1-750x500.jpeg 750w\" loading=\"eager\" style=\"--ratio: 750 \/ 500\" sizes=\"(max-width: 750px) 100vw, 750px\" alt=\"\" title=\"IMG_7103-scaled\" width=\"750\" height=\"500\"  \/><span class=\"gallery-zoom-ico icon-im-hover-001\"><span><\/span><\/span><\/a>\t<\/div>\n<\/div>\n\n\n<div class=\"post-entry-content\">\n\n\t<h3 class=\"entry-title\">\n\t\t<a href=\"https:\/\/przeginia.edu.pl\/index.php\/2025\/11\/21\/zbiorka-dla-potrzebujacych-podsumowanie\/\" title=\"Zbi\u00f3rka dla potrzebuj\u0105cych-podsumowanie\" rel=\"bookmark\">Zbi\u00f3rka dla potrzebuj\u0105cych-podsumowanie<\/a>\n\t<\/h3>\n\n\t<div class=\"entry-meta\"><a href=\"https:\/\/przeginia.edu.pl\/index.php\/2025\/11\/21\/\" title=\"00:00\" class=\"data-link\" rel=\"bookmark\"><time class=\"entry-date updated\" datetime=\"2025-11-21T00:00:00+01:00\">21 listopada, 2025<\/time><\/a><\/div>\n\t<div class=\"entry-excerpt\"><p>Z rado\u015bci\u0105 informujemy, \u017ce zako\u0144czy\u0142a si\u0119 szkolna zbi\u00f3rka dar\u00f3w dla Noclegowni i Schroniska dla Bezdomnych M\u0119\u017cczyzn przy ul. Makuszy\u0144skiego 19a w Krakowie. Dzi\u0119ki ogromnemu zaanga\u017cowaniu uczni\u00f3w, rodzic\u00f3w i pracownik\u00f3w szko\u0142y&hellip;<\/p>\n<\/div>\n\t\n<a href=\"https:\/\/przeginia.edu.pl\/index.php\/2025\/11\/21\/zbiorka-dla-potrzebujacych-podsumowanie\/\" class=\"post-details details-type-link\" aria-label=\"Czytaj wi\u0119cej o Zbi\u00f3rka dla potrzebuj\u0105cych-podsumowanie\">czytaj wi\u0119cej &gt;&gt;<i class=\"dt-icon-the7-arrow-03\" aria-hidden=\"true\"><\/i><\/a>\n\n<\/div><\/article><\/div><div class=\"visible wf-cell\" data-post-id=\"2848\" data-date=\"2025-11-21T00:00:00+01:00\" data-name=\"Sukces naszych uczni\u00f3w w Ma\u0142opolskim Konkursie Kuratoryjnym z Fizyki.\"><article class=\"post project-odd visible post-2848 type-post status-publish format-standard has-post-thumbnail hentry category-sp2526 category-4\" data-name=\"Sukces naszych uczni\u00f3w w Ma\u0142opolskim Konkursie Kuratoryjnym z Fizyki.\" data-date=\"2025-11-21T00:00:00+01:00\">\n\n<div class=\"post-thumbnail-wrap\">\n\t<div class=\"post-thumbnail\">\n\t\t\n\t\t\n\t\t<a href=\"https:\/\/przeginia.edu.pl\/index.php\/2025\/11\/21\/sukces-naszych-uczniow-w-malopolskim-konkursie-kuratoryjnym-z-fizyki\/\" class=\"post-thumbnail-rollover layzr-bg layzr-bg\" ><img decoding=\"async\" class=\"iso-lazy-load preload-me iso-lazy-load aspect\" src=\"data:image\/svg+xml,%3Csvg%20xmlns%3D&#39;http%3A%2F%2Fwww.w3.org%2F2000%2Fsvg&#39;%20viewBox%3D&#39;0%200%20553%20368&#39;%2F%3E\" data-src=\"https:\/\/przeginia.edu.pl\/wp-content\/uploads\/2025\/11\/logo-kuratorium-oswiaty-w-krakowie-scaled-1-553x368.jpg\" data-srcset=\"https:\/\/przeginia.edu.pl\/wp-content\/uploads\/2025\/11\/logo-kuratorium-oswiaty-w-krakowie-scaled-1-553x368.jpg 553w\" loading=\"eager\" style=\"--ratio: 553 \/ 368\" sizes=\"(max-width: 553px) 100vw, 553px\" alt=\"\" title=\"logo-kuratorium-oswiaty-w-krakowie-scaled\" width=\"553\" height=\"368\"  \/><span class=\"gallery-zoom-ico icon-im-hover-001\"><span><\/span><\/span><\/a>\t<\/div>\n<\/div>\n\n\n<div class=\"post-entry-content\">\n\n\t<h3 class=\"entry-title\">\n\t\t<a href=\"https:\/\/przeginia.edu.pl\/index.php\/2025\/11\/21\/sukces-naszych-uczniow-w-malopolskim-konkursie-kuratoryjnym-z-fizyki\/\" title=\"Sukces naszych uczni\u00f3w w Ma\u0142opolskim Konkursie Kuratoryjnym z Fizyki.\" rel=\"bookmark\">Sukces naszych uczni\u00f3w w Ma\u0142opolskim Konkursie Kuratoryjnym z Fizyki.<\/a>\n\t<\/h3>\n\n\t<div class=\"entry-meta\"><a href=\"https:\/\/przeginia.edu.pl\/index.php\/2025\/11\/21\/\" title=\"00:00\" class=\"data-link\" rel=\"bookmark\"><time class=\"entry-date updated\" datetime=\"2025-11-21T00:00:00+01:00\">21 listopada, 2025<\/time><\/a><\/div>\n\t<div class=\"entry-excerpt\"><p>Z rado\u015bci\u0105 informujemy, \u017ce do etapu rejonowego Ma\u0142opolskiego Konkursu Kuratoryjnego z Fizyki zakwalifikowali si\u0119 uczniowie naszej szko\u0142y: \u2022 Roksana Ga\u0142ka \u2022 \u0141ucja Kumor \u2022 Maciej Herian Serdecznie gratulujemy wszystkim uczestnikom&hellip;<\/p>\n<\/div>\n\t\n<a href=\"https:\/\/przeginia.edu.pl\/index.php\/2025\/11\/21\/sukces-naszych-uczniow-w-malopolskim-konkursie-kuratoryjnym-z-fizyki\/\" class=\"post-details details-type-link\" aria-label=\"Czytaj wi\u0119cej o Sukces naszych uczni\u00f3w w Ma\u0142opolskim Konkursie Kuratoryjnym z Fizyki.\">czytaj wi\u0119cej &gt;&gt;<i class=\"dt-icon-the7-arrow-03\" aria-hidden=\"true\"><\/i><\/a>\n\n<\/div><\/article><\/div><div class=\"visible wf-cell\" data-post-id=\"2849\" data-date=\"2025-11-19T00:00:00+01:00\" data-name=\"Dzie\u0144 otwarty\"><article class=\"post project-odd visible no-img post-2849 type-post status-publish format-standard hentry category-sp2526 category-4\" data-name=\"Dzie\u0144 otwarty\" data-date=\"2025-11-19T00:00:00+01:00\">\n\n<div class=\"post-entry-content\">\n\n\t<h3 class=\"entry-title\">\n\t\t<a href=\"https:\/\/przeginia.edu.pl\/index.php\/2025\/11\/19\/dzien-otwarty\/\" title=\"Dzie\u0144 otwarty\" rel=\"bookmark\">Dzie\u0144 otwarty<\/a>\n\t<\/h3>\n\n\t<div class=\"entry-meta\"><a href=\"https:\/\/przeginia.edu.pl\/index.php\/2025\/11\/19\/\" title=\"00:00\" class=\"data-link\" rel=\"bookmark\"><time class=\"entry-date updated\" datetime=\"2025-11-19T00:00:00+01:00\">19 listopada, 2025<\/time><\/a><\/div>\n\t<div class=\"entry-excerpt\"><p>Zapraszamy rodzic\u00f3w 20.11.2025 r. (czwartek) na Dzie\u0144 Otwarty w godzinach od 16:30-18:30. W tym dniu od godziny 15.30 odb\u0119dzie si\u0119 kiermasz organizowany przez Rad\u0119 Rodzic\u00f3w.<\/p>\n<\/div>\n\t\n<a href=\"https:\/\/przeginia.edu.pl\/index.php\/2025\/11\/19\/dzien-otwarty\/\" class=\"post-details details-type-link\" aria-label=\"Czytaj wi\u0119cej o Dzie\u0144 otwarty\">czytaj wi\u0119cej &gt;&gt;<i class=\"dt-icon-the7-arrow-03\" aria-hidden=\"true\"><\/i><\/a>\n\n<\/div><\/article><\/div><div class=\"visible wf-cell\" data-post-id=\"2850\" data-date=\"2025-11-18T00:00:00+01:00\" data-name=\"Konkurs\"><article class=\"post project-odd visible post-2850 type-post status-publish format-standard has-post-thumbnail hentry category-sp2526 category-4\" data-name=\"Konkurs\" data-date=\"2025-11-18T00:00:00+01:00\">\n\n<div class=\"post-thumbnail-wrap\">\n\t<div class=\"post-thumbnail\">\n\t\t\n\t\t\n\t\t<a href=\"https:\/\/przeginia.edu.pl\/index.php\/2025\/11\/18\/konkurs\/\" class=\"post-thumbnail-rollover layzr-bg layzr-bg\" ><img decoding=\"async\" class=\"iso-lazy-load preload-me iso-lazy-load aspect\" src=\"data:image\/svg+xml,%3Csvg%20xmlns%3D&#39;http%3A%2F%2Fwww.w3.org%2F2000%2Fsvg&#39;%20viewBox%3D&#39;0%200%20670%20446&#39;%2F%3E\" data-src=\"https:\/\/przeginia.edu.pl\/wp-content\/uploads\/2026\/01\/Plakat-670x446.png\" data-srcset=\"https:\/\/przeginia.edu.pl\/wp-content\/uploads\/2026\/01\/Plakat-670x446.png 670w\" loading=\"eager\" style=\"--ratio: 670 \/ 446\" sizes=\"(max-width: 670px) 100vw, 670px\" alt=\"\" title=\"Plakat\" width=\"670\" height=\"446\"  \/><span class=\"gallery-zoom-ico icon-im-hover-001\"><span><\/span><\/span><\/a>\t<\/div>\n<\/div>\n\n\n<div class=\"post-entry-content\">\n\n\t<h3 class=\"entry-title\">\n\t\t<a href=\"https:\/\/przeginia.edu.pl\/index.php\/2025\/11\/18\/konkurs\/\" title=\"Konkurs\" rel=\"bookmark\">Konkurs<\/a>\n\t<\/h3>\n\n\t<div class=\"entry-meta\"><a href=\"https:\/\/przeginia.edu.pl\/index.php\/2025\/11\/18\/\" title=\"00:00\" class=\"data-link\" rel=\"bookmark\"><time class=\"entry-date updated\" datetime=\"2025-11-18T00:00:00+01:00\">18 listopada, 2025<\/time><\/a><\/div>\n\t<div class=\"entry-excerpt\"><p>Zapraszamy do udzia\u0142u w konkursie. Szczeg\u00f3\u0142y na plakacie poni\u017cej. regulamin konkursu gminna kartka \u015bwi\u0105teczna (1)<\/p>\n<\/div>\n\t\n<a href=\"https:\/\/przeginia.edu.pl\/index.php\/2025\/11\/18\/konkurs\/\" class=\"post-details details-type-link\" aria-label=\"Czytaj wi\u0119cej o Konkurs\">czytaj wi\u0119cej &gt;&gt;<i class=\"dt-icon-the7-arrow-03\" aria-hidden=\"true\"><\/i><\/a>\n\n<\/div><\/article><\/div><div class=\"visible wf-cell\" data-post-id=\"2851\" data-date=\"2025-11-13T00:00:00+01:00\" data-name=\"Sukces naszych uczni\u00f3w w Ma\u0142opolskim Konkursie Kuratoryjnym z Matematyki!\"><article class=\"post project-odd visible post-2851 type-post status-publish format-standard has-post-thumbnail hentry category-sp2526 category-4\" data-name=\"Sukces naszych uczni\u00f3w w Ma\u0142opolskim Konkursie Kuratoryjnym z Matematyki!\" data-date=\"2025-11-13T00:00:00+01:00\">\n\n<div class=\"post-thumbnail-wrap\">\n\t<div class=\"post-thumbnail\">\n\t\t\n\t\t\n\t\t<a href=\"https:\/\/przeginia.edu.pl\/index.php\/2025\/11\/13\/sukces-naszych-uczniow-w-malopolskim-konkursie-kuratoryjnym-z-matematyki\/\" class=\"post-thumbnail-rollover layzr-bg layzr-bg\" ><img decoding=\"async\" class=\"iso-lazy-load preload-me iso-lazy-load aspect\" src=\"data:image\/svg+xml,%3Csvg%20xmlns%3D&#39;http%3A%2F%2Fwww.w3.org%2F2000%2Fsvg&#39;%20viewBox%3D&#39;0%200%20553%20368&#39;%2F%3E\" data-src=\"https:\/\/przeginia.edu.pl\/wp-content\/uploads\/2025\/11\/logo-kuratorium-oswiaty-w-krakowie-scaled-1-553x368.jpg\" data-srcset=\"https:\/\/przeginia.edu.pl\/wp-content\/uploads\/2025\/11\/logo-kuratorium-oswiaty-w-krakowie-scaled-1-553x368.jpg 553w\" loading=\"eager\" style=\"--ratio: 553 \/ 368\" sizes=\"(max-width: 553px) 100vw, 553px\" alt=\"\" title=\"logo-kuratorium-oswiaty-w-krakowie-scaled\" width=\"553\" height=\"368\"  \/><span class=\"gallery-zoom-ico icon-im-hover-001\"><span><\/span><\/span><\/a>\t<\/div>\n<\/div>\n\n\n<div class=\"post-entry-content\">\n\n\t<h3 class=\"entry-title\">\n\t\t<a href=\"https:\/\/przeginia.edu.pl\/index.php\/2025\/11\/13\/sukces-naszych-uczniow-w-malopolskim-konkursie-kuratoryjnym-z-matematyki\/\" title=\"Sukces naszych uczni\u00f3w w Ma\u0142opolskim Konkursie Kuratoryjnym z Matematyki!\" rel=\"bookmark\">Sukces naszych uczni\u00f3w w Ma\u0142opolskim Konkursie Kuratoryjnym z Matematyki!<\/a>\n\t<\/h3>\n\n\t<div class=\"entry-meta\"><a href=\"https:\/\/przeginia.edu.pl\/index.php\/2025\/11\/13\/\" title=\"00:00\" class=\"data-link\" rel=\"bookmark\"><time class=\"entry-date updated\" datetime=\"2025-11-13T00:00:00+01:00\">13 listopada, 2025<\/time><\/a><\/div>\n\t<div class=\"entry-excerpt\"><p>Z rado\u015bci\u0105 informujemy, \u017ce do etapu rejonowego Ma\u0142opolskiego Konkursu Kuratoryjnego z Matematyki zakwalifikowali si\u0119 uczniowie naszej szko\u0142y: \u2022 Igor Jaworski \u2022 \u0141ucja Kumor \u2022 Grzegorz Ro\u015b \u2022 Jan Solecki Serdecznie&hellip;<\/p>\n<\/div>\n\t\n<a href=\"https:\/\/przeginia.edu.pl\/index.php\/2025\/11\/13\/sukces-naszych-uczniow-w-malopolskim-konkursie-kuratoryjnym-z-matematyki\/\" class=\"post-details details-type-link\" aria-label=\"Czytaj wi\u0119cej o Sukces naszych uczni\u00f3w w Ma\u0142opolskim Konkursie Kuratoryjnym z Matematyki!\">czytaj wi\u0119cej &gt;&gt;<i class=\"dt-icon-the7-arrow-03\" aria-hidden=\"true\"><\/i><\/a>\n\n<\/div><\/article><\/div><div class=\"visible wf-cell\" data-post-id=\"2852\" data-date=\"2025-11-13T00:00:00+01:00\" data-name=\"Sukces uczni\u00f3w w I etapie konkursu InstaLogik!\"><article class=\"post project-odd visible post-2852 type-post status-publish format-standard has-post-thumbnail hentry category-sp2526 category-4\" data-name=\"Sukces uczni\u00f3w w I etapie konkursu InstaLogik!\" data-date=\"2025-11-13T00:00:00+01:00\">\n\n<div class=\"post-thumbnail-wrap\">\n\t<div class=\"post-thumbnail\">\n\t\t\n\t\t\n\t\t<a href=\"https:\/\/przeginia.edu.pl\/index.php\/2025\/11\/13\/sukces-uczniow-w-i-etapie-konkursu-instalogik\/\" class=\"post-thumbnail-rollover layzr-bg layzr-bg\" ><img decoding=\"async\" class=\"iso-lazy-load preload-me iso-lazy-load aspect\" src=\"data:image\/svg+xml,%3Csvg%20xmlns%3D&#39;http%3A%2F%2Fwww.w3.org%2F2000%2Fsvg&#39;%20viewBox%3D&#39;0%200%20400%20267&#39;%2F%3E\" data-src=\"https:\/\/przeginia.edu.pl\/wp-content\/uploads\/2025\/11\/instalogik_logo_z_podpisem-scaled-1-400x267.png\" data-srcset=\"https:\/\/przeginia.edu.pl\/wp-content\/uploads\/2025\/11\/instalogik_logo_z_podpisem-scaled-1-400x267.png 400w\" loading=\"eager\" style=\"--ratio: 400 \/ 267\" sizes=\"(max-width: 400px) 100vw, 400px\" alt=\"\" title=\"instalogik_logo_z_podpisem-scaled\" width=\"400\" height=\"267\"  \/><span class=\"gallery-zoom-ico icon-im-hover-001\"><span><\/span><\/span><\/a>\t<\/div>\n<\/div>\n\n\n<div class=\"post-entry-content\">\n\n\t<h3 class=\"entry-title\">\n\t\t<a href=\"https:\/\/przeginia.edu.pl\/index.php\/2025\/11\/13\/sukces-uczniow-w-i-etapie-konkursu-instalogik\/\" title=\"Sukces uczni\u00f3w w I etapie konkursu InstaLogik!\" rel=\"bookmark\">Sukces uczni\u00f3w w I etapie konkursu InstaLogik!<\/a>\n\t<\/h3>\n\n\t<div class=\"entry-meta\"><a href=\"https:\/\/przeginia.edu.pl\/index.php\/2025\/11\/13\/\" title=\"00:00\" class=\"data-link\" rel=\"bookmark\"><time class=\"entry-date updated\" datetime=\"2025-11-13T00:00:00+01:00\">13 listopada, 2025<\/time><\/a><\/div>\n\t<div class=\"entry-excerpt\"><p>Z rado\u015bci\u0105 informujemy, \u017ce uczniowie naszej szko\u0142y wzi\u0119li udzia\u0142 w og\u00f3lnopolskim konkursie matematyczno informatycznym InstaLogik, kt\u00f3rego celem jest rozwijanie logicznego my\u015blenia, umiej\u0119tno\u015bci matematycznych oraz kreatywnego rozwi\u0105zywania problem\u00f3w. Konkurs cieszy si\u0119&hellip;<\/p>\n<\/div>\n\t\n<a href=\"https:\/\/przeginia.edu.pl\/index.php\/2025\/11\/13\/sukces-uczniow-w-i-etapie-konkursu-instalogik\/\" class=\"post-details details-type-link\" aria-label=\"Czytaj wi\u0119cej o Sukces uczni\u00f3w w I etapie konkursu InstaLogik!\">czytaj wi\u0119cej &gt;&gt;<i class=\"dt-icon-the7-arrow-03\" aria-hidden=\"true\"><\/i><\/a>\n\n<\/div><\/article><\/div><div class=\"visible wf-cell\" data-post-id=\"2853\" data-date=\"2025-11-07T00:00:00+01:00\" data-name=\"KONCERT PIE\u015aNI PATRIOTYCZNYCH\"><article class=\"post project-odd visible post-2853 type-post status-publish format-standard has-post-thumbnail hentry category-sp2526 category-4\" data-name=\"KONCERT PIE\u015aNI PATRIOTYCZNYCH\" data-date=\"2025-11-07T00:00:00+01:00\">\n\n<div class=\"post-thumbnail-wrap\">\n\t<div class=\"post-thumbnail\">\n\t\t\n\t\t\n\t\t<a href=\"https:\/\/przeginia.edu.pl\/index.php\/2025\/11\/07\/koncert-piesni-patriotycznych\/\" class=\"post-thumbnail-rollover layzr-bg layzr-bg\" ><img decoding=\"async\" class=\"iso-lazy-load preload-me iso-lazy-load aspect\" src=\"data:image\/svg+xml,%3Csvg%20xmlns%3D&#39;http%3A%2F%2Fwww.w3.org%2F2000%2Fsvg&#39;%20viewBox%3D&#39;0%200%20421%20280&#39;%2F%3E\" data-src=\"https:\/\/przeginia.edu.pl\/wp-content\/uploads\/2026\/01\/IMG_20251107_091217-scaled-1-421x280.jpg\" data-srcset=\"https:\/\/przeginia.edu.pl\/wp-content\/uploads\/2026\/01\/IMG_20251107_091217-scaled-1-421x280.jpg 421w\" loading=\"eager\" style=\"--ratio: 421 \/ 280\" sizes=\"(max-width: 421px) 100vw, 421px\" alt=\"\" title=\"IMG_20251107_091217-scaled\" width=\"421\" height=\"280\"  \/><span class=\"gallery-zoom-ico icon-im-hover-001\"><span><\/span><\/span><\/a>\t<\/div>\n<\/div>\n\n\n<div class=\"post-entry-content\">\n\n\t<h3 class=\"entry-title\">\n\t\t<a href=\"https:\/\/przeginia.edu.pl\/index.php\/2025\/11\/07\/koncert-piesni-patriotycznych\/\" title=\"KONCERT PIE\u015aNI PATRIOTYCZNYCH\" rel=\"bookmark\">KONCERT PIE\u015aNI PATRIOTYCZNYCH<\/a>\n\t<\/h3>\n\n\t<div class=\"entry-meta\"><a href=\"https:\/\/przeginia.edu.pl\/index.php\/2025\/11\/07\/\" title=\"00:00\" class=\"data-link\" rel=\"bookmark\"><time class=\"entry-date updated\" datetime=\"2025-11-07T00:00:00+01:00\">7 listopada, 2025<\/time><\/a><\/div>\n\t<div class=\"entry-excerpt\"><p>7.11.2025 r. Uczniowska Bra\u0107 Szko\u0142y Podstawowej w Przegini wraz z Nauczycielami i Dyrekcj\u0105 zebrali si\u0119 na akademii, by uczci\u0107 Narodowe \u015awi\u0119to Niepodleg\u0142o\u015bci. Najpierw wszyscy za\u015bpiewali Hymn Narodowy przy fortepianowym akompaniamencie&hellip;<\/p>\n<\/div>\n\t\n<a href=\"https:\/\/przeginia.edu.pl\/index.php\/2025\/11\/07\/koncert-piesni-patriotycznych\/\" class=\"post-details details-type-link\" aria-label=\"Czytaj wi\u0119cej o KONCERT PIE\u015aNI PATRIOTYCZNYCH\">czytaj wi\u0119cej &gt;&gt;<i class=\"dt-icon-the7-arrow-03\" aria-hidden=\"true\"><\/i><\/a>\n\n<\/div><\/article><\/div><div class=\"visible wf-cell\" data-post-id=\"2854\" data-date=\"2025-11-04T00:00:00+01:00\" data-name=\"Konkurs recytatorski\"><article class=\"post project-odd visible post-2854 type-post status-publish format-standard has-post-thumbnail hentry category-sp2526 category-4\" data-name=\"Konkurs recytatorski\" data-date=\"2025-11-04T00:00:00+01:00\">\n\n<div class=\"post-thumbnail-wrap\">\n\t<div class=\"post-thumbnail\">\n\t\t\n\t\t\n\t\t<a href=\"https:\/\/przeginia.edu.pl\/index.php\/2025\/11\/04\/konkurs-recytatorski\/\" class=\"post-thumbnail-rollover layzr-bg layzr-bg\" ><img decoding=\"async\" class=\"iso-lazy-load preload-me iso-lazy-load aspect\" src=\"data:image\/svg+xml,%3Csvg%20xmlns%3D&#39;http%3A%2F%2Fwww.w3.org%2F2000%2Fsvg&#39;%20viewBox%3D&#39;0%200%20768%20512&#39;%2F%3E\" data-src=\"https:\/\/przeginia.edu.pl\/wp-content\/uploads\/2026\/01\/IMG_20251125_151045-scaled-1-768x512.jpg\" data-srcset=\"https:\/\/przeginia.edu.pl\/wp-content\/uploads\/2026\/01\/IMG_20251125_151045-scaled-1-768x512.jpg 768w, https:\/\/przeginia.edu.pl\/wp-content\/uploads\/2026\/01\/IMG_20251125_151045-scaled-1-999x666.jpg 999w\" loading=\"eager\" style=\"--ratio: 768 \/ 512\" sizes=\"(max-width: 768px) 100vw, 768px\" alt=\"\" title=\"IMG_20251125_151045-scaled\" width=\"768\" height=\"512\"  \/><span class=\"gallery-zoom-ico icon-im-hover-001\"><span><\/span><\/span><\/a>\t<\/div>\n<\/div>\n\n\n<div class=\"post-entry-content\">\n\n\t<h3 class=\"entry-title\">\n\t\t<a href=\"https:\/\/przeginia.edu.pl\/index.php\/2025\/11\/04\/konkurs-recytatorski\/\" title=\"Konkurs recytatorski\" rel=\"bookmark\">Konkurs recytatorski<\/a>\n\t<\/h3>\n\n\t<div class=\"entry-meta\"><a href=\"https:\/\/przeginia.edu.pl\/index.php\/2025\/11\/04\/\" title=\"00:00\" class=\"data-link\" rel=\"bookmark\"><time class=\"entry-date updated\" datetime=\"2025-11-04T00:00:00+01:00\">4 listopada, 2025<\/time><\/a><\/div>\n\t<div class=\"entry-excerpt\"><p>Zapraszamy do udzia\u0142u w konkursie. Regulamin, karta zg\u0142oszenia i zgoda znajduj\u0105 si\u0119 w za\u0142\u0105czniku. Regulamin konkursu recytatorskiego 1-8<\/p>\n<\/div>\n\t\n<a href=\"https:\/\/przeginia.edu.pl\/index.php\/2025\/11\/04\/konkurs-recytatorski\/\" class=\"post-details details-type-link\" aria-label=\"Czytaj wi\u0119cej o Konkurs recytatorski\">czytaj wi\u0119cej &gt;&gt;<i class=\"dt-icon-the7-arrow-03\" aria-hidden=\"true\"><\/i><\/a>\n\n<\/div><\/article><\/div><div class=\"visible wf-cell\" data-post-id=\"2855\" data-date=\"2025-10-29T00:00:00+01:00\" data-name=\"Mistrzowie Powiatu w Szachach\"><article class=\"post project-odd visible post-2855 type-post status-publish format-standard has-post-thumbnail hentry category-sp2526 category-4\" data-name=\"Mistrzowie Powiatu w Szachach\" data-date=\"2025-10-29T00:00:00+01:00\">\n\n<div class=\"post-thumbnail-wrap\">\n\t<div class=\"post-thumbnail\">\n\t\t\n\t\t\n\t\t<a href=\"https:\/\/przeginia.edu.pl\/index.php\/2025\/10\/29\/mistrzowie-powiatu-w-szachach\/\" class=\"post-thumbnail-rollover layzr-bg layzr-bg\" ><img decoding=\"async\" class=\"iso-lazy-load preload-me iso-lazy-load aspect\" src=\"data:image\/svg+xml,%3Csvg%20xmlns%3D&#39;http%3A%2F%2Fwww.w3.org%2F2000%2Fsvg&#39;%20viewBox%3D&#39;0%200%20750%20500&#39;%2F%3E\" data-src=\"https:\/\/przeginia.edu.pl\/wp-content\/uploads\/2026\/01\/IMG_20251029_092859-scaled-1-750x500.jpg\" data-srcset=\"https:\/\/przeginia.edu.pl\/wp-content\/uploads\/2026\/01\/IMG_20251029_092859-scaled-1-750x500.jpg 750w\" loading=\"eager\" style=\"--ratio: 750 \/ 500\" sizes=\"(max-width: 750px) 100vw, 750px\" alt=\"\" title=\"IMG_20251029_092859-scaled\" width=\"750\" height=\"500\"  \/><span class=\"gallery-zoom-ico icon-im-hover-001\"><span><\/span><\/span><\/a>\t<\/div>\n<\/div>\n\n\n<div class=\"post-entry-content\">\n\n\t<h3 class=\"entry-title\">\n\t\t<a href=\"https:\/\/przeginia.edu.pl\/index.php\/2025\/10\/29\/mistrzowie-powiatu-w-szachach\/\" title=\"Mistrzowie Powiatu w Szachach\" rel=\"bookmark\">Mistrzowie Powiatu w Szachach<\/a>\n\t<\/h3>\n\n\t<div class=\"entry-meta\"><a href=\"https:\/\/przeginia.edu.pl\/index.php\/2025\/10\/29\/\" title=\"00:00\" class=\"data-link\" rel=\"bookmark\"><time class=\"entry-date updated\" datetime=\"2025-10-29T00:00:00+01:00\">29 pa\u017adziernika, 2025<\/time><\/a><\/div>\n\t<div class=\"entry-excerpt\"><p>Kolejny raz uczniowie Szko\u0142y Podstawowej w Przegini udowodnili, i\u017c w szachach s\u0105 niepokonani. 29.10.2025r w Skawinie odby\u0142y si\u0119 Igrzyska Dzieci i Igrzyska M\u0142odzie\u017cy Szkolnej Powiatu Krakowskiego w szachach dru\u017cynowych. Z&hellip;<\/p>\n<\/div>\n\t\n<a href=\"https:\/\/przeginia.edu.pl\/index.php\/2025\/10\/29\/mistrzowie-powiatu-w-szachach\/\" class=\"post-details details-type-link\" aria-label=\"Czytaj wi\u0119cej o Mistrzowie Powiatu w Szachach\">czytaj wi\u0119cej &gt;&gt;<i class=\"dt-icon-the7-arrow-03\" aria-hidden=\"true\"><\/i><\/a>\n\n<\/div><\/article><\/div><div class=\"visible wf-cell\" data-post-id=\"2856\" data-date=\"2025-10-29T00:00:00+01:00\" data-name=\"Wycieczka klasy 8 do O\u015bwi\u0119cimia\"><article class=\"post project-odd visible post-2856 type-post status-publish format-standard has-post-thumbnail hentry category-sp2526 category-4\" data-name=\"Wycieczka klasy 8 do O\u015bwi\u0119cimia\" data-date=\"2025-10-29T00:00:00+01:00\">\n\n<div class=\"post-thumbnail-wrap\">\n\t<div class=\"post-thumbnail\">\n\t\t\n\t\t\n\t\t<a href=\"https:\/\/przeginia.edu.pl\/index.php\/2025\/10\/29\/wycieczka-klasy-8-do-oswiecimia\/\" class=\"post-thumbnail-rollover layzr-bg layzr-bg\" ><img decoding=\"async\" class=\"iso-lazy-load preload-me iso-lazy-load aspect\" src=\"data:image\/svg+xml,%3Csvg%20xmlns%3D&#39;http%3A%2F%2Fwww.w3.org%2F2000%2Fsvg&#39;%20viewBox%3D&#39;0%200%20668%20445&#39;%2F%3E\" data-src=\"https:\/\/przeginia.edu.pl\/wp-content\/uploads\/2026\/01\/Image-29-paz-2025-scaled-1-668x445.png\" data-srcset=\"https:\/\/przeginia.edu.pl\/wp-content\/uploads\/2026\/01\/Image-29-paz-2025-scaled-1-668x445.png 668w\" loading=\"eager\" style=\"--ratio: 668 \/ 445\" sizes=\"(max-width: 668px) 100vw, 668px\" alt=\"\" title=\"Image-29-paz-2025-scaled\" width=\"668\" height=\"445\"  \/><span class=\"gallery-zoom-ico icon-im-hover-001\"><span><\/span><\/span><\/a>\t<\/div>\n<\/div>\n\n\n<div class=\"post-entry-content\">\n\n\t<h3 class=\"entry-title\">\n\t\t<a href=\"https:\/\/przeginia.edu.pl\/index.php\/2025\/10\/29\/wycieczka-klasy-8-do-oswiecimia\/\" title=\"Wycieczka klasy 8 do O\u015bwi\u0119cimia\" rel=\"bookmark\">Wycieczka klasy 8 do O\u015bwi\u0119cimia<\/a>\n\t<\/h3>\n\n\t<div class=\"entry-meta\"><a href=\"https:\/\/przeginia.edu.pl\/index.php\/2025\/10\/29\/\" title=\"00:00\" class=\"data-link\" rel=\"bookmark\"><time class=\"entry-date updated\" datetime=\"2025-10-29T00:00:00+01:00\">29 pa\u017adziernika, 2025<\/time><\/a><\/div>\n\t<div class=\"entry-excerpt\"><p>Uczniowie klasy 8 wybrali si\u0119 na wycieczk\u0119 do Muzeum Auschwitz-Birkenau w O\u015bwi\u0119cimiu. By\u0142a to wyj\u0105tkowa, ale te\u017c trudna lekcja historii. Przewodnik w przejmuj\u0105cy spos\u00f3b opowiada\u0142 o historii obozu, tragediach ludzi,&hellip;<\/p>\n<\/div>\n\t\n<a href=\"https:\/\/przeginia.edu.pl\/index.php\/2025\/10\/29\/wycieczka-klasy-8-do-oswiecimia\/\" class=\"post-details details-type-link\" aria-label=\"Czytaj wi\u0119cej o Wycieczka klasy 8 do O\u015bwi\u0119cimia\">czytaj wi\u0119cej &gt;&gt;<i class=\"dt-icon-the7-arrow-03\" aria-hidden=\"true\"><\/i><\/a>\n\n<\/div><\/article><\/div><div class=\"visible wf-cell\" data-post-id=\"2857\" data-date=\"2025-10-28T00:00:00+01:00\" data-name=\"Konkurs: \u201e\u015awiadek Polskiej Historii\u201d.\"><article class=\"post project-odd visible post-2857 type-post status-publish format-standard has-post-thumbnail hentry category-sp2526 category-4\" data-name=\"Konkurs: \u201e\u015awiadek Polskiej Historii\u201d.\" data-date=\"2025-10-28T00:00:00+01:00\">\n\n<div class=\"post-thumbnail-wrap\">\n\t<div class=\"post-thumbnail\">\n\t\t\n\t\t\n\t\t<a href=\"https:\/\/przeginia.edu.pl\/index.php\/2025\/10\/28\/konkurs-swiadek-polskiej-historii\/\" class=\"post-thumbnail-rollover layzr-bg layzr-bg\" ><img decoding=\"async\" class=\"iso-lazy-load preload-me iso-lazy-load aspect\" src=\"data:image\/svg+xml,%3Csvg%20xmlns%3D&#39;http%3A%2F%2Fwww.w3.org%2F2000%2Fsvg&#39;%20viewBox%3D&#39;0%200%20449%20299&#39;%2F%3E\" data-src=\"https:\/\/przeginia.edu.pl\/wp-content\/uploads\/2026\/01\/swiadek-pol-hist_01-1-scaled-1-449x299.jpg\" data-srcset=\"https:\/\/przeginia.edu.pl\/wp-content\/uploads\/2026\/01\/swiadek-pol-hist_01-1-scaled-1-449x299.jpg 449w\" loading=\"eager\" style=\"--ratio: 449 \/ 299\" sizes=\"(max-width: 449px) 100vw, 449px\" alt=\"\" title=\"swiadek-pol-hist_01-1-scaled\" width=\"449\" height=\"299\"  \/><span class=\"gallery-zoom-ico icon-im-hover-001\"><span><\/span><\/span><\/a>\t<\/div>\n<\/div>\n\n\n<div class=\"post-entry-content\">\n\n\t<h3 class=\"entry-title\">\n\t\t<a href=\"https:\/\/przeginia.edu.pl\/index.php\/2025\/10\/28\/konkurs-swiadek-polskiej-historii\/\" title=\"Konkurs: \u201e\u015awiadek Polskiej Historii\u201d.\" rel=\"bookmark\">Konkurs: \u201e\u015awiadek Polskiej Historii\u201d.<\/a>\n\t<\/h3>\n\n\t<div class=\"entry-meta\"><a href=\"https:\/\/przeginia.edu.pl\/index.php\/2025\/10\/28\/\" title=\"00:00\" class=\"data-link\" rel=\"bookmark\"><time class=\"entry-date updated\" datetime=\"2025-10-28T00:00:00+01:00\">28 pa\u017adziernika, 2025<\/time><\/a><\/div>\n\t<div class=\"entry-excerpt\"><p>Z ogromn\u0105 dum\u0105 informujemy, \u017ce uczniowie naszej szko\u0142y bior\u0105 udzia\u0142 w og\u00f3lnopolskim konkursie \u201e\u015awiadek Polskiej Historii\u201d, organizowanym wsp\u00f3lnie przez Instytut Strat Wojennych im. Jana Karskiego oraz Urz\u0105d do Spraw Kombatant\u00f3w&hellip;<\/p>\n<\/div>\n\t\n<a href=\"https:\/\/przeginia.edu.pl\/index.php\/2025\/10\/28\/konkurs-swiadek-polskiej-historii\/\" class=\"post-details details-type-link\" aria-label=\"Czytaj wi\u0119cej o Konkurs: \u201e\u015awiadek Polskiej Historii\u201d.\">czytaj wi\u0119cej &gt;&gt;<i class=\"dt-icon-the7-arrow-03\" aria-hidden=\"true\"><\/i><\/a>\n\n<\/div><\/article><\/div><div class=\"visible wf-cell\" data-post-id=\"2858\" data-date=\"2025-10-26T00:00:00+01:00\" data-name=\"Projekt:\u00a0\u00a0\u201eDost\u0119pne, integruj\u0105ce i wspieraj\u0105ce rozw\u00f3j uczni\u00f3w szko\u0142y w gminie Jerzmanowice \u2013 Przeginia\u201d\"><article class=\"post project-odd visible no-img post-2858 type-post status-publish format-standard hentry category-sp2526 category-4\" data-name=\"Projekt:\u00a0\u00a0\u201eDost\u0119pne, integruj\u0105ce i wspieraj\u0105ce rozw\u00f3j uczni\u00f3w szko\u0142y w gminie Jerzmanowice \u2013 Przeginia\u201d\" data-date=\"2025-10-26T00:00:00+01:00\">\n\n<div class=\"post-entry-content\">\n\n\t<h3 class=\"entry-title\">\n\t\t<a href=\"https:\/\/przeginia.edu.pl\/index.php\/2025\/10\/26\/projekt-dostepne-integrujace-i-wspierajace-rozwoj-uczniow-szkoly-w-gminie-jerzmanowice-przeginia\/\" title=\"Projekt:\u00a0\u00a0\u201eDost\u0119pne, integruj\u0105ce i wspieraj\u0105ce rozw\u00f3j uczni\u00f3w szko\u0142y w gminie Jerzmanowice \u2013 Przeginia\u201d\" rel=\"bookmark\">Projekt:\u00a0\u00a0\u201eDost\u0119pne, integruj\u0105ce i wspieraj\u0105ce rozw\u00f3j uczni\u00f3w szko\u0142y w gminie Jerzmanowice \u2013 Przeginia\u201d<\/a>\n\t<\/h3>\n\n\t<div class=\"entry-meta\"><a href=\"https:\/\/przeginia.edu.pl\/index.php\/2025\/10\/26\/\" title=\"00:00\" class=\"data-link\" rel=\"bookmark\"><time class=\"entry-date updated\" datetime=\"2025-10-26T00:00:00+01:00\">26 pa\u017adziernika, 2025<\/time><\/a><\/div>\n\t<div class=\"entry-excerpt\"><p>Projekt \u201eDost\u0119pne, integruj\u0105ce i wspieraj\u0105ce rozw\u00f3j uczni\u00f3w szko\u0142y w gminie Jerzmanowice-Przeginia\u201d Projekt wsp\u00f3\u0142finansowany ze \u015brodk\u00f3w Unii Europejskiej w ramach \u201e Fundusze Europejskie dla Ma\u0142opolski 2021-2027\u201d numer naboru FEMP.06.37-IP.01-044\/24, numer projektu&hellip;<\/p>\n<\/div>\n\t\n<a href=\"https:\/\/przeginia.edu.pl\/index.php\/2025\/10\/26\/projekt-dostepne-integrujace-i-wspierajace-rozwoj-uczniow-szkoly-w-gminie-jerzmanowice-przeginia\/\" class=\"post-details details-type-link\" aria-label=\"Czytaj wi\u0119cej o Projekt:\u00a0\u00a0\u201eDost\u0119pne, integruj\u0105ce i wspieraj\u0105ce rozw\u00f3j uczni\u00f3w szko\u0142y w gminie Jerzmanowice \u2013 Przeginia\u201d\">czytaj wi\u0119cej &gt;&gt;<i class=\"dt-icon-the7-arrow-03\" aria-hidden=\"true\"><\/i><\/a>\n\n<\/div><\/article><\/div><div class=\"visible wf-cell\" data-post-id=\"2859\" data-date=\"2025-10-22T00:00:00+01:00\" data-name=\"Ma\u0142opolski Konkurs Recytatorski \u201eSpotkanie ze s\u0142owem pi\u0119knym i prawdziwym\u201d\"><article class=\"post project-odd visible no-img post-2859 type-post status-publish format-standard hentry category-sp2526 category-4\" data-name=\"Ma\u0142opolski Konkurs Recytatorski \u201eSpotkanie ze s\u0142owem pi\u0119knym i prawdziwym\u201d\" data-date=\"2025-10-22T00:00:00+01:00\">\n\n<div class=\"post-entry-content\">\n\n\t<h3 class=\"entry-title\">\n\t\t<a href=\"https:\/\/przeginia.edu.pl\/index.php\/2025\/10\/22\/malopolski-konkurs-recytatorski-spotkanie-ze-slowem-pieknym-i-prawdziwym-2\/\" title=\"Ma\u0142opolski Konkurs Recytatorski \u201eSpotkanie ze s\u0142owem pi\u0119knym i prawdziwym\u201d\" rel=\"bookmark\">Ma\u0142opolski Konkurs Recytatorski \u201eSpotkanie ze s\u0142owem pi\u0119knym i prawdziwym\u201d<\/a>\n\t<\/h3>\n\n\t<div class=\"entry-meta\"><a href=\"https:\/\/przeginia.edu.pl\/index.php\/2025\/10\/22\/\" title=\"00:00\" class=\"data-link\" rel=\"bookmark\"><time class=\"entry-date updated\" datetime=\"2025-10-22T00:00:00+01:00\">22 pa\u017adziernika, 2025<\/time><\/a><\/div>\n\t<div class=\"entry-excerpt\"><p>Mi\u0142o nam poinformowa\u0107, \u017ce dwie uczennice z klasy 7b: Natalia Mosurek oraz Nadia Kuzon zosta\u0142y zakwalifikowane do etapu powiatowego konkursu recytatorskiego \u201eSpotkanie ze s\u0142owem pi\u0119knym i prawdziwym\u201d organizowanym przez Samorz\u0105d&hellip;<\/p>\n<\/div>\n\t\n<a href=\"https:\/\/przeginia.edu.pl\/index.php\/2025\/10\/22\/malopolski-konkurs-recytatorski-spotkanie-ze-slowem-pieknym-i-prawdziwym-2\/\" class=\"post-details details-type-link\" aria-label=\"Czytaj wi\u0119cej o Ma\u0142opolski Konkurs Recytatorski \u201eSpotkanie ze s\u0142owem pi\u0119knym i prawdziwym\u201d\">czytaj wi\u0119cej &gt;&gt;<i class=\"dt-icon-the7-arrow-03\" aria-hidden=\"true\"><\/i><\/a>\n\n<\/div><\/article><\/div><div class=\"visible wf-cell\" data-post-id=\"2860\" data-date=\"2025-10-21T00:00:00+01:00\" data-name=\"\u015alubowanie klas pierwszych\"><article class=\"post project-odd visible post-2860 type-post status-publish format-standard has-post-thumbnail hentry category-sp2526 category-4\" data-name=\"\u015alubowanie klas pierwszych\" data-date=\"2025-10-21T00:00:00+01:00\">\n\n<div class=\"post-thumbnail-wrap\">\n\t<div class=\"post-thumbnail\">\n\t\t\n\t\t\n\t\t<a href=\"https:\/\/przeginia.edu.pl\/index.php\/2025\/10\/21\/slubowanie-klas-pierwszych\/\" class=\"post-thumbnail-rollover layzr-bg layzr-bg\" ><img decoding=\"async\" class=\"iso-lazy-load preload-me iso-lazy-load aspect\" src=\"data:image\/svg+xml,%3Csvg%20xmlns%3D&#39;http%3A%2F%2Fwww.w3.org%2F2000%2Fsvg&#39;%20viewBox%3D&#39;0%200%20421%20280&#39;%2F%3E\" data-src=\"https:\/\/przeginia.edu.pl\/wp-content\/uploads\/2025\/10\/df77d626-8487-4b3f-9d76-f47e1667251b-scaled-1-421x280.jpg\" data-srcset=\"https:\/\/przeginia.edu.pl\/wp-content\/uploads\/2025\/10\/df77d626-8487-4b3f-9d76-f47e1667251b-scaled-1-421x280.jpg 421w\" loading=\"eager\" style=\"--ratio: 421 \/ 280\" sizes=\"(max-width: 421px) 100vw, 421px\" alt=\"\" title=\"df77d626-8487-4b3f-9d76-f47e1667251b-scaled\" width=\"421\" height=\"280\"  \/><span class=\"gallery-zoom-ico icon-im-hover-001\"><span><\/span><\/span><\/a>\t<\/div>\n<\/div>\n\n\n<div class=\"post-entry-content\">\n\n\t<h3 class=\"entry-title\">\n\t\t<a href=\"https:\/\/przeginia.edu.pl\/index.php\/2025\/10\/21\/slubowanie-klas-pierwszych\/\" title=\"\u015alubowanie klas pierwszych\" rel=\"bookmark\">\u015alubowanie klas pierwszych<\/a>\n\t<\/h3>\n\n\t<div class=\"entry-meta\"><a href=\"https:\/\/przeginia.edu.pl\/index.php\/2025\/10\/21\/\" title=\"00:00\" class=\"data-link\" rel=\"bookmark\"><time class=\"entry-date updated\" datetime=\"2025-10-21T00:00:00+01:00\">21 pa\u017adziernika, 2025<\/time><\/a><\/div>\n\t<div class=\"entry-excerpt\"><p>Dnia 21 pa\u017adziernika 2025 roku w naszej szkole odby\u0142o si\u0119 uroczyste \u015blubowanie klas pierwszych. To wyj\u0105tkowe wydarzenie zgromadzi\u0142o pierwszoklasist\u00f3w, ich rodzic\u00f3w, dyrekcj\u0119, nauczycieli oraz zaproszonych go\u015bci. Uroczysto\u015b\u0107 rozpocz\u0119\u0142a si\u0119 cz\u0119\u015bci\u0105&hellip;<\/p>\n<\/div>\n\t\n<a href=\"https:\/\/przeginia.edu.pl\/index.php\/2025\/10\/21\/slubowanie-klas-pierwszych\/\" class=\"post-details details-type-link\" aria-label=\"Czytaj wi\u0119cej o \u015alubowanie klas pierwszych\">czytaj wi\u0119cej &gt;&gt;<i class=\"dt-icon-the7-arrow-03\" aria-hidden=\"true\"><\/i><\/a>\n\n<\/div><\/article><\/div><div class=\"visible wf-cell\" data-post-id=\"2861\" data-date=\"2025-10-20T00:00:00+01:00\" data-name=\"Czytelnikiem zosta\u0107 czas!\"><article class=\"post project-odd visible post-2861 type-post status-publish format-standard has-post-thumbnail hentry category-sp2526 category-4\" data-name=\"Czytelnikiem zosta\u0107 czas!\" data-date=\"2025-10-20T00:00:00+01:00\">\n\n<div class=\"post-thumbnail-wrap\">\n\t<div class=\"post-thumbnail\">\n\t\t\n\t\t\n\t\t<a href=\"https:\/\/przeginia.edu.pl\/index.php\/2025\/10\/20\/czytelnikiem-zostac-czas\/\" class=\"post-thumbnail-rollover layzr-bg layzr-bg\" ><img decoding=\"async\" class=\"iso-lazy-load preload-me iso-lazy-load aspect\" src=\"data:image\/svg+xml,%3Csvg%20xmlns%3D&#39;http%3A%2F%2Fwww.w3.org%2F2000%2Fsvg&#39;%20viewBox%3D&#39;0%200%20562%20374&#39;%2F%3E\" data-src=\"https:\/\/przeginia.edu.pl\/wp-content\/uploads\/2026\/01\/1000022070-scaled-1-562x374.jpg\" data-srcset=\"https:\/\/przeginia.edu.pl\/wp-content\/uploads\/2026\/01\/1000022070-scaled-1-562x374.jpg 562w\" loading=\"eager\" style=\"--ratio: 562 \/ 374\" sizes=\"(max-width: 562px) 100vw, 562px\" alt=\"\" title=\"1000022070-scaled\" width=\"562\" height=\"374\"  \/><span class=\"gallery-zoom-ico icon-im-hover-001\"><span><\/span><\/span><\/a>\t<\/div>\n<\/div>\n\n\n<div class=\"post-entry-content\">\n\n\t<h3 class=\"entry-title\">\n\t\t<a href=\"https:\/\/przeginia.edu.pl\/index.php\/2025\/10\/20\/czytelnikiem-zostac-czas\/\" title=\"Czytelnikiem zosta\u0107 czas!\" rel=\"bookmark\">Czytelnikiem zosta\u0107 czas!<\/a>\n\t<\/h3>\n\n\t<div class=\"entry-meta\"><a href=\"https:\/\/przeginia.edu.pl\/index.php\/2025\/10\/20\/\" title=\"00:00\" class=\"data-link\" rel=\"bookmark\"><time class=\"entry-date updated\" datetime=\"2025-10-20T00:00:00+01:00\">20 pa\u017adziernika, 2025<\/time><\/a><\/div>\n\t<div class=\"entry-excerpt\"><p>Uczniowie drugich klas w minionym roku szkolnym poznali wszystkie litery, wi\u0119c przyszed\u0142 czas na doskonalenie czytania i wypo\u017cyczanie ksi\u0105\u017cek. W miniony pi\u0105tek zostali zaproszeni do szkolnej biblioteki, aby ju\u017c oficjalnie&hellip;<\/p>\n<\/div>\n\t\n<a href=\"https:\/\/przeginia.edu.pl\/index.php\/2025\/10\/20\/czytelnikiem-zostac-czas\/\" class=\"post-details details-type-link\" aria-label=\"Czytaj wi\u0119cej o Czytelnikiem zosta\u0107 czas!\">czytaj wi\u0119cej &gt;&gt;<i class=\"dt-icon-the7-arrow-03\" aria-hidden=\"true\"><\/i><\/a>\n\n<\/div><\/article><\/div><div class=\"visible wf-cell\" data-post-id=\"2862\" data-date=\"2025-10-20T00:00:00+01:00\" data-name=\"Konkurs Pie\u015bni Patriotycznej- etap szkolny dla klas I-III.\"><article class=\"post project-odd visible post-2862 type-post status-publish format-standard has-post-thumbnail hentry category-sp2526 category-4\" data-name=\"Konkurs Pie\u015bni Patriotycznej- etap szkolny dla klas I-III.\" data-date=\"2025-10-20T00:00:00+01:00\">\n\n<div class=\"post-thumbnail-wrap\">\n\t<div class=\"post-thumbnail\">\n\t\t\n\t\t\n\t\t<a href=\"https:\/\/przeginia.edu.pl\/index.php\/2025\/10\/20\/konkurs-piesni-patriotycznej-etap-szkolny-dla-klas-i-iii\/\" class=\"post-thumbnail-rollover layzr-bg layzr-bg\" ><img decoding=\"async\" class=\"iso-lazy-load preload-me iso-lazy-load aspect\" src=\"data:image\/svg+xml,%3Csvg%20xmlns%3D&#39;http%3A%2F%2Fwww.w3.org%2F2000%2Fsvg&#39;%20viewBox%3D&#39;0%200%20750%20500&#39;%2F%3E\" data-src=\"https:\/\/przeginia.edu.pl\/wp-content\/uploads\/2025\/10\/IMG_6999-scaled-1-750x500.jpeg\" data-srcset=\"https:\/\/przeginia.edu.pl\/wp-content\/uploads\/2025\/10\/IMG_6999-scaled-1-750x500.jpeg 750w\" loading=\"eager\" style=\"--ratio: 750 \/ 500\" sizes=\"(max-width: 750px) 100vw, 750px\" alt=\"\" title=\"IMG_6999-scaled\" width=\"750\" height=\"500\"  \/><span class=\"gallery-zoom-ico icon-im-hover-001\"><span><\/span><\/span><\/a>\t<\/div>\n<\/div>\n\n\n<div class=\"post-entry-content\">\n\n\t<h3 class=\"entry-title\">\n\t\t<a href=\"https:\/\/przeginia.edu.pl\/index.php\/2025\/10\/20\/konkurs-piesni-patriotycznej-etap-szkolny-dla-klas-i-iii\/\" title=\"Konkurs Pie\u015bni Patriotycznej- etap szkolny dla klas I-III.\" rel=\"bookmark\">Konkurs Pie\u015bni Patriotycznej- etap szkolny dla klas I-III.<\/a>\n\t<\/h3>\n\n\t<div class=\"entry-meta\"><a href=\"https:\/\/przeginia.edu.pl\/index.php\/2025\/10\/20\/\" title=\"00:00\" class=\"data-link\" rel=\"bookmark\"><time class=\"entry-date updated\" datetime=\"2025-10-20T00:00:00+01:00\">20 pa\u017adziernika, 2025<\/time><\/a><\/div>\n\t<div class=\"entry-excerpt\"><p>W dniu 16 pa\u017adziernika odby\u0142 si\u0119 etap szkolny konkursu pie\u015bni patriotycznej dla klas I-III. W wydarzeniu wzi\u0119\u0142o udzia\u0142 siedmioro utalentowanych uczni\u00f3w, kt\u00f3rzy z dum\u0105 i zaanga\u017cowaniem zaprezentowali pie\u015bni nawi\u0105zuj\u0105ce do&hellip;<\/p>\n<\/div>\n\t\n<a href=\"https:\/\/przeginia.edu.pl\/index.php\/2025\/10\/20\/konkurs-piesni-patriotycznej-etap-szkolny-dla-klas-i-iii\/\" class=\"post-details details-type-link\" aria-label=\"Czytaj wi\u0119cej o Konkurs Pie\u015bni Patriotycznej- etap szkolny dla klas I-III.\">czytaj wi\u0119cej &gt;&gt;<i class=\"dt-icon-the7-arrow-03\" aria-hidden=\"true\"><\/i><\/a>\n\n<\/div><\/article><\/div><div class=\"visible wf-cell\" data-post-id=\"2863\" data-date=\"2025-10-17T00:00:00+01:00\" data-name=\"GMINNY KONKURS POLSKIEJ PIE\u015aNI PATRIOTYCZNEJ- ETAP SZKOLNY DLA KLAS IV-VIII\"><article class=\"post project-odd visible post-2863 type-post status-publish format-standard has-post-thumbnail hentry category-sp2526 category-4\" data-name=\"GMINNY KONKURS POLSKIEJ PIE\u015aNI PATRIOTYCZNEJ- ETAP SZKOLNY DLA KLAS IV-VIII\" data-date=\"2025-10-17T00:00:00+01:00\">\n\n<div class=\"post-thumbnail-wrap\">\n\t<div class=\"post-thumbnail\">\n\t\t\n\t\t\n\t\t<a href=\"https:\/\/przeginia.edu.pl\/index.php\/2025\/10\/17\/gminny-konkurs-polskiej-piesni-patriotycznej-etap-szkolny-dla-klas-iv-viii\/\" class=\"post-thumbnail-rollover layzr-bg layzr-bg\" ><img decoding=\"async\" class=\"iso-lazy-load preload-me iso-lazy-load aspect\" src=\"data:image\/svg+xml,%3Csvg%20xmlns%3D&#39;http%3A%2F%2Fwww.w3.org%2F2000%2Fsvg&#39;%20viewBox%3D&#39;0%200%20421%20280&#39;%2F%3E\" data-src=\"https:\/\/przeginia.edu.pl\/wp-content\/uploads\/2025\/10\/IMG_1317-scaled-1-421x280.jpeg\" data-srcset=\"https:\/\/przeginia.edu.pl\/wp-content\/uploads\/2025\/10\/IMG_1317-scaled-1-421x280.jpeg 421w\" loading=\"eager\" style=\"--ratio: 421 \/ 280\" sizes=\"(max-width: 421px) 100vw, 421px\" alt=\"\" title=\"IMG_1317-scaled\" width=\"421\" height=\"280\"  \/><span class=\"gallery-zoom-ico icon-im-hover-001\"><span><\/span><\/span><\/a>\t<\/div>\n<\/div>\n\n\n<div class=\"post-entry-content\">\n\n\t<h3 class=\"entry-title\">\n\t\t<a href=\"https:\/\/przeginia.edu.pl\/index.php\/2025\/10\/17\/gminny-konkurs-polskiej-piesni-patriotycznej-etap-szkolny-dla-klas-iv-viii\/\" title=\"GMINNY KONKURS POLSKIEJ PIE\u015aNI PATRIOTYCZNEJ- ETAP SZKOLNY DLA KLAS IV-VIII\" rel=\"bookmark\">GMINNY KONKURS POLSKIEJ PIE\u015aNI PATRIOTYCZNEJ- ETAP SZKOLNY DLA KLAS IV-VIII<\/a>\n\t<\/h3>\n\n\t<div class=\"entry-meta\"><a href=\"https:\/\/przeginia.edu.pl\/index.php\/2025\/10\/17\/\" title=\"00:00\" class=\"data-link\" rel=\"bookmark\"><time class=\"entry-date updated\" datetime=\"2025-10-17T00:00:00+01:00\">17 pa\u017adziernika, 2025<\/time><\/a><\/div>\n\t<div class=\"entry-excerpt\"><p>Dnia 17 pa\u017adziernika\u00a02025 roku\u00a0w naszej szkole odby\u0142 si\u0119\u00a0Szkolny Konkurs Pie\u015bni Patriotycznej zorganizowany jako pierwszy etap Gminnego konkursu pie\u015bni Patriotycznej. Celem konkursu by\u0142o kszta\u0142towanie postaw patriotycznych w\u015br\u00f3d uczni\u00f3w oraz popularyzacja pie\u015bni,&hellip;<\/p>\n<\/div>\n\t\n<a href=\"https:\/\/przeginia.edu.pl\/index.php\/2025\/10\/17\/gminny-konkurs-polskiej-piesni-patriotycznej-etap-szkolny-dla-klas-iv-viii\/\" class=\"post-details details-type-link\" aria-label=\"Czytaj wi\u0119cej o GMINNY KONKURS POLSKIEJ PIE\u015aNI PATRIOTYCZNEJ- ETAP SZKOLNY DLA KLAS IV-VIII\">czytaj wi\u0119cej &gt;&gt;<i class=\"dt-icon-the7-arrow-03\" aria-hidden=\"true\"><\/i><\/a>\n\n<\/div><\/article><\/div><div class=\"visible wf-cell\" data-post-id=\"2864\" data-date=\"2025-10-14T00:00:00+01:00\" data-name=\"Dzie\u0144 Edukacji Narodowej\"><article class=\"post project-odd visible post-2864 type-post status-publish format-standard has-post-thumbnail hentry category-sp2526 category-4\" data-name=\"Dzie\u0144 Edukacji Narodowej\" data-date=\"2025-10-14T00:00:00+01:00\">\n\n<div class=\"post-thumbnail-wrap\">\n\t<div class=\"post-thumbnail\">\n\t\t\n\t\t\n\t\t<a href=\"https:\/\/przeginia.edu.pl\/index.php\/2025\/10\/14\/dzien-edukacji-narodowej\/\" class=\"post-thumbnail-rollover layzr-bg layzr-bg\" ><img decoding=\"async\" class=\"iso-lazy-load preload-me iso-lazy-load aspect\" src=\"data:image\/svg+xml,%3Csvg%20xmlns%3D&#39;http%3A%2F%2Fwww.w3.org%2F2000%2Fsvg&#39;%20viewBox%3D&#39;0%200%20750%20500&#39;%2F%3E\" data-src=\"https:\/\/przeginia.edu.pl\/wp-content\/uploads\/2026\/01\/IMG_20251014_085843-scaled-1-750x500.jpg\" data-srcset=\"https:\/\/przeginia.edu.pl\/wp-content\/uploads\/2026\/01\/IMG_20251014_085843-scaled-1-750x500.jpg 750w\" loading=\"eager\" style=\"--ratio: 750 \/ 500\" sizes=\"(max-width: 750px) 100vw, 750px\" alt=\"\" title=\"IMG_20251014_085843-scaled\" width=\"750\" height=\"500\"  \/><span class=\"gallery-zoom-ico icon-im-hover-001\"><span><\/span><\/span><\/a>\t<\/div>\n<\/div>\n\n\n<div class=\"post-entry-content\">\n\n\t<h3 class=\"entry-title\">\n\t\t<a href=\"https:\/\/przeginia.edu.pl\/index.php\/2025\/10\/14\/dzien-edukacji-narodowej\/\" title=\"Dzie\u0144 Edukacji Narodowej\" rel=\"bookmark\">Dzie\u0144 Edukacji Narodowej<\/a>\n\t<\/h3>\n\n\t<div class=\"entry-meta\"><a href=\"https:\/\/przeginia.edu.pl\/index.php\/2025\/10\/14\/\" title=\"00:00\" class=\"data-link\" rel=\"bookmark\"><time class=\"entry-date updated\" datetime=\"2025-10-14T00:00:00+01:00\">14 pa\u017adziernika, 2025<\/time><\/a><\/div>\n\t<div class=\"entry-excerpt\"><p>14 pa\u017adziernika ca\u0142a Polska obchodzi \u015bwi\u0119to Dnia Edukacji Narodowej. Nasza szko\u0142a r\u00f3wnie\u017c postanowi\u0142a uczci\u0107 ten dzie\u0144. Samorz\u0105d Uczniowski przygotowa\u0142 na t\u0105 okazj\u0119 akademi\u0119 z elementami humoru, a ca\u0142o\u015bci dope\u0142ni\u0142 ch\u00f3r&hellip;<\/p>\n<\/div>\n\t\n<a href=\"https:\/\/przeginia.edu.pl\/index.php\/2025\/10\/14\/dzien-edukacji-narodowej\/\" class=\"post-details details-type-link\" aria-label=\"Czytaj wi\u0119cej o Dzie\u0144 Edukacji Narodowej\">czytaj wi\u0119cej &gt;&gt;<i class=\"dt-icon-the7-arrow-03\" aria-hidden=\"true\"><\/i><\/a>\n\n<\/div><\/article><\/div><div class=\"visible wf-cell\" data-post-id=\"2865\" data-date=\"2025-10-13T00:00:00+01:00\" data-name=\"Europejski Dzie\u0144 J\u0119zyk\u00f3w Obcych\"><article class=\"post project-odd visible post-2865 type-post status-publish format-standard has-post-thumbnail hentry category-sp2526 category-4\" data-name=\"Europejski Dzie\u0144 J\u0119zyk\u00f3w Obcych\" data-date=\"2025-10-13T00:00:00+01:00\">\n\n<div class=\"post-thumbnail-wrap\">\n\t<div class=\"post-thumbnail\">\n\t\t\n\t\t\n\t\t<a href=\"https:\/\/przeginia.edu.pl\/index.php\/2025\/10\/13\/europejski-dzien-jezykow-obcych\/\" class=\"post-thumbnail-rollover layzr-bg layzr-bg\" ><img decoding=\"async\" class=\"iso-lazy-load preload-me iso-lazy-load aspect\" src=\"data:image\/svg+xml,%3Csvg%20xmlns%3D&#39;http%3A%2F%2Fwww.w3.org%2F2000%2Fsvg&#39;%20viewBox%3D&#39;0%200%20768%20512&#39;%2F%3E\" data-src=\"https:\/\/przeginia.edu.pl\/wp-content\/uploads\/2026\/01\/IMG_0380-scaled-1-768x512.jpg\" data-srcset=\"https:\/\/przeginia.edu.pl\/wp-content\/uploads\/2026\/01\/IMG_0380-scaled-1-768x512.jpg 768w, https:\/\/przeginia.edu.pl\/wp-content\/uploads\/2026\/01\/IMG_0380-scaled-1-999x666.jpg 999w\" loading=\"eager\" style=\"--ratio: 768 \/ 512\" sizes=\"(max-width: 768px) 100vw, 768px\" alt=\"\" title=\"IMG_0380-scaled\" width=\"768\" height=\"512\"  \/><span class=\"gallery-zoom-ico icon-im-hover-001\"><span><\/span><\/span><\/a>\t<\/div>\n<\/div>\n\n\n<div class=\"post-entry-content\">\n\n\t<h3 class=\"entry-title\">\n\t\t<a href=\"https:\/\/przeginia.edu.pl\/index.php\/2025\/10\/13\/europejski-dzien-jezykow-obcych\/\" title=\"Europejski Dzie\u0144 J\u0119zyk\u00f3w Obcych\" rel=\"bookmark\">Europejski Dzie\u0144 J\u0119zyk\u00f3w Obcych<\/a>\n\t<\/h3>\n\n\t<div class=\"entry-meta\"><a href=\"https:\/\/przeginia.edu.pl\/index.php\/2025\/10\/13\/\" title=\"00:00\" class=\"data-link\" rel=\"bookmark\"><time class=\"entry-date updated\" datetime=\"2025-10-13T00:00:00+01:00\">13 pa\u017adziernika, 2025<\/time><\/a><\/div>\n\t<div class=\"entry-excerpt\"><p>\u015awi\u0119tuj\u0105c Europejski Dzie\u0144 J\u0119zyk\u00f3w Obcych uczniowie naszej szko\u0142y zmierzyli si\u0119 z interaktywnymi zadaniami.\u00a0 Zadania polega\u0142y na dopasowaniu flag do pa\u0144stw, rozpoznaniu powita\u0144 w r\u00f3\u017cnych j\u0119zykach, czy weryfikowaniu prawdziwych i fa\u0142szywych&hellip;<\/p>\n<\/div>\n\t\n<a href=\"https:\/\/przeginia.edu.pl\/index.php\/2025\/10\/13\/europejski-dzien-jezykow-obcych\/\" class=\"post-details details-type-link\" aria-label=\"Czytaj wi\u0119cej o Europejski Dzie\u0144 J\u0119zyk\u00f3w Obcych\">czytaj wi\u0119cej &gt;&gt;<i class=\"dt-icon-the7-arrow-03\" aria-hidden=\"true\"><\/i><\/a>\n\n<\/div><\/article><\/div><div class=\"visible wf-cell\" data-post-id=\"2866\" data-date=\"2025-10-13T00:00:00+01:00\" data-name=\"Nasza szko\u0142a zakwalifikowa\u0142a si\u0119 do og\u00f3lnopolskiego programu \u201eOkres? No stress!\u201d\"><article class=\"post project-odd visible post-2866 type-post status-publish format-standard has-post-thumbnail hentry category-sp2526 category-4\" data-name=\"Nasza szko\u0142a zakwalifikowa\u0142a si\u0119 do og\u00f3lnopolskiego programu \u201eOkres? No stress!\u201d\" data-date=\"2025-10-13T00:00:00+01:00\">\n\n<div class=\"post-thumbnail-wrap\">\n\t<div class=\"post-thumbnail\">\n\t\t\n\t\t\n\t\t<a href=\"https:\/\/przeginia.edu.pl\/index.php\/2025\/10\/13\/nasza-szkola-zakwalifikowala-sie-do-ogolnopolskiego-programu-okres-no-stress\/\" class=\"post-thumbnail-rollover layzr-bg layzr-bg\" ><img decoding=\"async\" class=\"iso-lazy-load preload-me iso-lazy-load aspect\" src=\"data:image\/svg+xml,%3Csvg%20xmlns%3D&#39;http%3A%2F%2Fwww.w3.org%2F2000%2Fsvg&#39;%20viewBox%3D&#39;0%200%20750%20500&#39;%2F%3E\" data-src=\"https:\/\/przeginia.edu.pl\/wp-content\/uploads\/2026\/01\/IMG_7161-scaled-1-750x500.jpeg\" data-srcset=\"https:\/\/przeginia.edu.pl\/wp-content\/uploads\/2026\/01\/IMG_7161-scaled-1-750x500.jpeg 750w\" loading=\"eager\" style=\"--ratio: 750 \/ 500\" sizes=\"(max-width: 750px) 100vw, 750px\" alt=\"\" title=\"IMG_7161-scaled\" width=\"750\" height=\"500\"  \/><span class=\"gallery-zoom-ico icon-im-hover-001\"><span><\/span><\/span><\/a>\t<\/div>\n<\/div>\n\n\n<div class=\"post-entry-content\">\n\n\t<h3 class=\"entry-title\">\n\t\t<a href=\"https:\/\/przeginia.edu.pl\/index.php\/2025\/10\/13\/nasza-szkola-zakwalifikowala-sie-do-ogolnopolskiego-programu-okres-no-stress\/\" title=\"Nasza szko\u0142a zakwalifikowa\u0142a si\u0119 do og\u00f3lnopolskiego programu \u201eOkres? No stress!\u201d\" rel=\"bookmark\">Nasza szko\u0142a zakwalifikowa\u0142a si\u0119 do og\u00f3lnopolskiego programu \u201eOkres? No stress!\u201d<\/a>\n\t<\/h3>\n\n\t<div class=\"entry-meta\"><a href=\"https:\/\/przeginia.edu.pl\/index.php\/2025\/10\/13\/\" title=\"00:00\" class=\"data-link\" rel=\"bookmark\"><time class=\"entry-date updated\" datetime=\"2025-10-13T00:00:00+01:00\">13 pa\u017adziernika, 2025<\/time><\/a><\/div>\n\t<div class=\"entry-excerpt\"><p>Z rado\u015bci\u0105 informujemy, \u017ce nasza szko\u0142a znalaz\u0142a si\u0119 w gronie 300 plac\u00f3wek z ca\u0142ej Polski, kt\u00f3re zakwalifikowa\u0142y si\u0119 do og\u00f3lnopolskiego programu edukacyjno-spo\u0142ecznego \u201eOkres? No stress!\u201d. To nasz pierwszy raz w&hellip;<\/p>\n<\/div>\n\t\n<a href=\"https:\/\/przeginia.edu.pl\/index.php\/2025\/10\/13\/nasza-szkola-zakwalifikowala-sie-do-ogolnopolskiego-programu-okres-no-stress\/\" class=\"post-details details-type-link\" aria-label=\"Czytaj wi\u0119cej o Nasza szko\u0142a zakwalifikowa\u0142a si\u0119 do og\u00f3lnopolskiego programu \u201eOkres? No stress!\u201d\">czytaj wi\u0119cej &gt;&gt;<i class=\"dt-icon-the7-arrow-03\" aria-hidden=\"true\"><\/i><\/a>\n\n<\/div><\/article><\/div><div class=\"visible wf-cell\" data-post-id=\"2867\" data-date=\"2025-10-12T00:00:00+01:00\" data-name=\"Warsztaty w Castoramie w Krakowie\"><article class=\"post project-odd visible post-2867 type-post status-publish format-standard has-post-thumbnail hentry category-sp2526 category-4\" data-name=\"Warsztaty w Castoramie w Krakowie\" data-date=\"2025-10-12T00:00:00+01:00\">\n\n<div class=\"post-thumbnail-wrap\">\n\t<div class=\"post-thumbnail\">\n\t\t\n\t\t\n\t\t<a href=\"https:\/\/przeginia.edu.pl\/index.php\/2025\/10\/12\/warsztaty-w-castoramie-w-krakowie\/\" class=\"post-thumbnail-rollover layzr-bg layzr-bg\" ><img decoding=\"async\" class=\"iso-lazy-load preload-me iso-lazy-load aspect\" src=\"data:image\/svg+xml,%3Csvg%20xmlns%3D&#39;http%3A%2F%2Fwww.w3.org%2F2000%2Fsvg&#39;%20viewBox%3D&#39;0%200%20421%20280&#39;%2F%3E\" data-src=\"https:\/\/przeginia.edu.pl\/wp-content\/uploads\/2026\/01\/defccaea-7b99-4826-8d92-a9cbe802accc-scaled-1-421x280.jpg\" data-srcset=\"https:\/\/przeginia.edu.pl\/wp-content\/uploads\/2026\/01\/defccaea-7b99-4826-8d92-a9cbe802accc-scaled-1-421x280.jpg 421w\" loading=\"eager\" style=\"--ratio: 421 \/ 280\" sizes=\"(max-width: 421px) 100vw, 421px\" alt=\"\" title=\"defccaea-7b99-4826-8d92-a9cbe802accc-scaled\" width=\"421\" height=\"280\"  \/><span class=\"gallery-zoom-ico icon-im-hover-001\"><span><\/span><\/span><\/a>\t<\/div>\n<\/div>\n\n\n<div class=\"post-entry-content\">\n\n\t<h3 class=\"entry-title\">\n\t\t<a href=\"https:\/\/przeginia.edu.pl\/index.php\/2025\/10\/12\/warsztaty-w-castoramie-w-krakowie\/\" title=\"Warsztaty w Castoramie w Krakowie\" rel=\"bookmark\">Warsztaty w Castoramie w Krakowie<\/a>\n\t<\/h3>\n\n\t<div class=\"entry-meta\"><a href=\"https:\/\/przeginia.edu.pl\/index.php\/2025\/10\/12\/\" title=\"00:00\" class=\"data-link\" rel=\"bookmark\"><time class=\"entry-date updated\" datetime=\"2025-10-12T00:00:00+01:00\">12 pa\u017adziernika, 2025<\/time><\/a><\/div>\n\t<div class=\"entry-excerpt\"><p>Podobnie jak w latach ubieg\u0142ych, r\u00f3wnie\u017c w tym roku uczniowie naszej szko\u0142y wzi\u0119li udzia\u0142 w bezp\u0142atnych warsztatach &#8222;Majsterkowo&#8221; w Castoramie w Krakowie. Tym razem na wycieczk\u0119 wybra\u0142y si\u0119 klasy 1a,1b,2a,2b&hellip;<\/p>\n<\/div>\n\t\n<a href=\"https:\/\/przeginia.edu.pl\/index.php\/2025\/10\/12\/warsztaty-w-castoramie-w-krakowie\/\" class=\"post-details details-type-link\" aria-label=\"Czytaj wi\u0119cej o Warsztaty w Castoramie w Krakowie\">czytaj wi\u0119cej &gt;&gt;<i class=\"dt-icon-the7-arrow-03\" aria-hidden=\"true\"><\/i><\/a>\n\n<\/div><\/article><\/div><div class=\"visible wf-cell\" data-post-id=\"2868\" data-date=\"2025-10-12T00:00:00+01:00\" data-name=\"\u201eCzytam z sercem\u201d \u2013 promujemy czytanie i zdrowy styl \u017cycia!\"><article class=\"post project-odd visible post-2868 type-post status-publish format-standard has-post-thumbnail hentry category-sp2526 category-4\" data-name=\"\u201eCzytam z sercem\u201d \u2013 promujemy czytanie i zdrowy styl \u017cycia!\" data-date=\"2025-10-12T00:00:00+01:00\">\n\n<div class=\"post-thumbnail-wrap\">\n\t<div class=\"post-thumbnail\">\n\t\t\n\t\t\n\t\t<a href=\"https:\/\/przeginia.edu.pl\/index.php\/2025\/10\/12\/czytam-z-sercem-promujemy-czytanie-i-zdrowy-styl-zycia\/\" class=\"post-thumbnail-rollover layzr-bg layzr-bg\" ><img decoding=\"async\" class=\"iso-lazy-load preload-me iso-lazy-load aspect\" src=\"data:image\/svg+xml,%3Csvg%20xmlns%3D&#39;http%3A%2F%2Fwww.w3.org%2F2000%2Fsvg&#39;%20viewBox%3D&#39;0%200%20421%20280&#39;%2F%3E\" data-src=\"https:\/\/przeginia.edu.pl\/wp-content\/uploads\/2026\/01\/1000008929-scaled-2-421x280.jpg\" data-srcset=\"https:\/\/przeginia.edu.pl\/wp-content\/uploads\/2026\/01\/1000008929-scaled-2-421x280.jpg 421w\" loading=\"eager\" style=\"--ratio: 421 \/ 280\" sizes=\"(max-width: 421px) 100vw, 421px\" alt=\"\" title=\"1000008929-scaled\" width=\"421\" height=\"280\"  \/><span class=\"gallery-zoom-ico icon-im-hover-001\"><span><\/span><\/span><\/a>\t<\/div>\n<\/div>\n\n\n<div class=\"post-entry-content\">\n\n\t<h3 class=\"entry-title\">\n\t\t<a href=\"https:\/\/przeginia.edu.pl\/index.php\/2025\/10\/12\/czytam-z-sercem-promujemy-czytanie-i-zdrowy-styl-zycia\/\" title=\"\u201eCzytam z sercem\u201d \u2013 promujemy czytanie i zdrowy styl \u017cycia!\" rel=\"bookmark\">\u201eCzytam z sercem\u201d \u2013 promujemy czytanie i zdrowy styl \u017cycia!<\/a>\n\t<\/h3>\n\n\t<div class=\"entry-meta\"><a href=\"https:\/\/przeginia.edu.pl\/index.php\/2025\/10\/12\/\" title=\"00:00\" class=\"data-link\" rel=\"bookmark\"><time class=\"entry-date updated\" datetime=\"2025-10-12T00:00:00+01:00\">12 pa\u017adziernika, 2025<\/time><\/a><\/div>\n\t<div class=\"entry-excerpt\"><p>W ramach og\u00f3lnopolskiej akcji czytelniczej \u201eCzytam z sercem\u201d uczniowie klas drugich aktywnie zaanga\u017cowali si\u0119 w dzia\u0142ania promuj\u0105ce czytelnictwo oraz zdrowy styl \u017cycia. W trakcie akcji dzieci mia\u0142y okazj\u0119 do g\u0142o\u015bnego&hellip;<\/p>\n<\/div>\n\t\n<a href=\"https:\/\/przeginia.edu.pl\/index.php\/2025\/10\/12\/czytam-z-sercem-promujemy-czytanie-i-zdrowy-styl-zycia\/\" class=\"post-details details-type-link\" aria-label=\"Czytaj wi\u0119cej o \u201eCzytam z sercem\u201d \u2013 promujemy czytanie i zdrowy styl \u017cycia!\">czytaj wi\u0119cej &gt;&gt;<i class=\"dt-icon-the7-arrow-03\" aria-hidden=\"true\"><\/i><\/a>\n\n<\/div><\/article><\/div><div class=\"visible wf-cell\" data-post-id=\"2869\" data-date=\"2025-10-10T00:00:00+01:00\" data-name=\"Tydzie\u0144 o Przeciwdzia\u0142aniu Przemocy R\u00f3wie\u015bniczej\"><article class=\"post project-odd visible post-2869 type-post status-publish format-standard has-post-thumbnail hentry category-sp2526 category-4\" data-name=\"Tydzie\u0144 o Przeciwdzia\u0142aniu Przemocy R\u00f3wie\u015bniczej\" data-date=\"2025-10-10T00:00:00+01:00\">\n\n<div class=\"post-thumbnail-wrap\">\n\t<div class=\"post-thumbnail\">\n\t\t\n\t\t\n\t\t<a href=\"https:\/\/przeginia.edu.pl\/index.php\/2025\/10\/10\/tydzien-o-przeciwdzialaniu-przemocy-rowiesniczej\/\" class=\"post-thumbnail-rollover layzr-bg layzr-bg\" ><img decoding=\"async\" class=\"iso-lazy-load preload-me iso-lazy-load aspect\" src=\"data:image\/svg+xml,%3Csvg%20xmlns%3D&#39;http%3A%2F%2Fwww.w3.org%2F2000%2Fsvg&#39;%20viewBox%3D&#39;0%200%20316%20210&#39;%2F%3E\" data-src=\"https:\/\/przeginia.edu.pl\/wp-content\/uploads\/2026\/01\/8a141ffe-2e42-45da-9d2b-1a8acb7a4285-scaled-1-316x210.jpg\" data-srcset=\"https:\/\/przeginia.edu.pl\/wp-content\/uploads\/2026\/01\/8a141ffe-2e42-45da-9d2b-1a8acb7a4285-scaled-1-316x210.jpg 316w\" loading=\"eager\" style=\"--ratio: 316 \/ 210\" sizes=\"(max-width: 316px) 100vw, 316px\" alt=\"\" title=\"8a141ffe-2e42-45da-9d2b-1a8acb7a4285-scaled\" width=\"316\" height=\"210\"  \/><span class=\"gallery-zoom-ico icon-im-hover-001\"><span><\/span><\/span><\/a>\t<\/div>\n<\/div>\n\n\n<div class=\"post-entry-content\">\n\n\t<h3 class=\"entry-title\">\n\t\t<a href=\"https:\/\/przeginia.edu.pl\/index.php\/2025\/10\/10\/tydzien-o-przeciwdzialaniu-przemocy-rowiesniczej\/\" title=\"Tydzie\u0144 o Przeciwdzia\u0142aniu Przemocy R\u00f3wie\u015bniczej\" rel=\"bookmark\">Tydzie\u0144 o Przeciwdzia\u0142aniu Przemocy R\u00f3wie\u015bniczej<\/a>\n\t<\/h3>\n\n\t<div class=\"entry-meta\"><a href=\"https:\/\/przeginia.edu.pl\/index.php\/2025\/10\/10\/\" title=\"00:00\" class=\"data-link\" rel=\"bookmark\"><time class=\"entry-date updated\" datetime=\"2025-10-10T00:00:00+01:00\">10 pa\u017adziernika, 2025<\/time><\/a><\/div>\n\t<div class=\"entry-excerpt\"><p>Jak wa\u017cne jest zjawisko, o kt\u00f3rym mowa jest w tytule artyku\u0142u, nikogo nie trzeba przekonywa\u0107. Niestety, coraz cz\u0119\u015bciej s\u0142ycha\u0107 o doniesieniach, r\u00f3wnie\u017c medialnych, dotycz\u0105cych zdarze\u0144 zwi\u0105zanych z dr\u0119czeniem i n\u0119kaniem&hellip;<\/p>\n<\/div>\n\t\n<a href=\"https:\/\/przeginia.edu.pl\/index.php\/2025\/10\/10\/tydzien-o-przeciwdzialaniu-przemocy-rowiesniczej\/\" class=\"post-details details-type-link\" aria-label=\"Czytaj wi\u0119cej o Tydzie\u0144 o Przeciwdzia\u0142aniu Przemocy R\u00f3wie\u015bniczej\">czytaj wi\u0119cej &gt;&gt;<i class=\"dt-icon-the7-arrow-03\" aria-hidden=\"true\"><\/i><\/a>\n\n<\/div><\/article><\/div><div class=\"visible wf-cell\" data-post-id=\"2870\" data-date=\"2025-10-09T00:00:00+01:00\" data-name=\"Wieliczka \u2013 miejsce, kt\u00f3re powinien odwiedzi\u0107 ka\u017cdy\"><article class=\"post project-odd visible post-2870 type-post status-publish format-standard has-post-thumbnail hentry category-sp2526 category-4\" data-name=\"Wieliczka \u2013 miejsce, kt\u00f3re powinien odwiedzi\u0107 ka\u017cdy\" data-date=\"2025-10-09T00:00:00+01:00\">\n\n<div class=\"post-thumbnail-wrap\">\n\t<div class=\"post-thumbnail\">\n\t\t\n\t\t\n\t\t<a href=\"https:\/\/przeginia.edu.pl\/index.php\/2025\/10\/09\/wieliczka-miejsce-ktore-powinien-odwiedzic-kazdy\/\" class=\"post-thumbnail-rollover layzr-bg layzr-bg\" ><img decoding=\"async\" class=\"iso-lazy-load preload-me iso-lazy-load aspect\" src=\"data:image\/svg+xml,%3Csvg%20xmlns%3D&#39;http%3A%2F%2Fwww.w3.org%2F2000%2Fsvg&#39;%20viewBox%3D&#39;0%200%20747%20498&#39;%2F%3E\" data-src=\"https:\/\/przeginia.edu.pl\/wp-content\/uploads\/2026\/01\/4b60eeb6-be0a-4114-8c6b-c0f31ce0eab6-scaled-2-747x498.jpg\" data-srcset=\"https:\/\/przeginia.edu.pl\/wp-content\/uploads\/2026\/01\/4b60eeb6-be0a-4114-8c6b-c0f31ce0eab6-scaled-2-747x498.jpg 747w\" loading=\"eager\" style=\"--ratio: 747 \/ 498\" sizes=\"(max-width: 747px) 100vw, 747px\" alt=\"\" title=\"4b60eeb6-be0a-4114-8c6b-c0f31ce0eab6-scaled\" width=\"747\" height=\"498\"  \/><span class=\"gallery-zoom-ico icon-im-hover-001\"><span><\/span><\/span><\/a>\t<\/div>\n<\/div>\n\n\n<div class=\"post-entry-content\">\n\n\t<h3 class=\"entry-title\">\n\t\t<a href=\"https:\/\/przeginia.edu.pl\/index.php\/2025\/10\/09\/wieliczka-miejsce-ktore-powinien-odwiedzic-kazdy\/\" title=\"Wieliczka \u2013 miejsce, kt\u00f3re powinien odwiedzi\u0107 ka\u017cdy\" rel=\"bookmark\">Wieliczka \u2013 miejsce, kt\u00f3re powinien odwiedzi\u0107 ka\u017cdy<\/a>\n\t<\/h3>\n\n\t<div class=\"entry-meta\"><a href=\"https:\/\/przeginia.edu.pl\/index.php\/2025\/10\/09\/\" title=\"00:00\" class=\"data-link\" rel=\"bookmark\"><time class=\"entry-date updated\" datetime=\"2025-10-09T00:00:00+01:00\">9 pa\u017adziernika, 2025<\/time><\/a><\/div>\n\t<div class=\"entry-excerpt\"><p>S\u0105 takie miejsca, kt\u00f3re zw\u0142aszcza w czasie wycieczki szkolnej, odwiedzi\u0107 powinien ka\u017cdy. Do takich z pewno\u015bci\u0105 nale\u017cy Kopalnia Soli w Wieliczce. To miejsce magiczne, przesi\u0105kni\u0119te tradycj\u0105, histori\u0105 i niepowtarzalnym klimatem.&hellip;<\/p>\n<\/div>\n\t\n<a href=\"https:\/\/przeginia.edu.pl\/index.php\/2025\/10\/09\/wieliczka-miejsce-ktore-powinien-odwiedzic-kazdy\/\" class=\"post-details details-type-link\" aria-label=\"Czytaj wi\u0119cej o Wieliczka \u2013 miejsce, kt\u00f3re powinien odwiedzi\u0107 ka\u017cdy\">czytaj wi\u0119cej &gt;&gt;<i class=\"dt-icon-the7-arrow-03\" aria-hidden=\"true\"><\/i><\/a>\n\n<\/div><\/article><\/div><div class=\"visible wf-cell\" data-post-id=\"2871\" data-date=\"2025-10-06T00:00:00+01:00\" data-name=\"Konkursy z okazji Narodowego \u015awi\u0119ta Niepodleg\u0142o\u015bci\"><article class=\"post project-odd visible post-2871 type-post status-publish format-standard has-post-thumbnail hentry category-sp2526 category-4\" data-name=\"Konkursy z okazji Narodowego \u015awi\u0119ta Niepodleg\u0142o\u015bci\" data-date=\"2025-10-06T00:00:00+01:00\">\n\n<div class=\"post-thumbnail-wrap\">\n\t<div class=\"post-thumbnail\">\n\t\t\n\t\t\n\t\t<a href=\"https:\/\/przeginia.edu.pl\/index.php\/2025\/10\/06\/konkursy-z-okazji-narodowego-swieta-niepodleglosci\/\" class=\"post-thumbnail-rollover layzr-bg layzr-bg\" ><img decoding=\"async\" class=\"iso-lazy-load preload-me iso-lazy-load aspect\" src=\"data:image\/svg+xml,%3Csvg%20xmlns%3D&#39;http%3A%2F%2Fwww.w3.org%2F2000%2Fsvg&#39;%20viewBox%3D&#39;0%200%20397%20264&#39;%2F%3E\" data-src=\"https:\/\/przeginia.edu.pl\/wp-content\/uploads\/2026\/01\/PLAKAT-GMINNEJ-PIESNI-PATRIOTYCZNEJ-scaled-1-397x264.png\" data-srcset=\"https:\/\/przeginia.edu.pl\/wp-content\/uploads\/2026\/01\/PLAKAT-GMINNEJ-PIESNI-PATRIOTYCZNEJ-scaled-1-397x264.png 397w\" loading=\"eager\" style=\"--ratio: 397 \/ 264\" sizes=\"(max-width: 397px) 100vw, 397px\" alt=\"\" title=\"PLAKAT-GMINNEJ-PIESNI-PATRIOTYCZNEJ-scaled\" width=\"397\" height=\"264\"  \/><span class=\"gallery-zoom-ico icon-im-hover-001\"><span><\/span><\/span><\/a>\t<\/div>\n<\/div>\n\n\n<div class=\"post-entry-content\">\n\n\t<h3 class=\"entry-title\">\n\t\t<a href=\"https:\/\/przeginia.edu.pl\/index.php\/2025\/10\/06\/konkursy-z-okazji-narodowego-swieta-niepodleglosci\/\" title=\"Konkursy z okazji Narodowego \u015awi\u0119ta Niepodleg\u0142o\u015bci\" rel=\"bookmark\">Konkursy z okazji Narodowego \u015awi\u0119ta Niepodleg\u0142o\u015bci<\/a>\n\t<\/h3>\n\n\t<div class=\"entry-meta\"><a href=\"https:\/\/przeginia.edu.pl\/index.php\/2025\/10\/06\/\" title=\"00:00\" class=\"data-link\" rel=\"bookmark\"><time class=\"entry-date updated\" datetime=\"2025-10-06T00:00:00+01:00\">6 pa\u017adziernika, 2025<\/time><\/a><\/div>\n\t<div class=\"entry-excerpt\"><p>Z okazji zbli\u017caj\u0105cego si\u0119 \u00a0Narodowego \u015awi\u0119ta Niepodleg\u0142o\u015bci zapraszamy uczni\u00f3w szko\u0142y i przedszkola do wzi\u0119cia udzia\u0142u w konkursach . Szczeg\u00f3\u0142y na plakatach. Regulamin i karta zg\u0142oszenia w za\u0142\u0105cznikach. KARTA ZG\u0141OSZENIA GMINNY&hellip;<\/p>\n<\/div>\n\t\n<a href=\"https:\/\/przeginia.edu.pl\/index.php\/2025\/10\/06\/konkursy-z-okazji-narodowego-swieta-niepodleglosci\/\" class=\"post-details details-type-link\" aria-label=\"Czytaj wi\u0119cej o Konkursy z okazji Narodowego \u015awi\u0119ta Niepodleg\u0142o\u015bci\">czytaj wi\u0119cej &gt;&gt;<i class=\"dt-icon-the7-arrow-03\" aria-hidden=\"true\"><\/i><\/a>\n\n<\/div><\/article><\/div><div class=\"visible wf-cell\" data-post-id=\"2872\" data-date=\"2025-10-06T00:00:00+01:00\" data-name=\"Razem mo\u017cemy wi\u0119cej \u2013 zbi\u00f3rka dar\u00f3w dla potrzebuj\u0105cych.\"><article class=\"post project-odd visible post-2872 type-post status-publish format-standard has-post-thumbnail hentry category-sp2526 category-4\" data-name=\"Razem mo\u017cemy wi\u0119cej \u2013 zbi\u00f3rka dar\u00f3w dla potrzebuj\u0105cych.\" data-date=\"2025-10-06T00:00:00+01:00\">\n\n<div class=\"post-thumbnail-wrap\">\n\t<div class=\"post-thumbnail\">\n\t\t\n\t\t\n\t\t<a href=\"https:\/\/przeginia.edu.pl\/index.php\/2025\/10\/06\/razem-mozemy-wiecej-zbiorka-darow-dla-potrzebujacych\/\" class=\"post-thumbnail-rollover layzr-bg layzr-bg\" ><img decoding=\"async\" class=\"iso-lazy-load preload-me iso-lazy-load aspect\" src=\"data:image\/svg+xml,%3Csvg%20xmlns%3D&#39;http%3A%2F%2Fwww.w3.org%2F2000%2Fsvg&#39;%20viewBox%3D&#39;0%200%20750%20500&#39;%2F%3E\" data-src=\"https:\/\/przeginia.edu.pl\/wp-content\/uploads\/2026\/01\/IMG_7108-scaled-1-750x500.jpeg\" data-srcset=\"https:\/\/przeginia.edu.pl\/wp-content\/uploads\/2026\/01\/IMG_7108-scaled-1-750x500.jpeg 750w\" loading=\"eager\" style=\"--ratio: 750 \/ 500\" sizes=\"(max-width: 750px) 100vw, 750px\" alt=\"\" title=\"IMG_7108-scaled\" width=\"750\" height=\"500\"  \/><span class=\"gallery-zoom-ico icon-im-hover-001\"><span><\/span><\/span><\/a>\t<\/div>\n<\/div>\n\n\n<div class=\"post-entry-content\">\n\n\t<h3 class=\"entry-title\">\n\t\t<a href=\"https:\/\/przeginia.edu.pl\/index.php\/2025\/10\/06\/razem-mozemy-wiecej-zbiorka-darow-dla-potrzebujacych\/\" title=\"Razem mo\u017cemy wi\u0119cej \u2013 zbi\u00f3rka dar\u00f3w dla potrzebuj\u0105cych.\" rel=\"bookmark\">Razem mo\u017cemy wi\u0119cej \u2013 zbi\u00f3rka dar\u00f3w dla potrzebuj\u0105cych.<\/a>\n\t<\/h3>\n\n\t<div class=\"entry-meta\"><a href=\"https:\/\/przeginia.edu.pl\/index.php\/2025\/10\/06\/\" title=\"00:00\" class=\"data-link\" rel=\"bookmark\"><time class=\"entry-date updated\" datetime=\"2025-10-06T00:00:00+01:00\">6 pa\u017adziernika, 2025<\/time><\/a><\/div>\n\t<div class=\"entry-excerpt\"><p>Rozpoczynamy zbi\u00f3rk\u0119 dar\u00f3w dla\u00a0Noclegowni i Schroniska dla Bezdomnych M\u0119\u017cczyzn przy ul. Makuszy\u0144skiego 19a w Krakowie \u2013 jednej z najwi\u0119kszych plac\u00f3wek tego typu w Polsce. Codziennie pomoc znajduje tam nawet 250&hellip;<\/p>\n<\/div>\n\t\n<a href=\"https:\/\/przeginia.edu.pl\/index.php\/2025\/10\/06\/razem-mozemy-wiecej-zbiorka-darow-dla-potrzebujacych\/\" class=\"post-details details-type-link\" aria-label=\"Czytaj wi\u0119cej o Razem mo\u017cemy wi\u0119cej \u2013 zbi\u00f3rka dar\u00f3w dla potrzebuj\u0105cych.\">czytaj wi\u0119cej &gt;&gt;<i class=\"dt-icon-the7-arrow-03\" aria-hidden=\"true\"><\/i><\/a>\n\n<\/div><\/article><\/div><div class=\"visible wf-cell\" data-post-id=\"2873\" data-date=\"2025-10-06T00:00:00+01:00\" data-name=\"Dzie\u0144 Ch\u0142opaka\"><article class=\"post project-odd visible post-2873 type-post status-publish format-standard has-post-thumbnail hentry category-sp2526 category-4\" data-name=\"Dzie\u0144 Ch\u0142opaka\" data-date=\"2025-10-06T00:00:00+01:00\">\n\n<div class=\"post-thumbnail-wrap\">\n\t<div class=\"post-thumbnail\">\n\t\t\n\t\t\n\t\t<a href=\"https:\/\/przeginia.edu.pl\/index.php\/2025\/10\/06\/dzien-chlopaka\/\" class=\"post-thumbnail-rollover layzr-bg layzr-bg\" ><img decoding=\"async\" class=\"iso-lazy-load preload-me iso-lazy-load aspect\" src=\"data:image\/svg+xml,%3Csvg%20xmlns%3D&#39;http%3A%2F%2Fwww.w3.org%2F2000%2Fsvg&#39;%20viewBox%3D&#39;0%200%20768%20512&#39;%2F%3E\" data-src=\"https:\/\/przeginia.edu.pl\/wp-content\/uploads\/2026\/01\/DSC01057-scaled-1-768x512.jpg\" data-srcset=\"https:\/\/przeginia.edu.pl\/wp-content\/uploads\/2026\/01\/DSC01057-scaled-1-768x512.jpg 768w, https:\/\/przeginia.edu.pl\/wp-content\/uploads\/2026\/01\/DSC01057-scaled-1.jpg 999w\" loading=\"eager\" style=\"--ratio: 768 \/ 512\" sizes=\"(max-width: 768px) 100vw, 768px\" alt=\"\" title=\"DSC01057-scaled\" width=\"768\" height=\"512\"  \/><span class=\"gallery-zoom-ico icon-im-hover-001\"><span><\/span><\/span><\/a>\t<\/div>\n<\/div>\n\n\n<div class=\"post-entry-content\">\n\n\t<h3 class=\"entry-title\">\n\t\t<a href=\"https:\/\/przeginia.edu.pl\/index.php\/2025\/10\/06\/dzien-chlopaka\/\" title=\"Dzie\u0144 Ch\u0142opaka\" rel=\"bookmark\">Dzie\u0144 Ch\u0142opaka<\/a>\n\t<\/h3>\n\n\t<div class=\"entry-meta\"><a href=\"https:\/\/przeginia.edu.pl\/index.php\/2025\/10\/06\/\" title=\"00:00\" class=\"data-link\" rel=\"bookmark\"><time class=\"entry-date updated\" datetime=\"2025-10-06T00:00:00+01:00\">6 pa\u017adziernika, 2025<\/time><\/a><\/div>\n\t<div class=\"entry-excerpt\"><p>30 wrze\u015bnia obchodzony jest Dzie\u0144 Ch\u0142opaka. Samorz\u0105d Uczniowski naszej szko\u0142y postanowi\u0142 r\u00f3wnie\u017c uczci\u0107 ten dzie\u0144. Przeprowadzony zosta\u0142 w\u015br\u00f3d uczni\u00f3w plebiscyt na najsympatyczniejszego ch\u0142opaka. W klasach I-III ten zaszczytny tytu\u0142 zdoby\u0142&hellip;<\/p>\n<\/div>\n\t\n<a href=\"https:\/\/przeginia.edu.pl\/index.php\/2025\/10\/06\/dzien-chlopaka\/\" class=\"post-details details-type-link\" aria-label=\"Czytaj wi\u0119cej o Dzie\u0144 Ch\u0142opaka\">czytaj wi\u0119cej &gt;&gt;<i class=\"dt-icon-the7-arrow-03\" aria-hidden=\"true\"><\/i><\/a>\n\n<\/div><\/article><\/div><div class=\"visible wf-cell\" data-post-id=\"2874\" data-date=\"2025-10-02T00:00:00+01:00\" data-name=\"MA\u0141OPOLSKA NOC NAUKOWC\u00d3W\"><article class=\"post project-odd visible post-2874 type-post status-publish format-standard has-post-thumbnail hentry category-sp2526 category-4\" data-name=\"MA\u0141OPOLSKA NOC NAUKOWC\u00d3W\" data-date=\"2025-10-02T00:00:00+01:00\">\n\n<div class=\"post-thumbnail-wrap\">\n\t<div class=\"post-thumbnail\">\n\t\t\n\t\t\n\t\t<a href=\"https:\/\/przeginia.edu.pl\/index.php\/2025\/10\/02\/malopolska-noc-naukowcow\/\" class=\"post-thumbnail-rollover layzr-bg layzr-bg\" ><img decoding=\"async\" class=\"iso-lazy-load preload-me iso-lazy-load aspect\" src=\"data:image\/svg+xml,%3Csvg%20xmlns%3D&#39;http%3A%2F%2Fwww.w3.org%2F2000%2Fsvg&#39;%20viewBox%3D&#39;0%200%20750%20500&#39;%2F%3E\" data-src=\"https:\/\/przeginia.edu.pl\/wp-content\/uploads\/2026\/01\/1000025027-scaled-1-750x500.jpg\" data-srcset=\"https:\/\/przeginia.edu.pl\/wp-content\/uploads\/2026\/01\/1000025027-scaled-1-750x500.jpg 750w\" loading=\"eager\" style=\"--ratio: 750 \/ 500\" sizes=\"(max-width: 750px) 100vw, 750px\" alt=\"\" title=\"1000025027-scaled\" width=\"750\" height=\"500\"  \/><span class=\"gallery-zoom-ico icon-im-hover-001\"><span><\/span><\/span><\/a>\t<\/div>\n<\/div>\n\n\n<div class=\"post-entry-content\">\n\n\t<h3 class=\"entry-title\">\n\t\t<a href=\"https:\/\/przeginia.edu.pl\/index.php\/2025\/10\/02\/malopolska-noc-naukowcow\/\" title=\"MA\u0141OPOLSKA NOC NAUKOWC\u00d3W\" rel=\"bookmark\">MA\u0141OPOLSKA NOC NAUKOWC\u00d3W<\/a>\n\t<\/h3>\n\n\t<div class=\"entry-meta\"><a href=\"https:\/\/przeginia.edu.pl\/index.php\/2025\/10\/02\/\" title=\"00:00\" class=\"data-link\" rel=\"bookmark\"><time class=\"entry-date updated\" datetime=\"2025-10-02T00:00:00+01:00\">2 pa\u017adziernika, 2025<\/time><\/a><\/div>\n\t<div class=\"entry-excerpt\"><p>W pi\u0105tek 26.09.2025r. odby\u0142a si\u0119 Ma\u0142opolska Noc Naukowc\u00f3w w kt\u00f3rej uczestniczyli uczniowie naszej szko\u0142y z klas 7 i 8 oraz klasy 5b. Uczniowie odwiedzili Instytut Fizyki J\u0105drowej Polskiej Akademii Nauk&hellip;<\/p>\n<\/div>\n\t\n<a href=\"https:\/\/przeginia.edu.pl\/index.php\/2025\/10\/02\/malopolska-noc-naukowcow\/\" class=\"post-details details-type-link\" aria-label=\"Czytaj wi\u0119cej o MA\u0141OPOLSKA NOC NAUKOWC\u00d3W\">czytaj wi\u0119cej &gt;&gt;<i class=\"dt-icon-the7-arrow-03\" aria-hidden=\"true\"><\/i><\/a>\n\n<\/div><\/article><\/div><div class=\"visible wf-cell\" data-post-id=\"2875\" data-date=\"2025-10-01T00:00:00+01:00\" data-name=\"Wycieczka klas 5\"><article class=\"post project-odd visible post-2875 type-post status-publish format-standard has-post-thumbnail hentry category-sp2526 category-4\" data-name=\"Wycieczka klas 5\" data-date=\"2025-10-01T00:00:00+01:00\">\n\n<div class=\"post-thumbnail-wrap\">\n\t<div class=\"post-thumbnail\">\n\t\t\n\t\t\n\t\t<a href=\"https:\/\/przeginia.edu.pl\/index.php\/2025\/10\/01\/wycieczka-klas-5\/\" class=\"post-thumbnail-rollover layzr-bg layzr-bg\" ><img decoding=\"async\" class=\"iso-lazy-load preload-me iso-lazy-load aspect\" src=\"data:image\/svg+xml,%3Csvg%20xmlns%3D&#39;http%3A%2F%2Fwww.w3.org%2F2000%2Fsvg&#39;%20viewBox%3D&#39;0%200%20749%20499&#39;%2F%3E\" data-src=\"https:\/\/przeginia.edu.pl\/wp-content\/uploads\/2026\/01\/IMG_0352-scaled-1-749x499.jpeg\" data-srcset=\"https:\/\/przeginia.edu.pl\/wp-content\/uploads\/2026\/01\/IMG_0352-scaled-1-749x499.jpeg 749w\" loading=\"eager\" style=\"--ratio: 749 \/ 499\" sizes=\"(max-width: 749px) 100vw, 749px\" alt=\"\" title=\"IMG_0352-scaled\" width=\"749\" height=\"499\"  \/><span class=\"gallery-zoom-ico icon-im-hover-001\"><span><\/span><\/span><\/a>\t<\/div>\n<\/div>\n\n\n<div class=\"post-entry-content\">\n\n\t<h3 class=\"entry-title\">\n\t\t<a href=\"https:\/\/przeginia.edu.pl\/index.php\/2025\/10\/01\/wycieczka-klas-5\/\" title=\"Wycieczka klas 5\" rel=\"bookmark\">Wycieczka klas 5<\/a>\n\t<\/h3>\n\n\t<div class=\"entry-meta\"><a href=\"https:\/\/przeginia.edu.pl\/index.php\/2025\/10\/01\/\" title=\"00:00\" class=\"data-link\" rel=\"bookmark\"><time class=\"entry-date updated\" datetime=\"2025-10-01T00:00:00+01:00\">1 pa\u017adziernika, 2025<\/time><\/a><\/div>\n\t<div class=\"entry-excerpt\"><p>W dniu dzisiejszym klasa 5a i 5b wybra\u0142y si\u0119 na wycieczk\u0119 na Leskowiec. Cho\u0107 warunki nie sprzyja\u0142y, to wszyscy dzielnie maszerowali, nie zwa\u017caj\u0105c na deszcz i wiatr. W drodze powrotnej&hellip;<\/p>\n<\/div>\n\t\n<a href=\"https:\/\/przeginia.edu.pl\/index.php\/2025\/10\/01\/wycieczka-klas-5\/\" class=\"post-details details-type-link\" aria-label=\"Czytaj wi\u0119cej o Wycieczka klas 5\">czytaj wi\u0119cej &gt;&gt;<i class=\"dt-icon-the7-arrow-03\" aria-hidden=\"true\"><\/i><\/a>\n\n<\/div><\/article><\/div><div class=\"visible wf-cell\" data-post-id=\"2876\" data-date=\"2025-09-30T00:00:00+01:00\" data-name=\"Szko\u0142y Pe\u0142ne Talent\u00f3w\"><article class=\"post project-odd visible post-2876 type-post status-publish format-standard has-post-thumbnail hentry category-sp2526 category-4\" data-name=\"Szko\u0142y Pe\u0142ne Talent\u00f3w\" data-date=\"2025-09-30T00:00:00+01:00\">\n\n<div class=\"post-thumbnail-wrap\">\n\t<div class=\"post-thumbnail\">\n\t\t\n\t\t\n\t\t<a href=\"https:\/\/przeginia.edu.pl\/index.php\/2025\/09\/30\/szkoly-pelne-talentow\/\" class=\"post-thumbnail-rollover layzr-bg layzr-bg\" ><img decoding=\"async\" class=\"iso-lazy-load preload-me iso-lazy-load aspect\" src=\"data:image\/svg+xml,%3Csvg%20xmlns%3D&#39;http%3A%2F%2Fwww.w3.org%2F2000%2Fsvg&#39;%20viewBox%3D&#39;0%200%20750%20500&#39;%2F%3E\" data-src=\"https:\/\/przeginia.edu.pl\/wp-content\/uploads\/2025\/09\/IMG_6638-scaled-1-750x500.jpeg\" data-srcset=\"https:\/\/przeginia.edu.pl\/wp-content\/uploads\/2025\/09\/IMG_6638-scaled-1-750x500.jpeg 750w\" loading=\"eager\" style=\"--ratio: 750 \/ 500\" sizes=\"(max-width: 750px) 100vw, 750px\" alt=\"\" title=\"IMG_6638-scaled\" width=\"750\" height=\"500\"  \/><span class=\"gallery-zoom-ico icon-im-hover-001\"><span><\/span><\/span><\/a>\t<\/div>\n<\/div>\n\n\n<div class=\"post-entry-content\">\n\n\t<h3 class=\"entry-title\">\n\t\t<a href=\"https:\/\/przeginia.edu.pl\/index.php\/2025\/09\/30\/szkoly-pelne-talentow\/\" title=\"Szko\u0142y Pe\u0142ne Talent\u00f3w\" rel=\"bookmark\">Szko\u0142y Pe\u0142ne Talent\u00f3w<\/a>\n\t<\/h3>\n\n\t<div class=\"entry-meta\"><a href=\"https:\/\/przeginia.edu.pl\/index.php\/2025\/09\/30\/\" title=\"00:00\" class=\"data-link\" rel=\"bookmark\"><time class=\"entry-date updated\" datetime=\"2025-09-30T00:00:00+01:00\">30 wrze\u015bnia, 2025<\/time><\/a><\/div>\n\t<div class=\"entry-excerpt\"><p>Mi\u0142o nam poinformowa\u0107, \u017ce nasza szko\u0142a do\u0142\u0105czy\u0142a do og\u00f3lnopolskiej akcji &#8222;Talenciaki&#8221; organizowanej przez Lidl Polska w ramach programu &#8222;Szko\u0142y Pe\u0142ne Talent\u00f3w&#8221;. Na szkolnych korytarzach oraz przy wej\u015bciu do budynku zosta\u0142y&hellip;<\/p>\n<\/div>\n\t\n<a href=\"https:\/\/przeginia.edu.pl\/index.php\/2025\/09\/30\/szkoly-pelne-talentow\/\" class=\"post-details details-type-link\" aria-label=\"Czytaj wi\u0119cej o Szko\u0142y Pe\u0142ne Talent\u00f3w\">czytaj wi\u0119cej &gt;&gt;<i class=\"dt-icon-the7-arrow-03\" aria-hidden=\"true\"><\/i><\/a>\n\n<\/div><\/article><\/div><div class=\"visible wf-cell\" data-post-id=\"2877\" data-date=\"2025-09-30T00:00:00+01:00\" data-name=\"R\u00f3wno\u015b\u0107 i wsparcie w praktyce \u2013 kolejny rok z &quot;Akcj\u0105 Menstruacja w Twojej szkole&quot;\"><article class=\"post project-odd visible post-2877 type-post status-publish format-standard has-post-thumbnail hentry category-sp2526 category-4\" data-name=\"R\u00f3wno\u015b\u0107 i wsparcie w praktyce \u2013 kolejny rok z &#8222;Akcj\u0105 Menstruacja w Twojej szkole&#8221;\" data-date=\"2025-09-30T00:00:00+01:00\">\n\n<div class=\"post-thumbnail-wrap\">\n\t<div class=\"post-thumbnail\">\n\t\t\n\t\t\n\t\t<a href=\"https:\/\/przeginia.edu.pl\/index.php\/2025\/09\/30\/rownosc-i-wsparcie-w-praktyce-kolejny-rok-z-akcja-menstruacja-w-twojej-szkole\/\" class=\"post-thumbnail-rollover layzr-bg layzr-bg\" ><img decoding=\"async\" class=\"iso-lazy-load preload-me iso-lazy-load aspect\" src=\"data:image\/svg+xml,%3Csvg%20xmlns%3D&#39;http%3A%2F%2Fwww.w3.org%2F2000%2Fsvg&#39;%20viewBox%3D&#39;0%200%20750%20500&#39;%2F%3E\" data-src=\"https:\/\/przeginia.edu.pl\/wp-content\/uploads\/2025\/09\/IMG_6569-scaled-1-750x500.jpeg\" data-srcset=\"https:\/\/przeginia.edu.pl\/wp-content\/uploads\/2025\/09\/IMG_6569-scaled-1-750x500.jpeg 750w\" loading=\"eager\" style=\"--ratio: 750 \/ 500\" sizes=\"(max-width: 750px) 100vw, 750px\" alt=\"\" title=\"IMG_6569-scaled\" width=\"750\" height=\"500\"  \/><span class=\"gallery-zoom-ico icon-im-hover-001\"><span><\/span><\/span><\/a>\t<\/div>\n<\/div>\n\n\n<div class=\"post-entry-content\">\n\n\t<h3 class=\"entry-title\">\n\t\t<a href=\"https:\/\/przeginia.edu.pl\/index.php\/2025\/09\/30\/rownosc-i-wsparcie-w-praktyce-kolejny-rok-z-akcja-menstruacja-w-twojej-szkole\/\" title=\"R\u00f3wno\u015b\u0107 i wsparcie w praktyce \u2013 kolejny rok z &#8222;Akcj\u0105 Menstruacja w Twojej szkole&#8221;\" rel=\"bookmark\">R\u00f3wno\u015b\u0107 i wsparcie w praktyce \u2013 kolejny rok z &#8222;Akcj\u0105 Menstruacja w Twojej szkole&#8221;<\/a>\n\t<\/h3>\n\n\t<div class=\"entry-meta\"><a href=\"https:\/\/przeginia.edu.pl\/index.php\/2025\/09\/30\/\" title=\"00:00\" class=\"data-link\" rel=\"bookmark\"><time class=\"entry-date updated\" datetime=\"2025-09-30T00:00:00+01:00\">30 wrze\u015bnia, 2025<\/time><\/a><\/div>\n\t<div class=\"entry-excerpt\"><p>Z rado\u015bci\u0105 informujemy, \u017ce nasza szko\u0142a drugi rok z rz\u0119du kontynuuje\u00a0 udzia\u0142 w og\u00f3lnopolskiej &#8221; Akcji Menstruacja w Twojej szkole&#8221;. Dzi\u0119ki wsparciu organizator\u00f3w otrzymali\u015bmy kolejny,\u00a0 roczny zapas \u015brodk\u00f3w higieny menstruacyjnej,&hellip;<\/p>\n<\/div>\n\t\n<a href=\"https:\/\/przeginia.edu.pl\/index.php\/2025\/09\/30\/rownosc-i-wsparcie-w-praktyce-kolejny-rok-z-akcja-menstruacja-w-twojej-szkole\/\" class=\"post-details details-type-link\" aria-label=\"Czytaj wi\u0119cej o R\u00f3wno\u015b\u0107 i wsparcie w praktyce \u2013 kolejny rok z &#8222;Akcj\u0105 Menstruacja w Twojej szkole&#8221;\">czytaj wi\u0119cej &gt;&gt;<i class=\"dt-icon-the7-arrow-03\" aria-hidden=\"true\"><\/i><\/a>\n\n<\/div><\/article><\/div><div class=\"visible wf-cell\" data-post-id=\"2878\" data-date=\"2025-09-30T00:00:00+01:00\" data-name=\"Dyktando Niepodleg\u0142o\u015bciowe\"><article class=\"post project-odd visible no-img post-2878 type-post status-publish format-standard hentry category-sp2526 category-4\" data-name=\"Dyktando Niepodleg\u0142o\u015bciowe\" data-date=\"2025-09-30T00:00:00+01:00\">\n\n<div class=\"post-entry-content\">\n\n\t<h3 class=\"entry-title\">\n\t\t<a href=\"https:\/\/przeginia.edu.pl\/index.php\/2025\/09\/30\/dyktando-niepodleglosciowe\/\" title=\"Dyktando Niepodleg\u0142o\u015bciowe\" rel=\"bookmark\">Dyktando Niepodleg\u0142o\u015bciowe<\/a>\n\t<\/h3>\n\n\t<div class=\"entry-meta\"><a href=\"https:\/\/przeginia.edu.pl\/index.php\/2025\/09\/30\/\" title=\"00:00\" class=\"data-link\" rel=\"bookmark\"><time class=\"entry-date updated\" datetime=\"2025-09-30T00:00:00+01:00\">30 wrze\u015bnia, 2025<\/time><\/a><\/div>\n\t<div class=\"entry-excerpt\"><p>Wzorem lat ubieg\u0142ych nasi uczniowie w miniony pi\u0105tek wzi\u0119li udzia\u0142 w Og\u00f3lnopolskim Dyktandzie Niepodleg\u0142o\u015bciowym. To ju\u017c XIII edycja. Organizatorzy podkre\u015blaj\u0105, \u017ce najwa\u017cniejsz\u0105 warto\u015bci\u0105 konkursu jest \u015bwiadomo\u015b\u0107 przynale\u017cno\u015bci do wielkiej wsp\u00f3lnoty&hellip;<\/p>\n<\/div>\n\t\n<a href=\"https:\/\/przeginia.edu.pl\/index.php\/2025\/09\/30\/dyktando-niepodleglosciowe\/\" class=\"post-details details-type-link\" aria-label=\"Czytaj wi\u0119cej o Dyktando Niepodleg\u0142o\u015bciowe\">czytaj wi\u0119cej &gt;&gt;<i class=\"dt-icon-the7-arrow-03\" aria-hidden=\"true\"><\/i><\/a>\n\n<\/div><\/article><\/div><div class=\"visible wf-cell\" data-post-id=\"2879\" data-date=\"2025-09-19T00:00:00+01:00\" data-name=\"Praca dla pedagoga szkolnego i doradcy zawodowego\"><article class=\"post project-odd visible no-img post-2879 type-post status-publish format-standard hentry category-sp2526 category-4\" data-name=\"Praca dla pedagoga szkolnego i doradcy zawodowego\" data-date=\"2025-09-19T00:00:00+01:00\">\n\n<div class=\"post-entry-content\">\n\n\t<h3 class=\"entry-title\">\n\t\t<a href=\"https:\/\/przeginia.edu.pl\/index.php\/2025\/09\/19\/praca-dla-pedagoga-szkolnego-i-doradcy-zawodowego\/\" title=\"Praca dla pedagoga szkolnego i doradcy zawodowego\" rel=\"bookmark\">Praca dla pedagoga szkolnego i doradcy zawodowego<\/a>\n\t<\/h3>\n\n\t<div class=\"entry-meta\"><a href=\"https:\/\/przeginia.edu.pl\/index.php\/2025\/09\/19\/\" title=\"00:00\" class=\"data-link\" rel=\"bookmark\"><time class=\"entry-date updated\" datetime=\"2025-09-19T00:00:00+01:00\">19 wrze\u015bnia, 2025<\/time><\/a><\/div>\n\t<div class=\"entry-excerpt\"><p>Dyrektor Zespo\u0142u Szk\u00f3\u0142 w Przegini og\u0142asza nab\u00f3r na stanowisko pedagoga szkolnego i doradcy zawodowego. Wi\u0119cej informacji pod numerem telefonu 12 389801<\/p>\n<\/div>\n\t\n<a href=\"https:\/\/przeginia.edu.pl\/index.php\/2025\/09\/19\/praca-dla-pedagoga-szkolnego-i-doradcy-zawodowego\/\" class=\"post-details details-type-link\" aria-label=\"Czytaj wi\u0119cej o Praca dla pedagoga szkolnego i doradcy zawodowego\">czytaj wi\u0119cej &gt;&gt;<i class=\"dt-icon-the7-arrow-03\" aria-hidden=\"true\"><\/i><\/a>\n\n<\/div><\/article><\/div><div class=\"visible wf-cell\" data-post-id=\"2880\" data-date=\"2025-09-05T00:00:00+01:00\" data-name=\"Narodowe Czytanie - edycja 2025\"><article class=\"post project-odd visible no-img post-2880 type-post status-publish format-standard hentry category-sp2526 category-4\" data-name=\"Narodowe Czytanie &#8211; edycja 2025\" data-date=\"2025-09-05T00:00:00+01:00\">\n\n<div class=\"post-entry-content\">\n\n\t<h3 class=\"entry-title\">\n\t\t<a href=\"https:\/\/przeginia.edu.pl\/index.php\/2025\/09\/05\/narodowe-czytanie-edycja-2025\/\" title=\"Narodowe Czytanie &#8211; edycja 2025\" rel=\"bookmark\">Narodowe Czytanie &#8211; edycja 2025<\/a>\n\t<\/h3>\n\n\t<div class=\"entry-meta\"><a href=\"https:\/\/przeginia.edu.pl\/index.php\/2025\/09\/05\/\" title=\"00:00\" class=\"data-link\" rel=\"bookmark\"><time class=\"entry-date updated\" datetime=\"2025-09-05T00:00:00+01:00\">5 wrze\u015bnia, 2025<\/time><\/a><\/div>\n\t<div class=\"entry-excerpt\"><p>Og\u00f3lnopolska akcja Narodowego Czytania zosta\u0142a zainaugurowana w 2012 roku przez \u00f3wczesnego prezydenta Rzeczpospolitej Polskiej Bronis\u0142awa Komorowskiego i jest kontynuowana przez kolejnych prezydent\u00f3w. W tym roku Narodowe Czytanie odb\u0119dzie si\u0119 w&hellip;<\/p>\n<\/div>\n\t\n<a href=\"https:\/\/przeginia.edu.pl\/index.php\/2025\/09\/05\/narodowe-czytanie-edycja-2025\/\" class=\"post-details details-type-link\" aria-label=\"Czytaj wi\u0119cej o Narodowe Czytanie &#8211; edycja 2025\">czytaj wi\u0119cej &gt;&gt;<i class=\"dt-icon-the7-arrow-03\" aria-hidden=\"true\"><\/i><\/a>\n\n<\/div><\/article><\/div><div class=\"visible wf-cell\" data-post-id=\"2881\" data-date=\"2025-09-04T00:00:00+01:00\" data-name=\"Zebranie z rodziami\"><article class=\"post project-odd visible no-img post-2881 type-post status-publish format-standard hentry category-sp2526 category-4\" data-name=\"Zebranie z rodziami\" data-date=\"2025-09-04T00:00:00+01:00\">\n\n<div class=\"post-entry-content\">\n\n\t<h3 class=\"entry-title\">\n\t\t<a href=\"https:\/\/przeginia.edu.pl\/index.php\/2025\/09\/04\/zebranie-z-rodziami\/\" title=\"Zebranie z rodziami\" rel=\"bookmark\">Zebranie z rodziami<\/a>\n\t<\/h3>\n\n\t<div class=\"entry-meta\"><a href=\"https:\/\/przeginia.edu.pl\/index.php\/2025\/09\/04\/\" title=\"00:00\" class=\"data-link\" rel=\"bookmark\"><time class=\"entry-date updated\" datetime=\"2025-09-04T00:00:00+01:00\">4 wrze\u015bnia, 2025<\/time><\/a><\/div>\n\t<div class=\"entry-excerpt\"><p>Zapraszamy na zebranie z rodzicami, kt\u00f3re odb\u0119dzie si\u0119 11.09.2025r. o godzinie 17:00.<\/p>\n<\/div>\n\t\n<a href=\"https:\/\/przeginia.edu.pl\/index.php\/2025\/09\/04\/zebranie-z-rodziami\/\" class=\"post-details details-type-link\" aria-label=\"Czytaj wi\u0119cej o Zebranie z rodziami\">czytaj wi\u0119cej &gt;&gt;<i class=\"dt-icon-the7-arrow-03\" aria-hidden=\"true\"><\/i><\/a>\n\n<\/div><\/article><\/div><div class=\"visible wf-cell\" data-post-id=\"2284\" data-date=\"2025-04-10T17:29:24+01:00\" data-name=\"Warsztaty \u015awi\u0105teczne w Przedszkolu!\"><article class=\"post project-odd visible post-2284 type-post status-publish format-standard has-post-thumbnail hentry category-przedszkole-25-26 category-sp2526 category-3 category-4\" data-name=\"Warsztaty \u015awi\u0105teczne w Przedszkolu!\" data-date=\"2025-04-10T17:29:24+01:00\">\n\n<div class=\"post-thumbnail-wrap\">\n\t<div class=\"post-thumbnail\">\n\t\t\n\t\t\n\t\t<a href=\"https:\/\/przeginia.edu.pl\/index.php\/2025\/04\/10\/warsztaty-swiateczne-w-przedszkolu\/\" class=\"post-thumbnail-rollover layzr-bg layzr-bg\" ><img decoding=\"async\" class=\"iso-lazy-load preload-me iso-lazy-load aspect\" src=\"data:image\/svg+xml,%3Csvg%20xmlns%3D&#39;http%3A%2F%2Fwww.w3.org%2F2000%2Fsvg&#39;%20viewBox%3D&#39;0%200%20421%20280&#39;%2F%3E\" data-src=\"https:\/\/przeginia.edu.pl\/wp-content\/uploads\/2025\/05\/palm6-1-421x280.png\" data-srcset=\"https:\/\/przeginia.edu.pl\/wp-content\/uploads\/2025\/05\/palm6-1-421x280.png 421w\" loading=\"eager\" style=\"--ratio: 421 \/ 280\" sizes=\"(max-width: 421px) 100vw, 421px\" alt=\"\" title=\"palm6\" width=\"421\" height=\"280\"  \/><span class=\"gallery-zoom-ico icon-im-hover-001\"><span><\/span><\/span><\/a>\t<\/div>\n<\/div>\n\n\n<div class=\"post-entry-content\">\n\n\t<h3 class=\"entry-title\">\n\t\t<a href=\"https:\/\/przeginia.edu.pl\/index.php\/2025\/04\/10\/warsztaty-swiateczne-w-przedszkolu\/\" title=\"Warsztaty \u015awi\u0105teczne w Przedszkolu!\" rel=\"bookmark\">Warsztaty \u015awi\u0105teczne w Przedszkolu!<\/a>\n\t<\/h3>\n\n\t<div class=\"entry-meta\"><a href=\"https:\/\/przeginia.edu.pl\/index.php\/2025\/04\/10\/\" title=\"17:29\" class=\"data-link\" rel=\"bookmark\"><time class=\"entry-date updated\" datetime=\"2025-04-10T17:29:24+01:00\">10 kwietnia, 2025<\/time><\/a><\/div>\n\t<div class=\"entry-excerpt\"><p>[vc_row][vc_column][\/vc_column][\/vc_row][vc_row][vc_column][vc_custom_heading text=&#8221;Warsztaty \u015awi\u0105teczne w Przedszkolu!&#8221; font_container=&#8221;tag:h2|text_align:center|color:%231E73BE&#8221; google_fonts=&#8221;font_family:Roboto%20Slab%3A100%2C300%2Cregular%2C700|font_style:400%20regular%3A400%3Anormal&#8221; css=&#8221;&#8221;][vc_column_text css=&#8221;&#8221;]Dzi\u015b w naszym przedszkolu odby\u0142y si\u0119 wyj\u0105tkowe warsztaty \u015bwi\u0105teczne, podczas kt\u00f3rych przedszkolaki mia\u0142y okazj\u0119 pozna\u0107 i spr\u00f3bowa\u0107 swoich si\u0142 w tworzeniu palm&hellip;<\/p>\n<\/div>\n\t\n<a href=\"https:\/\/przeginia.edu.pl\/index.php\/2025\/04\/10\/warsztaty-swiateczne-w-przedszkolu\/\" class=\"post-details details-type-link\" aria-label=\"Czytaj wi\u0119cej o Warsztaty \u015awi\u0105teczne w Przedszkolu!\">czytaj wi\u0119cej &gt;&gt;<i class=\"dt-icon-the7-arrow-03\" aria-hidden=\"true\"><\/i><\/a>\n\n<\/div><\/article><\/div><\/div><!-- iso-container|iso-grid --><\/div>[\/vc_column][\/vc_row]<\/p>\n<\/div>","protected":false},"excerpt":{"rendered":"<p>[vc_row][vc_column][vc_custom_heading text=&#8221;Aktualno\u015bci Szko\u0142y Podstawowej&#8221; font_container=&#8221;tag:h2|text_align:center|color:%23134A7B&#8221; use_theme_fonts=&#8221;yes&#8221; css=&#8221;&#8221;][vc_separator color=&#8221;blue&#8221; border_width=&#8221;2&#8243; css=&#8221;&#8221;][\/vc_column][\/vc_row]<\/p>\n","protected":false},"author":1,"featured_media":0,"parent":0,"menu_order":0,"comment_status":"closed","ping_status":"closed","template":"","meta":{"footnotes":""},"class_list":["post-2683","page","type-page","status-publish","hentry","description-off"],"yoast_head":"<!-- This site is optimized with the Yoast SEO plugin v27.4 - https:\/\/yoast.com\/product\/yoast-seo-wordpress\/ -->\n<title>Aktualno\u015bci Szko\u0142y Podstawowej. - Zesp&oacute;\u0142 Szk&oacute;\u0142 w Przegini<\/title>\n<meta name=\"robots\" content=\"index, follow, max-snippet:-1, max-image-preview:large, max-video-preview:-1\" \/>\n<link rel=\"canonical\" href=\"https:\/\/przeginia.edu.pl\/index.php\/aktualnosci-szkoly-podstawowej-2\/\" \/>\n<meta property=\"og:locale\" content=\"pl_PL\" \/>\n<meta property=\"og:type\" content=\"article\" \/>\n<meta property=\"og:title\" content=\"Aktualno\u015bci Szko\u0142y Podstawowej. - Zesp&oacute;\u0142 Szk&oacute;\u0142 w Przegini\" \/>\n<meta property=\"og:description\" content=\"[vc_row][vc_column][vc_custom_heading text=&#8221;Aktualno\u015bci Szko\u0142y Podstawowej&#8221; font_container=&#8221;tag:h2|text_align:center|color:%23134A7B&#8221; use_theme_fonts=&#8221;yes&#8221; css=&#8221;&#8221;][vc_separator color=&#8221;blue&#8221; border_width=&#8221;2&#8243; css=&#8221;&#8221;][\/vc_column][\/vc_row]\" \/>\n<meta property=\"og:url\" content=\"https:\/\/przeginia.edu.pl\/index.php\/aktualnosci-szkoly-podstawowej-2\/\" \/>\n<meta property=\"og:site_name\" content=\"Zesp&oacute;\u0142 Szk&oacute;\u0142 w Przegini\" \/>\n<meta property=\"article:modified_time\" content=\"2025-12-31T09:37:10+00:00\" \/>\n<meta name=\"twitter:card\" content=\"summary_large_image\" \/>\n<script type=\"application\/ld+json\" class=\"yoast-schema-graph\">{\"@context\":\"https:\\\/\\\/schema.org\",\"@graph\":[{\"@type\":\"WebPage\",\"@id\":\"https:\\\/\\\/przeginia.edu.pl\\\/index.php\\\/aktualnosci-szkoly-podstawowej-2\\\/\",\"url\":\"https:\\\/\\\/przeginia.edu.pl\\\/index.php\\\/aktualnosci-szkoly-podstawowej-2\\\/\",\"name\":\"Aktualno\u015bci Szko\u0142y Podstawowej. - Zesp&oacute;\u0142 Szk&oacute;\u0142 w Przegini\",\"isPartOf\":{\"@id\":\"https:\\\/\\\/przeginia.edu.pl\\\/#website\"},\"datePublished\":\"2025-12-04T08:57:08+00:00\",\"dateModified\":\"2025-12-31T09:37:10+00:00\",\"breadcrumb\":{\"@id\":\"https:\\\/\\\/przeginia.edu.pl\\\/index.php\\\/aktualnosci-szkoly-podstawowej-2\\\/#breadcrumb\"},\"inLanguage\":\"pl-PL\",\"potentialAction\":[{\"@type\":\"ReadAction\",\"target\":[\"https:\\\/\\\/przeginia.edu.pl\\\/index.php\\\/aktualnosci-szkoly-podstawowej-2\\\/\"]}]},{\"@type\":\"BreadcrumbList\",\"@id\":\"https:\\\/\\\/przeginia.edu.pl\\\/index.php\\\/aktualnosci-szkoly-podstawowej-2\\\/#breadcrumb\",\"itemListElement\":[{\"@type\":\"ListItem\",\"position\":1,\"name\":\"Strona g\u0142\u00f3wna\",\"item\":\"https:\\\/\\\/przeginia.edu.pl\\\/\"},{\"@type\":\"ListItem\",\"position\":2,\"name\":\"Aktualno\u015bci Szko\u0142y Podstawowej.\"}]},{\"@type\":\"WebSite\",\"@id\":\"https:\\\/\\\/przeginia.edu.pl\\\/#website\",\"url\":\"https:\\\/\\\/przeginia.edu.pl\\\/\",\"name\":\"Zesp\u00f3\u0142 Szk\u00f3\u0142 w Przegini\",\"description\":\"Odwaga w dzia\u0142aniu, m\u0105dro\u015b\u0107 w nauce, serce w przyja\u017ani.\",\"publisher\":{\"@id\":\"https:\\\/\\\/przeginia.edu.pl\\\/#organization\"},\"potentialAction\":[{\"@type\":\"SearchAction\",\"target\":{\"@type\":\"EntryPoint\",\"urlTemplate\":\"https:\\\/\\\/przeginia.edu.pl\\\/?s={search_term_string}\"},\"query-input\":{\"@type\":\"PropertyValueSpecification\",\"valueRequired\":true,\"valueName\":\"search_term_string\"}}],\"inLanguage\":\"pl-PL\"},{\"@type\":\"Organization\",\"@id\":\"https:\\\/\\\/przeginia.edu.pl\\\/#organization\",\"name\":\"Zesp\u00f3\u0142 Szk\u00f3\u0142 w Przegini\",\"url\":\"https:\\\/\\\/przeginia.edu.pl\\\/\",\"logo\":{\"@type\":\"ImageObject\",\"inLanguage\":\"pl-PL\",\"@id\":\"https:\\\/\\\/przeginia.edu.pl\\\/#\\\/schema\\\/logo\\\/image\\\/\",\"url\":\"https:\\\/\\\/przeginia.edu.pl\\\/wp-content\\\/uploads\\\/2026\\\/02\\\/log-100.png\",\"contentUrl\":\"https:\\\/\\\/przeginia.edu.pl\\\/wp-content\\\/uploads\\\/2026\\\/02\\\/log-100.png\",\"width\":470,\"height\":100,\"caption\":\"Zesp\u00f3\u0142 Szk\u00f3\u0142 w Przegini\"},\"image\":{\"@id\":\"https:\\\/\\\/przeginia.edu.pl\\\/#\\\/schema\\\/logo\\\/image\\\/\"}}]}<\/script>\n<!-- \/ Yoast SEO plugin. -->","yoast_head_json":{"title":"Aktualno\u015bci Szko\u0142y Podstawowej. - Zesp&oacute;\u0142 Szk&oacute;\u0142 w Przegini","robots":{"index":"index","follow":"follow","max-snippet":"max-snippet:-1","max-image-preview":"max-image-preview:large","max-video-preview":"max-video-preview:-1"},"canonical":"https:\/\/przeginia.edu.pl\/index.php\/aktualnosci-szkoly-podstawowej-2\/","og_locale":"pl_PL","og_type":"article","og_title":"Aktualno\u015bci Szko\u0142y Podstawowej. - Zesp&oacute;\u0142 Szk&oacute;\u0142 w Przegini","og_description":"[vc_row][vc_column][vc_custom_heading text=&#8221;Aktualno\u015bci Szko\u0142y Podstawowej&#8221; font_container=&#8221;tag:h2|text_align:center|color:%23134A7B&#8221; use_theme_fonts=&#8221;yes&#8221; css=&#8221;&#8221;][vc_separator color=&#8221;blue&#8221; border_width=&#8221;2&#8243; css=&#8221;&#8221;][\/vc_column][\/vc_row]","og_url":"https:\/\/przeginia.edu.pl\/index.php\/aktualnosci-szkoly-podstawowej-2\/","og_site_name":"Zesp&oacute;\u0142 Szk&oacute;\u0142 w Przegini","article_modified_time":"2025-12-31T09:37:10+00:00","twitter_card":"summary_large_image","schema":{"@context":"https:\/\/schema.org","@graph":[{"@type":"WebPage","@id":"https:\/\/przeginia.edu.pl\/index.php\/aktualnosci-szkoly-podstawowej-2\/","url":"https:\/\/przeginia.edu.pl\/index.php\/aktualnosci-szkoly-podstawowej-2\/","name":"Aktualno\u015bci Szko\u0142y Podstawowej. - Zesp&oacute;\u0142 Szk&oacute;\u0142 w Przegini","isPartOf":{"@id":"https:\/\/przeginia.edu.pl\/#website"},"datePublished":"2025-12-04T08:57:08+00:00","dateModified":"2025-12-31T09:37:10+00:00","breadcrumb":{"@id":"https:\/\/przeginia.edu.pl\/index.php\/aktualnosci-szkoly-podstawowej-2\/#breadcrumb"},"inLanguage":"pl-PL","potentialAction":[{"@type":"ReadAction","target":["https:\/\/przeginia.edu.pl\/index.php\/aktualnosci-szkoly-podstawowej-2\/"]}]},{"@type":"BreadcrumbList","@id":"https:\/\/przeginia.edu.pl\/index.php\/aktualnosci-szkoly-podstawowej-2\/#breadcrumb","itemListElement":[{"@type":"ListItem","position":1,"name":"Strona g\u0142\u00f3wna","item":"https:\/\/przeginia.edu.pl\/"},{"@type":"ListItem","position":2,"name":"Aktualno\u015bci Szko\u0142y Podstawowej."}]},{"@type":"WebSite","@id":"https:\/\/przeginia.edu.pl\/#website","url":"https:\/\/przeginia.edu.pl\/","name":"Zesp\u00f3\u0142 Szk\u00f3\u0142 w Przegini","description":"Odwaga w dzia\u0142aniu, m\u0105dro\u015b\u0107 w nauce, serce w przyja\u017ani.","publisher":{"@id":"https:\/\/przeginia.edu.pl\/#organization"},"potentialAction":[{"@type":"SearchAction","target":{"@type":"EntryPoint","urlTemplate":"https:\/\/przeginia.edu.pl\/?s={search_term_string}"},"query-input":{"@type":"PropertyValueSpecification","valueRequired":true,"valueName":"search_term_string"}}],"inLanguage":"pl-PL"},{"@type":"Organization","@id":"https:\/\/przeginia.edu.pl\/#organization","name":"Zesp\u00f3\u0142 Szk\u00f3\u0142 w Przegini","url":"https:\/\/przeginia.edu.pl\/","logo":{"@type":"ImageObject","inLanguage":"pl-PL","@id":"https:\/\/przeginia.edu.pl\/#\/schema\/logo\/image\/","url":"https:\/\/przeginia.edu.pl\/wp-content\/uploads\/2026\/02\/log-100.png","contentUrl":"https:\/\/przeginia.edu.pl\/wp-content\/uploads\/2026\/02\/log-100.png","width":470,"height":100,"caption":"Zesp\u00f3\u0142 Szk\u00f3\u0142 w Przegini"},"image":{"@id":"https:\/\/przeginia.edu.pl\/#\/schema\/logo\/image\/"}}]}},"_links":{"self":[{"href":"https:\/\/przeginia.edu.pl\/index.php\/wp-json\/wp\/v2\/pages\/2683","targetHints":{"allow":["GET"]}}],"collection":[{"href":"https:\/\/przeginia.edu.pl\/index.php\/wp-json\/wp\/v2\/pages"}],"about":[{"href":"https:\/\/przeginia.edu.pl\/index.php\/wp-json\/wp\/v2\/types\/page"}],"author":[{"embeddable":true,"href":"https:\/\/przeginia.edu.pl\/index.php\/wp-json\/wp\/v2\/users\/1"}],"replies":[{"embeddable":true,"href":"https:\/\/przeginia.edu.pl\/index.php\/wp-json\/wp\/v2\/comments?post=2683"}],"version-history":[{"count":5,"href":"https:\/\/przeginia.edu.pl\/index.php\/wp-json\/wp\/v2\/pages\/2683\/revisions"}],"predecessor-version":[{"id":2915,"href":"https:\/\/przeginia.edu.pl\/index.php\/wp-json\/wp\/v2\/pages\/2683\/revisions\/2915"}],"wp:attachment":[{"href":"https:\/\/przeginia.edu.pl\/index.php\/wp-json\/wp\/v2\/media?parent=2683"}],"curies":[{"name":"wp","href":"https:\/\/api.w.org\/{rel}","templated":true}]}}