{"id":2661,"date":"2025-11-03T21:10:44","date_gmt":"2025-11-03T21:10:44","guid":{"rendered":"https:\/\/przeginia.edu.pl\/?page_id=2661"},"modified":"2026-01-05T19:09:16","modified_gmt":"2026-01-05T19:09:16","slug":"patron","status":"publish","type":"page","link":"https:\/\/przeginia.edu.pl\/index.php\/patron\/","title":{"rendered":"Patron"},"content":{"rendered":"<div class=\"wpb-content-wrapper\"><p>[vc_row][vc_column width=&#8221;2\/3&#8243;][vc_custom_heading text=&#8221;Patron&#8221; font_container=&#8221;tag:h2|text_align:center|color:%23145289&#8243; use_theme_fonts=&#8221;yes&#8221; css=&#8221;&#8221;]<div class=\"aio-icon-component    style_1\"><div id=\"Info-box-wrap-5101\" class=\"aio-icon-box left-icon\" style=\"\"  ><div class=\"aio-icon-left\"><div class=\"ult-just-icon-wrapper  \"><div class=\"align-icon\" style=\"text-align:center;\">\n<div class=\"aio-icon none \" data-animation=\"swing\" data-animation-delay=\"03\" style=\"color:#0F4372;font-size:32px;display:inline-block;\">\n\t<i class=\"icomoon-the7-font-the7-comment-02\"><\/i>\n<\/div><\/div><\/div><\/div><div class=\"aio-ibd-block\"><div class=\"aio-icon-description ult-responsive\"  data-ultimate-target='#Info-box-wrap-5101 .aio-icon-description'  data-responsive-json-new='{\"font-size\":\"\",\"line-height\":\"\"}'  style=\"\"><em>A wi\u0119c po\u015bwi\u0119c\u0119 i ofiaruj\u0119 najdro\u017cszej ojczy\u017anie moje cia\u0142o i \u017cycie, mienie i krew swoj\u0105; pragn\u0119 odda\u0107 si\u0119 ca\u0142kowicie na utrzymanie czci Bo\u017cej, na obron\u0119 chrze\u015bcija\u0144stwa ca\u0142ego, na obs\u0142ug\u0119 tego istotnego przedmurza (bo nienasycona pycha Porty Ormia\u0144skiej to jeno pozostawi\u0142a chrze\u015bcija\u0144stwu), mianowicie naszej sp\u00f3lnej matki, Korony Polskiej.<\/em><\/div> <!-- description --><\/div> <!-- aio-ibd-block --><\/div> <!-- aio-icon-box --><\/div> <!-- aio-icon-component -->[vc_single_image image=&#8221;2668&#8243; img_size=&#8221;full&#8221; alignment=&#8221;center&#8221; css=&#8221;&#8221; image_hovers=&#8221;false&#8221;][vc_column_text css=&#8221;&#8221;]Jan III Sobieski (1629-1696).<br \/>\nKr\u00f3l polski od 1674 roku. By\u0142 drugim synem Jakuba Sobieskiego, wojewody ruskiego, p\u00f3\u017aniejszego kasztelana krakowskiego, i Zofii Teofilii, z domu Dani\u0142owicz\u00f3wnej, wnuczki hetmana Stanis\u0142awa \u017b\u00f3\u0142kiewskiego. Urodzi\u0142 si\u0119 w Olesku ko\u0142o Kamienia 17 sierpnia 1629. Tam te\u017c pod opiek\u0105 matki sp\u0119dzi\u0142 wraz z rodze\u0144stwem dzieci\u0144stwo. W 1640 r. wyjecha\u0142 razem ze starszym bratem, Markiem do Krakowa, gdzie podj\u0105\u0142 nauk\u0119 w s\u0142ynnym na ca\u0142\u0105 Polsk\u0119 Kolegium Nowodworskiego, a nast\u0119pnie, trzy lata p\u00f3\u017aniej, w Akademii Krakowskiej. Po uko\u0144czeniu przez nich studi\u00f3w ojciec wys\u0142a\u0142 obu syn\u00f3w w podr\u00f3\u017c po krajach Europy Zachodniej. Trwa\u0142a ona dwa lata i sze\u015b\u0107 miesi\u0119cy i mia\u0142a stanowi\u0107 uzupe\u0142nienie wykszta\u0142cenia.<\/p>\n<p>Po przybyciu do ojczyzny Jan wkr\u00f3tce wzi\u0105\u0142 udzia\u0142 w walkach z Kozakami i Tatarami pod Zborowem 15 sierpnia 1649 r. gdzie jako dow\u00f3dca w\u0142asnej chor\u0105gwi i starosta jaworowski przeszed\u0142 sw\u00f3j chrzest bojowy. Nast\u0119pnie w 1651 r. uczestniczy\u0142 w s\u0142ynnej trzydniowej batalii (28-30 czerwca) pod Beresteczkiem, w kt\u00f3rej wojska polsko-litewskie dowodzone przez kr\u00f3la Jana II Kazimierza Waz\u0119 pokona\u0142y wielk\u0105 armi\u0119 kozacko-tatarsk\u0105. W drugim dniu bitwy Sobieski zosta\u0142 ci\u0119\u017cko ranny w walce z Tatarami i tylko dzi\u0119ki swoim podkomendnym unikn\u0105\u0142 niewoli. Przez nast\u0119pne kilka lat m\u0142ody Sobieski pozostawa\u0142 w szeregach armii polskiej. Bra\u0142 udzia\u0142 w obronie twierdzy \u017bwaniec na Ukrainie przed wojskami tatarsko-kozackimi w 1653 r. oraz w bitwie pod Ochmatowem z Kozakami w 1655 r. W walce z przewa\u017caj\u0105cymi si\u0142ami kozacko-tatarskimi Sobieski wykaza\u0142 si\u0119 doskona\u0142ym talentem militarnym oraz strategicznym i nie dopu\u015bci\u0142 nieprzyjaciela do wkroczenia w g\u0142\u0105b kraju, odnosz\u0105c zwyci\u0119stwo w bitwie pod Podhajcami 6 pa\u017adziernika 1667 roku.<\/p>\n<p>Zwyci\u0119stwo to otworzy\u0142o mu drog\u0119 do bu\u0142awy hetmana wielkiego koronnego, kt\u00f3r\u0105 od Jana Kazimierza 5 lutego 1668 r. W ten spos\u00f3b Jan Sobieski zdoby\u0142 dwie najwa\u017cniejsze godno\u015bci pa\u0144stwowe i wyr\u00f3s\u0142 na pierwsz\u0105 osobisto\u015b\u0107 za raz po kr\u00f3lu w pa\u0144stwie. Sobieski rozgoryczony kl\u0119skami militarnymi dw\u00f3ch wypraw do Mo\u0142dawi (w 1686 i 1691) oraz niepowodzeniem swoich plan\u00f3w politycznych i dynastycznych zacz\u0105\u0142 coraz cz\u0119\u015bciej usuwa\u0107 si\u0119 do swojej prywatnej rezydencji pod Warszaw\u0105, w Wilanowie. Tam te\u017c zmar\u0142 po d\u0142ugiej chorobie 17 czerwca 1696 r. Pogrzeb kr\u00f3la odby\u0142 si\u0119 w ko\u015bciele kapucyn\u00f3w w Warszawie, gdzie jego zw\u0142oki spoczywaj\u0105 do 1733 r. do czasu, kiedy z\u0142o\u017cono je w uroczystym pogrzebie 15 stycznia 1734 r. na Wawelu w krypcie \u015bw. Leonarda.<\/p>\n<p>\u017bon\u0105 kr\u00f3la by\u0142a Maria Kazimiera, znana jako Marysie\u0144ka, z kt\u00f3r\u0105 \u017ceni\u0142 si\u0119 dwukrotnie \u2013 najpierw potajemnie 14 maja 1655 r. (w\u00f3wczas by\u0142a jeszcze zam\u0119\u017cna z wojewod\u0105 sandomierskim, Janem Zamoyskim), a nast\u0119pnie 5 lipca tego samego roku ju\u017c oficjalnie po \u015bmierci pierwszego m\u0119\u017ca. Kiedy Jan j\u0105 pozna\u0142 by\u0142a dw\u00f3rk\u0105 kr\u00f3lowej Marii Ludwiki Gonzagi. Ich d\u0142ugoletni romans zas\u0142yn\u0105\u0142 w historii mi\u0119dzy innymi z bogatej korespondencji, b\u0119d\u0105cej jednym z najpi\u0119kniejszych przyk\u0142ad\u00f3w polskiej epistolografii mi\u0142osnej siedemnastego wieku.<br \/>\nZ ma\u0142\u017ce\u0144stwa tego Sobieski doczeka\u0142 si\u0119 czterech syn\u00f3w: Jakuba Ludwika (1667-1737), kandydata do korony polskiej oraz tronu mo\u0142dawskiego, Aleksandra Benedykta (1677-1714), Konstantego W\u0142adys\u0142awa ( 1680-1726) i urodzonego w 1683 r. Jana, kt\u00f3ry zmar\u0142 w wieku dw\u00f3ch lat; a tak\u017ce czterech c\u00f3rek: Teresy Teofilii kt\u00f3ra zmar\u0142a nied\u0142ugo po urodzeniu w 1670 r. Adelajdy (1672-1677); Menoniki (1670-1672) oraz Teresy Kunegundy (1676-1730), elektorowej bawarskiej.<\/p>\n<p>Sobieski zas\u0142yn\u0105\u0142 z umiej\u0119tno\u015bci strategicznych, posiada\u0142 gruntowne wykszta\u0142cenie filozoficzne, historyczne i filologiczne, w\u0142ada\u0142 j\u0119zykiem francuskim, niemieckim, w\u0142oskim, tatarskim, tureckim, oraz \u0142acin\u0105. Jan III Sobieski by\u0142 i jest nadal kojarzony g\u0142\u00f3wnie z wielkimi zwyci\u0119stwami or\u0119\u017ca polskiego pod Podhajcami, Chocimiem i Wiedniem.[\/vc_column_text][\/vc_column][vc_column width=&#8221;1\/3&#8243;][vc_custom_heading text=&#8221;Hymn Szko\u0142y&#8221; font_container=&#8221;tag:h2|text_align:center|color:%23145289&#8243; use_theme_fonts=&#8221;yes&#8221; css=&#8221;&#8221;][vc_column_text css=&#8221;&#8221;]1.Cieszy si\u0119 s\u0142oneczko<\/p>\n<p>Szko\u0142a roz\u015bpiewana<\/p>\n<p>S\u0142awi uroczy\u015bcie<\/p>\n<p>Imi\u0119 kr\u00f3la Jana<\/p>\n<p style=\"padding-left: 40px;\"><em>Ref. Wiwat Kr\u00f3l Sobieski<\/em><\/p>\n<p style=\"padding-left: 40px;\"><em>Nasza duma chwa\u0142a<\/em><\/p>\n<p style=\"padding-left: 40px;\"><em>Ojczyzna Ci\u0119 wielbi<\/em><\/p>\n<p style=\"padding-left: 40px;\"><em>Kocha Polska ca\u0142a<\/em><\/p>\n<p>2.Powi\u00f3d\u0142 on do boju<\/p>\n<p>Husarskie oddzia\u0142y<\/p>\n<p>Chocim p\u00f3\u017aniej Wiede\u0144<\/p>\n<p>W glorii go witali<\/p>\n<p style=\"padding-left: 40px;\"><em>Ref. Wiwat Kr\u00f3l Sobieski<\/em><\/p>\n<p style=\"padding-left: 40px;\"><em>Nasza duma chwa\u0142a<\/em><\/p>\n<p style=\"padding-left: 40px;\"><em>Ojczyzna Ci\u0119 wielbi<\/em><\/p>\n<p style=\"padding-left: 40px;\"><em>Kocha Polska ca\u0142a<\/em><\/p>\n<p>3.Jego \u017cycie wzorem<\/p>\n<p>Naszym niech si\u0119 stanie<\/p>\n<p>Mi\u0142o\u015b\u0107 do ojczyzny<\/p>\n<p>Ksi\u0105g umi\u0142owanie<\/p>\n<p style=\"padding-left: 40px;\"><em>Ref. Wiwat Kr\u00f3l Sobieski<\/em><\/p>\n<p style=\"padding-left: 40px;\"><em>Nasza duma chwa\u0142a<\/em><\/p>\n<p style=\"padding-left: 40px;\"><em>Ojczyzna Ci\u0119 wielbi<\/em><\/p>\n<p style=\"padding-left: 40px;\"><em>Kocha Polska ca\u0142a<\/em><\/p>\n<p>[\/vc_column_text][\/vc_column][\/vc_row]<\/p>\n<\/div>","protected":false},"excerpt":{"rendered":"<p>[vc_row][vc_column width=&#8221;2\/3&#8243;][vc_custom_heading text=&#8221;Patron&#8221; font_container=&#8221;tag:h2|text_align:center|color:%23145289&#8243; use_theme_fonts=&#8221;yes&#8221; css=&#8221;&#8221;][vc_single_image image=&#8221;2668&#8243; img_size=&#8221;full&#8221; alignment=&#8221;center&#8221; css=&#8221;&#8221; image_hovers=&#8221;false&#8221;][vc_column_text css=&#8221;&#8221;]Jan III Sobieski (1629-1696). Kr\u00f3l polski od 1674 roku. By\u0142 drugim synem Jakuba Sobieskiego, wojewody ruskiego, p\u00f3\u017aniejszego kasztelana krakowskiego, i Zofii Teofilii, z domu Dani\u0142owicz\u00f3wnej, wnuczki hetmana Stanis\u0142awa \u017b\u00f3\u0142kiewskiego. Urodzi\u0142 si\u0119 w Olesku ko\u0142o Kamienia 17 sierpnia 1629. Tam te\u017c pod opiek\u0105 matki sp\u0119dzi\u0142&hellip;<\/p>\n","protected":false},"author":1,"featured_media":0,"parent":0,"menu_order":0,"comment_status":"closed","ping_status":"closed","template":"","meta":{"footnotes":""},"class_list":["post-2661","page","type-page","status-publish","hentry","description-off"],"yoast_head":"<!-- This site is optimized with the Yoast SEO plugin v27.4 - https:\/\/yoast.com\/product\/yoast-seo-wordpress\/ -->\n<title>Patron - Zesp&oacute;\u0142 Szk&oacute;\u0142 w Przegini<\/title>\n<meta name=\"robots\" content=\"index, follow, max-snippet:-1, max-image-preview:large, max-video-preview:-1\" \/>\n<link rel=\"canonical\" href=\"https:\/\/przeginia.edu.pl\/index.php\/patron\/\" \/>\n<meta property=\"og:locale\" content=\"pl_PL\" \/>\n<meta property=\"og:type\" content=\"article\" \/>\n<meta property=\"og:title\" content=\"Patron - Zesp&oacute;\u0142 Szk&oacute;\u0142 w Przegini\" \/>\n<meta property=\"og:description\" content=\"[vc_row][vc_column width=&#8221;2\/3&#8243;][vc_custom_heading text=&#8221;Patron&#8221; font_container=&#8221;tag:h2|text_align:center|color:%23145289&#8243; use_theme_fonts=&#8221;yes&#8221; css=&#8221;&#8221;][vc_single_image image=&#8221;2668&#8243; img_size=&#8221;full&#8221; alignment=&#8221;center&#8221; css=&#8221;&#8221; image_hovers=&#8221;false&#8221;][vc_column_text css=&#8221;&#8221;]Jan III Sobieski (1629-1696). Kr\u00f3l polski od 1674 roku. By\u0142 drugim synem Jakuba Sobieskiego, wojewody ruskiego, p\u00f3\u017aniejszego kasztelana krakowskiego, i Zofii Teofilii, z domu Dani\u0142owicz\u00f3wnej, wnuczki hetmana Stanis\u0142awa \u017b\u00f3\u0142kiewskiego. Urodzi\u0142 si\u0119 w Olesku ko\u0142o Kamienia 17 sierpnia 1629. Tam te\u017c pod opiek\u0105 matki sp\u0119dzi\u0142&hellip;\" \/>\n<meta property=\"og:url\" content=\"https:\/\/przeginia.edu.pl\/index.php\/patron\/\" \/>\n<meta property=\"og:site_name\" content=\"Zesp&oacute;\u0142 Szk&oacute;\u0142 w Przegini\" \/>\n<meta property=\"article:modified_time\" content=\"2026-01-05T19:09:16+00:00\" \/>\n<meta name=\"twitter:card\" content=\"summary_large_image\" \/>\n<meta name=\"twitter:label1\" content=\"Szacowany czas czytania\" \/>\n\t<meta name=\"twitter:data1\" content=\"4 minuty\" \/>\n<script type=\"application\/ld+json\" class=\"yoast-schema-graph\">{\"@context\":\"https:\\\/\\\/schema.org\",\"@graph\":[{\"@type\":\"WebPage\",\"@id\":\"https:\\\/\\\/przeginia.edu.pl\\\/index.php\\\/patron\\\/\",\"url\":\"https:\\\/\\\/przeginia.edu.pl\\\/index.php\\\/patron\\\/\",\"name\":\"Patron - Zesp&oacute;\u0142 Szk&oacute;\u0142 w Przegini\",\"isPartOf\":{\"@id\":\"https:\\\/\\\/przeginia.edu.pl\\\/#website\"},\"datePublished\":\"2025-11-03T21:10:44+00:00\",\"dateModified\":\"2026-01-05T19:09:16+00:00\",\"breadcrumb\":{\"@id\":\"https:\\\/\\\/przeginia.edu.pl\\\/index.php\\\/patron\\\/#breadcrumb\"},\"inLanguage\":\"pl-PL\",\"potentialAction\":[{\"@type\":\"ReadAction\",\"target\":[\"https:\\\/\\\/przeginia.edu.pl\\\/index.php\\\/patron\\\/\"]}]},{\"@type\":\"BreadcrumbList\",\"@id\":\"https:\\\/\\\/przeginia.edu.pl\\\/index.php\\\/patron\\\/#breadcrumb\",\"itemListElement\":[{\"@type\":\"ListItem\",\"position\":1,\"name\":\"Strona g\u0142\u00f3wna\",\"item\":\"https:\\\/\\\/przeginia.edu.pl\\\/\"},{\"@type\":\"ListItem\",\"position\":2,\"name\":\"Patron\"}]},{\"@type\":\"WebSite\",\"@id\":\"https:\\\/\\\/przeginia.edu.pl\\\/#website\",\"url\":\"https:\\\/\\\/przeginia.edu.pl\\\/\",\"name\":\"Zesp\u00f3\u0142 Szk\u00f3\u0142 w Przegini\",\"description\":\"Odwaga w dzia\u0142aniu, m\u0105dro\u015b\u0107 w nauce, serce w przyja\u017ani.\",\"publisher\":{\"@id\":\"https:\\\/\\\/przeginia.edu.pl\\\/#organization\"},\"potentialAction\":[{\"@type\":\"SearchAction\",\"target\":{\"@type\":\"EntryPoint\",\"urlTemplate\":\"https:\\\/\\\/przeginia.edu.pl\\\/?s={search_term_string}\"},\"query-input\":{\"@type\":\"PropertyValueSpecification\",\"valueRequired\":true,\"valueName\":\"search_term_string\"}}],\"inLanguage\":\"pl-PL\"},{\"@type\":\"Organization\",\"@id\":\"https:\\\/\\\/przeginia.edu.pl\\\/#organization\",\"name\":\"Zesp\u00f3\u0142 Szk\u00f3\u0142 w Przegini\",\"url\":\"https:\\\/\\\/przeginia.edu.pl\\\/\",\"logo\":{\"@type\":\"ImageObject\",\"inLanguage\":\"pl-PL\",\"@id\":\"https:\\\/\\\/przeginia.edu.pl\\\/#\\\/schema\\\/logo\\\/image\\\/\",\"url\":\"https:\\\/\\\/przeginia.edu.pl\\\/wp-content\\\/uploads\\\/2026\\\/02\\\/log-100.png\",\"contentUrl\":\"https:\\\/\\\/przeginia.edu.pl\\\/wp-content\\\/uploads\\\/2026\\\/02\\\/log-100.png\",\"width\":470,\"height\":100,\"caption\":\"Zesp\u00f3\u0142 Szk\u00f3\u0142 w Przegini\"},\"image\":{\"@id\":\"https:\\\/\\\/przeginia.edu.pl\\\/#\\\/schema\\\/logo\\\/image\\\/\"}}]}<\/script>\n<!-- \/ Yoast SEO plugin. -->","yoast_head_json":{"title":"Patron - Zesp&oacute;\u0142 Szk&oacute;\u0142 w Przegini","robots":{"index":"index","follow":"follow","max-snippet":"max-snippet:-1","max-image-preview":"max-image-preview:large","max-video-preview":"max-video-preview:-1"},"canonical":"https:\/\/przeginia.edu.pl\/index.php\/patron\/","og_locale":"pl_PL","og_type":"article","og_title":"Patron - Zesp&oacute;\u0142 Szk&oacute;\u0142 w Przegini","og_description":"[vc_row][vc_column width=&#8221;2\/3&#8243;][vc_custom_heading text=&#8221;Patron&#8221; font_container=&#8221;tag:h2|text_align:center|color:%23145289&#8243; use_theme_fonts=&#8221;yes&#8221; css=&#8221;&#8221;][vc_single_image image=&#8221;2668&#8243; img_size=&#8221;full&#8221; alignment=&#8221;center&#8221; css=&#8221;&#8221; image_hovers=&#8221;false&#8221;][vc_column_text css=&#8221;&#8221;]Jan III Sobieski (1629-1696). Kr\u00f3l polski od 1674 roku. By\u0142 drugim synem Jakuba Sobieskiego, wojewody ruskiego, p\u00f3\u017aniejszego kasztelana krakowskiego, i Zofii Teofilii, z domu Dani\u0142owicz\u00f3wnej, wnuczki hetmana Stanis\u0142awa \u017b\u00f3\u0142kiewskiego. Urodzi\u0142 si\u0119 w Olesku ko\u0142o Kamienia 17 sierpnia 1629. Tam te\u017c pod opiek\u0105 matki sp\u0119dzi\u0142&hellip;","og_url":"https:\/\/przeginia.edu.pl\/index.php\/patron\/","og_site_name":"Zesp&oacute;\u0142 Szk&oacute;\u0142 w Przegini","article_modified_time":"2026-01-05T19:09:16+00:00","twitter_card":"summary_large_image","twitter_misc":{"Szacowany czas czytania":"4 minuty"},"schema":{"@context":"https:\/\/schema.org","@graph":[{"@type":"WebPage","@id":"https:\/\/przeginia.edu.pl\/index.php\/patron\/","url":"https:\/\/przeginia.edu.pl\/index.php\/patron\/","name":"Patron - Zesp&oacute;\u0142 Szk&oacute;\u0142 w Przegini","isPartOf":{"@id":"https:\/\/przeginia.edu.pl\/#website"},"datePublished":"2025-11-03T21:10:44+00:00","dateModified":"2026-01-05T19:09:16+00:00","breadcrumb":{"@id":"https:\/\/przeginia.edu.pl\/index.php\/patron\/#breadcrumb"},"inLanguage":"pl-PL","potentialAction":[{"@type":"ReadAction","target":["https:\/\/przeginia.edu.pl\/index.php\/patron\/"]}]},{"@type":"BreadcrumbList","@id":"https:\/\/przeginia.edu.pl\/index.php\/patron\/#breadcrumb","itemListElement":[{"@type":"ListItem","position":1,"name":"Strona g\u0142\u00f3wna","item":"https:\/\/przeginia.edu.pl\/"},{"@type":"ListItem","position":2,"name":"Patron"}]},{"@type":"WebSite","@id":"https:\/\/przeginia.edu.pl\/#website","url":"https:\/\/przeginia.edu.pl\/","name":"Zesp\u00f3\u0142 Szk\u00f3\u0142 w Przegini","description":"Odwaga w dzia\u0142aniu, m\u0105dro\u015b\u0107 w nauce, serce w przyja\u017ani.","publisher":{"@id":"https:\/\/przeginia.edu.pl\/#organization"},"potentialAction":[{"@type":"SearchAction","target":{"@type":"EntryPoint","urlTemplate":"https:\/\/przeginia.edu.pl\/?s={search_term_string}"},"query-input":{"@type":"PropertyValueSpecification","valueRequired":true,"valueName":"search_term_string"}}],"inLanguage":"pl-PL"},{"@type":"Organization","@id":"https:\/\/przeginia.edu.pl\/#organization","name":"Zesp\u00f3\u0142 Szk\u00f3\u0142 w Przegini","url":"https:\/\/przeginia.edu.pl\/","logo":{"@type":"ImageObject","inLanguage":"pl-PL","@id":"https:\/\/przeginia.edu.pl\/#\/schema\/logo\/image\/","url":"https:\/\/przeginia.edu.pl\/wp-content\/uploads\/2026\/02\/log-100.png","contentUrl":"https:\/\/przeginia.edu.pl\/wp-content\/uploads\/2026\/02\/log-100.png","width":470,"height":100,"caption":"Zesp\u00f3\u0142 Szk\u00f3\u0142 w Przegini"},"image":{"@id":"https:\/\/przeginia.edu.pl\/#\/schema\/logo\/image\/"}}]}},"_links":{"self":[{"href":"https:\/\/przeginia.edu.pl\/index.php\/wp-json\/wp\/v2\/pages\/2661","targetHints":{"allow":["GET"]}}],"collection":[{"href":"https:\/\/przeginia.edu.pl\/index.php\/wp-json\/wp\/v2\/pages"}],"about":[{"href":"https:\/\/przeginia.edu.pl\/index.php\/wp-json\/wp\/v2\/types\/page"}],"author":[{"embeddable":true,"href":"https:\/\/przeginia.edu.pl\/index.php\/wp-json\/wp\/v2\/users\/1"}],"replies":[{"embeddable":true,"href":"https:\/\/przeginia.edu.pl\/index.php\/wp-json\/wp\/v2\/comments?post=2661"}],"version-history":[{"count":8,"href":"https:\/\/przeginia.edu.pl\/index.php\/wp-json\/wp\/v2\/pages\/2661\/revisions"}],"predecessor-version":[{"id":3124,"href":"https:\/\/przeginia.edu.pl\/index.php\/wp-json\/wp\/v2\/pages\/2661\/revisions\/3124"}],"wp:attachment":[{"href":"https:\/\/przeginia.edu.pl\/index.php\/wp-json\/wp\/v2\/media?parent=2661"}],"curies":[{"name":"wp","href":"https:\/\/api.w.org\/{rel}","templated":true}]}}